{"id":27353,"date":"2019-06-17T14:42:47","date_gmt":"2019-06-17T14:42:47","guid":{"rendered":"https:\/\/www.mathezfreight.com\/?page_id=27353"},"modified":"2026-02-04T17:04:20","modified_gmt":"2026-02-04T17:04:20","slug":"solutions","status":"publish","type":"page","link":"https:\/\/www.mathezfreight.com\/fr\/solutions\/","title":{"rendered":"Solutions transport &#038; logistique sectorielles"},"content":{"rendered":"\t\t<div data-elementor-type=\"wp-post\" data-elementor-id=\"27353\" class=\"elementor elementor-27353\" data-elementor-post-type=\"page\">\n\t\t\t\t\t\t<section class=\"elementor-section elementor-top-section elementor-element elementor-element-c437b62 highlight-secteur  elementor-section-boxed elementor-section-height-default elementor-section-height-default default-style\" data-id=\"c437b62\" data-element_type=\"section\" data-e-type=\"section\" id=\"mti-page-excerpt\" data-settings=\"{&quot;rt_color_sets&quot;:&quot;default-style&quot;}\">\n\t\t\t\t\t\t<div class=\"elementor-container elementor-column-gap-default\">\n\t\t\t\t\t<div class=\"elementor-column elementor-col-100 elementor-top-column elementor-element elementor-element-b1b5209\" data-id=\"b1b5209\" data-element_type=\"column\" data-e-type=\"column\">\n\t\t\t<div class=\"elementor-widget-wrap elementor-element-populated\">\n\t\t\t\t\t\t<div class=\"elementor-element elementor-element-a0f3c7f elementor-widget elementor-widget-text-editor\" data-id=\"a0f3c7f\" data-element_type=\"widget\" data-e-type=\"widget\" data-widget_type=\"text-editor.default\">\n\t\t\t\t<div class=\"elementor-widget-container\">\n\t\t\t\t\t\t\t\t\t<p>Nos solutions transports sont ajust\u00e9es au plus pr\u00e8s des besoins et contraintes sp\u00e9cifiques \u00e0 vos m\u00e9tiers. Nos sp\u00e9cialistes vous conseillent et optimisent vos exp\u00e9ditions internationales, en provenance ou \u00e0 destination de la France.<\/p>\t\t\t\t\t\t\t\t<\/div>\n\t\t\t\t<\/div>\n\t\t\t\t\t<\/div>\n\t\t<\/div>\n\t\t\t\t\t<\/div>\n\t\t<\/section>\n\t\t\t\t<section class=\"elementor-section elementor-top-section elementor-element elementor-element-bd567e0 elementor-section-boxed elementor-section-height-default elementor-section-height-default default-style\" data-id=\"bd567e0\" data-element_type=\"section\" data-e-type=\"section\" id=\"mti-portfolio-grid\" data-settings=\"{&quot;background_background&quot;:&quot;classic&quot;,&quot;rt_color_sets&quot;:&quot;default-style&quot;}\">\n\t\t\t\t\t\t<div class=\"elementor-container elementor-column-gap-default\">\n\t\t\t\t\t<div class=\"elementor-column elementor-col-100 elementor-top-column elementor-element elementor-element-4f6ab95\" data-id=\"4f6ab95\" data-element_type=\"column\" data-e-type=\"column\">\n\t\t\t<div class=\"elementor-widget-wrap elementor-element-populated\">\n\t\t\t\t\t\t<div class=\"elementor-element elementor-element-aa99b4b elementor-widget elementor-widget-rt-portfolio\" data-id=\"aa99b4b\" data-element_type=\"widget\" data-e-type=\"widget\" data-widget_type=\"rt-portfolio.default\">\n\t\t\t\t<div class=\"elementor-widget-container\">\n\t\t\t\t\t\n\t\t\t\t\t\t<div class=\"filter-holder\" data-list-id=\"portfolio-dynamicID-682538\">\n\t\t\t\t\t\t\t<ul class=\"filter_navigation\">\n\t\t\t\t\t\t\t\t<li>\n\t\t\t\t\t\t\t\t\t<span> <\/span>\n\t\t\t\t\t\t\t\t\t\t<ul>\n\t\t\t\t\t\t\t\t\t\t\t<li><a href=\"#\" data-filter=\"*\" class=\"active\" title=\"toutes\">toutes<\/a><\/li>\n\t\t\t\t\t\t\t\t\t\t\t<li><a data-filter=\".portfolio-35\" title=\"Solutions industries\">Solutions industries<\/a><\/li>\n<li><a data-filter=\".portfolio-37\" title=\"Solutions marines\">Solutions marines<\/a><\/li>\n<li><a data-filter=\".portfolio-36\" title=\"Solutions prestige\">Solutions prestige<\/a><\/li>\n\n\t\t\t\t\t\t\t\t\t\t<\/ul>\n\t\t\t\t\t\t\t\t<\/li>\n\t\t\t\t\t\t\t<\/ul>\n\t\t\t\t\t\t<\/div>\n<div id=\"portfolio-dynamicID-682538\" class=\"row portfolio_list rt-gallery clearfix  masonry-gallery filterable\" data-column-width=\"4\">\n<div class=\"col col-sm-3  rt-dynamic  portfolio-36\">\n \n\n<!-- portfolio box-->\n<div class=\"loop style-1 hover-2 image post-15967 portfolio type-portfolio status-publish has-post-thumbnail hentry portfolio_categories-prestiges\" id=\"portfolio-15967\">\n\n\t<div class=\"portfolio-loop-item-wrapper\">\n\t\t \n\t\t\t\t\t<figure class=\"image-thumbnail\">\n\t\t\t\t\t\t<a href=\"https:\/\/www.mathezfreight.com\/fr\/solutions\/transport\/voitures\/\" target=\"_self\" title=\"Import, export &#038; transport international de voitures\"><img decoding=\"async\" src=\"https:\/\/www.mathezfreight.com\/wp-content\/uploads\/photo-ferrari-aerien-2-2-360x240.jpg\" alt=\"\" class=\"\" width=\"360\" height=\"240\" \/><\/a>\n\t\t\t\t\t<\/figure>\n\n\t\t\t\t\t<section class=\"text\">\n\t\t\t\t\t\t\n\t\t\t\t\t\t<h5 class=\"title\"><a href=\"https:\/\/www.mathezfreight.com\/fr\/solutions\/transport\/voitures\/\" target=\"_self\" rel=\"bookmark\">Import, export &#038; transport international de voitures<\/a><\/h5>\n\t\t\t\t\t\t\n\t\t\t\t\t\t\n\t\t\t\t\t\t\n\t\t\t\t\t<\/section>  \n\t\t\t\t\t<\/div>\n<\/div> \n<!-- \/ portfolio box-->\n<\/div>\n<div class=\"col col-sm-3  rt-dynamic  portfolio-35\">\n \n\n<!-- portfolio box-->\n<div class=\"loop style-1 hover-2 image post-13960 portfolio type-portfolio status-publish has-post-thumbnail hentry portfolio_categories-industries\" id=\"portfolio-13960\">\n\n\t<div class=\"portfolio-loop-item-wrapper\">\n\t\t \n\t\t\t\t\t<figure class=\"image-thumbnail\">\n\t\t\t\t\t\t<a href=\"https:\/\/www.mathezfreight.com\/fr\/solutions\/transport\/aeronautique\/\" target=\"_self\" title=\"Logistique A\u00e9ronautique, AOG &#038; Aviation: MATHEZ FREIGHT AEROSPACE\"><img decoding=\"async\" src=\"https:\/\/www.mathezfreight.com\/wp-content\/uploads\/photo-aerospace-roue-depositphoto-360x240.jpg\" alt=\"Livraison de pi\u00e8ces pour l&#039;a\u00e9ronautique\" class=\"\" width=\"360\" height=\"240\" \/><\/a>\n\t\t\t\t\t<\/figure>\n\n\t\t\t\t\t<section class=\"text\">\n\t\t\t\t\t\t\n\t\t\t\t\t\t<h5 class=\"title\"><a href=\"https:\/\/www.mathezfreight.com\/fr\/solutions\/transport\/aeronautique\/\" target=\"_self\" rel=\"bookmark\">Logistique A\u00e9ronautique, AOG &#038; Aviation: MATHEZ FREIGHT AEROSPACE<\/a><\/h5>\n\t\t\t\t\t\t\n\t\t\t\t\t\t\n\t\t\t\t\t\t\n\t\t\t\t\t<\/section>  \n\t\t\t\t\t<\/div>\n<\/div> \n<!-- \/ portfolio box-->\n<\/div>\n<div class=\"col col-sm-3  rt-dynamic  portfolio-35\">\n \n\n<!-- portfolio box-->\n<div class=\"loop style-1 hover-2 image post-13956 portfolio type-portfolio status-publish has-post-thumbnail hentry portfolio_categories-industries\" id=\"portfolio-13956\">\n\n\t<div class=\"portfolio-loop-item-wrapper\">\n\t\t \n\t\t\t\t\t<figure class=\"image-thumbnail\">\n\t\t\t\t\t\t<a href=\"https:\/\/www.mathezfreight.com\/fr\/solutions\/transport\/industrie\/\" target=\"_self\" title=\"Solutions fret pour l&rsquo;industrie\"><img decoding=\"async\" src=\"https:\/\/www.mathezfreight.com\/wp-content\/uploads\/photo-industrie-envato-360x240.jpg\" alt=\"\" class=\"\" width=\"360\" height=\"240\" \/><\/a>\n\t\t\t\t\t<\/figure>\n\n\t\t\t\t\t<section class=\"text\">\n\t\t\t\t\t\t\n\t\t\t\t\t\t<h5 class=\"title\"><a href=\"https:\/\/www.mathezfreight.com\/fr\/solutions\/transport\/industrie\/\" target=\"_self\" rel=\"bookmark\">Solutions fret pour l&rsquo;industrie<\/a><\/h5>\n\t\t\t\t\t\t\n\t\t\t\t\t\t\n\t\t\t\t\t\t\n\t\t\t\t\t<\/section>  \n\t\t\t\t\t<\/div>\n<\/div> \n<!-- \/ portfolio box-->\n<\/div>\n<div class=\"col col-sm-3  rt-dynamic  portfolio-35 portfolio-36\">\n \n\n<!-- portfolio box-->\n<div class=\"loop style-1 hover-2 image post-13964 portfolio type-portfolio status-publish has-post-thumbnail hentry portfolio_categories-industries portfolio_categories-prestiges\" id=\"portfolio-13964\">\n\n\t<div class=\"portfolio-loop-item-wrapper\">\n\t\t \n\t\t\t\t\t<figure class=\"image-thumbnail\">\n\t\t\t\t\t\t<a href=\"https:\/\/www.mathezfreight.com\/fr\/solutions\/transport\/parfums-cosmetique\/\" target=\"_self\" title=\"Export de parfums, fragrances, ar\u00f4mes et cosm\u00e9tiques\"><img decoding=\"async\" src=\"https:\/\/www.mathezfreight.com\/wp-content\/uploads\/photo-parfums-depositphotos-360x240.jpg\" alt=\"Ar\u00f4mes &amp; parfums\" class=\"\" width=\"360\" height=\"240\" \/><\/a>\n\t\t\t\t\t<\/figure>\n\n\t\t\t\t\t<section class=\"text\">\n\t\t\t\t\t\t\n\t\t\t\t\t\t<h5 class=\"title\"><a href=\"https:\/\/www.mathezfreight.com\/fr\/solutions\/transport\/parfums-cosmetique\/\" target=\"_self\" rel=\"bookmark\">Export de parfums, fragrances, ar\u00f4mes et cosm\u00e9tiques<\/a><\/h5>\n\t\t\t\t\t\t\n\t\t\t\t\t\t\n\t\t\t\t\t\t\n\t\t\t\t\t<\/section>  \n\t\t\t\t\t<\/div>\n<\/div> \n<!-- \/ portfolio box-->\n<\/div>\n<div class=\"col col-sm-3  rt-dynamic  portfolio-35\">\n \n\n<!-- portfolio box-->\n<div class=\"loop style-1 hover-2 image post-13962 portfolio type-portfolio status-publish has-post-thumbnail hentry portfolio_categories-industries\" id=\"portfolio-13962\">\n\n\t<div class=\"portfolio-loop-item-wrapper\">\n\t\t \n\t\t\t\t\t<figure class=\"image-thumbnail\">\n\t\t\t\t\t\t<a href=\"https:\/\/www.mathezfreight.com\/fr\/solutions\/transport\/textile\/\" target=\"_self\" title=\"Import \/ export textile\"><img decoding=\"async\" src=\"https:\/\/www.mathezfreight.com\/wp-content\/uploads\/photo-textile-labiche-360x240.jpg\" alt=\"Solutions transport pour l&#039;industrie textile &amp; confection\" class=\"\" width=\"360\" height=\"240\" \/><\/a>\n\t\t\t\t\t<\/figure>\n\n\t\t\t\t\t<section class=\"text\">\n\t\t\t\t\t\t\n\t\t\t\t\t\t<h5 class=\"title\"><a href=\"https:\/\/www.mathezfreight.com\/fr\/solutions\/transport\/textile\/\" target=\"_self\" rel=\"bookmark\">Import \/ export textile<\/a><\/h5>\n\t\t\t\t\t\t\n\t\t\t\t\t\t\n\t\t\t\t\t\t\n\t\t\t\t\t<\/section>  \n\t\t\t\t\t<\/div>\n<\/div> \n<!-- \/ portfolio box-->\n<\/div>\n<div class=\"col col-sm-3  rt-dynamic  portfolio-36\">\n \n\n<!-- portfolio box-->\n<div class=\"loop style-1 hover-2 image post-15975 portfolio type-portfolio status-publish has-post-thumbnail hentry portfolio_categories-prestiges\" id=\"portfolio-15975\">\n\n\t<div class=\"portfolio-loop-item-wrapper\">\n\t\t \n\t\t\t\t\t<figure class=\"image-thumbnail\">\n\t\t\t\t\t\t<a href=\"https:\/\/www.mathezfreight.com\/fr\/solutions\/transport\/arts\/\" target=\"_self\" title=\"Transport d&rsquo;oeuvres d&rsquo;art\"><img decoding=\"async\" src=\"https:\/\/www.mathezfreight.com\/wp-content\/uploads\/photo-monaco-photo-2018-10-360x240.jpg\" alt=\"Exposition Photo Monaco 2018\" class=\"\" width=\"360\" height=\"240\" \/><\/a>\n\t\t\t\t\t<\/figure>\n\n\t\t\t\t\t<section class=\"text\">\n\t\t\t\t\t\t\n\t\t\t\t\t\t<h5 class=\"title\"><a href=\"https:\/\/www.mathezfreight.com\/fr\/solutions\/transport\/arts\/\" target=\"_self\" rel=\"bookmark\">Transport d&rsquo;oeuvres d&rsquo;art<\/a><\/h5>\n\t\t\t\t\t\t\n\t\t\t\t\t\t\n\t\t\t\t\t\t\n\t\t\t\t\t<\/section>  \n\t\t\t\t\t<\/div>\n<\/div> \n<!-- \/ portfolio box-->\n<\/div>\n<div class=\"col col-sm-3  rt-dynamic  portfolio-36\">\n \n\n<!-- portfolio box-->\n<div class=\"loop style-1 hover-2 image post-15971 portfolio type-portfolio status-publish has-post-thumbnail hentry portfolio_categories-prestiges\" id=\"portfolio-15971\">\n\n\t<div class=\"portfolio-loop-item-wrapper\">\n\t\t \n\t\t\t\t\t<figure class=\"image-thumbnail\">\n\t\t\t\t\t\t<a href=\"https:\/\/www.mathezfreight.com\/fr\/solutions\/transport\/evenementiel\/\" target=\"_self\" title=\"Logistique des spectacles &#038; \u00e9v\u00e9nements\"><img decoding=\"async\" src=\"https:\/\/www.mathezfreight.com\/wp-content\/uploads\/slider-events-eagle-1285px-360x240.jpg\" alt=\"\" class=\"\" width=\"360\" height=\"240\" \/><\/a>\n\t\t\t\t\t<\/figure>\n\n\t\t\t\t\t<section class=\"text\">\n\t\t\t\t\t\t\n\t\t\t\t\t\t<h5 class=\"title\"><a href=\"https:\/\/www.mathezfreight.com\/fr\/solutions\/transport\/evenementiel\/\" target=\"_self\" rel=\"bookmark\">Logistique des spectacles &#038; \u00e9v\u00e9nements<\/a><\/h5>\n\t\t\t\t\t\t\n\t\t\t\t\t\t\n\t\t\t\t\t\t\n\t\t\t\t\t<\/section>  \n\t\t\t\t\t<\/div>\n<\/div> \n<!-- \/ portfolio box-->\n<\/div>\n<div class=\"col col-sm-3  rt-dynamic  portfolio-36\">\n \n\n<!-- portfolio box-->\n<div class=\"loop style-1 hover-2 image post-15969 portfolio type-portfolio status-publish has-post-thumbnail hentry portfolio_categories-prestiges\" id=\"portfolio-15969\">\n\n\t<div class=\"portfolio-loop-item-wrapper\">\n\t\t \n\t\t\t\t\t<figure class=\"image-thumbnail\">\n\t\t\t\t\t\t<a href=\"https:\/\/www.mathezfreight.com\/fr\/solutions\/transport\/salons-congres\/\" target=\"_self\" title=\"Logistique des salons &#038; congr\u00e8s\"><img decoding=\"async\" src=\"https:\/\/www.mathezfreight.com\/wp-content\/uploads\/photo-onsite-2018-casque-alp-360x240.jpg\" alt=\"MATHEZ ONSITE LOGISTICS TFWA 2018\" class=\"\" width=\"360\" height=\"240\" \/><\/a>\n\t\t\t\t\t<\/figure>\n\n\t\t\t\t\t<section class=\"text\">\n\t\t\t\t\t\t\n\t\t\t\t\t\t<h5 class=\"title\"><a href=\"https:\/\/www.mathezfreight.com\/fr\/solutions\/transport\/salons-congres\/\" target=\"_self\" rel=\"bookmark\">Logistique des salons &#038; congr\u00e8s<\/a><\/h5>\n\t\t\t\t\t\t\n\t\t\t\t\t\t\n\t\t\t\t\t\t\n\t\t\t\t\t<\/section>  \n\t\t\t\t\t<\/div>\n<\/div> \n<!-- \/ portfolio box-->\n<\/div>\n<div class=\"col col-sm-3  rt-dynamic  portfolio-35\">\n \n\n<!-- portfolio box-->\n<div class=\"loop style-1 hover-2 image post-15879 portfolio type-portfolio status-publish has-post-thumbnail hentry portfolio_categories-industries\" id=\"portfolio-15879\">\n\n\t<div class=\"portfolio-loop-item-wrapper\">\n\t\t \n\t\t\t\t\t<figure class=\"image-thumbnail\">\n\t\t\t\t\t\t<a href=\"https:\/\/www.mathezfreight.com\/fr\/solutions\/transport\/e-commerce\/\" target=\"_self\" title=\"Solutions logistiques pour le e-commerce\"><img decoding=\"async\" src=\"https:\/\/www.mathezfreight.com\/wp-content\/uploads\/photo-e-commerce-graphicstock-360x240.jpg\" alt=\"E-commerce et logistique\" class=\"\" width=\"360\" height=\"240\" \/><\/a>\n\t\t\t\t\t<\/figure>\n\n\t\t\t\t\t<section class=\"text\">\n\t\t\t\t\t\t\n\t\t\t\t\t\t<h5 class=\"title\"><a href=\"https:\/\/www.mathezfreight.com\/fr\/solutions\/transport\/e-commerce\/\" target=\"_self\" rel=\"bookmark\">Solutions logistiques pour le e-commerce<\/a><\/h5>\n\t\t\t\t\t\t\n\t\t\t\t\t\t\n\t\t\t\t\t\t\n\t\t\t\t\t<\/section>  \n\t\t\t\t\t<\/div>\n<\/div> \n<!-- \/ portfolio box-->\n<\/div>\n<div class=\"col col-sm-3  rt-dynamic  portfolio-36\">\n \n\n<!-- portfolio box-->\n<div class=\"loop style-1 hover-2 image post-15973 portfolio type-portfolio status-publish has-post-thumbnail hentry portfolio_categories-prestiges\" id=\"portfolio-15973\">\n\n\t<div class=\"portfolio-loop-item-wrapper\">\n\t\t \n\t\t\t\t\t<figure class=\"image-thumbnail\">\n\t\t\t\t\t\t<a href=\"https:\/\/www.mathezfreight.com\/fr\/solutions\/transport\/valeurs\/\" target=\"_self\" title=\"Transport de valeurs &#038; bijoux\"><img decoding=\"async\" src=\"https:\/\/www.mathezfreight.com\/wp-content\/uploads\/photo-diamants-depositphotos-360x240.jpg\" alt=\"Transport de valeurs\" class=\"\" width=\"360\" height=\"240\" \/><\/a>\n\t\t\t\t\t<\/figure>\n\n\t\t\t\t\t<section class=\"text\">\n\t\t\t\t\t\t\n\t\t\t\t\t\t<h5 class=\"title\"><a href=\"https:\/\/www.mathezfreight.com\/fr\/solutions\/transport\/valeurs\/\" target=\"_self\" rel=\"bookmark\">Transport de valeurs &#038; bijoux<\/a><\/h5>\n\t\t\t\t\t\t\n\t\t\t\t\t\t\n\t\t\t\t\t\t\n\t\t\t\t\t<\/section>  \n\t\t\t\t\t<\/div>\n<\/div> \n<!-- \/ portfolio box-->\n<\/div>\n<div class=\"col col-sm-3  rt-dynamic  portfolio-36\">\n \n\n<!-- portfolio box-->\n<div class=\"loop style-1 hover-2 image post-13966 portfolio type-portfolio status-publish has-post-thumbnail hentry portfolio_categories-prestiges\" id=\"portfolio-13966\">\n\n\t<div class=\"portfolio-loop-item-wrapper\">\n\t\t \n\t\t\t\t\t<figure class=\"image-thumbnail\">\n\t\t\t\t\t\t<a href=\"https:\/\/www.mathezfreight.com\/fr\/solutions\/transport\/vin\/\" target=\"_self\" title=\"Export de vin, alcools &#038; spiritueux fran\u00e7ais\"><img decoding=\"async\" src=\"https:\/\/www.mathezfreight.com\/wp-content\/uploads\/photo-accises-depositphotos-360x240.jpg\" alt=\"Le vin : un produit soumis \u00e0 accises comme les alcools et tabacs\" class=\"\" width=\"360\" height=\"240\" \/><\/a>\n\t\t\t\t\t<\/figure>\n\n\t\t\t\t\t<section class=\"text\">\n\t\t\t\t\t\t\n\t\t\t\t\t\t<h5 class=\"title\"><a href=\"https:\/\/www.mathezfreight.com\/fr\/solutions\/transport\/vin\/\" target=\"_self\" rel=\"bookmark\">Export de vin, alcools &#038; spiritueux fran\u00e7ais<\/a><\/h5>\n\t\t\t\t\t\t\n\t\t\t\t\t\t\n\t\t\t\t\t\t\n\t\t\t\t\t<\/section>  \n\t\t\t\t\t<\/div>\n<\/div> \n<!-- \/ portfolio box-->\n<\/div>\n<div class=\"col col-sm-3  rt-dynamic  portfolio-35\">\n \n\n<!-- portfolio box-->\n<div class=\"loop style-1 hover-2 image post-15876 portfolio type-portfolio status-publish has-post-thumbnail hentry portfolio_categories-industries\" id=\"portfolio-15876\">\n\n\t<div class=\"portfolio-loop-item-wrapper\">\n\t\t \n\t\t\t\t\t<figure class=\"image-thumbnail\">\n\t\t\t\t\t\t<a href=\"https:\/\/www.mathezfreight.com\/fr\/solutions\/transport\/dentaire\/\" target=\"_self\" title=\"Transport de proth\u00e8ses dentaires\"><img decoding=\"async\" src=\"https:\/\/www.mathezfreight.com\/wp-content\/uploads\/photo-protheses-dentaires-depositphotos-360x240.jpg\" alt=\"Transport pour le secteur dentaire\" class=\"\" width=\"360\" height=\"240\" \/><\/a>\n\t\t\t\t\t<\/figure>\n\n\t\t\t\t\t<section class=\"text\">\n\t\t\t\t\t\t\n\t\t\t\t\t\t<h5 class=\"title\"><a href=\"https:\/\/www.mathezfreight.com\/fr\/solutions\/transport\/dentaire\/\" target=\"_self\" rel=\"bookmark\">Transport de proth\u00e8ses dentaires<\/a><\/h5>\n\t\t\t\t\t\t\n\t\t\t\t\t\t\n\t\t\t\t\t\t\n\t\t\t\t\t<\/section>  \n\t\t\t\t\t<\/div>\n<\/div> \n<!-- \/ portfolio box-->\n<\/div>\n<div class=\"col col-sm-3  rt-dynamic  portfolio-35 portfolio-37\">\n \n\n<!-- portfolio box-->\n<div class=\"loop style-1 hover-2 image post-15904 portfolio type-portfolio status-publish has-post-thumbnail hentry portfolio_categories-industries portfolio_categories-marines\" id=\"portfolio-15904\">\n\n\t<div class=\"portfolio-loop-item-wrapper\">\n\t\t \n\t\t\t\t\t<figure class=\"image-thumbnail\">\n\t\t\t\t\t\t<a href=\"https:\/\/www.mathezfreight.com\/fr\/solutions\/transport\/chantiers-navals\/\" target=\"_self\" title=\"Logistique des chantiers navals\"><img decoding=\"async\" src=\"https:\/\/www.mathezfreight.com\/wp-content\/uploads\/photo-chantiers-la-ciotat-mti-360x240.jpg\" alt=\"Chantiers navals, la Ciotat\" class=\"\" width=\"360\" height=\"240\" \/><\/a>\n\t\t\t\t\t<\/figure>\n\n\t\t\t\t\t<section class=\"text\">\n\t\t\t\t\t\t\n\t\t\t\t\t\t<h5 class=\"title\"><a href=\"https:\/\/www.mathezfreight.com\/fr\/solutions\/transport\/chantiers-navals\/\" target=\"_self\" rel=\"bookmark\">Logistique des chantiers navals<\/a><\/h5>\n\t\t\t\t\t\t\n\t\t\t\t\t\t\n\t\t\t\t\t\t\n\t\t\t\t\t<\/section>  \n\t\t\t\t\t<\/div>\n<\/div> \n<!-- \/ portfolio box-->\n<\/div>\n<div class=\"col col-sm-3  rt-dynamic  portfolio-37\">\n \n\n<!-- portfolio box-->\n<div class=\"loop style-1 hover-2 image post-15902 portfolio type-portfolio status-publish has-post-thumbnail hentry portfolio_categories-marines\" id=\"portfolio-15902\">\n\n\t<div class=\"portfolio-loop-item-wrapper\">\n\t\t \n\t\t\t\t\t<figure class=\"image-thumbnail\">\n\t\t\t\t\t\t<a href=\"https:\/\/www.mathezfreight.com\/fr\/solutions\/transport\/cargo\/\" target=\"_self\" title=\"Agent des navires cargo\"><img decoding=\"async\" src=\"https:\/\/www.mathezfreight.com\/wp-content\/uploads\/photo-shipping-nice-gwen-2017-2-360x240.jpg\" alt=\"Cimentier au port de Nice\" class=\"\" width=\"360\" height=\"240\" \/><\/a>\n\t\t\t\t\t<\/figure>\n\n\t\t\t\t\t<section class=\"text\">\n\t\t\t\t\t\t\n\t\t\t\t\t\t<h5 class=\"title\"><a href=\"https:\/\/www.mathezfreight.com\/fr\/solutions\/transport\/cargo\/\" target=\"_self\" rel=\"bookmark\">Agent des navires cargo<\/a><\/h5>\n\t\t\t\t\t\t\n\t\t\t\t\t\t\n\t\t\t\t\t\t\n\t\t\t\t\t<\/section>  \n\t\t\t\t\t<\/div>\n<\/div> \n<!-- \/ portfolio box-->\n<\/div>\n<div class=\"col col-sm-3  rt-dynamic  portfolio-37\">\n \n\n<!-- portfolio box-->\n<div class=\"loop style-1 hover-2 image post-15906 portfolio type-portfolio status-publish has-post-thumbnail hentry portfolio_categories-marines\" id=\"portfolio-15906\">\n\n\t<div class=\"portfolio-loop-item-wrapper\">\n\t\t \n\t\t\t\t\t<figure class=\"image-thumbnail\">\n\t\t\t\t\t\t<a href=\"https:\/\/www.mathezfreight.com\/fr\/solutions\/transport\/croisiere\/\" target=\"_self\" title=\"Agent des navires de croisi\u00e8re\"><img decoding=\"async\" src=\"https:\/\/www.mathezfreight.com\/wp-content\/uploads\/photo-club-med-drapeaux-nice-alp-360x240.jpg\" alt=\"Escale du Club Med II , Port de Nice\" class=\"\" width=\"360\" height=\"240\" \/><\/a>\n\t\t\t\t\t<\/figure>\n\n\t\t\t\t\t<section class=\"text\">\n\t\t\t\t\t\t\n\t\t\t\t\t\t<h5 class=\"title\"><a href=\"https:\/\/www.mathezfreight.com\/fr\/solutions\/transport\/croisiere\/\" target=\"_self\" rel=\"bookmark\">Agent des navires de croisi\u00e8re<\/a><\/h5>\n\t\t\t\t\t\t\n\t\t\t\t\t\t\n\t\t\t\t\t\t\n\t\t\t\t\t<\/section>  \n\t\t\t\t\t<\/div>\n<\/div> \n<!-- \/ portfolio box-->\n<\/div>\n<div class=\"col col-sm-3  rt-dynamic  portfolio-37 portfolio-36\">\n \n\n<!-- portfolio box-->\n<div class=\"loop style-1 hover-2 image post-15900 portfolio type-portfolio status-publish has-post-thumbnail hentry portfolio_categories-marines portfolio_categories-prestiges\" id=\"portfolio-15900\">\n\n\t<div class=\"portfolio-loop-item-wrapper\">\n\t\t \n\t\t\t\t\t<figure class=\"image-thumbnail\">\n\t\t\t\t\t\t<a href=\"https:\/\/www.mathezfreight.com\/fr\/solutions\/transport\/yachts\/\" target=\"_self\" title=\"Agent et transitaire pour le yachting &#038; la navigation de plaisance\"><img decoding=\"async\" src=\"https:\/\/www.mathezfreight.com\/wp-content\/uploads\/photo-tfwa-2018-cannes-port-alp-360x240.jpg\" alt=\"Le Palais des Festivals vu du port \u00e0 Cannes\" class=\"\" width=\"360\" height=\"240\" \/><\/a>\n\t\t\t\t\t<\/figure>\n\n\t\t\t\t\t<section class=\"text\">\n\t\t\t\t\t\t\n\t\t\t\t\t\t<h5 class=\"title\"><a href=\"https:\/\/www.mathezfreight.com\/fr\/solutions\/transport\/yachts\/\" target=\"_self\" rel=\"bookmark\">Agent et transitaire pour le yachting &#038; la navigation de plaisance<\/a><\/h5>\n\t\t\t\t\t\t\n\t\t\t\t\t\t\n\t\t\t\t\t\t\n\t\t\t\t\t<\/section>  \n\t\t\t\t\t<\/div>\n<\/div> \n<!-- \/ portfolio box-->\n<\/div>\n<div class=\"col col-sm-3  rt-dynamic  portfolio-35\">\n \n\n<!-- portfolio box-->\n<div class=\"loop style-1 hover-2 image post-33459 portfolio type-portfolio status-publish has-post-thumbnail hentry portfolio_categories-industries\" id=\"portfolio-33459\">\n\n\t<div class=\"portfolio-loop-item-wrapper\">\n\t\t \n\t\t\t\t\t<figure class=\"image-thumbnail\">\n\t\t\t\t\t\t<a href=\"https:\/\/www.mathezfreight.com\/fr\/solutions\/transport\/epi-masques\/\" target=\"_self\" title=\"Masques de protection, EPI, DM\"><img decoding=\"async\" src=\"https:\/\/www.mathezfreight.com\/wp-content\/uploads\/photo-masques-import-france-depositphotos-360x240.jpg\" alt=\"Import de masques fr protection en France\" class=\"\" width=\"360\" height=\"240\" \/><\/a>\n\t\t\t\t\t<\/figure>\n\n\t\t\t\t\t<section class=\"text\">\n\t\t\t\t\t\t\n\t\t\t\t\t\t<h5 class=\"title\"><a href=\"https:\/\/www.mathezfreight.com\/fr\/solutions\/transport\/epi-masques\/\" target=\"_self\" rel=\"bookmark\">Masques de protection, EPI, DM<\/a><\/h5>\n\t\t\t\t\t\t\n\t\t\t\t\t\t\n\t\t\t\t\t\t\n\t\t\t\t\t<\/section>  \n\t\t\t\t\t<\/div>\n<\/div> \n<!-- \/ portfolio box-->\n<\/div>\n<\/div>\n\t\t\t\t<\/div>\n\t\t\t\t<\/div>\n\t\t\t\t\t<\/div>\n\t\t<\/div>\n\t\t\t\t\t<\/div>\n\t\t<\/section>\n\t\t\t\t<\/div>\n\t\t","protected":false},"excerpt":{"rendered":"<p>Nos solutions transports sont ajust\u00e9es au plus pr\u00e8s des besoins sp\u00e9cifiques \u00e0 vos m\u00e9tiers. Pour vos frets \u00e0 sp\u00e9cialit\u00e9s: nos sp\u00e9cialistes vous conseillent et optimisent vos exp\u00e9ditions internationales.<\/p>\n","protected":false},"author":1,"featured_media":26519,"parent":0,"menu_order":4,"comment_status":"closed","ping_status":"closed","template":"page-mti-grey.php","meta":{"iawp_total_views":80,"footnotes":""},"class_list":["post-27353","page","type-page","status-publish","has-post-thumbnail","hentry"],"yoast_head":"<!-- This site is optimized with the Yoast SEO Premium plugin v27.4 (Yoast SEO v27.4) - https:\/\/yoast.com\/product\/yoast-seo-premium-wordpress\/ -->\n<title>Solutions transport &amp; logistique sectorielles - MATHEZ FREIGHT<\/title>\n<meta name=\"description\" content=\"Nos solutions transports sont ajust\u00e9es au plus pr\u00e8s des besoins sp\u00e9cifiques \u00e0 vos m\u00e9tiers. Pour vos frets \u00e0 sp\u00e9cialit\u00e9s: nos sp\u00e9cialistes vous conseillent et optimisent vos exp\u00e9ditions internationales.\" \/>\n<meta name=\"robots\" content=\"index, follow, max-snippet:-1, max-image-preview:large, max-video-preview:-1\" \/>\n<link rel=\"canonical\" href=\"https:\/\/www.mathezfreight.com\/fr\/solutions\/\" \/>\n<meta property=\"og:locale\" content=\"fr_FR\" \/>\n<meta property=\"og:type\" content=\"article\" \/>\n<meta property=\"og:title\" content=\"Solutions transport &amp; logistique sectorielles\" \/>\n<meta property=\"og:description\" content=\"Nos solutions transports sont ajust\u00e9es au plus pr\u00e8s des besoins sp\u00e9cifiques \u00e0 vos m\u00e9tiers. Pour vos frets \u00e0 sp\u00e9cialit\u00e9s: nos sp\u00e9cialistes vous conseillent et optimisent vos exp\u00e9ditions internationales.\" \/>\n<meta property=\"og:url\" content=\"https:\/\/www.mathezfreight.com\/fr\/solutions\/\" \/>\n<meta property=\"og:site_name\" content=\"MATHEZ FREIGHT\" \/>\n<meta property=\"article:publisher\" content=\"https:\/\/www.facebook.com\/MathezFreight\/\" \/>\n<meta property=\"article:modified_time\" content=\"2026-02-04T17:04:20+00:00\" \/>\n<meta property=\"og:image\" content=\"https:\/\/www.mathezfreight.com\/wp-content\/uploads\/photo-fret-calendrier-1.jpg\" \/>\n\t<meta property=\"og:image:width\" content=\"2000\" \/>\n\t<meta property=\"og:image:height\" content=\"1194\" \/>\n\t<meta property=\"og:image:type\" content=\"image\/jpeg\" \/>\n<meta name=\"twitter:card\" content=\"summary_large_image\" \/>\n<meta name=\"twitter:site\" content=\"@MathezFreight\" \/>\n<meta name=\"twitter:label1\" content=\"Dur\u00e9e de lecture estim\u00e9e\" \/>\n\t<meta name=\"twitter:data1\" content=\"5 minutes\" \/>\n<script type=\"application\/ld+json\" class=\"yoast-schema-graph\">{\"@context\":\"https:\\\/\\\/schema.org\",\"@graph\":[{\"@type\":\"WebPage\",\"@id\":\"https:\\\/\\\/www.mathezfreight.com\\\/fr\\\/solutions\\\/\",\"url\":\"https:\\\/\\\/www.mathezfreight.com\\\/fr\\\/solutions\\\/\",\"name\":\"Solutions transport & logistique sectorielles - MATHEZ FREIGHT\",\"isPartOf\":{\"@id\":\"https:\\\/\\\/www.mathezfreight.com\\\/fr\\\/#website\"},\"primaryImageOfPage\":{\"@id\":\"https:\\\/\\\/www.mathezfreight.com\\\/fr\\\/solutions\\\/#primaryimage\"},\"image\":{\"@id\":\"https:\\\/\\\/www.mathezfreight.com\\\/fr\\\/solutions\\\/#primaryimage\"},\"thumbnailUrl\":\"https:\\\/\\\/www.mathezfreight.com\\\/wp-content\\\/uploads\\\/photo-fret-calendrier-1.jpg\",\"datePublished\":\"2019-06-17T14:42:47+00:00\",\"dateModified\":\"2026-02-04T17:04:20+00:00\",\"description\":\"Nos solutions transports sont ajust\u00e9es au plus pr\u00e8s des besoins sp\u00e9cifiques \u00e0 vos m\u00e9tiers. Pour vos frets \u00e0 sp\u00e9cialit\u00e9s: nos sp\u00e9cialistes vous conseillent et optimisent vos exp\u00e9ditions internationales.\",\"breadcrumb\":{\"@id\":\"https:\\\/\\\/www.mathezfreight.com\\\/fr\\\/solutions\\\/#breadcrumb\"},\"inLanguage\":\"fr-FR\",\"potentialAction\":[{\"@type\":\"ReadAction\",\"target\":[\"https:\\\/\\\/www.mathezfreight.com\\\/fr\\\/solutions\\\/\"]}]},{\"@type\":\"ImageObject\",\"inLanguage\":\"fr-FR\",\"@id\":\"https:\\\/\\\/www.mathezfreight.com\\\/fr\\\/solutions\\\/#primaryimage\",\"url\":\"https:\\\/\\\/www.mathezfreight.com\\\/wp-content\\\/uploads\\\/photo-fret-calendrier-1.jpg\",\"contentUrl\":\"https:\\\/\\\/www.mathezfreight.com\\\/wp-content\\\/uploads\\\/photo-fret-calendrier-1.jpg\",\"width\":2000,\"height\":1194,\"caption\":\"Transport international\"},{\"@type\":\"BreadcrumbList\",\"@id\":\"https:\\\/\\\/www.mathezfreight.com\\\/fr\\\/solutions\\\/#breadcrumb\",\"itemListElement\":[{\"@type\":\"ListItem\",\"position\":1,\"name\":\"Home\",\"item\":\"https:\\\/\\\/www.mathezfreight.com\\\/fr\\\/\"},{\"@type\":\"ListItem\",\"position\":2,\"name\":\"Solutions transport &#038; logistique sectorielles\"}]},{\"@type\":\"WebSite\",\"@id\":\"https:\\\/\\\/www.mathezfreight.com\\\/fr\\\/#website\",\"url\":\"https:\\\/\\\/www.mathezfreight.com\\\/fr\\\/\",\"name\":\"MATHEZ FREIGHT\",\"description\":\"Solutions transport sur mesure, suivies, efficaces\",\"publisher\":{\"@id\":\"https:\\\/\\\/www.mathezfreight.com\\\/fr\\\/#organization\"},\"alternateName\":\"MATHEZ TRANSPORTS INTERNATIONAUX\",\"potentialAction\":[{\"@type\":\"SearchAction\",\"target\":{\"@type\":\"EntryPoint\",\"urlTemplate\":\"https:\\\/\\\/www.mathezfreight.com\\\/fr\\\/?s={search_term_string}\"},\"query-input\":{\"@type\":\"PropertyValueSpecification\",\"valueRequired\":true,\"valueName\":\"search_term_string\"}}],\"inLanguage\":\"fr-FR\"},{\"@type\":\"Organization\",\"@id\":\"https:\\\/\\\/www.mathezfreight.com\\\/fr\\\/#organization\",\"name\":\"MATHEZ FREIGHT\",\"alternateName\":\"MATHEZ TRANSPORTS INTERNATIONAUX\",\"url\":\"https:\\\/\\\/www.mathezfreight.com\\\/fr\\\/\",\"logo\":{\"@type\":\"ImageObject\",\"inLanguage\":\"fr-FR\",\"@id\":\"https:\\\/\\\/www.mathezfreight.com\\\/fr\\\/#\\\/schema\\\/logo\\\/image\\\/\",\"url\":\"https:\\\/\\\/www.mathezfreight.com\\\/wp-content\\\/uploads\\\/logo-mathez-freight-400pxw.png\",\"contentUrl\":\"https:\\\/\\\/www.mathezfreight.com\\\/wp-content\\\/uploads\\\/logo-mathez-freight-400pxw.png\",\"width\":400,\"height\":136,\"caption\":\"MATHEZ FREIGHT\"},\"image\":{\"@id\":\"https:\\\/\\\/www.mathezfreight.com\\\/fr\\\/#\\\/schema\\\/logo\\\/image\\\/\"},\"sameAs\":[\"https:\\\/\\\/www.facebook.com\\\/MathezFreight\\\/\",\"https:\\\/\\\/x.com\\\/MathezFreight\",\"https:\\\/\\\/www.linkedin.com\\\/company\\\/mathezfreight\\\/\"],\"description\":\"Transitaire fran\u00e7ais, organisateur de transport international: fret a\u00e9rien, fret maritime, commissionnaire en douane agr\u00e9\u00e9 OEA-Full. 17 agences en France sur tous les principaux ports et a\u00e9roports.\",\"email\":\"web@mathezfreight.com\",\"telephone\":\"+33.497257825\",\"legalName\":\"MATHEZ TRANSPORTS INTERNATIONAUX\",\"foundingDate\":\"1950-01-01\",\"numberOfEmployees\":{\"@type\":\"QuantitativeValue\",\"minValue\":\"51\",\"maxValue\":\"200\"}}]}<\/script>\n<!-- \/ Yoast SEO Premium plugin. -->","yoast_head_json":{"title":"Solutions transport & logistique sectorielles - MATHEZ FREIGHT","description":"Nos solutions transports sont ajust\u00e9es au plus pr\u00e8s des besoins sp\u00e9cifiques \u00e0 vos m\u00e9tiers. Pour vos frets \u00e0 sp\u00e9cialit\u00e9s: nos sp\u00e9cialistes vous conseillent et optimisent vos exp\u00e9ditions internationales.","robots":{"index":"index","follow":"follow","max-snippet":"max-snippet:-1","max-image-preview":"max-image-preview:large","max-video-preview":"max-video-preview:-1"},"canonical":"https:\/\/www.mathezfreight.com\/fr\/solutions\/","og_locale":"fr_FR","og_type":"article","og_title":"Solutions transport & logistique sectorielles","og_description":"Nos solutions transports sont ajust\u00e9es au plus pr\u00e8s des besoins sp\u00e9cifiques \u00e0 vos m\u00e9tiers. Pour vos frets \u00e0 sp\u00e9cialit\u00e9s: nos sp\u00e9cialistes vous conseillent et optimisent vos exp\u00e9ditions internationales.","og_url":"https:\/\/www.mathezfreight.com\/fr\/solutions\/","og_site_name":"MATHEZ FREIGHT","article_publisher":"https:\/\/www.facebook.com\/MathezFreight\/","article_modified_time":"2026-02-04T17:04:20+00:00","og_image":[{"width":2000,"height":1194,"url":"https:\/\/www.mathezfreight.com\/wp-content\/uploads\/photo-fret-calendrier-1.jpg","type":"image\/jpeg"}],"twitter_card":"summary_large_image","twitter_site":"@MathezFreight","twitter_misc":{"Dur\u00e9e de lecture estim\u00e9e":"5 minutes"},"schema":{"@context":"https:\/\/schema.org","@graph":[{"@type":"WebPage","@id":"https:\/\/www.mathezfreight.com\/fr\/solutions\/","url":"https:\/\/www.mathezfreight.com\/fr\/solutions\/","name":"Solutions transport & logistique sectorielles - MATHEZ FREIGHT","isPartOf":{"@id":"https:\/\/www.mathezfreight.com\/fr\/#website"},"primaryImageOfPage":{"@id":"https:\/\/www.mathezfreight.com\/fr\/solutions\/#primaryimage"},"image":{"@id":"https:\/\/www.mathezfreight.com\/fr\/solutions\/#primaryimage"},"thumbnailUrl":"https:\/\/www.mathezfreight.com\/wp-content\/uploads\/photo-fret-calendrier-1.jpg","datePublished":"2019-06-17T14:42:47+00:00","dateModified":"2026-02-04T17:04:20+00:00","description":"Nos solutions transports sont ajust\u00e9es au plus pr\u00e8s des besoins sp\u00e9cifiques \u00e0 vos m\u00e9tiers. Pour vos frets \u00e0 sp\u00e9cialit\u00e9s: nos sp\u00e9cialistes vous conseillent et optimisent vos exp\u00e9ditions internationales.","breadcrumb":{"@id":"https:\/\/www.mathezfreight.com\/fr\/solutions\/#breadcrumb"},"inLanguage":"fr-FR","potentialAction":[{"@type":"ReadAction","target":["https:\/\/www.mathezfreight.com\/fr\/solutions\/"]}]},{"@type":"ImageObject","inLanguage":"fr-FR","@id":"https:\/\/www.mathezfreight.com\/fr\/solutions\/#primaryimage","url":"https:\/\/www.mathezfreight.com\/wp-content\/uploads\/photo-fret-calendrier-1.jpg","contentUrl":"https:\/\/www.mathezfreight.com\/wp-content\/uploads\/photo-fret-calendrier-1.jpg","width":2000,"height":1194,"caption":"Transport international"},{"@type":"BreadcrumbList","@id":"https:\/\/www.mathezfreight.com\/fr\/solutions\/#breadcrumb","itemListElement":[{"@type":"ListItem","position":1,"name":"Home","item":"https:\/\/www.mathezfreight.com\/fr\/"},{"@type":"ListItem","position":2,"name":"Solutions transport &#038; logistique sectorielles"}]},{"@type":"WebSite","@id":"https:\/\/www.mathezfreight.com\/fr\/#website","url":"https:\/\/www.mathezfreight.com\/fr\/","name":"MATHEZ FREIGHT","description":"Solutions transport sur mesure, suivies, efficaces","publisher":{"@id":"https:\/\/www.mathezfreight.com\/fr\/#organization"},"alternateName":"MATHEZ TRANSPORTS INTERNATIONAUX","potentialAction":[{"@type":"SearchAction","target":{"@type":"EntryPoint","urlTemplate":"https:\/\/www.mathezfreight.com\/fr\/?s={search_term_string}"},"query-input":{"@type":"PropertyValueSpecification","valueRequired":true,"valueName":"search_term_string"}}],"inLanguage":"fr-FR"},{"@type":"Organization","@id":"https:\/\/www.mathezfreight.com\/fr\/#organization","name":"MATHEZ FREIGHT","alternateName":"MATHEZ TRANSPORTS INTERNATIONAUX","url":"https:\/\/www.mathezfreight.com\/fr\/","logo":{"@type":"ImageObject","inLanguage":"fr-FR","@id":"https:\/\/www.mathezfreight.com\/fr\/#\/schema\/logo\/image\/","url":"https:\/\/www.mathezfreight.com\/wp-content\/uploads\/logo-mathez-freight-400pxw.png","contentUrl":"https:\/\/www.mathezfreight.com\/wp-content\/uploads\/logo-mathez-freight-400pxw.png","width":400,"height":136,"caption":"MATHEZ FREIGHT"},"image":{"@id":"https:\/\/www.mathezfreight.com\/fr\/#\/schema\/logo\/image\/"},"sameAs":["https:\/\/www.facebook.com\/MathezFreight\/","https:\/\/x.com\/MathezFreight","https:\/\/www.linkedin.com\/company\/mathezfreight\/"],"description":"Transitaire fran\u00e7ais, organisateur de transport international: fret a\u00e9rien, fret maritime, commissionnaire en douane agr\u00e9\u00e9 OEA-Full. 17 agences en France sur tous les principaux ports et a\u00e9roports.","email":"web@mathezfreight.com","telephone":"+33.497257825","legalName":"MATHEZ TRANSPORTS INTERNATIONAUX","foundingDate":"1950-01-01","numberOfEmployees":{"@type":"QuantitativeValue","minValue":"51","maxValue":"200"}}]}},"_links":{"self":[{"href":"https:\/\/www.mathezfreight.com\/fr\/wp-json\/wp\/v2\/pages\/27353","targetHints":{"allow":["GET"]}}],"collection":[{"href":"https:\/\/www.mathezfreight.com\/fr\/wp-json\/wp\/v2\/pages"}],"about":[{"href":"https:\/\/www.mathezfreight.com\/fr\/wp-json\/wp\/v2\/types\/page"}],"author":[{"embeddable":true,"href":"https:\/\/www.mathezfreight.com\/fr\/wp-json\/wp\/v2\/users\/1"}],"replies":[{"embeddable":true,"href":"https:\/\/www.mathezfreight.com\/fr\/wp-json\/wp\/v2\/comments?post=27353"}],"version-history":[{"count":6,"href":"https:\/\/www.mathezfreight.com\/fr\/wp-json\/wp\/v2\/pages\/27353\/revisions"}],"predecessor-version":[{"id":66067,"href":"https:\/\/www.mathezfreight.com\/fr\/wp-json\/wp\/v2\/pages\/27353\/revisions\/66067"}],"wp:featuredmedia":[{"embeddable":true,"href":"https:\/\/www.mathezfreight.com\/fr\/wp-json\/wp\/v2\/media\/26519"}],"wp:attachment":[{"href":"https:\/\/www.mathezfreight.com\/fr\/wp-json\/wp\/v2\/media?parent=27353"}],"curies":[{"name":"wp","href":"https:\/\/api.w.org\/{rel}","templated":true}]}}