{"id":18594,"date":"2018-11-29T13:29:17","date_gmt":"2018-11-29T13:29:17","guid":{"rendered":"https:\/\/www.mathezfreight.com\/?page_id=18594"},"modified":"2025-04-11T14:32:53","modified_gmt":"2025-04-11T14:32:53","slug":"agences","status":"publish","type":"page","link":"https:\/\/www.mathezfreight.com\/fr\/profil\/agences\/","title":{"rendered":"Nos agences transitaire en France"},"content":{"rendered":"\t\t<div data-elementor-type=\"wp-post\" data-elementor-id=\"18594\" class=\"elementor elementor-18594\" data-elementor-post-type=\"page\">\n\t\t\t\t\t\t<div class=\"elementor-section elementor-top-section elementor-element elementor-element-3e84b91 elementor-section-stretched elementor-section-full_width bg-about elementor-section-height-default elementor-section-height-default default-style elementor-invisible\" data-id=\"3e84b91\" data-element_type=\"section\" data-e-type=\"section\" id=\"mti-page-header\" data-settings=\"{&quot;stretch_section&quot;:&quot;section-stretched&quot;,&quot;animation&quot;:&quot;fadeIn&quot;,&quot;rt_color_sets&quot;:&quot;default-style&quot;}\">\n\t\t\t\t\t\t<div class=\"elementor-container elementor-column-gap-no\">\n\t\t\t\t\t<div class=\"elementor-column elementor-col-100 elementor-top-column elementor-element elementor-element-6c985a6\" data-id=\"6c985a6\" data-element_type=\"column\" data-e-type=\"column\">\n\t\t\t<div class=\"elementor-widget-wrap elementor-element-populated\">\n\t\t\t\t\t\t<div class=\"elementor-element elementor-element-e996fe8 mti-carte-gmap elementor-widget elementor-widget-html\" data-id=\"e996fe8\" data-element_type=\"widget\" data-e-type=\"widget\" data-widget_type=\"html.default\">\n\t\t\t\t<div class=\"elementor-widget-container\">\n\t\t\t\t\t<iframe loading=\"lazy\" src=\"https:\/\/www.google.com\/maps\/d\/u\/0\/embed?mid=18ghhsLUz8-eJJDsS-QJRtI-GQGM&hl=fr&ll=47.8%2C17.13&z=5\" width=\"1220\" height=\"455\" style=\"position: relative; top: -50px;\"><\/iframe>\t\t\t\t<\/div>\n\t\t\t\t<\/div>\n\t\t\t\t\t<\/div>\n\t\t<\/div>\n\t\t\t\t\t<\/div>\n\t\t<\/div>\n\t\t\t\t<section class=\"elementor-section elementor-top-section elementor-element elementor-element-bae70e2 mti-carte-agence elementor-section-boxed elementor-section-height-default elementor-section-height-default default-style\" data-id=\"bae70e2\" data-element_type=\"section\" data-e-type=\"section\" data-settings=\"{&quot;background_background&quot;:&quot;classic&quot;,&quot;rt_color_sets&quot;:&quot;default-style&quot;}\">\n\t\t\t\t\t\t<div class=\"elementor-container elementor-column-gap-default\">\n\t\t\t\t\t<div class=\"elementor-column elementor-col-100 elementor-top-column elementor-element elementor-element-50e9c79\" data-id=\"50e9c79\" data-element_type=\"column\" data-e-type=\"column\">\n\t\t\t<div class=\"elementor-widget-wrap elementor-element-populated\">\n\t\t\t\t\t\t<div class=\"elementor-element elementor-element-a000200 mti-carte-visite elementor-icon-list--layout-traditional elementor-list-item-link-full_width elementor-widget elementor-widget-icon-list\" data-id=\"a000200\" data-element_type=\"widget\" data-e-type=\"widget\" data-widget_type=\"icon-list.default\">\n\t\t\t\t<div class=\"elementor-widget-container\">\n\t\t\t\t\t\t\t<ul class=\"elementor-icon-list-items\">\n\t\t\t\t\t\t\t<li class=\"elementor-icon-list-item\">\n\t\t\t\t\t\t\t\t\t\t<span class=\"elementor-icon-list-text\"><h2>MATHEZ FREIGHT<\/h2><\/span>\n\t\t\t\t\t\t\t\t\t<\/li>\n\t\t\t\t\t\t\t\t<li class=\"elementor-icon-list-item\">\n\t\t\t\t\t\t\t\t\t\t\t<span class=\"elementor-icon-list-icon\">\n\t\t\t\t\t\t\t<i aria-hidden=\"true\" class=\"fas fa-map-signs\"><\/i>\t\t\t\t\t\t<\/span>\n\t\t\t\t\t\t\t\t\t\t<span class=\"elementor-icon-list-text\">A\u00e9roport Nice C\u00f4te d\u2019Azur, Terminal Cargo,  CS 63109, 06200 Nice, France<\/span>\n\t\t\t\t\t\t\t\t\t<\/li>\n\t\t\t\t\t\t\t\t<li class=\"elementor-icon-list-item\">\n\t\t\t\t\t\t\t\t\t\t\t<a href=\"tel:0806002122\">\n\n\t\t\t\t\t\t\t\t\t\t\t\t<span class=\"elementor-icon-list-icon\">\n\t\t\t\t\t\t\t<i aria-hidden=\"true\" class=\"fas fa-phone\"><\/i>\t\t\t\t\t\t<\/span>\n\t\t\t\t\t\t\t\t\t\t<span class=\"elementor-icon-list-text\">0 806 002 122 (France, prix d\u2019un appel local)<\/span>\n\t\t\t\t\t\t\t\t\t\t\t<\/a>\n\t\t\t\t\t\t\t\t\t<\/li>\n\t\t\t\t\t\t\t\t<li class=\"elementor-icon-list-item\">\n\t\t\t\t\t\t\t\t\t\t\t<a href=\"tel:+33.497257825\">\n\n\t\t\t\t\t\t\t\t\t\t\t\t<span class=\"elementor-icon-list-icon\">\n\t\t\t\t\t\t\t<i aria-hidden=\"true\" class=\"fas fa-phone\"><\/i>\t\t\t\t\t\t<\/span>\n\t\t\t\t\t\t\t\t\t\t<span class=\"elementor-icon-list-text\"> +33.4 97 25 78 25 (depuis l\u2019\u00e9tranger)<\/span>\n\t\t\t\t\t\t\t\t\t\t\t<\/a>\n\t\t\t\t\t\t\t\t\t<\/li>\n\t\t\t\t\t\t\t\t<li class=\"elementor-icon-list-item\">\n\t\t\t\t\t\t\t\t\t\t\t<span class=\"elementor-icon-list-icon\">\n\t\t\t\t\t\t\t<i aria-hidden=\"true\" class=\"fasrt-elementor-icon icon-mail\"><\/i>\t\t\t\t\t\t<\/span>\n\t\t\t\t\t\t\t\t\t\t<span class=\"elementor-icon-list-text\">web@mathezfreight.com<\/span>\n\t\t\t\t\t\t\t\t\t<\/li>\n\t\t\t\t\t\t\t\t<li class=\"elementor-icon-list-item\">\n\t\t\t\t\t\t\t\t\t\t\t<a href=\"https:\/\/www.google.com\/maps\/d\/u\/0\/viewer?hl=fr&#038;mid=18ghhsLUz8-eJJDsS-QJRtI-GQGM&#038;ll=46.717095320076176%2C4.2790310937500635&#038;z=6\" target=\"_blank\">\n\n\t\t\t\t\t\t\t\t\t\t\t\t<span class=\"elementor-icon-list-icon\">\n\t\t\t\t\t\t\t<i aria-hidden=\"true\" class=\"far fa-map\"><\/i>\t\t\t\t\t\t<\/span>\n\t\t\t\t\t\t\t\t\t\t<span class=\"elementor-icon-list-text\">Ouvrir la carte<\/span>\n\t\t\t\t\t\t\t\t\t\t\t<\/a>\n\t\t\t\t\t\t\t\t\t<\/li>\n\t\t\t\t\t\t<\/ul>\n\t\t\t\t\t\t<\/div>\n\t\t\t\t<\/div>\n\t\t\t\t<div class=\"elementor-element elementor-element-107504d elementor-widget elementor-widget-rt-button\" data-id=\"107504d\" data-element_type=\"widget\" data-e-type=\"widget\" id=\"mti-red-button\" data-widget_type=\"rt-button.default\">\n\t\t\t\t<div class=\"elementor-widget-container\">\n\t\t\t\t\t<div class=\"button_wrapper  hero\"><a href=\"https:\/\/www.mathezfreight.com\/fr\/contact\/\" target=\"_self\" title=\"Nous contacter\" class=\"button_  style-3 hero\"><span><span class=\"button-icon rt-elementor-icon icon-mail\"><\/span><span>Nous contacter<\/span><\/span><\/a><\/div>\t\t\t\t<\/div>\n\t\t\t\t<\/div>\n\t\t\t\t\t<\/div>\n\t\t<\/div>\n\t\t\t\t\t<\/div>\n\t\t<\/section>\n\t\t\t\t<section class=\"elementor-section elementor-top-section elementor-element elementor-element-ea1ba62 highlight-about excerpt-onbottom elementor-section-boxed elementor-section-height-default elementor-section-height-default default-style\" data-id=\"ea1ba62\" data-element_type=\"section\" data-e-type=\"section\" id=\"mti-page-excerpt\" data-settings=\"{&quot;rt_color_sets&quot;:&quot;default-style&quot;}\">\n\t\t\t\t\t\t<div class=\"elementor-container elementor-column-gap-default\">\n\t\t\t\t\t<div class=\"elementor-column elementor-col-100 elementor-top-column elementor-element elementor-element-fd2c394\" data-id=\"fd2c394\" data-element_type=\"column\" data-e-type=\"column\">\n\t\t\t<div class=\"elementor-widget-wrap elementor-element-populated\">\n\t\t\t\t\t\t<div class=\"elementor-element elementor-element-97d4f0f elementor-widget elementor-widget-theme-post-excerpt\" data-id=\"97d4f0f\" data-element_type=\"widget\" data-e-type=\"widget\" data-widget_type=\"theme-post-excerpt.default\">\n\t\t\t\t<div class=\"elementor-widget-container\">\n\t\t\t\t\tTransitaire de r\u00e9f\u00e9rence en France, nous sommes pr\u00e9sents sur les principaux points n\u00e9vralgiques (a\u00e9roports, ports, m\u00e9tropoles, chantiers navals) et assurons des transports internationaux avec le monde entier depuis l\u2019ensemble du territoire fran\u00e7ais et mon\u00e9gasque. \t\t\t\t<\/div>\n\t\t\t\t<\/div>\n\t\t\t\t\t<\/div>\n\t\t<\/div>\n\t\t\t\t\t<\/div>\n\t\t<\/section>\n\t\t\t\t<section class=\"elementor-section elementor-top-section elementor-element elementor-element-ce8d876 elementor-section-boxed elementor-section-height-default elementor-section-height-default default-style\" data-id=\"ce8d876\" data-element_type=\"section\" data-e-type=\"section\" id=\"mti-agences-grid\" data-settings=\"{&quot;background_background&quot;:&quot;classic&quot;,&quot;rt_color_sets&quot;:&quot;default-style&quot;}\">\n\t\t\t\t\t\t<div class=\"elementor-container elementor-column-gap-default\">\n\t\t\t\t\t<div class=\"elementor-column elementor-col-100 elementor-top-column elementor-element elementor-element-53be7bc\" data-id=\"53be7bc\" data-element_type=\"column\" data-e-type=\"column\">\n\t\t\t<div class=\"elementor-widget-wrap elementor-element-populated\">\n\t\t\t\t\t\t<div class=\"elementor-element elementor-element-d05ed78 elementor-posts--align-center elementor-posts__hover-none elementor-grid-3 elementor-grid-tablet-2 elementor-grid-mobile-1 elementor-posts--thumbnail-top elementor-card-shadow-yes elementor-widget elementor-widget-posts\" data-id=\"d05ed78\" data-element_type=\"widget\" data-e-type=\"widget\" data-settings=\"{&quot;pagination_type&quot;:&quot;numbers&quot;,&quot;cards_columns&quot;:&quot;3&quot;,&quot;cards_columns_tablet&quot;:&quot;2&quot;,&quot;cards_columns_mobile&quot;:&quot;1&quot;,&quot;cards_row_gap&quot;:{&quot;unit&quot;:&quot;px&quot;,&quot;size&quot;:35,&quot;sizes&quot;:[]},&quot;cards_row_gap_tablet&quot;:{&quot;unit&quot;:&quot;px&quot;,&quot;size&quot;:&quot;&quot;,&quot;sizes&quot;:[]},&quot;cards_row_gap_mobile&quot;:{&quot;unit&quot;:&quot;px&quot;,&quot;size&quot;:&quot;&quot;,&quot;sizes&quot;:[]}}\" data-widget_type=\"posts.cards\">\n\t\t\t\t<div class=\"elementor-widget-container\">\n\t\t\t\t\t\t\t<div class=\"elementor-posts-container elementor-posts elementor-posts--skin-cards elementor-grid\" role=\"list\">\n\t\t\t\t<article class=\"elementor-post elementor-grid-item post-18560 page type-page status-publish has-post-thumbnail hentry\" role=\"listitem\">\n\t\t\t<div class=\"elementor-post__card\">\n\t\t\t\t<a class=\"elementor-post__thumbnail__link\" href=\"https:\/\/www.mathezfreight.com\/fr\/profil\/agences\/roissy\/\" tabindex=\"-1\" ><div class=\"elementor-post__thumbnail\"><img decoding=\"async\" width=\"274\" height=\"183\" src=\"https:\/\/www.mathezfreight.com\/wp-content\/uploads\/photo-paris-cdg-deposit-274x183.jpg\" class=\"attachment-mti-small-classic size-mti-small-classic wp-image-19992\" alt=\"A\u00e9roport de Paris Roissy CDG\" srcset=\"https:\/\/www.mathezfreight.com\/wp-content\/uploads\/photo-paris-cdg-deposit-274x183.jpg 274w, https:\/\/www.mathezfreight.com\/wp-content\/uploads\/photo-paris-cdg-deposit-600x400.jpg 600w, https:\/\/www.mathezfreight.com\/wp-content\/uploads\/photo-paris-cdg-deposit-768x512.jpg 768w, https:\/\/www.mathezfreight.com\/wp-content\/uploads\/photo-paris-cdg-deposit-1100x733.jpg 1100w, https:\/\/www.mathezfreight.com\/wp-content\/uploads\/photo-paris-cdg-deposit-1285x857.jpg 1285w, https:\/\/www.mathezfreight.com\/wp-content\/uploads\/photo-paris-cdg-deposit-25x17.jpg 25w, https:\/\/www.mathezfreight.com\/wp-content\/uploads\/photo-paris-cdg-deposit-68x45.jpg 68w, https:\/\/www.mathezfreight.com\/wp-content\/uploads\/photo-paris-cdg-deposit-375x250.jpg 375w, https:\/\/www.mathezfreight.com\/wp-content\/uploads\/photo-paris-cdg-deposit-1200x800.jpg 1200w, https:\/\/www.mathezfreight.com\/wp-content\/uploads\/photo-paris-cdg-deposit-75x50.jpg 75w, https:\/\/www.mathezfreight.com\/wp-content\/uploads\/photo-paris-cdg-deposit.jpg 2000w\" sizes=\"(max-width: 274px) 100vw, 274px\" \/><\/div><\/a>\n\t\t\t\t<div class=\"elementor-post__text\">\n\t\t\t\t<h2 class=\"elementor-post__title\">\n\t\t\t<a href=\"https:\/\/www.mathezfreight.com\/fr\/profil\/agences\/roissy\/\" >\n\t\t\t\tTransitaire \u00e0 Roissy &#8211; A\u00e9roport de Paris CDG\t\t\t<\/a>\n\t\t<\/h2>\n\t\t\t\t<div class=\"elementor-post__excerpt\">\n\t\t\t<p>Organisateur de transport \u00e0 l\u2019a\u00e9roport de Paris Roissy-CDG: fret a\u00e9rien &#038; maritime, repr\u00e9sentant en douane, import \/ export en France et dans le monde entier.<\/p>\n\t\t<\/div>\n\t\t\n\t\t<a class=\"elementor-post__read-more\" href=\"https:\/\/www.mathezfreight.com\/fr\/profil\/agences\/roissy\/\" aria-label=\"Read more about Transitaire \u00e0 Roissy &#8211; A\u00e9roport de Paris CDG\" tabindex=\"-1\" >\n\t\t\tplus \u00bb\t\t<\/a>\n\n\t\t\t\t<\/div>\n\t\t\t\t\t<\/div>\n\t\t<\/article>\n\t\t\t\t<article class=\"elementor-post elementor-grid-item post-18562 page type-page status-publish has-post-thumbnail hentry\" role=\"listitem\">\n\t\t\t<div class=\"elementor-post__card\">\n\t\t\t\t<a class=\"elementor-post__thumbnail__link\" href=\"https:\/\/www.mathezfreight.com\/fr\/profil\/agences\/orly\/\" tabindex=\"-1\" ><div class=\"elementor-post__thumbnail\"><img decoding=\"async\" width=\"274\" height=\"183\" src=\"https:\/\/www.mathezfreight.com\/wp-content\/uploads\/photo-orly-depositphotos-274x183.jpg\" class=\"attachment-mti-small-classic size-mti-small-classic wp-image-19734\" alt=\"A\u00e9roport d&#039;Orly\" srcset=\"https:\/\/www.mathezfreight.com\/wp-content\/uploads\/photo-orly-depositphotos-274x183.jpg 274w, https:\/\/www.mathezfreight.com\/wp-content\/uploads\/photo-orly-depositphotos-600x400.jpg 600w, https:\/\/www.mathezfreight.com\/wp-content\/uploads\/photo-orly-depositphotos-768x512.jpg 768w, https:\/\/www.mathezfreight.com\/wp-content\/uploads\/photo-orly-depositphotos-1100x733.jpg 1100w, https:\/\/www.mathezfreight.com\/wp-content\/uploads\/photo-orly-depositphotos-1285x857.jpg 1285w, https:\/\/www.mathezfreight.com\/wp-content\/uploads\/photo-orly-depositphotos-25x17.jpg 25w, https:\/\/www.mathezfreight.com\/wp-content\/uploads\/photo-orly-depositphotos-68x45.jpg 68w, https:\/\/www.mathezfreight.com\/wp-content\/uploads\/photo-orly-depositphotos-375x250.jpg 375w, https:\/\/www.mathezfreight.com\/wp-content\/uploads\/photo-orly-depositphotos-1200x800.jpg 1200w, https:\/\/www.mathezfreight.com\/wp-content\/uploads\/photo-orly-depositphotos.jpg 2000w\" sizes=\"(max-width: 274px) 100vw, 274px\" \/><\/div><\/a>\n\t\t\t\t<div class=\"elementor-post__text\">\n\t\t\t\t<h2 class=\"elementor-post__title\">\n\t\t\t<a href=\"https:\/\/www.mathezfreight.com\/fr\/profil\/agences\/orly\/\" >\n\t\t\t\tTransitaire \u00e0 Orly A\u00e9roport\t\t\t<\/a>\n\t\t<\/h2>\n\t\t\t\t<div class=\"elementor-post__excerpt\">\n\t\t\t<p>Organisateur de transport \u00e0 l\u2019a\u00e9roport de Paris Orly: fret a\u00e9rien &#038; maritime, repr\u00e9sentant en douane, import \/ export en France et dans le monde entier.<\/p>\n\t\t<\/div>\n\t\t\n\t\t<a class=\"elementor-post__read-more\" href=\"https:\/\/www.mathezfreight.com\/fr\/profil\/agences\/orly\/\" aria-label=\"Read more about Transitaire \u00e0 Orly A\u00e9roport\" tabindex=\"-1\" >\n\t\t\tplus \u00bb\t\t<\/a>\n\n\t\t\t\t<\/div>\n\t\t\t\t\t<\/div>\n\t\t<\/article>\n\t\t\t\t<article class=\"elementor-post elementor-grid-item post-18537 page type-page status-publish has-post-thumbnail hentry\" role=\"listitem\">\n\t\t\t<div class=\"elementor-post__card\">\n\t\t\t\t<a class=\"elementor-post__thumbnail__link\" href=\"https:\/\/www.mathezfreight.com\/fr\/profil\/agences\/paris\/\" tabindex=\"-1\" ><div class=\"elementor-post__thumbnail\"><img decoding=\"async\" width=\"274\" height=\"183\" src=\"https:\/\/www.mathezfreight.com\/wp-content\/uploads\/photo-paris-unsplash-pixabay-274x183.jpg\" class=\"attachment-mti-small-classic size-mti-small-classic wp-image-19441\" alt=\"\" srcset=\"https:\/\/www.mathezfreight.com\/wp-content\/uploads\/photo-paris-unsplash-pixabay-274x183.jpg 274w, https:\/\/www.mathezfreight.com\/wp-content\/uploads\/photo-paris-unsplash-pixabay-1285x857.jpg 1285w, https:\/\/www.mathezfreight.com\/wp-content\/uploads\/photo-paris-unsplash-pixabay-375x250.jpg 375w, https:\/\/www.mathezfreight.com\/wp-content\/uploads\/photo-paris-unsplash-pixabay-1200x800.jpg 1200w\" sizes=\"(max-width: 274px) 100vw, 274px\" \/><\/div><\/a>\n\t\t\t\t<div class=\"elementor-post__text\">\n\t\t\t\t<h2 class=\"elementor-post__title\">\n\t\t\t<a href=\"https:\/\/www.mathezfreight.com\/fr\/profil\/agences\/paris\/\" >\n\t\t\t\tMATHEZ ART LOGISTICS \u00e0 Paris Trudaine\t\t\t<\/a>\n\t\t<\/h2>\n\t\t\t\t<div class=\"elementor-post__excerpt\">\n\t\t\t<p>Solutions de transport clou-\u00e0 clou et porte-\u00e0-porte pour les professionnels des arts et spectacles \u00e0 Paris et dans le monde entier, et solutions prestige (transport de valeurs, de v\u00e9hicules de luxe, &#8230;)<\/p>\n\t\t<\/div>\n\t\t\n\t\t<a class=\"elementor-post__read-more\" href=\"https:\/\/www.mathezfreight.com\/fr\/profil\/agences\/paris\/\" aria-label=\"Read more about MATHEZ ART LOGISTICS \u00e0 Paris Trudaine\" tabindex=\"-1\" >\n\t\t\tplus \u00bb\t\t<\/a>\n\n\t\t\t\t<\/div>\n\t\t\t\t\t<\/div>\n\t\t<\/article>\n\t\t\t\t<article class=\"elementor-post elementor-grid-item post-18536 page type-page status-publish has-post-thumbnail hentry\" role=\"listitem\">\n\t\t\t<div class=\"elementor-post__card\">\n\t\t\t\t<a class=\"elementor-post__thumbnail__link\" href=\"https:\/\/www.mathezfreight.com\/fr\/profil\/agences\/lyon\/\" tabindex=\"-1\" ><div class=\"elementor-post__thumbnail\"><img decoding=\"async\" width=\"274\" height=\"183\" src=\"https:\/\/www.mathezfreight.com\/wp-content\/uploads\/photo-lyon-aeroport-pixabay-274x183.jpg\" class=\"attachment-mti-small-classic size-mti-small-classic wp-image-19451\" alt=\"A\u00e9roport de Lyon\" srcset=\"https:\/\/www.mathezfreight.com\/wp-content\/uploads\/photo-lyon-aeroport-pixabay-274x183.jpg 274w, https:\/\/www.mathezfreight.com\/wp-content\/uploads\/photo-lyon-aeroport-pixabay-600x400.jpg 600w, https:\/\/www.mathezfreight.com\/wp-content\/uploads\/photo-lyon-aeroport-pixabay-768x512.jpg 768w, https:\/\/www.mathezfreight.com\/wp-content\/uploads\/photo-lyon-aeroport-pixabay-1100x733.jpg 1100w, https:\/\/www.mathezfreight.com\/wp-content\/uploads\/photo-lyon-aeroport-pixabay-375x250.jpg 375w, https:\/\/www.mathezfreight.com\/wp-content\/uploads\/photo-lyon-aeroport-pixabay-1200x800.jpg 1200w, https:\/\/www.mathezfreight.com\/wp-content\/uploads\/photo-lyon-aeroport-pixabay-960x640.jpg 960w, https:\/\/www.mathezfreight.com\/wp-content\/uploads\/photo-lyon-aeroport-pixabay.jpg 1536w\" sizes=\"(max-width: 274px) 100vw, 274px\" \/><\/div><\/a>\n\t\t\t\t<div class=\"elementor-post__text\">\n\t\t\t\t<h2 class=\"elementor-post__title\">\n\t\t\t<a href=\"https:\/\/www.mathezfreight.com\/fr\/profil\/agences\/lyon\/\" >\n\t\t\t\tTransitaire \u00e0 Lyon Saint-Exup\u00e9ry A\u00e9roport\t\t\t<\/a>\n\t\t<\/h2>\n\t\t\t\t<div class=\"elementor-post__excerpt\">\n\t\t\t<p>Transitaire organisateur de transports \u00e0 l\u2019a\u00e9roport de Lyon Saint-Exup\u00e9ry: fret a\u00e9rien &#038; maritime, repr\u00e9sentant en douane, import \/ export  en France et dans le monde entier.<\/p>\n\t\t<\/div>\n\t\t\n\t\t<a class=\"elementor-post__read-more\" href=\"https:\/\/www.mathezfreight.com\/fr\/profil\/agences\/lyon\/\" aria-label=\"Read more about Transitaire \u00e0 Lyon Saint-Exup\u00e9ry A\u00e9roport\" tabindex=\"-1\" >\n\t\t\tplus \u00bb\t\t<\/a>\n\n\t\t\t\t<\/div>\n\t\t\t\t\t<\/div>\n\t\t<\/article>\n\t\t\t\t<article class=\"elementor-post elementor-grid-item post-18516 page type-page status-publish has-post-thumbnail hentry\" role=\"listitem\">\n\t\t\t<div class=\"elementor-post__card\">\n\t\t\t\t<a class=\"elementor-post__thumbnail__link\" href=\"https:\/\/www.mathezfreight.com\/fr\/profil\/agences\/marseille\/\" tabindex=\"-1\" ><div class=\"elementor-post__thumbnail\"><img decoding=\"async\" width=\"274\" height=\"183\" src=\"https:\/\/www.mathezfreight.com\/wp-content\/uploads\/photo-agence-marseille-marignane-amp-francoise-274x183.jpg\" class=\"attachment-mti-small-classic size-mti-small-classic wp-image-19426\" alt=\"A\u00e9roport de Marseille Provence vu du ciel\" srcset=\"https:\/\/www.mathezfreight.com\/wp-content\/uploads\/photo-agence-marseille-marignane-amp-francoise-274x183.jpg 274w, https:\/\/www.mathezfreight.com\/wp-content\/uploads\/photo-agence-marseille-marignane-amp-francoise-600x400.jpg 600w, https:\/\/www.mathezfreight.com\/wp-content\/uploads\/photo-agence-marseille-marignane-amp-francoise-768x512.jpg 768w, https:\/\/www.mathezfreight.com\/wp-content\/uploads\/photo-agence-marseille-marignane-amp-francoise-1100x733.jpg 1100w, https:\/\/www.mathezfreight.com\/wp-content\/uploads\/photo-agence-marseille-marignane-amp-francoise-1285x857.jpg 1285w, https:\/\/www.mathezfreight.com\/wp-content\/uploads\/photo-agence-marseille-marignane-amp-francoise-25x17.jpg 25w, https:\/\/www.mathezfreight.com\/wp-content\/uploads\/photo-agence-marseille-marignane-amp-francoise-68x45.jpg 68w, https:\/\/www.mathezfreight.com\/wp-content\/uploads\/photo-agence-marseille-marignane-amp-francoise-375x250.jpg 375w, https:\/\/www.mathezfreight.com\/wp-content\/uploads\/photo-agence-marseille-marignane-amp-francoise-1200x800.jpg 1200w, https:\/\/www.mathezfreight.com\/wp-content\/uploads\/photo-agence-marseille-marignane-amp-francoise.jpg 1754w\" sizes=\"(max-width: 274px) 100vw, 274px\" \/><\/div><\/a>\n\t\t\t\t<div class=\"elementor-post__text\">\n\t\t\t\t<h2 class=\"elementor-post__title\">\n\t\t\t<a href=\"https:\/\/www.mathezfreight.com\/fr\/profil\/agences\/marseille\/\" >\n\t\t\t\tTransitaire \u00e0 Marseille\t\t\t<\/a>\n\t\t<\/h2>\n\t\t\t\t<div class=\"elementor-post__excerpt\">\n\t\t\t<p>Transitaire organisateur de transports \u00e0 Marseille Fos: fret a\u00e9rien &#038; maritime, repr\u00e9sentant en douane, import \/ export en France et dans le monde entier.<\/p>\n\t\t<\/div>\n\t\t\n\t\t<a class=\"elementor-post__read-more\" href=\"https:\/\/www.mathezfreight.com\/fr\/profil\/agences\/marseille\/\" aria-label=\"Read more about Transitaire \u00e0 Marseille\" tabindex=\"-1\" >\n\t\t\tplus \u00bb\t\t<\/a>\n\n\t\t\t\t<\/div>\n\t\t\t\t\t<\/div>\n\t\t<\/article>\n\t\t\t\t<article class=\"elementor-post elementor-grid-item post-26019 page type-page status-publish has-post-thumbnail hentry\" role=\"listitem\">\n\t\t\t<div class=\"elementor-post__card\">\n\t\t\t\t<a class=\"elementor-post__thumbnail__link\" href=\"https:\/\/www.mathezfreight.com\/fr\/profil\/agences\/le-havre\/\" tabindex=\"-1\" ><div class=\"elementor-post__thumbnail\"><img decoding=\"async\" width=\"274\" height=\"183\" src=\"https:\/\/www.mathezfreight.com\/wp-content\/uploads\/photo-le-havre-port-2000-eric-houri-haropa-274x183.jpg\" class=\"attachment-mti-small-classic size-mti-small-classic wp-image-27215\" alt=\"Port 2000, Port du Havre\" srcset=\"https:\/\/www.mathezfreight.com\/wp-content\/uploads\/photo-le-havre-port-2000-eric-houri-haropa-274x183.jpg 274w, https:\/\/www.mathezfreight.com\/wp-content\/uploads\/photo-le-havre-port-2000-eric-houri-haropa-375x250.jpg 375w, https:\/\/www.mathezfreight.com\/wp-content\/uploads\/photo-le-havre-port-2000-eric-houri-haropa-1200x800.jpg 1200w, https:\/\/www.mathezfreight.com\/wp-content\/uploads\/photo-le-havre-port-2000-eric-houri-haropa-75x50.jpg 75w\" sizes=\"(max-width: 274px) 100vw, 274px\" \/><\/div><\/a>\n\t\t\t\t<div class=\"elementor-post__text\">\n\t\t\t\t<h2 class=\"elementor-post__title\">\n\t\t\t<a href=\"https:\/\/www.mathezfreight.com\/fr\/profil\/agences\/le-havre\/\" >\n\t\t\t\tAgent transitaire au Havre\t\t\t<\/a>\n\t\t<\/h2>\n\t\t\t\t<div class=\"elementor-post__excerpt\">\n\t\t\t<p>Transitaire organisateur de transports au Havre: transport maritime, import\/export, fret a\u00e9rien et multimodal en France et \u00e0 destination du monde entier.<\/p>\n\t\t<\/div>\n\t\t\n\t\t<a class=\"elementor-post__read-more\" href=\"https:\/\/www.mathezfreight.com\/fr\/profil\/agences\/le-havre\/\" aria-label=\"Read more about Agent transitaire au Havre\" tabindex=\"-1\" >\n\t\t\tplus \u00bb\t\t<\/a>\n\n\t\t\t\t<\/div>\n\t\t\t\t\t<\/div>\n\t\t<\/article>\n\t\t\t\t<article class=\"elementor-post elementor-grid-item post-18504 page type-page status-publish has-post-thumbnail hentry\" role=\"listitem\">\n\t\t\t<div class=\"elementor-post__card\">\n\t\t\t\t<a class=\"elementor-post__thumbnail__link\" href=\"https:\/\/www.mathezfreight.com\/fr\/profil\/agences\/nice-aeroport\/\" tabindex=\"-1\" ><div class=\"elementor-post__thumbnail\"><img decoding=\"async\" width=\"274\" height=\"183\" src=\"https:\/\/www.mathezfreight.com\/wp-content\/uploads\/photo-nice-aeroport-274x183.jpg\" class=\"attachment-mti-small-classic size-mti-small-classic wp-image-19435\" alt=\"A\u00e9roport Nice C\u00f4te d&#039;Azur - Terminal 2\" srcset=\"https:\/\/www.mathezfreight.com\/wp-content\/uploads\/photo-nice-aeroport-274x183.jpg 274w, https:\/\/www.mathezfreight.com\/wp-content\/uploads\/photo-nice-aeroport-375x250.jpg 375w, https:\/\/www.mathezfreight.com\/wp-content\/uploads\/photo-nice-aeroport-75x50.jpg 75w\" sizes=\"(max-width: 274px) 100vw, 274px\" \/><\/div><\/a>\n\t\t\t\t<div class=\"elementor-post__text\">\n\t\t\t\t<h2 class=\"elementor-post__title\">\n\t\t\t<a href=\"https:\/\/www.mathezfreight.com\/fr\/profil\/agences\/nice-aeroport\/\" >\n\t\t\t\tTransitaire \u00e0 Nice A\u00e9roport\t\t\t<\/a>\n\t\t<\/h2>\n\t\t\t\t<div class=\"elementor-post__excerpt\">\n\t\t\t<p>Organisation de vos transports \u00e0 l\u2019import ou \u00e0 l\u2019export sur Nice: gestion de tout type de fret en transport a\u00e9rien, maritime ou multimodal, formalit\u00e9s douani\u00e8res, d\u00e9douanements sur camion et livraison.<\/p>\n\t\t<\/div>\n\t\t\n\t\t<a class=\"elementor-post__read-more\" href=\"https:\/\/www.mathezfreight.com\/fr\/profil\/agences\/nice-aeroport\/\" aria-label=\"Read more about Transitaire \u00e0 Nice A\u00e9roport\" tabindex=\"-1\" >\n\t\t\tplus \u00bb\t\t<\/a>\n\n\t\t\t\t<\/div>\n\t\t\t\t\t<\/div>\n\t\t<\/article>\n\t\t\t\t<article class=\"elementor-post elementor-grid-item post-18500 page type-page status-publish has-post-thumbnail hentry\" role=\"listitem\">\n\t\t\t<div class=\"elementor-post__card\">\n\t\t\t\t<a class=\"elementor-post__thumbnail__link\" href=\"https:\/\/www.mathezfreight.com\/fr\/profil\/agences\/nice-port\/\" tabindex=\"-1\" ><div class=\"elementor-post__thumbnail\"><img decoding=\"async\" width=\"274\" height=\"183\" src=\"https:\/\/www.mathezfreight.com\/wp-content\/uploads\/photo-nice-port-274x183.jpg\" class=\"attachment-mti-small-classic size-mti-small-classic wp-image-19437\" alt=\"\" srcset=\"https:\/\/www.mathezfreight.com\/wp-content\/uploads\/photo-nice-port-274x183.jpg 274w, https:\/\/www.mathezfreight.com\/wp-content\/uploads\/photo-nice-port-1285x857.jpg 1285w, https:\/\/www.mathezfreight.com\/wp-content\/uploads\/photo-nice-port-375x250.jpg 375w, https:\/\/www.mathezfreight.com\/wp-content\/uploads\/photo-nice-port-1200x800.jpg 1200w\" sizes=\"(max-width: 274px) 100vw, 274px\" \/><\/div><\/a>\n\t\t\t\t<div class=\"elementor-post__text\">\n\t\t\t\t<h2 class=\"elementor-post__title\">\n\t\t\t<a href=\"https:\/\/www.mathezfreight.com\/fr\/profil\/agences\/nice-port\/\" >\n\t\t\t\tAgent maritime au port de Nice\t\t\t<\/a>\n\t\t<\/h2>\n\t\t\t\t<div class=\"elementor-post__excerpt\">\n\t\t\t<p>Agent maritime consignataire de navires au port de Nice, transitaire et repr\u00e9sentant en douane enregistr\u00e9 (RDE).<\/p>\n\t\t<\/div>\n\t\t\n\t\t<a class=\"elementor-post__read-more\" href=\"https:\/\/www.mathezfreight.com\/fr\/profil\/agences\/nice-port\/\" aria-label=\"Read more about Agent maritime au port de Nice\" tabindex=\"-1\" >\n\t\t\tplus \u00bb\t\t<\/a>\n\n\t\t\t\t<\/div>\n\t\t\t\t\t<\/div>\n\t\t<\/article>\n\t\t\t\t<article class=\"elementor-post elementor-grid-item post-18484 page type-page status-publish has-post-thumbnail hentry\" role=\"listitem\">\n\t\t\t<div class=\"elementor-post__card\">\n\t\t\t\t<a class=\"elementor-post__thumbnail__link\" href=\"https:\/\/www.mathezfreight.com\/fr\/profil\/agences\/carros\/\" tabindex=\"-1\" ><div class=\"elementor-post__thumbnail\"><img decoding=\"async\" width=\"274\" height=\"183\" src=\"https:\/\/www.mathezfreight.com\/wp-content\/uploads\/photo-plaine-du-var-alp-274x183.jpg\" class=\"attachment-mti-small-classic size-mti-small-classic wp-image-20770\" alt=\"Zone d&#039;implantation, Plaine du Var (Nice Ouest)\" srcset=\"https:\/\/www.mathezfreight.com\/wp-content\/uploads\/photo-plaine-du-var-alp-274x183.jpg 274w, https:\/\/www.mathezfreight.com\/wp-content\/uploads\/photo-plaine-du-var-alp-1285x857.jpg 1285w, https:\/\/www.mathezfreight.com\/wp-content\/uploads\/photo-plaine-du-var-alp-375x250.jpg 375w, https:\/\/www.mathezfreight.com\/wp-content\/uploads\/photo-plaine-du-var-alp-1200x800.jpg 1200w\" sizes=\"(max-width: 274px) 100vw, 274px\" \/><\/div><\/a>\n\t\t\t\t<div class=\"elementor-post__text\">\n\t\t\t\t<h2 class=\"elementor-post__title\">\n\t\t\t<a href=\"https:\/\/www.mathezfreight.com\/fr\/profil\/agences\/carros\/\" >\n\t\t\t\tMATHEZ ONSITE LOGISTICS \u00e0 Nice (Carros)\t\t\t<\/a>\n\t\t<\/h2>\n\t\t\t\t<div class=\"elementor-post__excerpt\">\n\t\t\t<p>Logistique des salons et congr\u00e8s sur la C\u00f4te d\u2019Azur : r\u00e9ception, stockage et livraison de stands, \u00e9quipements et produits destin\u00e9s \u00e0 \u00eatre expos\u00e9s. <\/p>\n\t\t<\/div>\n\t\t\n\t\t<a class=\"elementor-post__read-more\" href=\"https:\/\/www.mathezfreight.com\/fr\/profil\/agences\/carros\/\" aria-label=\"Read more about MATHEZ ONSITE LOGISTICS \u00e0 Nice (Carros)\" tabindex=\"-1\" >\n\t\t\tplus \u00bb\t\t<\/a>\n\n\t\t\t\t<\/div>\n\t\t\t\t\t<\/div>\n\t\t<\/article>\n\t\t\t\t<article class=\"elementor-post elementor-grid-item post-18179 page type-page status-publish has-post-thumbnail hentry\" role=\"listitem\">\n\t\t\t<div class=\"elementor-post__card\">\n\t\t\t\t<a class=\"elementor-post__thumbnail__link\" href=\"https:\/\/www.mathezfreight.com\/fr\/profil\/agences\/cannes\/\" tabindex=\"-1\" ><div class=\"elementor-post__thumbnail\"><img decoding=\"async\" width=\"274\" height=\"183\" src=\"https:\/\/www.mathezfreight.com\/wp-content\/uploads\/photo-cannes-274x183.jpg\" class=\"attachment-mti-small-classic size-mti-small-classic wp-image-19454\" alt=\"Yachts devant le Palais des Festivals, Cannes\" srcset=\"https:\/\/www.mathezfreight.com\/wp-content\/uploads\/photo-cannes-274x183.jpg 274w, https:\/\/www.mathezfreight.com\/wp-content\/uploads\/photo-cannes-600x400.jpg 600w, https:\/\/www.mathezfreight.com\/wp-content\/uploads\/photo-cannes-768x512.jpg 768w, https:\/\/www.mathezfreight.com\/wp-content\/uploads\/photo-cannes-1100x733.jpg 1100w, https:\/\/www.mathezfreight.com\/wp-content\/uploads\/photo-cannes-1285x857.jpg 1285w, https:\/\/www.mathezfreight.com\/wp-content\/uploads\/photo-cannes-25x17.jpg 25w, https:\/\/www.mathezfreight.com\/wp-content\/uploads\/photo-cannes-68x45.jpg 68w, https:\/\/www.mathezfreight.com\/wp-content\/uploads\/photo-cannes-375x250.jpg 375w, https:\/\/www.mathezfreight.com\/wp-content\/uploads\/photo-cannes-1200x800.jpg 1200w, https:\/\/www.mathezfreight.com\/wp-content\/uploads\/photo-cannes-450x300.jpg 450w, https:\/\/www.mathezfreight.com\/wp-content\/uploads\/photo-cannes-75x50.jpg 75w, https:\/\/www.mathezfreight.com\/wp-content\/uploads\/photo-cannes.jpg 2000w\" sizes=\"(max-width: 274px) 100vw, 274px\" \/><\/div><\/a>\n\t\t\t\t<div class=\"elementor-post__text\">\n\t\t\t\t<h2 class=\"elementor-post__title\">\n\t\t\t<a href=\"https:\/\/www.mathezfreight.com\/fr\/profil\/agences\/cannes\/\" >\n\t\t\t\tAgent transitaire \u00e0 Cannes\t\t\t<\/a>\n\t\t<\/h2>\n\t\t\t\t<div class=\"elementor-post__excerpt\">\n\t\t\t<p>Agence d\u00e9di\u00e9e \u00e0 la navigation de plaisance &#8211; immatriculations, francisation de bateaux \u00e0 Cannes. Transitaire, repr\u00e9sentant en douane et organisateur de transport, agent maritime consignataire de navires, sp\u00e9cialiste des produits soumis \u00e0 accises, de la logistique des salons et du transport d\u2019\u0153uvres d&rsquo;art. <\/p>\n\t\t<\/div>\n\t\t\n\t\t<a class=\"elementor-post__read-more\" href=\"https:\/\/www.mathezfreight.com\/fr\/profil\/agences\/cannes\/\" aria-label=\"Read more about Agent transitaire \u00e0 Cannes\" tabindex=\"-1\" >\n\t\t\tplus \u00bb\t\t<\/a>\n\n\t\t\t\t<\/div>\n\t\t\t\t\t<\/div>\n\t\t<\/article>\n\t\t\t\t<article class=\"elementor-post elementor-grid-item post-18505 page type-page status-publish has-post-thumbnail hentry\" role=\"listitem\">\n\t\t\t<div class=\"elementor-post__card\">\n\t\t\t\t<a class=\"elementor-post__thumbnail__link\" href=\"https:\/\/www.mathezfreight.com\/fr\/profil\/agences\/la-ciotat\/\" tabindex=\"-1\" ><div class=\"elementor-post__thumbnail\"><img decoding=\"async\" width=\"274\" height=\"183\" src=\"https:\/\/www.mathezfreight.com\/wp-content\/uploads\/photo-la-ciotat-mylene-entree-274x183.jpg\" class=\"attachment-mti-small-classic size-mti-small-classic wp-image-20915\" alt=\"Entr\u00e9e des chantiers navals, La Ciotat\" srcset=\"https:\/\/www.mathezfreight.com\/wp-content\/uploads\/photo-la-ciotat-mylene-entree-274x183.jpg 274w, https:\/\/www.mathezfreight.com\/wp-content\/uploads\/photo-la-ciotat-mylene-entree-1280x857.jpg 1280w, https:\/\/www.mathezfreight.com\/wp-content\/uploads\/photo-la-ciotat-mylene-entree-375x250.jpg 375w, https:\/\/www.mathezfreight.com\/wp-content\/uploads\/photo-la-ciotat-mylene-entree-1200x800.jpg 1200w, https:\/\/www.mathezfreight.com\/wp-content\/uploads\/photo-la-ciotat-mylene-entree-450x300.jpg 450w, https:\/\/www.mathezfreight.com\/wp-content\/uploads\/photo-la-ciotat-mylene-entree-75x50.jpg 75w\" sizes=\"(max-width: 274px) 100vw, 274px\" \/><\/div><\/a>\n\t\t\t\t<div class=\"elementor-post__text\">\n\t\t\t\t<h2 class=\"elementor-post__title\">\n\t\t\t<a href=\"https:\/\/www.mathezfreight.com\/fr\/profil\/agences\/la-ciotat\/\" >\n\t\t\t\tTransitaire \u00e0 La Ciotat\t\t\t<\/a>\n\t\t<\/h2>\n\t\t\t\t<div class=\"elementor-post__excerpt\">\n\t\t\t<p>Partenaire transport des chantiers navals \u00e0 La Ciotat: manutention et r\u00e9ception de tout type de pi\u00e8ces d\u00e9tach\u00e9es pour les chantiers navals, gestion d\u2019entrep\u00f4ts sous douane, placement des bateaux sous r\u00e9gime du perfectionnement actif ou passif, etc.<\/p>\n\t\t<\/div>\n\t\t\n\t\t<a class=\"elementor-post__read-more\" href=\"https:\/\/www.mathezfreight.com\/fr\/profil\/agences\/la-ciotat\/\" aria-label=\"Read more about Transitaire \u00e0 La Ciotat\" tabindex=\"-1\" >\n\t\t\tplus \u00bb\t\t<\/a>\n\n\t\t\t\t<\/div>\n\t\t\t\t\t<\/div>\n\t\t<\/article>\n\t\t\t\t<article class=\"elementor-post elementor-grid-item post-52614 page type-page status-publish has-post-thumbnail hentry\" role=\"listitem\">\n\t\t\t<div class=\"elementor-post__card\">\n\t\t\t\t<a class=\"elementor-post__thumbnail__link\" href=\"https:\/\/www.mathezfreight.com\/fr\/profil\/agences\/sete\/\" tabindex=\"-1\" ><div class=\"elementor-post__thumbnail\"><img decoding=\"async\" width=\"274\" height=\"183\" src=\"https:\/\/www.mathezfreight.com\/wp-content\/uploads\/photo-sete-depositphotos_183706458_xL-274x183.jpg\" class=\"attachment-mti-small-classic size-mti-small-classic wp-image-54059\" alt=\"\" srcset=\"https:\/\/www.mathezfreight.com\/wp-content\/uploads\/photo-sete-depositphotos_183706458_xL-274x183.jpg 274w, https:\/\/www.mathezfreight.com\/wp-content\/uploads\/photo-sete-depositphotos_183706458_xL-375x250.jpg 375w, https:\/\/www.mathezfreight.com\/wp-content\/uploads\/photo-sete-depositphotos_183706458_xL-1200x800.jpg 1200w\" sizes=\"(max-width: 274px) 100vw, 274px\" \/><\/div><\/a>\n\t\t\t\t<div class=\"elementor-post__text\">\n\t\t\t\t<h2 class=\"elementor-post__title\">\n\t\t\t<a href=\"https:\/\/www.mathezfreight.com\/fr\/profil\/agences\/sete\/\" >\n\t\t\t\tTransitaire sp\u00e9cialis\u00e9 Turquie\/Maghreb \u00e0 S\u00e8te\t\t\t<\/a>\n\t\t<\/h2>\n\t\t\t\t<div class=\"elementor-post__excerpt\">\n\t\t\t<p>Notre agence de S\u00e8te s&rsquo;occupe de vos imports \/ exports \/ d\u00e9douanements avec la Turquie, et organise vos transports maritimes &#038; routiers en particulier en Roro. <\/p>\n\t\t<\/div>\n\t\t\n\t\t<a class=\"elementor-post__read-more\" href=\"https:\/\/www.mathezfreight.com\/fr\/profil\/agences\/sete\/\" aria-label=\"Read more about Transitaire sp\u00e9cialis\u00e9 Turquie\/Maghreb \u00e0 S\u00e8te\" tabindex=\"-1\" >\n\t\t\tplus \u00bb\t\t<\/a>\n\n\t\t\t\t<\/div>\n\t\t\t\t\t<\/div>\n\t\t<\/article>\n\t\t\t\t<article class=\"elementor-post elementor-grid-item post-18494 page type-page status-publish has-post-thumbnail hentry\" role=\"listitem\">\n\t\t\t<div class=\"elementor-post__card\">\n\t\t\t\t<a class=\"elementor-post__thumbnail__link\" href=\"https:\/\/www.mathezfreight.com\/fr\/profil\/agences\/monaco\/\" tabindex=\"-1\" ><div class=\"elementor-post__thumbnail\"><img decoding=\"async\" width=\"274\" height=\"183\" src=\"https:\/\/www.mathezfreight.com\/wp-content\/uploads\/photo-monaco-274x183.jpg\" class=\"attachment-mti-small-classic size-mti-small-classic wp-image-19561\" alt=\"Vue de Monaco\" srcset=\"https:\/\/www.mathezfreight.com\/wp-content\/uploads\/photo-monaco-274x183.jpg 274w, https:\/\/www.mathezfreight.com\/wp-content\/uploads\/photo-monaco-1285x857.jpg 1285w, https:\/\/www.mathezfreight.com\/wp-content\/uploads\/photo-monaco-375x250.jpg 375w, https:\/\/www.mathezfreight.com\/wp-content\/uploads\/photo-monaco-1200x800.jpg 1200w, https:\/\/www.mathezfreight.com\/wp-content\/uploads\/photo-monaco-75x50.jpg 75w\" sizes=\"(max-width: 274px) 100vw, 274px\" \/><\/div><\/a>\n\t\t\t\t<div class=\"elementor-post__text\">\n\t\t\t\t<h2 class=\"elementor-post__title\">\n\t\t\t<a href=\"https:\/\/www.mathezfreight.com\/fr\/profil\/agences\/monaco\/\" >\n\t\t\t\tTransitaire \u00e0 Monaco\t\t\t<\/a>\n\t\t<\/h2>\n\t\t\t\t<div class=\"elementor-post__excerpt\">\n\t\t\t<p>Tout le transport international et des services premium adapt\u00e9s \u00e0 la client\u00e8le de Monaco : transport d\u2019oeuvres d\u2019arts et de valeurs, import\/export de v\u00e9hicules de luxe, services aux yachts, logistique des \u00e9v\u00e9nements, expositions et congr\u00e8s, etc.<\/p>\n\t\t<\/div>\n\t\t\n\t\t<a class=\"elementor-post__read-more\" href=\"https:\/\/www.mathezfreight.com\/fr\/profil\/agences\/monaco\/\" aria-label=\"Read more about Transitaire \u00e0 Monaco\" tabindex=\"-1\" >\n\t\t\tplus \u00bb\t\t<\/a>\n\n\t\t\t\t<\/div>\n\t\t\t\t\t<\/div>\n\t\t<\/article>\n\t\t\t\t<article class=\"elementor-post elementor-grid-item post-18527 page type-page status-publish has-post-thumbnail hentry\" role=\"listitem\">\n\t\t\t<div class=\"elementor-post__card\">\n\t\t\t\t<a class=\"elementor-post__thumbnail__link\" href=\"https:\/\/www.mathezfreight.com\/fr\/profil\/agences\/lille\/\" tabindex=\"-1\" ><div class=\"elementor-post__thumbnail\"><img decoding=\"async\" width=\"274\" height=\"183\" src=\"https:\/\/www.mathezfreight.com\/wp-content\/uploads\/photo-lille-274x183.jpg\" class=\"attachment-mti-small-classic size-mti-small-classic wp-image-19449\" alt=\"\" srcset=\"https:\/\/www.mathezfreight.com\/wp-content\/uploads\/photo-lille-274x183.jpg 274w, https:\/\/www.mathezfreight.com\/wp-content\/uploads\/photo-lille-1285x857.jpg 1285w, https:\/\/www.mathezfreight.com\/wp-content\/uploads\/photo-lille-375x250.jpg 375w, https:\/\/www.mathezfreight.com\/wp-content\/uploads\/photo-lille-1200x800.jpg 1200w\" sizes=\"(max-width: 274px) 100vw, 274px\" \/><\/div><\/a>\n\t\t\t\t<div class=\"elementor-post__text\">\n\t\t\t\t<h2 class=\"elementor-post__title\">\n\t\t\t<a href=\"https:\/\/www.mathezfreight.com\/fr\/profil\/agences\/lille\/\" >\n\t\t\t\tAgent transitaire \u00e0 Lille\t\t\t<\/a>\n\t\t<\/h2>\n\t\t\t\t<div class=\"elementor-post__excerpt\">\n\t\t\t<p>Transitaire organisateur de transports \u00e0 Lille: import et export de tout type de fret, transport a\u00e9rien et maritime, transport multimodal, d\u00e9douanement.<\/p>\n\t\t<\/div>\n\t\t\n\t\t<a class=\"elementor-post__read-more\" href=\"https:\/\/www.mathezfreight.com\/fr\/profil\/agences\/lille\/\" aria-label=\"Read more about Agent transitaire \u00e0 Lille\" tabindex=\"-1\" >\n\t\t\tplus \u00bb\t\t<\/a>\n\n\t\t\t\t<\/div>\n\t\t\t\t\t<\/div>\n\t\t<\/article>\n\t\t\t\t<\/div>\n\t\t\n\t\t\t\t\t\t<\/div>\n\t\t\t\t<\/div>\n\t\t\t\t\t<\/div>\n\t\t<\/div>\n\t\t\t\t\t<\/div>\n\t\t<\/section>\n\t\t\t\t<section class=\"elementor-section elementor-top-section elementor-element elementor-element-3bfa5b3 elementor-section-content-bottom elementor-section-boxed elementor-section-height-default elementor-section-height-default default-style\" data-id=\"3bfa5b3\" data-element_type=\"section\" data-e-type=\"section\" id=\"mti-beau-gosse\" data-settings=\"{&quot;rt_color_sets&quot;:&quot;default-style&quot;}\">\n\t\t\t\t\t\t<div class=\"elementor-container elementor-column-gap-default\">\n\t\t\t\t\t<div class=\"elementor-column elementor-col-66 elementor-top-column elementor-element elementor-element-953e289\" data-id=\"953e289\" data-element_type=\"column\" data-e-type=\"column\">\n\t\t\t<div class=\"elementor-widget-wrap elementor-element-populated\">\n\t\t\t\t\t\t<div class=\"elementor-element elementor-element-b85728b mti-beau-gosse elementor-widget elementor-widget-text-editor\" data-id=\"b85728b\" data-element_type=\"widget\" data-e-type=\"widget\" data-widget_type=\"text-editor.default\">\n\t\t\t\t<div class=\"elementor-widget-container\">\n\t\t\t\t\t\t\t\t\t<blockquote><p style=\"text-align: right;\">Notre couverture nationale vous assure un contact de proximit\u00e9, afin de nourrir une relation humaine forte et sympathique qui int\u00e8gre les sp\u00e9cificit\u00e9s locales.\u00a0 Il arrive cependant que nous disposions dans une autre agence d&rsquo;une expertise transport plus pointue pour votre m\u00e9tier; c&rsquo;est cette comp\u00e9tence qui sera alors mise en priorit\u00e9 pour vous. Quoi qu\u2019il en soit, nos \u00e9quipes partout en France, appuy\u00e9es par nos <a href=\"https:\/\/www.mathezfreight.com\/fr\/profil\/reseaux\/\">r\u00e9seaux \u00a0<\/a>mondiaux, ont \u00e0 coeur de vous accompagner dans votre d\u00e9veloppement international.<br \/><a href=\"https:\/\/www.mathezfreight.com\/fr\/contact\/\">Contactez-nous<\/a> ! Nous saurons vous orienter.<\/p><\/blockquote><div id=\"mti-beau-gosse-signature\"><span class=\"blue\">Fr\u00e9d\u00e9ric Mercier<\/span>,\u00a0MATHEZ FREIGHT<\/div>\t\t\t\t\t\t\t\t<\/div>\n\t\t\t\t<\/div>\n\t\t\t\t\t<\/div>\n\t\t<\/div>\n\t\t\t\t<div class=\"elementor-column elementor-col-33 elementor-top-column elementor-element elementor-element-2b10081\" data-id=\"2b10081\" data-element_type=\"column\" data-e-type=\"column\">\n\t\t\t<div class=\"elementor-widget-wrap elementor-element-populated\">\n\t\t\t\t\t\t<div class=\"elementor-element elementor-element-3bda21a aligncenter elementor-hidden-phone elementor-widget elementor-widget-image\" data-id=\"3bda21a\" data-element_type=\"widget\" data-e-type=\"widget\" data-widget_type=\"image.default\">\n\t\t\t\t<div class=\"elementor-widget-container\">\n\t\t\t\t\t\t\t\t\t\t\t\t\t\t\t<img decoding=\"async\" width=\"250\" height=\"375\" src=\"https:\/\/www.mathezfreight.com\/wp-content\/uploads\/photo-frederic-mercier.png\" class=\"attachment-mti-medium-portrait size-mti-medium-portrait wp-image-15816\" alt=\"Fr\u00e9d\u00e9ric Mercier\" \/>\t\t\t\t\t\t\t\t\t\t\t\t\t\t\t<\/div>\n\t\t\t\t<\/div>\n\t\t\t\t\t<\/div>\n\t\t<\/div>\n\t\t\t\t\t<\/div>\n\t\t<\/section>\n\t\t\t\t<aside class=\"elementor-section elementor-top-section elementor-element elementor-element-fe85320 mti-blog-grid single-post-bottom elementor-section-full_width elementor-section-stretched elementor-section-height-default elementor-section-height-default default-style elementor-invisible\" data-id=\"fe85320\" data-element_type=\"section\" data-e-type=\"section\" id=\"mti-blog-grid\" data-settings=\"{&quot;animation&quot;:&quot;fadeIn&quot;,&quot;stretch_section&quot;:&quot;section-stretched&quot;,&quot;rt_color_sets&quot;:&quot;default-style&quot;}\">\n\t\t\t\t\t\t<div class=\"elementor-container elementor-column-gap-default\">\n\t\t\t\t\t<div class=\"elementor-column elementor-col-100 elementor-top-column elementor-element elementor-element-2f0a327\" data-id=\"2f0a327\" data-element_type=\"column\" data-e-type=\"column\">\n\t\t\t<div class=\"elementor-widget-wrap elementor-element-populated\">\n\t\t\t\t\t\t<div class=\"elementor-element elementor-element-5e5f6f1 elementor-widget elementor-widget-heading\" data-id=\"5e5f6f1\" data-element_type=\"widget\" data-e-type=\"widget\" data-widget_type=\"heading.default\">\n\t\t\t\t<div class=\"elementor-widget-container\">\n\t\t\t\t\t<h3 class=\"elementor-heading-title elementor-size-default\">Les op\u00e9rations de  nos agences sur le blog<\/h3>\t\t\t\t<\/div>\n\t\t\t\t<\/div>\n\t\t\t\t<section class=\"elementor-section elementor-inner-section elementor-element elementor-element-0cb7f7e elementor-section-boxed elementor-section-height-default elementor-section-height-default default-style\" data-id=\"0cb7f7e\" data-element_type=\"section\" data-e-type=\"section\" data-settings=\"{&quot;rt_color_sets&quot;:&quot;default-style&quot;}\">\n\t\t\t\t\t\t<div class=\"elementor-container elementor-column-gap-default\">\n\t\t\t\t\t<div class=\"elementor-column elementor-col-100 elementor-inner-column elementor-element elementor-element-bb24653\" data-id=\"bb24653\" data-element_type=\"column\" data-e-type=\"column\">\n\t\t\t<div class=\"elementor-widget-wrap elementor-element-populated\">\n\t\t\t\t\t\t<div class=\"elementor-element elementor-element-15b2b4c elementor-widget elementor-widget-lae-posts-carousel\" data-id=\"15b2b4c\" data-element_type=\"widget\" data-e-type=\"widget\" data-widget_type=\"lae-posts-carousel.default\">\n\t\t\t\t<div class=\"elementor-widget-container\">\n\t\t\t\t\t\n<div        id=\"lae-posts-carousel-69f731b0b7a38\"\n        class=\"lae-posts-carousel lae-container lae-classic-skin\"\n        data-settings='{&quot;arrows&quot;:false,&quot;dots&quot;:true,&quot;autoplay&quot;:false,&quot;autoplay_speed&quot;:3000,&quot;animation_speed&quot;:300,&quot;pause_on_hover&quot;:true,&quot;adaptive_height&quot;:false,&quot;display_columns&quot;:4,&quot;scroll_columns&quot;:3,&quot;gutter&quot;:10,&quot;tablet_width&quot;:800,&quot;tablet_display_columns&quot;:2,&quot;tablet_scroll_columns&quot;:2,&quot;tablet_gutter&quot;:10,&quot;mobile_width&quot;:480,&quot;mobile_display_columns&quot;:1,&quot;mobile_scroll_columns&quot;:1,&quot;mobile_gutter&quot;:10}'>\n<div data-id=\"id-66257\" class=\"lae-posts-carousel-item\">\n\n    <article id=\"post-66257\" class=\"post-66257 post type-post status-publish format-standard has-post-thumbnail hentry category-corporate tag-aerien tag-aviation tag-hors-gabarit cibles-une cibles-aerien cibles-agences cibles-agences-nord cibles-reseau\">\n\n        \n            \n            \n            \n                <div class=\"lae-project-image\">\n\n                    \n                    \n                    \n                        <a href=\"https:\/\/www.mathezfreight.com\/fr\/blog\/space-logistics-network-france\/\"><img decoding=\"async\" width=\"375\" height=\"250\" src=\"https:\/\/www.mathezfreight.com\/wp-content\/uploads\/photo-mathez-aerospace-space-logistics-network-1-375x250.webp\" class=\"lae-image attachment-mti-medium-classic size-mti-medium-classic\" alt=\"photo-mathez-aerospace-space-logistics-network-1\" title=\"MATHEZ FREIGHT AEROSPACE &amp; Space Logistics Network\" srcset=\"https:\/\/www.mathezfreight.com\/wp-content\/uploads\/photo-mathez-aerospace-space-logistics-network-1-375x250.webp 375w, https:\/\/www.mathezfreight.com\/wp-content\/uploads\/photo-mathez-aerospace-space-logistics-network-1-600x400.webp 600w, https:\/\/www.mathezfreight.com\/wp-content\/uploads\/photo-mathez-aerospace-space-logistics-network-1-1100x733.webp 1100w, https:\/\/www.mathezfreight.com\/wp-content\/uploads\/photo-mathez-aerospace-space-logistics-network-1-768x512.webp 768w, https:\/\/www.mathezfreight.com\/wp-content\/uploads\/photo-mathez-aerospace-space-logistics-network-1-274x183.webp 274w, https:\/\/www.mathezfreight.com\/wp-content\/uploads\/photo-mathez-aerospace-space-logistics-network-1-1200x800.webp 1200w, https:\/\/www.mathezfreight.com\/wp-content\/uploads\/photo-mathez-aerospace-space-logistics-network-1-610x406.webp 610w, https:\/\/www.mathezfreight.com\/wp-content\/uploads\/photo-mathez-aerospace-space-logistics-network-1.webp 1220w\" sizes=\"(max-width: 375px) 100vw, 375px\" \/><\/a>\n\n                    \n                    \n                        <div class=\"lae-image-info\">\n\n                            <div class=\"lae-entry-info\">\n\n                                \n                                    <h3 class=\"lae-post-title\">\n\n                                        <a href=\"https:\/\/www.mathezfreight.com\/fr\/blog\/space-logistics-network-france\/\" title=\"MATHEZ FREIGHT AEROSPACE rejoint Space Logistics Network\"\n                                           rel=\"bookmark\">MATHEZ FREIGHT AEROSPACE rejoint Space Logistics Network<\/a>\n\n                                    <\/h3>\n\n                                \n                                \n                                    <span class=\"lae-terms\"><a href=\"https:\/\/www.mathezfreight.com\/fr\/blog\/categorie\/corporate\/\">Corporate<\/a><\/span>\n                                \n                            <\/div>\n\n                        <\/div><!-- .lae-image-info -->\n\n                    \n                <\/div>\n\n            \n            \n                <div class=\"lae-entry-text-wrap \">\n\n                    \n                        <h3 class=\"entry-title\">\n\n                            <a href=\"https:\/\/www.mathezfreight.com\/fr\/blog\/space-logistics-network-france\/\" title=\"MATHEZ FREIGHT AEROSPACE rejoint Space Logistics Network\"\n                               rel=\"bookmark\">MATHEZ FREIGHT AEROSPACE rejoint Space Logistics Network<\/a>\n\n                        <\/h3>\n\n                    \n                    \n                    \n                    \n                <\/div>\n\n            \n        \n    <\/article><!-- .hentry -->\n\n<\/div><!-- .lae-posts-carousel-item -->\n<div data-id=\"id-64865\" class=\"lae-posts-carousel-item\">\n\n    <article id=\"post-64865\" class=\"post-64865 post type-post status-publish format-standard has-post-thumbnail hentry category-operations tag-aerien tag-aviation tag-hors-gabarit cibles-aerien cibles-agences cibles-agences-nord\">\n\n        \n            \n            \n            \n                <div class=\"lae-project-image\">\n\n                    \n                    \n                    \n                        <a href=\"https:\/\/www.mathezfreight.com\/fr\/blog\/operation-sans-faille\/\"><img decoding=\"async\" width=\"375\" height=\"250\" src=\"https:\/\/www.mathezfreight.com\/wp-content\/uploads\/photo-helico-17-1-375x250.jpeg\" class=\"lae-image attachment-mti-medium-classic size-mti-medium-classic\" alt=\"Transport de pi\u00e8ces a\u00e9ronautiques et aviation\" title=\"Transport de pi\u00e8ces a\u00e9ronautiques et aviation\" srcset=\"https:\/\/www.mathezfreight.com\/wp-content\/uploads\/photo-helico-17-1-375x250.jpeg 375w, https:\/\/www.mathezfreight.com\/wp-content\/uploads\/photo-helico-17-1-274x183.jpeg 274w, https:\/\/www.mathezfreight.com\/wp-content\/uploads\/photo-helico-17-1-1200x800.jpeg 1200w\" sizes=\"(max-width: 375px) 100vw, 375px\" \/><\/a>\n\n                    \n                    \n                        <div class=\"lae-image-info\">\n\n                            <div class=\"lae-entry-info\">\n\n                                \n                                    <h3 class=\"lae-post-title\">\n\n                                        <a href=\"https:\/\/www.mathezfreight.com\/fr\/blog\/operation-sans-faille\/\" title=\"H\u00e9licopt\u00e8res livr\u00e9s en 24h: une op\u00e9ration sans faille\"\n                                           rel=\"bookmark\">H\u00e9licopt\u00e8res livr\u00e9s en 24h: une op\u00e9ration sans faille<\/a>\n\n                                    <\/h3>\n\n                                \n                                \n                                    <span class=\"lae-terms\"><a href=\"https:\/\/www.mathezfreight.com\/fr\/blog\/categorie\/operations\/\">Op\u00e9rations<\/a><\/span>\n                                \n                            <\/div>\n\n                        <\/div><!-- .lae-image-info -->\n\n                    \n                <\/div>\n\n            \n            \n                <div class=\"lae-entry-text-wrap \">\n\n                    \n                        <h3 class=\"entry-title\">\n\n                            <a href=\"https:\/\/www.mathezfreight.com\/fr\/blog\/operation-sans-faille\/\" title=\"H\u00e9licopt\u00e8res livr\u00e9s en 24h: une op\u00e9ration sans faille\"\n                               rel=\"bookmark\">H\u00e9licopt\u00e8res livr\u00e9s en 24h: une op\u00e9ration sans faille<\/a>\n\n                        <\/h3>\n\n                    \n                    \n                    \n                    \n                <\/div>\n\n            \n        \n    <\/article><!-- .hentry -->\n\n<\/div><!-- .lae-posts-carousel-item -->\n<div data-id=\"id-64104\" class=\"lae-posts-carousel-item\">\n\n    <article id=\"post-64104\" class=\"post-64104 post type-post status-publish format-standard has-post-thumbnail hentry category-fret-mode-demploi category-operations tag-decarbonation tag-douane cibles-une cibles-aerien cibles-agences cibles-agences-sud cibles-aromes cibles-import\">\n\n        \n            \n            \n            \n                <div class=\"lae-project-image\">\n\n                    \n                    \n                    \n                        <a href=\"https:\/\/www.mathezfreight.com\/fr\/blog\/aromes-cosmetiques-controle-bio-nice\/\"><img decoding=\"async\" width=\"375\" height=\"250\" src=\"https:\/\/www.mathezfreight.com\/wp-content\/uploads\/photo_epices_bio_nice_depositphotos_610477372_l-375x250.jpg\" class=\"lae-image attachment-mti-medium-classic size-mti-medium-classic\" alt=\"Import d&rsquo;ingr\u00e9dients aromatiques et cosm\u00e9tiques Bio \u00e0 Nice\" title=\"Import d&#039;ingr\u00e9dients aromatiques et cosm\u00e9tiques Bio \u00e0 Nice\" srcset=\"https:\/\/www.mathezfreight.com\/wp-content\/uploads\/photo_epices_bio_nice_depositphotos_610477372_l-375x250.jpg 375w, https:\/\/www.mathezfreight.com\/wp-content\/uploads\/photo_epices_bio_nice_depositphotos_610477372_l-274x183.jpg 274w\" sizes=\"(max-width: 375px) 100vw, 375px\" \/><\/a>\n\n                    \n                    \n                        <div class=\"lae-image-info\">\n\n                            <div class=\"lae-entry-info\">\n\n                                \n                                    <h3 class=\"lae-post-title\">\n\n                                        <a href=\"https:\/\/www.mathezfreight.com\/fr\/blog\/aromes-cosmetiques-controle-bio-nice\/\" title=\"Les industries ar\u00f4mes et cosm\u00e9tique ont leur contr\u00f4le bio \u00e0 Nice\"\n                                           rel=\"bookmark\">Les industries ar\u00f4mes et cosm\u00e9tique ont leur contr\u00f4le bio \u00e0 Nice<\/a>\n\n                                    <\/h3>\n\n                                \n                                \n                                    <span class=\"lae-terms\"><a href=\"https:\/\/www.mathezfreight.com\/fr\/blog\/categorie\/fret-mode-demploi\/\">Fret Mode d'Emploi<\/a>, <a href=\"https:\/\/www.mathezfreight.com\/fr\/blog\/categorie\/operations\/\">Op\u00e9rations<\/a><\/span>\n                                \n                            <\/div>\n\n                        <\/div><!-- .lae-image-info -->\n\n                    \n                <\/div>\n\n            \n            \n                <div class=\"lae-entry-text-wrap \">\n\n                    \n                        <h3 class=\"entry-title\">\n\n                            <a href=\"https:\/\/www.mathezfreight.com\/fr\/blog\/aromes-cosmetiques-controle-bio-nice\/\" title=\"Les industries ar\u00f4mes et cosm\u00e9tique ont leur contr\u00f4le bio \u00e0 Nice\"\n                               rel=\"bookmark\">Les industries ar\u00f4mes et cosm\u00e9tique ont leur contr\u00f4le bio \u00e0 Nice<\/a>\n\n                        <\/h3>\n\n                    \n                    \n                    \n                    \n                <\/div>\n\n            \n        \n    <\/article><!-- .hentry -->\n\n<\/div><!-- .lae-posts-carousel-item -->\n<div data-id=\"id-63011\" class=\"lae-posts-carousel-item\">\n\n    <article id=\"post-63011\" class=\"post-63011 post type-post status-publish format-standard has-post-thumbnail hentry category-operations tag-arts cibles-agences cibles-arts cibles-valeurs\">\n\n        \n            \n            \n            \n                <div class=\"lae-project-image\">\n\n                    \n                    \n                    \n                        <a href=\"https:\/\/www.mathezfreight.com\/fr\/blog\/stockage-oeuvres-art\/\"><img decoding=\"async\" width=\"375\" height=\"250\" src=\"https:\/\/www.mathezfreight.com\/wp-content\/uploads\/photo_entrepot_artlog_client-2025_12-375x250.jpg\" class=\"lae-image attachment-mti-medium-classic size-mti-medium-classic\" alt=\"Stockage oeuvres d&rsquo;art Nice \/ Monaco \/ C\u00f4te d&rsquo;Azur\" title=\"Stockage oeuvres d&#039;art Nice \/ Monaco \/ C\u00f4te d&#039;Azur\" srcset=\"https:\/\/www.mathezfreight.com\/wp-content\/uploads\/photo_entrepot_artlog_client-2025_12-375x250.jpg 375w, https:\/\/www.mathezfreight.com\/wp-content\/uploads\/photo_entrepot_artlog_client-2025_12-274x183.jpg 274w, https:\/\/www.mathezfreight.com\/wp-content\/uploads\/photo_entrepot_artlog_client-2025_12-1200x800.jpg 1200w\" sizes=\"(max-width: 375px) 100vw, 375px\" \/><\/a>\n\n                    \n                    \n                        <div class=\"lae-image-info\">\n\n                            <div class=\"lae-entry-info\">\n\n                                \n                                    <h3 class=\"lae-post-title\">\n\n                                        <a href=\"https:\/\/www.mathezfreight.com\/fr\/blog\/stockage-oeuvres-art\/\" title=\"Stockage s\u00e9curis\u00e9 d&rsquo;oeuvres d&rsquo;art sur la C\u00f4te d&rsquo;Azur\"\n                                           rel=\"bookmark\">Stockage s\u00e9curis\u00e9 d&rsquo;oeuvres d&rsquo;art sur la C\u00f4te d&rsquo;Azur<\/a>\n\n                                    <\/h3>\n\n                                \n                                \n                                    <span class=\"lae-terms\"><a href=\"https:\/\/www.mathezfreight.com\/fr\/blog\/categorie\/operations\/\">Op\u00e9rations<\/a><\/span>\n                                \n                            <\/div>\n\n                        <\/div><!-- .lae-image-info -->\n\n                    \n                <\/div>\n\n            \n            \n                <div class=\"lae-entry-text-wrap \">\n\n                    \n                        <h3 class=\"entry-title\">\n\n                            <a href=\"https:\/\/www.mathezfreight.com\/fr\/blog\/stockage-oeuvres-art\/\" title=\"Stockage s\u00e9curis\u00e9 d&rsquo;oeuvres d&rsquo;art sur la C\u00f4te d&rsquo;Azur\"\n                               rel=\"bookmark\">Stockage s\u00e9curis\u00e9 d&rsquo;oeuvres d&rsquo;art sur la C\u00f4te d&rsquo;Azur<\/a>\n\n                        <\/h3>\n\n                    \n                    \n                    \n                    \n                <\/div>\n\n            \n        \n    <\/article><!-- .hentry -->\n\n<\/div><!-- .lae-posts-carousel-item -->\n<div data-id=\"id-62606\" class=\"lae-posts-carousel-item\">\n\n    <article id=\"post-62606\" class=\"post-62606 post type-post status-publish format-standard has-post-thumbnail hentry category-operations tag-yachting cibles-agences cibles-agences-sud cibles-agent-maritime cibles-congres cibles-yachts\">\n\n        \n            \n            \n            \n                <div class=\"lae-project-image\">\n\n                    \n                    \n                    \n                        <a href=\"https:\/\/www.mathezfreight.com\/fr\/blog\/nice-dechargement-cannes-yachting-festival\/\"><img decoding=\"async\" width=\"375\" height=\"250\" src=\"https:\/\/www.mathezfreight.com\/wp-content\/uploads\/photo-starclass-nice-3-375x250.jpg\" class=\"lae-image attachment-mti-medium-classic size-mti-medium-classic\" alt=\"photo-starclass-nice-3\" title=\"photo-starclass-nice-3\" srcset=\"https:\/\/www.mathezfreight.com\/wp-content\/uploads\/photo-starclass-nice-3-375x250.jpg 375w, https:\/\/www.mathezfreight.com\/wp-content\/uploads\/photo-starclass-nice-3-274x183.jpg 274w, https:\/\/www.mathezfreight.com\/wp-content\/uploads\/photo-starclass-nice-3-1200x800.jpg 1200w\" sizes=\"(max-width: 375px) 100vw, 375px\" \/><\/a>\n\n                    \n                    \n                        <div class=\"lae-image-info\">\n\n                            <div class=\"lae-entry-info\">\n\n                                \n                                    <h3 class=\"lae-post-title\">\n\n                                        <a href=\"https:\/\/www.mathezfreight.com\/fr\/blog\/nice-dechargement-cannes-yachting-festival\/\" title=\"Arriv\u00e9e \u00e0 Nice des yachts du Cannes Yachting Festival\"\n                                           rel=\"bookmark\">Arriv\u00e9e \u00e0 Nice des yachts du Cannes Yachting Festival<\/a>\n\n                                    <\/h3>\n\n                                \n                                \n                                    <span class=\"lae-terms\"><a href=\"https:\/\/www.mathezfreight.com\/fr\/blog\/categorie\/operations\/\">Op\u00e9rations<\/a><\/span>\n                                \n                            <\/div>\n\n                        <\/div><!-- .lae-image-info -->\n\n                    \n                <\/div>\n\n            \n            \n                <div class=\"lae-entry-text-wrap \">\n\n                    \n                        <h3 class=\"entry-title\">\n\n                            <a href=\"https:\/\/www.mathezfreight.com\/fr\/blog\/nice-dechargement-cannes-yachting-festival\/\" title=\"Arriv\u00e9e \u00e0 Nice des yachts du Cannes Yachting Festival\"\n                               rel=\"bookmark\">Arriv\u00e9e \u00e0 Nice des yachts du Cannes Yachting Festival<\/a>\n\n                        <\/h3>\n\n                    \n                    \n                    \n                    \n                <\/div>\n\n            \n        \n    <\/article><!-- .hentry -->\n\n<\/div><!-- .lae-posts-carousel-item -->\n<div data-id=\"id-62273\" class=\"lae-posts-carousel-item\">\n\n    <article id=\"post-62273\" class=\"post-62273 post type-post status-publish format-standard has-post-thumbnail hentry category-corporate cibles-agences cibles-agences-nord cibles-agences-sud cibles-reseau\">\n\n        \n            \n            \n            \n                <div class=\"lae-project-image\">\n\n                    \n                    \n                    \n                        <a href=\"https:\/\/www.mathezfreight.com\/fr\/blog\/75ans-mathez-soiree\/\"><img decoding=\"async\" width=\"375\" height=\"250\" src=\"https:\/\/www.mathezfreight.com\/wp-content\/uploads\/photo-soiree-nice-75ans-375x250.jpg\" class=\"lae-image attachment-mti-medium-classic size-mti-medium-classic\" alt=\"photo-soiree-nice-75ans\" title=\"photo-soiree-nice-75ans\" srcset=\"https:\/\/www.mathezfreight.com\/wp-content\/uploads\/photo-soiree-nice-75ans-375x250.jpg 375w, https:\/\/www.mathezfreight.com\/wp-content\/uploads\/photo-soiree-nice-75ans-600x400.jpg 600w, https:\/\/www.mathezfreight.com\/wp-content\/uploads\/photo-soiree-nice-75ans-1100x733.jpg 1100w, https:\/\/www.mathezfreight.com\/wp-content\/uploads\/photo-soiree-nice-75ans-768x512.jpg 768w, https:\/\/www.mathezfreight.com\/wp-content\/uploads\/photo-soiree-nice-75ans-274x183.jpg 274w, https:\/\/www.mathezfreight.com\/wp-content\/uploads\/photo-soiree-nice-75ans-1200x800.jpg 1200w, https:\/\/www.mathezfreight.com\/wp-content\/uploads\/photo-soiree-nice-75ans-610x406.jpg 610w, https:\/\/www.mathezfreight.com\/wp-content\/uploads\/photo-soiree-nice-75ans.jpg 1220w\" sizes=\"(max-width: 375px) 100vw, 375px\" \/><\/a>\n\n                    \n                    \n                        <div class=\"lae-image-info\">\n\n                            <div class=\"lae-entry-info\">\n\n                                \n                                    <h3 class=\"lae-post-title\">\n\n                                        <a href=\"https:\/\/www.mathezfreight.com\/fr\/blog\/75ans-mathez-soiree\/\" title=\"75 ans en bonne compagnie\"\n                                           rel=\"bookmark\">75 ans en bonne compagnie<\/a>\n\n                                    <\/h3>\n\n                                \n                                \n                                    <span class=\"lae-terms\"><a href=\"https:\/\/www.mathezfreight.com\/fr\/blog\/categorie\/corporate\/\">Corporate<\/a><\/span>\n                                \n                            <\/div>\n\n                        <\/div><!-- .lae-image-info -->\n\n                    \n                <\/div>\n\n            \n            \n                <div class=\"lae-entry-text-wrap \">\n\n                    \n                        <h3 class=\"entry-title\">\n\n                            <a href=\"https:\/\/www.mathezfreight.com\/fr\/blog\/75ans-mathez-soiree\/\" title=\"75 ans en bonne compagnie\"\n                               rel=\"bookmark\">75 ans en bonne compagnie<\/a>\n\n                        <\/h3>\n\n                    \n                    \n                    \n                    \n                <\/div>\n\n            \n        \n    <\/article><!-- .hentry -->\n\n<\/div><!-- .lae-posts-carousel-item -->\n<div data-id=\"id-35400\" class=\"lae-posts-carousel-item\">\n\n    <article id=\"post-35400\" class=\"post-35400 post type-post status-publish format-standard has-post-thumbnail hentry category-operations tag-transport-voitures cibles-aerien cibles-agences cibles-agences-nord cibles-agences-sud cibles-maritime cibles-valeurs cibles-voitures\">\n\n        \n            \n            \n            \n                <div class=\"lae-project-image\">\n\n                    \n                    \n                    \n                        <a href=\"https:\/\/www.mathezfreight.com\/fr\/blog\/import-export-voitures-france\/\"><img decoding=\"async\" width=\"375\" height=\"250\" src=\"https:\/\/www.mathezfreight.com\/wp-content\/uploads\/photo-ferrari-aerien-5-copie-375x250.jpg\" class=\"lae-image attachment-mti-medium-classic size-mti-medium-classic\" alt=\"photo-ferrari-aerien-5-copie\" title=\"photo-ferrari-aerien (5)\" srcset=\"https:\/\/www.mathezfreight.com\/wp-content\/uploads\/photo-ferrari-aerien-5-copie-375x250.jpg 375w, https:\/\/www.mathezfreight.com\/wp-content\/uploads\/photo-ferrari-aerien-5-copie-274x183.jpg 274w\" sizes=\"(max-width: 375px) 100vw, 375px\" \/><\/a>\n\n                    \n                    \n                        <div class=\"lae-image-info\">\n\n                            <div class=\"lae-entry-info\">\n\n                                \n                                    <h3 class=\"lae-post-title\">\n\n                                        <a href=\"https:\/\/www.mathezfreight.com\/fr\/blog\/import-export-voitures-france\/\" title=\"Nos plus belles voitures, \u00e0 l&rsquo;import\/export France\"\n                                           rel=\"bookmark\">Nos plus belles voitures, \u00e0 l&rsquo;import\/export France<\/a>\n\n                                    <\/h3>\n\n                                \n                                \n                                    <span class=\"lae-terms\"><a href=\"https:\/\/www.mathezfreight.com\/fr\/blog\/categorie\/operations\/\">Op\u00e9rations<\/a><\/span>\n                                \n                            <\/div>\n\n                        <\/div><!-- .lae-image-info -->\n\n                    \n                <\/div>\n\n            \n            \n                <div class=\"lae-entry-text-wrap \">\n\n                    \n                        <h3 class=\"entry-title\">\n\n                            <a href=\"https:\/\/www.mathezfreight.com\/fr\/blog\/import-export-voitures-france\/\" title=\"Nos plus belles voitures, \u00e0 l&rsquo;import\/export France\"\n                               rel=\"bookmark\">Nos plus belles voitures, \u00e0 l&rsquo;import\/export France<\/a>\n\n                        <\/h3>\n\n                    \n                    \n                    \n                    \n                <\/div>\n\n            \n        \n    <\/article><!-- .hentry -->\n\n<\/div><!-- .lae-posts-carousel-item -->\n<div data-id=\"id-59181\" class=\"lae-posts-carousel-item\">\n\n    <article id=\"post-59181\" class=\"post-59181 post type-post status-publish format-standard has-post-thumbnail hentry category-operations tag-aerien tag-aviation tag-hors-gabarit cibles-aerien cibles-agences cibles-agences-nord\">\n\n        \n            \n            \n            \n                <div class=\"lae-project-image\">\n\n                    \n                    \n                    \n                        <a href=\"https:\/\/www.mathezfreight.com\/fr\/blog\/antonov-124-cargo-charter\/\"><img decoding=\"async\" width=\"375\" height=\"250\" src=\"https:\/\/www.mathezfreight.com\/wp-content\/uploads\/photo-antonov124-img-20250401-wa0036-375x250.jpg\" class=\"lae-image attachment-mti-medium-classic size-mti-medium-classic\" alt=\"Affr\u00e9tement Antonov 124\" title=\"Affr\u00e9tement Antonov 124 - Chargement et calage dans un Antonov 124, le plus gros cargo du monde\" srcset=\"https:\/\/www.mathezfreight.com\/wp-content\/uploads\/photo-antonov124-img-20250401-wa0036-375x250.jpg 375w, https:\/\/www.mathezfreight.com\/wp-content\/uploads\/photo-antonov124-img-20250401-wa0036-274x183.jpg 274w, https:\/\/www.mathezfreight.com\/wp-content\/uploads\/photo-antonov124-img-20250401-wa0036-1200x800.jpg 1200w\" sizes=\"(max-width: 375px) 100vw, 375px\" \/><\/a>\n\n                    \n                    \n                        <div class=\"lae-image-info\">\n\n                            <div class=\"lae-entry-info\">\n\n                                \n                                    <h3 class=\"lae-post-title\">\n\n                                        <a href=\"https:\/\/www.mathezfreight.com\/fr\/blog\/antonov-124-cargo-charter\/\" title=\"Affr\u00e9tement d&rsquo;un Antonov AN-124 sur le Moyen-Orient\"\n                                           rel=\"bookmark\">Affr\u00e9tement d&rsquo;un Antonov AN-124 sur le Moyen-Orient<\/a>\n\n                                    <\/h3>\n\n                                \n                                \n                                    <span class=\"lae-terms\"><a href=\"https:\/\/www.mathezfreight.com\/fr\/blog\/categorie\/operations\/\">Op\u00e9rations<\/a><\/span>\n                                \n                            <\/div>\n\n                        <\/div><!-- .lae-image-info -->\n\n                    \n                <\/div>\n\n            \n            \n                <div class=\"lae-entry-text-wrap \">\n\n                    \n                        <h3 class=\"entry-title\">\n\n                            <a href=\"https:\/\/www.mathezfreight.com\/fr\/blog\/antonov-124-cargo-charter\/\" title=\"Affr\u00e9tement d&rsquo;un Antonov AN-124 sur le Moyen-Orient\"\n                               rel=\"bookmark\">Affr\u00e9tement d&rsquo;un Antonov AN-124 sur le Moyen-Orient<\/a>\n\n                        <\/h3>\n\n                    \n                    \n                    \n                    \n                <\/div>\n\n            \n        \n    <\/article><!-- .hentry -->\n\n<\/div><!-- .lae-posts-carousel-item -->\n<div data-id=\"id-58078\" class=\"lae-posts-carousel-item\">\n\n    <article id=\"post-58078\" class=\"post-58078 post type-post status-publish format-standard has-post-thumbnail hentry category-corporate cibles-agences\">\n\n        \n            \n            \n            \n                <div class=\"lae-project-image\">\n\n                    \n                    \n                    \n                        <a href=\"https:\/\/www.mathezfreight.com\/fr\/blog\/mathez-freight-france\/\"><img decoding=\"async\" width=\"375\" height=\"250\" src=\"https:\/\/www.mathezfreight.com\/wp-content\/uploads\/slider-video-freight-france-375x250.png\" class=\"lae-image attachment-mti-medium-classic size-mti-medium-classic\" alt=\"France Mathez Freight signtseing\" title=\"France Mathez Freight signtseing\" srcset=\"https:\/\/www.mathezfreight.com\/wp-content\/uploads\/slider-video-freight-france-375x250.png 375w, https:\/\/www.mathezfreight.com\/wp-content\/uploads\/slider-video-freight-france-600x400.png 600w, https:\/\/www.mathezfreight.com\/wp-content\/uploads\/slider-video-freight-france-1100x733.png 1100w, https:\/\/www.mathezfreight.com\/wp-content\/uploads\/slider-video-freight-france-768x512.png 768w, https:\/\/www.mathezfreight.com\/wp-content\/uploads\/slider-video-freight-france-274x183.png 274w, https:\/\/www.mathezfreight.com\/wp-content\/uploads\/slider-video-freight-france-1200x800.png 1200w, https:\/\/www.mathezfreight.com\/wp-content\/uploads\/slider-video-freight-france-610x406.png 610w, https:\/\/www.mathezfreight.com\/wp-content\/uploads\/slider-video-freight-france.png 1220w\" sizes=\"(max-width: 375px) 100vw, 375px\" \/><\/a>\n\n                    \n                    \n                        <div class=\"lae-image-info\">\n\n                            <div class=\"lae-entry-info\">\n\n                                \n                                    <h3 class=\"lae-post-title\">\n\n                                        <a href=\"https:\/\/www.mathezfreight.com\/fr\/blog\/mathez-freight-france\/\" title=\"Le tour de France MATHEZ FREIGHT\"\n                                           rel=\"bookmark\">Le tour de France MATHEZ FREIGHT<\/a>\n\n                                    <\/h3>\n\n                                \n                                \n                                    <span class=\"lae-terms\"><a href=\"https:\/\/www.mathezfreight.com\/fr\/blog\/categorie\/corporate\/\">Corporate<\/a><\/span>\n                                \n                            <\/div>\n\n                        <\/div><!-- .lae-image-info -->\n\n                    \n                <\/div>\n\n            \n            \n                <div class=\"lae-entry-text-wrap \">\n\n                    \n                        <h3 class=\"entry-title\">\n\n                            <a href=\"https:\/\/www.mathezfreight.com\/fr\/blog\/mathez-freight-france\/\" title=\"Le tour de France MATHEZ FREIGHT\"\n                               rel=\"bookmark\">Le tour de France MATHEZ FREIGHT<\/a>\n\n                        <\/h3>\n\n                    \n                    \n                    \n                    \n                <\/div>\n\n            \n        \n    <\/article><!-- .hentry -->\n\n<\/div><!-- .lae-posts-carousel-item -->\n<div data-id=\"id-56848\" class=\"lae-posts-carousel-item\">\n\n    <article id=\"post-56848\" class=\"post-56848 post type-post status-publish format-standard has-post-thumbnail hentry category-operations tag-aerien tag-aviation tag-hors-gabarit cibles-aerien cibles-agences cibles-agences-nord\">\n\n        \n            \n            \n            \n                <div class=\"lae-project-image\">\n\n                    \n                    \n                    \n                        <a href=\"https:\/\/www.mathezfreight.com\/fr\/blog\/transport-moteur-aviation\/\"><img decoding=\"async\" width=\"375\" height=\"250\" src=\"https:\/\/www.mathezfreight.com\/wp-content\/uploads\/photo-moteur-avion-375x250.jpg\" class=\"lae-image attachment-mti-medium-classic size-mti-medium-classic\" alt=\"Transport de moteur LEAP-1AQ\" title=\"Transport de moteur LEAP-1AQ\" srcset=\"https:\/\/www.mathezfreight.com\/wp-content\/uploads\/photo-moteur-avion-375x250.jpg 375w, https:\/\/www.mathezfreight.com\/wp-content\/uploads\/photo-moteur-avion-274x183.jpg 274w, https:\/\/www.mathezfreight.com\/wp-content\/uploads\/photo-moteur-avion-1200x800.jpg 1200w, https:\/\/www.mathezfreight.com\/wp-content\/uploads\/photo-moteur-avion-800x533.jpg 800w\" sizes=\"(max-width: 375px) 100vw, 375px\" \/><\/a>\n\n                    \n                    \n                        <div class=\"lae-image-info\">\n\n                            <div class=\"lae-entry-info\">\n\n                                \n                                    <h3 class=\"lae-post-title\">\n\n                                        <a href=\"https:\/\/www.mathezfreight.com\/fr\/blog\/transport-moteur-aviation\/\" title=\"Transport d&rsquo;urgence d&rsquo;un moteur d&rsquo;avion LEAP-1A\"\n                                           rel=\"bookmark\">Transport d&rsquo;urgence d&rsquo;un moteur d&rsquo;avion LEAP-1A<\/a>\n\n                                    <\/h3>\n\n                                \n                                \n                                    <span class=\"lae-terms\"><a href=\"https:\/\/www.mathezfreight.com\/fr\/blog\/categorie\/operations\/\">Op\u00e9rations<\/a><\/span>\n                                \n                            <\/div>\n\n                        <\/div><!-- .lae-image-info -->\n\n                    \n                <\/div>\n\n            \n            \n                <div class=\"lae-entry-text-wrap \">\n\n                    \n                        <h3 class=\"entry-title\">\n\n                            <a href=\"https:\/\/www.mathezfreight.com\/fr\/blog\/transport-moteur-aviation\/\" title=\"Transport d&rsquo;urgence d&rsquo;un moteur d&rsquo;avion LEAP-1A\"\n                               rel=\"bookmark\">Transport d&rsquo;urgence d&rsquo;un moteur d&rsquo;avion LEAP-1A<\/a>\n\n                        <\/h3>\n\n                    \n                    \n                    \n                    \n                <\/div>\n\n            \n        \n    <\/article><!-- .hentry -->\n\n<\/div><!-- .lae-posts-carousel-item -->\n<div data-id=\"id-56274\" class=\"lae-posts-carousel-item\">\n\n    <article id=\"post-56274\" class=\"post-56274 post type-post status-publish format-standard has-post-thumbnail hentry category-operations tag-hors-gabarit tag-maritime tag-shipping tag-turquie cibles-agences cibles-agent-maritime cibles-maritime cibles-yachts\">\n\n        \n            \n            \n            \n                <div class=\"lae-project-image\">\n\n                    \n                    \n                    \n                        <a href=\"https:\/\/www.mathezfreight.com\/fr\/blog\/comment-transporter-un-bateau-en-bateau\/\"><img decoding=\"async\" width=\"375\" height=\"250\" src=\"https:\/\/www.mathezfreight.com\/wp-content\/uploads\/photo-transport-bateau-flat-rack-375x250.jpg\" class=\"lae-image attachment-mti-medium-classic size-mti-medium-classic\" alt=\"Transport de bateau en flat rack sur cargo\" title=\"Transport de bateau en flat rack sur cargo\" srcset=\"https:\/\/www.mathezfreight.com\/wp-content\/uploads\/photo-transport-bateau-flat-rack-375x250.jpg 375w, https:\/\/www.mathezfreight.com\/wp-content\/uploads\/photo-transport-bateau-flat-rack-274x183.jpg 274w, https:\/\/www.mathezfreight.com\/wp-content\/uploads\/photo-transport-bateau-flat-rack-1200x800.jpg 1200w, https:\/\/www.mathezfreight.com\/wp-content\/uploads\/photo-transport-bateau-flat-rack-800x533.jpg 800w\" sizes=\"(max-width: 375px) 100vw, 375px\" \/><\/a>\n\n                    \n                    \n                        <div class=\"lae-image-info\">\n\n                            <div class=\"lae-entry-info\">\n\n                                \n                                    <h3 class=\"lae-post-title\">\n\n                                        <a href=\"https:\/\/www.mathezfreight.com\/fr\/blog\/comment-transporter-un-bateau-en-bateau\/\" title=\"Comment transporter un bateau en bateau?\"\n                                           rel=\"bookmark\">Comment transporter un bateau en bateau?<\/a>\n\n                                    <\/h3>\n\n                                \n                                \n                                    <span class=\"lae-terms\"><a href=\"https:\/\/www.mathezfreight.com\/fr\/blog\/categorie\/operations\/\">Op\u00e9rations<\/a><\/span>\n                                \n                            <\/div>\n\n                        <\/div><!-- .lae-image-info -->\n\n                    \n                <\/div>\n\n            \n            \n                <div class=\"lae-entry-text-wrap \">\n\n                    \n                        <h3 class=\"entry-title\">\n\n                            <a href=\"https:\/\/www.mathezfreight.com\/fr\/blog\/comment-transporter-un-bateau-en-bateau\/\" title=\"Comment transporter un bateau en bateau?\"\n                               rel=\"bookmark\">Comment transporter un bateau en bateau?<\/a>\n\n                        <\/h3>\n\n                    \n                    \n                    \n                    \n                <\/div>\n\n            \n        \n    <\/article><!-- .hentry -->\n\n<\/div><!-- .lae-posts-carousel-item -->\n<div data-id=\"id-55693\" class=\"lae-posts-carousel-item\">\n\n    <article id=\"post-55693\" class=\"post-55693 post type-post status-publish format-standard has-post-thumbnail hentry category-operations tag-aerien cibles-aerien cibles-agences\">\n\n        \n            \n            \n            \n                <div class=\"lae-project-image\">\n\n                    \n                    \n                    \n                        <a href=\"https:\/\/www.mathezfreight.com\/fr\/blog\/avec-les-aeronautes-de-monaco-en-armenie\/\"><img decoding=\"async\" width=\"375\" height=\"250\" src=\"https:\/\/www.mathezfreight.com\/wp-content\/uploads\/photo-ballon-monaco-23-375x250.jpg\" class=\"lae-image attachment-mti-medium-classic size-mti-medium-classic\" alt=\"MATHEZ MONACO avec les Argonautes de Monaco\" title=\"MATHEZ MONACO avec les Argonautes de Monaco\" srcset=\"https:\/\/www.mathezfreight.com\/wp-content\/uploads\/photo-ballon-monaco-23-375x250.jpg 375w, https:\/\/www.mathezfreight.com\/wp-content\/uploads\/photo-ballon-monaco-23-274x183.jpg 274w\" sizes=\"(max-width: 375px) 100vw, 375px\" \/><\/a>\n\n                    \n                    \n                        <div class=\"lae-image-info\">\n\n                            <div class=\"lae-entry-info\">\n\n                                \n                                    <h3 class=\"lae-post-title\">\n\n                                        <a href=\"https:\/\/www.mathezfreight.com\/fr\/blog\/avec-les-aeronautes-de-monaco-en-armenie\/\" title=\"Avec les A\u00e9ronautes de Monaco en Arm\u00e9nie!\"\n                                           rel=\"bookmark\">Avec les A\u00e9ronautes de Monaco en Arm\u00e9nie!<\/a>\n\n                                    <\/h3>\n\n                                \n                                \n                                    <span class=\"lae-terms\"><a href=\"https:\/\/www.mathezfreight.com\/fr\/blog\/categorie\/operations\/\">Op\u00e9rations<\/a><\/span>\n                                \n                            <\/div>\n\n                        <\/div><!-- .lae-image-info -->\n\n                    \n                <\/div>\n\n            \n            \n                <div class=\"lae-entry-text-wrap \">\n\n                    \n                        <h3 class=\"entry-title\">\n\n                            <a href=\"https:\/\/www.mathezfreight.com\/fr\/blog\/avec-les-aeronautes-de-monaco-en-armenie\/\" title=\"Avec les A\u00e9ronautes de Monaco en Arm\u00e9nie!\"\n                               rel=\"bookmark\">Avec les A\u00e9ronautes de Monaco en Arm\u00e9nie!<\/a>\n\n                        <\/h3>\n\n                    \n                    \n                    \n                    \n                <\/div>\n\n            \n        \n    <\/article><!-- .hentry -->\n\n<\/div><!-- .lae-posts-carousel-item --><\/div><!-- .lae-posts-carousel -->\t\t\t\t<\/div>\n\t\t\t\t<\/div>\n\t\t\t\t\t<\/div>\n\t\t<\/div>\n\t\t\t\t\t<\/div>\n\t\t<\/section>\n\t\t\t\t\t<\/div>\n\t\t<\/div>\n\t\t\t\t\t<\/div>\n\t\t<\/aside>\n\t\t\t\t<\/div>\n\t\t","protected":false},"excerpt":{"rendered":"<p>Transitaire de r\u00e9f\u00e9rence en France, nous sommes pr\u00e9sents sur les principaux points n\u00e9vralgiques (a\u00e9roports, ports, m\u00e9tropoles, chantiers navals) et assurons des transports internationaux avec le monde entier depuis l\u2019ensemble du territoire fran\u00e7ais et mon\u00e9gasque. <\/p>\n","protected":false},"author":1,"featured_media":24340,"parent":24324,"menu_order":2,"comment_status":"closed","ping_status":"closed","template":"page-mti-a4.php","meta":{"iawp_total_views":1783,"footnotes":""},"class_list":["post-18594","page","type-page","status-publish","has-post-thumbnail","hentry"],"yoast_head":"<!-- This site is optimized with the Yoast SEO Premium plugin v27.4 (Yoast SEO v27.4) - https:\/\/yoast.com\/product\/yoast-seo-premium-wordpress\/ -->\n<title>Nos agences transitaire en France - MATHEZ FREIGHT<\/title>\n<meta name=\"description\" content=\"Transitaire de r\u00e9f\u00e9rence en France, nous sommes pr\u00e9sents sur les principaux points n\u00e9vralgiques (a\u00e9roports, ports, m\u00e9tropoles, chantiers navals) et assurons des transports internationaux avec le monde entier depuis l\u2019ensemble du territoire fran\u00e7ais et mon\u00e9gasque.\" \/>\n<meta name=\"robots\" content=\"index, follow, max-snippet:-1, max-image-preview:large, max-video-preview:-1\" \/>\n<link rel=\"canonical\" href=\"https:\/\/www.mathezfreight.com\/fr\/profil\/agences\/\" \/>\n<meta property=\"og:locale\" content=\"fr_FR\" \/>\n<meta property=\"og:type\" content=\"article\" \/>\n<meta property=\"og:title\" content=\"Nos agences transitaire en France\" \/>\n<meta property=\"og:description\" content=\"Transitaire de r\u00e9f\u00e9rence en France, nous sommes pr\u00e9sents sur les principaux points n\u00e9vralgiques (a\u00e9roports, ports, m\u00e9tropoles, chantiers navals) et assurons des transports internationaux avec le monde entier depuis l\u2019ensemble du territoire fran\u00e7ais et mon\u00e9gasque.\" \/>\n<meta property=\"og:url\" content=\"https:\/\/www.mathezfreight.com\/fr\/profil\/agences\/\" \/>\n<meta property=\"og:site_name\" content=\"MATHEZ FREIGHT\" \/>\n<meta property=\"article:publisher\" content=\"https:\/\/www.facebook.com\/MathezFreight\/\" \/>\n<meta property=\"article:modified_time\" content=\"2025-04-11T14:32:53+00:00\" \/>\n<meta property=\"og:image\" content=\"https:\/\/www.mathezfreight.com\/wp-content\/uploads\/photo-carte-agences.png\" \/>\n\t<meta property=\"og:image:width\" content=\"567\" \/>\n\t<meta property=\"og:image:height\" content=\"394\" \/>\n\t<meta property=\"og:image:type\" content=\"image\/png\" \/>\n<meta name=\"twitter:card\" content=\"summary_large_image\" \/>\n<meta name=\"twitter:site\" content=\"@MathezFreight\" \/>\n<meta name=\"twitter:label1\" content=\"Dur\u00e9e de lecture estim\u00e9e\" \/>\n\t<meta name=\"twitter:data1\" content=\"14 minutes\" \/>\n<script type=\"application\/ld+json\" class=\"yoast-schema-graph\">{\"@context\":\"https:\\\/\\\/schema.org\",\"@graph\":[{\"@type\":\"WebPage\",\"@id\":\"https:\\\/\\\/www.mathezfreight.com\\\/fr\\\/profil\\\/agences\\\/\",\"url\":\"https:\\\/\\\/www.mathezfreight.com\\\/fr\\\/profil\\\/agences\\\/\",\"name\":\"Nos agences transitaire en France - MATHEZ FREIGHT\",\"isPartOf\":{\"@id\":\"https:\\\/\\\/www.mathezfreight.com\\\/fr\\\/#website\"},\"primaryImageOfPage\":{\"@id\":\"https:\\\/\\\/www.mathezfreight.com\\\/fr\\\/profil\\\/agences\\\/#primaryimage\"},\"image\":{\"@id\":\"https:\\\/\\\/www.mathezfreight.com\\\/fr\\\/profil\\\/agences\\\/#primaryimage\"},\"thumbnailUrl\":\"https:\\\/\\\/www.mathezfreight.com\\\/wp-content\\\/uploads\\\/photo-carte-agences.png\",\"datePublished\":\"2018-11-29T13:29:17+00:00\",\"dateModified\":\"2025-04-11T14:32:53+00:00\",\"description\":\"Transitaire de r\u00e9f\u00e9rence en France, nous sommes pr\u00e9sents sur les principaux points n\u00e9vralgiques (a\u00e9roports, ports, m\u00e9tropoles, chantiers navals) et assurons des transports internationaux avec le monde entier depuis l\u2019ensemble du territoire fran\u00e7ais et mon\u00e9gasque.\",\"breadcrumb\":{\"@id\":\"https:\\\/\\\/www.mathezfreight.com\\\/fr\\\/profil\\\/agences\\\/#breadcrumb\"},\"inLanguage\":\"fr-FR\",\"potentialAction\":[{\"@type\":\"ReadAction\",\"target\":[\"https:\\\/\\\/www.mathezfreight.com\\\/fr\\\/profil\\\/agences\\\/\"]}]},{\"@type\":\"ImageObject\",\"inLanguage\":\"fr-FR\",\"@id\":\"https:\\\/\\\/www.mathezfreight.com\\\/fr\\\/profil\\\/agences\\\/#primaryimage\",\"url\":\"https:\\\/\\\/www.mathezfreight.com\\\/wp-content\\\/uploads\\\/photo-carte-agences.png\",\"contentUrl\":\"https:\\\/\\\/www.mathezfreight.com\\\/wp-content\\\/uploads\\\/photo-carte-agences.png\",\"width\":567,\"height\":394,\"caption\":\"Transitaire: nos agences en France\"},{\"@type\":\"BreadcrumbList\",\"@id\":\"https:\\\/\\\/www.mathezfreight.com\\\/fr\\\/profil\\\/agences\\\/#breadcrumb\",\"itemListElement\":[{\"@type\":\"ListItem\",\"position\":1,\"name\":\"Home\",\"item\":\"https:\\\/\\\/www.mathezfreight.com\\\/fr\\\/\"},{\"@type\":\"ListItem\",\"position\":2,\"name\":\"A propos\",\"item\":\"https:\\\/\\\/www.mathezfreight.com\\\/fr\\\/profil\\\/\"},{\"@type\":\"ListItem\",\"position\":3,\"name\":\"Agences\"}]},{\"@type\":\"WebSite\",\"@id\":\"https:\\\/\\\/www.mathezfreight.com\\\/fr\\\/#website\",\"url\":\"https:\\\/\\\/www.mathezfreight.com\\\/fr\\\/\",\"name\":\"MATHEZ FREIGHT\",\"description\":\"Solutions transport sur mesure, suivies, efficaces\",\"publisher\":{\"@id\":\"https:\\\/\\\/www.mathezfreight.com\\\/fr\\\/#organization\"},\"alternateName\":\"MATHEZ TRANSPORTS INTERNATIONAUX\",\"potentialAction\":[{\"@type\":\"SearchAction\",\"target\":{\"@type\":\"EntryPoint\",\"urlTemplate\":\"https:\\\/\\\/www.mathezfreight.com\\\/fr\\\/?s={search_term_string}\"},\"query-input\":{\"@type\":\"PropertyValueSpecification\",\"valueRequired\":true,\"valueName\":\"search_term_string\"}}],\"inLanguage\":\"fr-FR\"},{\"@type\":\"Organization\",\"@id\":\"https:\\\/\\\/www.mathezfreight.com\\\/fr\\\/#organization\",\"name\":\"MATHEZ FREIGHT\",\"alternateName\":\"MATHEZ TRANSPORTS INTERNATIONAUX\",\"url\":\"https:\\\/\\\/www.mathezfreight.com\\\/fr\\\/\",\"logo\":{\"@type\":\"ImageObject\",\"inLanguage\":\"fr-FR\",\"@id\":\"https:\\\/\\\/www.mathezfreight.com\\\/fr\\\/#\\\/schema\\\/logo\\\/image\\\/\",\"url\":\"https:\\\/\\\/www.mathezfreight.com\\\/wp-content\\\/uploads\\\/logo-mathez-freight-400pxw.png\",\"contentUrl\":\"https:\\\/\\\/www.mathezfreight.com\\\/wp-content\\\/uploads\\\/logo-mathez-freight-400pxw.png\",\"width\":400,\"height\":136,\"caption\":\"MATHEZ FREIGHT\"},\"image\":{\"@id\":\"https:\\\/\\\/www.mathezfreight.com\\\/fr\\\/#\\\/schema\\\/logo\\\/image\\\/\"},\"sameAs\":[\"https:\\\/\\\/www.facebook.com\\\/MathezFreight\\\/\",\"https:\\\/\\\/x.com\\\/MathezFreight\",\"https:\\\/\\\/www.linkedin.com\\\/company\\\/mathezfreight\\\/\"],\"description\":\"Transitaire fran\u00e7ais, organisateur de transport international: fret a\u00e9rien, fret maritime, commissionnaire en douane agr\u00e9\u00e9 OEA-Full. 17 agences en France sur tous les principaux ports et a\u00e9roports.\",\"email\":\"web@mathezfreight.com\",\"telephone\":\"+33.497257825\",\"legalName\":\"MATHEZ TRANSPORTS INTERNATIONAUX\",\"foundingDate\":\"1950-01-01\",\"numberOfEmployees\":{\"@type\":\"QuantitativeValue\",\"minValue\":\"51\",\"maxValue\":\"200\"}}]}<\/script>\n<!-- \/ Yoast SEO Premium plugin. -->","yoast_head_json":{"title":"Nos agences transitaire en France - MATHEZ FREIGHT","description":"Transitaire de r\u00e9f\u00e9rence en France, nous sommes pr\u00e9sents sur les principaux points n\u00e9vralgiques (a\u00e9roports, ports, m\u00e9tropoles, chantiers navals) et assurons des transports internationaux avec le monde entier depuis l\u2019ensemble du territoire fran\u00e7ais et mon\u00e9gasque.","robots":{"index":"index","follow":"follow","max-snippet":"max-snippet:-1","max-image-preview":"max-image-preview:large","max-video-preview":"max-video-preview:-1"},"canonical":"https:\/\/www.mathezfreight.com\/fr\/profil\/agences\/","og_locale":"fr_FR","og_type":"article","og_title":"Nos agences transitaire en France","og_description":"Transitaire de r\u00e9f\u00e9rence en France, nous sommes pr\u00e9sents sur les principaux points n\u00e9vralgiques (a\u00e9roports, ports, m\u00e9tropoles, chantiers navals) et assurons des transports internationaux avec le monde entier depuis l\u2019ensemble du territoire fran\u00e7ais et mon\u00e9gasque.","og_url":"https:\/\/www.mathezfreight.com\/fr\/profil\/agences\/","og_site_name":"MATHEZ FREIGHT","article_publisher":"https:\/\/www.facebook.com\/MathezFreight\/","article_modified_time":"2025-04-11T14:32:53+00:00","og_image":[{"width":567,"height":394,"url":"https:\/\/www.mathezfreight.com\/wp-content\/uploads\/photo-carte-agences.png","type":"image\/png"}],"twitter_card":"summary_large_image","twitter_site":"@MathezFreight","twitter_misc":{"Dur\u00e9e de lecture estim\u00e9e":"14 minutes"},"schema":{"@context":"https:\/\/schema.org","@graph":[{"@type":"WebPage","@id":"https:\/\/www.mathezfreight.com\/fr\/profil\/agences\/","url":"https:\/\/www.mathezfreight.com\/fr\/profil\/agences\/","name":"Nos agences transitaire en France - MATHEZ FREIGHT","isPartOf":{"@id":"https:\/\/www.mathezfreight.com\/fr\/#website"},"primaryImageOfPage":{"@id":"https:\/\/www.mathezfreight.com\/fr\/profil\/agences\/#primaryimage"},"image":{"@id":"https:\/\/www.mathezfreight.com\/fr\/profil\/agences\/#primaryimage"},"thumbnailUrl":"https:\/\/www.mathezfreight.com\/wp-content\/uploads\/photo-carte-agences.png","datePublished":"2018-11-29T13:29:17+00:00","dateModified":"2025-04-11T14:32:53+00:00","description":"Transitaire de r\u00e9f\u00e9rence en France, nous sommes pr\u00e9sents sur les principaux points n\u00e9vralgiques (a\u00e9roports, ports, m\u00e9tropoles, chantiers navals) et assurons des transports internationaux avec le monde entier depuis l\u2019ensemble du territoire fran\u00e7ais et mon\u00e9gasque.","breadcrumb":{"@id":"https:\/\/www.mathezfreight.com\/fr\/profil\/agences\/#breadcrumb"},"inLanguage":"fr-FR","potentialAction":[{"@type":"ReadAction","target":["https:\/\/www.mathezfreight.com\/fr\/profil\/agences\/"]}]},{"@type":"ImageObject","inLanguage":"fr-FR","@id":"https:\/\/www.mathezfreight.com\/fr\/profil\/agences\/#primaryimage","url":"https:\/\/www.mathezfreight.com\/wp-content\/uploads\/photo-carte-agences.png","contentUrl":"https:\/\/www.mathezfreight.com\/wp-content\/uploads\/photo-carte-agences.png","width":567,"height":394,"caption":"Transitaire: nos agences en France"},{"@type":"BreadcrumbList","@id":"https:\/\/www.mathezfreight.com\/fr\/profil\/agences\/#breadcrumb","itemListElement":[{"@type":"ListItem","position":1,"name":"Home","item":"https:\/\/www.mathezfreight.com\/fr\/"},{"@type":"ListItem","position":2,"name":"A propos","item":"https:\/\/www.mathezfreight.com\/fr\/profil\/"},{"@type":"ListItem","position":3,"name":"Agences"}]},{"@type":"WebSite","@id":"https:\/\/www.mathezfreight.com\/fr\/#website","url":"https:\/\/www.mathezfreight.com\/fr\/","name":"MATHEZ FREIGHT","description":"Solutions transport sur mesure, suivies, efficaces","publisher":{"@id":"https:\/\/www.mathezfreight.com\/fr\/#organization"},"alternateName":"MATHEZ TRANSPORTS INTERNATIONAUX","potentialAction":[{"@type":"SearchAction","target":{"@type":"EntryPoint","urlTemplate":"https:\/\/www.mathezfreight.com\/fr\/?s={search_term_string}"},"query-input":{"@type":"PropertyValueSpecification","valueRequired":true,"valueName":"search_term_string"}}],"inLanguage":"fr-FR"},{"@type":"Organization","@id":"https:\/\/www.mathezfreight.com\/fr\/#organization","name":"MATHEZ FREIGHT","alternateName":"MATHEZ TRANSPORTS INTERNATIONAUX","url":"https:\/\/www.mathezfreight.com\/fr\/","logo":{"@type":"ImageObject","inLanguage":"fr-FR","@id":"https:\/\/www.mathezfreight.com\/fr\/#\/schema\/logo\/image\/","url":"https:\/\/www.mathezfreight.com\/wp-content\/uploads\/logo-mathez-freight-400pxw.png","contentUrl":"https:\/\/www.mathezfreight.com\/wp-content\/uploads\/logo-mathez-freight-400pxw.png","width":400,"height":136,"caption":"MATHEZ FREIGHT"},"image":{"@id":"https:\/\/www.mathezfreight.com\/fr\/#\/schema\/logo\/image\/"},"sameAs":["https:\/\/www.facebook.com\/MathezFreight\/","https:\/\/x.com\/MathezFreight","https:\/\/www.linkedin.com\/company\/mathezfreight\/"],"description":"Transitaire fran\u00e7ais, organisateur de transport international: fret a\u00e9rien, fret maritime, commissionnaire en douane agr\u00e9\u00e9 OEA-Full. 17 agences en France sur tous les principaux ports et a\u00e9roports.","email":"web@mathezfreight.com","telephone":"+33.497257825","legalName":"MATHEZ TRANSPORTS INTERNATIONAUX","foundingDate":"1950-01-01","numberOfEmployees":{"@type":"QuantitativeValue","minValue":"51","maxValue":"200"}}]}},"_links":{"self":[{"href":"https:\/\/www.mathezfreight.com\/fr\/wp-json\/wp\/v2\/pages\/18594","targetHints":{"allow":["GET"]}}],"collection":[{"href":"https:\/\/www.mathezfreight.com\/fr\/wp-json\/wp\/v2\/pages"}],"about":[{"href":"https:\/\/www.mathezfreight.com\/fr\/wp-json\/wp\/v2\/types\/page"}],"author":[{"embeddable":true,"href":"https:\/\/www.mathezfreight.com\/fr\/wp-json\/wp\/v2\/users\/1"}],"replies":[{"embeddable":true,"href":"https:\/\/www.mathezfreight.com\/fr\/wp-json\/wp\/v2\/comments?post=18594"}],"version-history":[{"count":0,"href":"https:\/\/www.mathezfreight.com\/fr\/wp-json\/wp\/v2\/pages\/18594\/revisions"}],"up":[{"embeddable":true,"href":"https:\/\/www.mathezfreight.com\/fr\/wp-json\/wp\/v2\/pages\/24324"}],"wp:featuredmedia":[{"embeddable":true,"href":"https:\/\/www.mathezfreight.com\/fr\/wp-json\/wp\/v2\/media\/24340"}],"wp:attachment":[{"href":"https:\/\/www.mathezfreight.com\/fr\/wp-json\/wp\/v2\/media?parent=18594"}],"curies":[{"name":"wp","href":"https:\/\/api.w.org\/{rel}","templated":true}]}}