{"id":18516,"date":"2018-11-28T12:01:09","date_gmt":"2018-11-28T12:01:09","guid":{"rendered":"https:\/\/www.mathezfreight.com\/?page_id=18516"},"modified":"2026-03-04T10:29:29","modified_gmt":"2026-03-04T10:29:29","slug":"marseille","status":"publish","type":"page","link":"https:\/\/www.mathezfreight.com\/fr\/profil\/agences\/marseille\/","title":{"rendered":"Transitaire \u00e0 Marseille"},"content":{"rendered":"\t\t<div data-elementor-type=\"wp-post\" data-elementor-id=\"18516\" class=\"elementor elementor-18516\" data-elementor-post-type=\"page\">\n\t\t\t\t\t\t<div class=\"elementor-section elementor-top-section elementor-element elementor-element-09d946a elementor-section-stretched elementor-section-full_width bg-about elementor-section-height-default elementor-section-height-default default-style elementor-invisible\" data-id=\"09d946a\" data-element_type=\"section\" data-e-type=\"section\" id=\"mti-page-header\" data-settings=\"{&quot;stretch_section&quot;:&quot;section-stretched&quot;,&quot;animation&quot;:&quot;fadeIn&quot;,&quot;rt_color_sets&quot;:&quot;default-style&quot;}\">\n\t\t\t\t\t\t<div class=\"elementor-container elementor-column-gap-no\">\n\t\t\t\t\t<div class=\"elementor-column elementor-col-100 elementor-top-column elementor-element elementor-element-15b02b8\" data-id=\"15b02b8\" data-element_type=\"column\" data-e-type=\"column\">\n\t\t\t<div class=\"elementor-widget-wrap elementor-element-populated\">\n\t\t\t\t\t\t<div class=\"elementor-element elementor-element-b3e74f4 mti-carte-gmap elementor-widget elementor-widget-html\" data-id=\"b3e74f4\" data-element_type=\"widget\" data-e-type=\"widget\" data-widget_type=\"html.default\">\n\t\t\t\t<div class=\"elementor-widget-container\">\n\t\t\t\t\t<iframe loading=\"lazy\" src=\"https:\/\/www.google.com\/maps\/d\/u\/0\/embed?mid=18ghhsLUz8-eJJDsS-QJRtI-GQGM&ll=43.4449127%2C5.2700751,17z&z=13\" width=\"1220\" height=\"455\" style=\"position: relative; top: -50px;\"><\/iframe>\t\t\t\t<\/div>\n\t\t\t\t<\/div>\n\t\t\t\t\t<\/div>\n\t\t<\/div>\n\t\t\t\t\t<\/div>\n\t\t<\/div>\n\t\t\t\t<section class=\"elementor-section elementor-top-section elementor-element elementor-element-969f07a mti-carte-agence elementor-section-boxed elementor-section-height-default elementor-section-height-default default-style\" data-id=\"969f07a\" data-element_type=\"section\" data-e-type=\"section\" data-settings=\"{&quot;background_background&quot;:&quot;classic&quot;,&quot;rt_color_sets&quot;:&quot;default-style&quot;}\">\n\t\t\t\t\t\t<div class=\"elementor-container elementor-column-gap-default\">\n\t\t\t\t\t<div class=\"elementor-column elementor-col-100 elementor-top-column elementor-element elementor-element-1410496\" data-id=\"1410496\" data-element_type=\"column\" data-e-type=\"column\">\n\t\t\t<div class=\"elementor-widget-wrap elementor-element-populated\">\n\t\t\t\t\t\t<div class=\"elementor-element elementor-element-7c46570 mti-carte-visite elementor-icon-list--layout-traditional elementor-list-item-link-full_width elementor-widget elementor-widget-icon-list\" data-id=\"7c46570\" data-element_type=\"widget\" data-e-type=\"widget\" data-widget_type=\"icon-list.default\">\n\t\t\t\t<div class=\"elementor-widget-container\">\n\t\t\t\t\t\t\t<ul class=\"elementor-icon-list-items\">\n\t\t\t\t\t\t\t<li class=\"elementor-icon-list-item\">\n\t\t\t\t\t\t\t\t\t\t<span class=\"elementor-icon-list-text\"><h2>MATHEZ FREIGHT \u00e0 Marseille<\/h2><\/span>\n\t\t\t\t\t\t\t\t\t<\/li>\n\t\t\t\t\t\t\t\t<li class=\"elementor-icon-list-item\">\n\t\t\t\t\t\t\t\t\t\t\t<span class=\"elementor-icon-list-icon\">\n\t\t\t\t\t\t\t\t\t\t\t\t\t\t\t\t<i class=\"fa fa-map-signs\" aria-hidden=\"true\"><\/i>\n\t\t\t\t\t\t\t\t\t\t\t\t\t<\/span>\n\t\t\t\t\t\t\t\t\t\t<span class=\"elementor-icon-list-text\">A\u00e9roport Marseille Provence 2 - P\u00f4le Fret, 13700 Marignane, France<\/span>\n\t\t\t\t\t\t\t\t\t<\/li>\n\t\t\t\t\t\t\t\t<li class=\"elementor-icon-list-item\">\n\t\t\t\t\t\t\t\t\t\t\t<a href=\"tel:+33.442467920\">\n\n\t\t\t\t\t\t\t\t\t\t\t\t<span class=\"elementor-icon-list-icon\">\n\t\t\t\t\t\t\t\t\t\t\t\t\t\t\t\t<i class=\"fa fa-phone\" aria-hidden=\"true\"><\/i>\n\t\t\t\t\t\t\t\t\t\t\t\t\t<\/span>\n\t\t\t\t\t\t\t\t\t\t<span class=\"elementor-icon-list-text\">+33.4 42 46 79 20<\/span>\n\t\t\t\t\t\t\t\t\t\t\t<\/a>\n\t\t\t\t\t\t\t\t\t<\/li>\n\t\t\t\t\t\t\t\t<li class=\"elementor-icon-list-item\">\n\t\t\t\t\t\t\t\t\t\t\t<span class=\"elementor-icon-list-icon\">\n\t\t\t\t\t\t\t\t\t\t\t\t\t\t\t\t<i class=\"fa fa-fax\" aria-hidden=\"true\"><\/i>\n\t\t\t\t\t\t\t\t\t\t\t\t\t<\/span>\n\t\t\t\t\t\t\t\t\t\t<span class=\"elementor-icon-list-text\">+33.4 42 34 75 61<\/span>\n\t\t\t\t\t\t\t\t\t<\/li>\n\t\t\t\t\t\t\t\t<li class=\"elementor-icon-list-item\">\n\t\t\t\t\t\t\t\t\t\t\t<span class=\"elementor-icon-list-icon\">\n\t\t\t\t\t\t\t\t\t\t\t\t\t\t\t\t<i class=\"rt-elementor-icon icon-mail\" aria-hidden=\"true\"><\/i>\n\t\t\t\t\t\t\t\t\t\t\t\t\t<\/span>\n\t\t\t\t\t\t\t\t\t\t<span class=\"elementor-icon-list-text\">web@mathezfreight.com<\/span>\n\t\t\t\t\t\t\t\t\t<\/li>\n\t\t\t\t\t\t\t\t<li class=\"elementor-icon-list-item\">\n\t\t\t\t\t\t\t\t\t\t\t<a href=\"https:\/\/www.google.fr\/maps\/dir\/\/Mathez+Freight+Forwarding+(Mathez+Transports+Internationaux),+A%C3%A9roport+Marseille+Provence,+2+-+P%C3%B4le+Fret,+13700+Marignane\/@43.4449127,5.2170751,17z\/data=!4m9!4m8!1m0!1m5!1m1!1s0x12c9e5fc5a41fadf:0xa3241259027d40ed!2m2!1d5.2192638!2d43.4449127!3e0\" target=\"_blank\" rel=\"nofollow\">\n\n\t\t\t\t\t\t\t\t\t\t\t\t<span class=\"elementor-icon-list-icon\">\n\t\t\t\t\t\t\t\t\t\t\t\t\t\t\t\t<i class=\"rt-elementor-icon icon-map-o\" aria-hidden=\"true\"><\/i>\n\t\t\t\t\t\t\t\t\t\t\t\t\t<\/span>\n\t\t\t\t\t\t\t\t\t\t<span class=\"elementor-icon-list-text\">Itin\u00e9raire<\/span>\n\t\t\t\t\t\t\t\t\t\t\t<\/a>\n\t\t\t\t\t\t\t\t\t<\/li>\n\t\t\t\t\t\t<\/ul>\n\t\t\t\t\t\t<\/div>\n\t\t\t\t<\/div>\n\t\t\t\t<div class=\"elementor-element elementor-element-a6d2574 elementor-widget elementor-widget-rt-button\" data-id=\"a6d2574\" data-element_type=\"widget\" data-e-type=\"widget\" id=\"mti-red-button\" data-widget_type=\"rt-button.default\">\n\t\t\t\t<div class=\"elementor-widget-container\">\n\t\t\t\t\t<div class=\"button_wrapper  hero\"><a href=\"https:\/\/www.mathezfreight.com\/fr\/contact\/\" target=\"_self\" title=\"Nous contacter\" class=\"button_  style-3 hero\"><span><span class=\"button-icon rt-elementor-icon icon-mail\"><\/span><span>Nous contacter<\/span><\/span><\/a><\/div>\t\t\t\t<\/div>\n\t\t\t\t<\/div>\n\t\t\t\t\t<\/div>\n\t\t<\/div>\n\t\t\t\t\t<\/div>\n\t\t<\/section>\n\t\t\t\t<div class=\"elementor-section elementor-top-section elementor-element elementor-element-7d9eafb elementor-section-content-bottom mti-beau-gosse agence elementor-reverse-mobile elementor-section-boxed elementor-section-height-default elementor-section-height-default default-style elementor-invisible\" data-id=\"7d9eafb\" data-element_type=\"section\" data-e-type=\"section\" data-settings=\"{&quot;animation&quot;:&quot;fadeIn&quot;,&quot;rt_color_sets&quot;:&quot;default-style&quot;}\">\n\t\t\t\t\t\t<div class=\"elementor-container elementor-column-gap-default\">\n\t\t\t\t\t<div class=\"elementor-column elementor-col-33 elementor-top-column elementor-element elementor-element-9e758bb\" data-id=\"9e758bb\" data-element_type=\"column\" data-e-type=\"column\">\n\t\t\t<div class=\"elementor-widget-wrap elementor-element-populated\">\n\t\t\t\t\t\t<div class=\"elementor-element elementor-element-0a33601 aligncenter elementor-hidden-phone elementor-widget elementor-widget-image\" data-id=\"0a33601\" data-element_type=\"widget\" data-e-type=\"widget\" data-widget_type=\"image.default\">\n\t\t\t\t<div class=\"elementor-widget-container\">\n\t\t\t\t\t\t\t\t\t\t\t\t\t\t\t<img decoding=\"async\" src=\"https:\/\/www.mathezfreight.com\/wp-content\/uploads\/photo-frederic-mercier.png\" title=\"Fr\u00e9d\u00e9ric Mercier\" alt=\"Fr\u00e9d\u00e9ric Mercier\" loading=\"lazy\" \/>\t\t\t\t\t\t\t\t\t\t\t\t\t\t\t<\/div>\n\t\t\t\t<\/div>\n\t\t\t\t\t<\/div>\n\t\t<\/div>\n\t\t\t\t<div class=\"elementor-column elementor-col-66 elementor-top-column elementor-element elementor-element-a3bb058\" data-id=\"a3bb058\" data-element_type=\"column\" data-e-type=\"column\">\n\t\t\t<div class=\"elementor-widget-wrap elementor-element-populated\">\n\t\t\t\t\t\t<div class=\"elementor-element elementor-element-ca247a5 mti-beau-gosse-citation agence elementor-widget elementor-widget-text-editor\" data-id=\"ca247a5\" data-element_type=\"widget\" data-e-type=\"widget\" data-widget_type=\"text-editor.default\">\n\t\t\t\t<div class=\"elementor-widget-container\">\n\t\t\t\t\t\t\t\t\t<blockquote><p>Notre mission est de rendre simple des transports internationaux qui ne le sont pas forc\u00e9ment. Avec un peu d\u2019anticipation, de suivi personnalis\u00e9, une touche de sympathie et beaucoup de r\u00e9activit\u00e9\u2026 nous l\u2019accomplissons tous les jours\u00a0!<\/p><\/blockquote><div id=\"mti-beau-gosse-signature\"><span class=\"blue\"><span class=\"blue\">Fr\u00e9d\u00e9ric Mercier<\/span><\/span>,\u00a0MATHEZ FREIGHT\u00a0<\/div>\t\t\t\t\t\t\t\t<\/div>\n\t\t\t\t<\/div>\n\t\t\t\t\t<\/div>\n\t\t<\/div>\n\t\t\t\t\t<\/div>\n\t\t<\/div>\n\t\t\t\t<section class=\"elementor-section elementor-top-section elementor-element elementor-element-88c0935 clear elementor-section-boxed elementor-section-height-default elementor-section-height-default default-style\" data-id=\"88c0935\" data-element_type=\"section\" data-e-type=\"section\" data-settings=\"{&quot;rt_color_sets&quot;:&quot;default-style&quot;}\">\n\t\t\t\t\t\t<div class=\"elementor-container elementor-column-gap-default\">\n\t\t\t\t\t<div class=\"elementor-column elementor-col-100 elementor-top-column elementor-element elementor-element-b4ce8df\" data-id=\"b4ce8df\" data-element_type=\"column\" data-e-type=\"column\">\n\t\t\t<div class=\"elementor-widget-wrap elementor-element-populated\">\n\t\t\t\t\t\t<div class=\"elementor-element elementor-element-6465297 elementor-widget elementor-widget-spacer\" data-id=\"6465297\" data-element_type=\"widget\" data-e-type=\"widget\" data-widget_type=\"spacer.default\">\n\t\t\t\t<div class=\"elementor-widget-container\">\n\t\t\t\t\t\t\t<div class=\"elementor-spacer\">\n\t\t\t<div class=\"elementor-spacer-inner\"><\/div>\n\t\t<\/div>\n\t\t\t\t\t\t<\/div>\n\t\t\t\t<\/div>\n\t\t\t\t\t<\/div>\n\t\t<\/div>\n\t\t\t\t\t<\/div>\n\t\t<\/section>\n\t\t\t\t<div class=\"elementor-section elementor-top-section elementor-element elementor-element-5e1a3c9 mti-diapo specialites elementor-reverse-tablet elementor-reverse-mobile elementor-section-full_width elementor-section-height-default elementor-section-height-default default-style\" data-id=\"5e1a3c9\" data-element_type=\"section\" data-e-type=\"section\" data-settings=\"{&quot;rt_color_sets&quot;:&quot;default-style&quot;}\">\n\t\t\t\t\t\t<div class=\"elementor-container elementor-column-gap-default\">\n\t\t\t\t\t<div class=\"elementor-column elementor-col-50 elementor-top-column elementor-element elementor-element-59fa0ff\" data-id=\"59fa0ff\" data-element_type=\"column\" data-e-type=\"column\">\n\t\t\t<div class=\"elementor-widget-wrap elementor-element-populated\">\n\t\t\t\t\t\t<div class=\"elementor-element elementor-element-cb12dfd elementor-widget elementor-widget-global elementor-global-28609 elementor-widget-text-editor\" data-id=\"cb12dfd\" data-element_type=\"widget\" data-e-type=\"widget\" data-widget_type=\"text-editor.default\">\n\t\t\t\t<div class=\"elementor-widget-container\">\n\t\t\t\t\t\t\t\t\t<h2 style=\"text-align: center;\">Nos services transitaire<\/h2><p>\t \n\t\t<div  class=\"bullet-list style-1  check\">\n\t\t<\/p><h6>Organisateur de transport, <a style=\"background-color: #00877c;\" href=\"https:\/\/www.mathezfreight.com\/fr\/services\/import\/\">import<\/a> et export:<\/h6><ul><li><h6 style=\"text-align: left;\"><a style=\"background-color: #00877c;\" href=\"https:\/\/www.mathezfreight.com\/fr\/services\/fret-aerien\/\">Fret a\u00e9rien<\/a><\/h6><\/li><li><h6 style=\"text-align: left;\"><a style=\"background-color: #00877c;\" href=\"https:\/\/www.mathezfreight.com\/fr\/services\/transport-maritime\/\">Transport maritime<\/a><\/h6><\/li><li><h6 style=\"text-align: left;\">Transport multimodal<\/h6><\/li><li style=\"text-align: left;\"><h6><a style=\"background-color: #00877c;\" href=\"https:\/\/www.mathezfreight.com\/fr\/services\/douane\/\">Repr\u00e9sentant en Douane<\/a> enregistr\u00e9 (RDE)<\/h6><\/li><li style=\"text-align: left;\"><h6>Sp\u00e9cialiste <a style=\"background-color: #00877c;\" href=\"https:\/\/www.mathezfreight.com\/fr\/services\/tva\/\">TVA<\/a>.<\/h6><\/li><\/ul><p>\n\t\t<\/div>\n\t<\/p>\t\t\t\t\t\t\t\t<\/div>\n\t\t\t\t<\/div>\n\t\t\t\t\t<\/div>\n\t\t<\/div>\n\t\t\t\t<div class=\"elementor-column elementor-col-50 elementor-top-column elementor-element elementor-element-f92e6cc\" data-id=\"f92e6cc\" data-element_type=\"column\" data-e-type=\"column\">\n\t\t\t<div class=\"elementor-widget-wrap elementor-element-populated\">\n\t\t\t\t\t\t<div class=\"elementor-element elementor-element-c04f6d8 elementor-widget elementor-widget-global elementor-global-18346 elementor-widget-rt-image-carousel\" data-id=\"c04f6d8\" data-element_type=\"widget\" data-e-type=\"widget\" data-widget_type=\"rt-image-carousel.default\">\n\t\t\t\t<div class=\"elementor-widget-container\">\n\t\t\t\t\t\r\n\t\t\t\t<div id=\"image-carousel-637904\" class=\"rt-carousel carousel-holder clearfix rt-image-carousel  rt_lightbox_gallery\" data-item-width=\"1\" data-nav=\"\" data-dots=\"\" data-margin=\"0\" data-autoplay=\"true\" data-timeout=\"4000\" data-thumbnails=\"false\" data-boxed=\"\" data-min-height=\"\" data-padding=\"0\" data-loop=\"true\" data-tablet-item-width=\"\" data-mobile-item-width=\"\">\r\n\t\t\t\t\t<div class=\"owl-carousel\">\r\n\t\t\t\t\t\t<div><a id=\"lightbox-581144\" class=\"imgeffect zoom rt_lightbox\" data-gal-id=\"slider-carousel-507106\" data-rel=\"rt_lightbox\" title=\"Agrandir la vue\" data-sub-html=\"photo-laciotat-shipyard-20250602_151658-alp\" data-src=\"\" data-width=\"\" data-height=\"\" data-poster=\"\" data-autoplay=\"\" data-audiotitle=\"\" data-download-url=\"false\" href=\"https:\/\/www.mathezfreight.com\/wp-content\/uploads\/photo-laciotat-shipyard-20250602_151658-alp.jpg\"><img decoding=\"async\" src=\"https:\/\/www.mathezfreight.com\/wp-content\/uploads\/photo-laciotat-shipyard-20250602_151658-alp-610x403.jpg\" width=\"610\" height=\"403\" alt=\"\"><\/a><\/div><div><a id=\"lightbox-626210\" class=\"imgeffect zoom rt_lightbox\" data-gal-id=\"slider-carousel-507106\" data-rel=\"rt_lightbox\" title=\"Agrandir la vue\" data-sub-html=\"315 tonnes de fret en charter (CDG, Juin 2020)\" data-src=\"\" data-width=\"\" data-height=\"\" data-poster=\"\" data-autoplay=\"\" data-audiotitle=\"\" data-download-url=\"false\" href=\"https:\/\/www.mathezfreight.com\/wp-content\/uploads\/photo-charter-cdg-9-2020-06-22-08-40-38.jpg\"><img decoding=\"async\" src=\"https:\/\/www.mathezfreight.com\/wp-content\/uploads\/photo-charter-cdg-9-2020-06-22-08-40-38-610x403.jpg\" width=\"610\" height=\"403\" alt=\"315 tonnes de fret en charter (CDG, Juin 2020)\"><\/a><\/div><div><a id=\"lightbox-568197\" class=\"imgeffect zoom rt_lightbox\" data-gal-id=\"slider-carousel-507106\" data-rel=\"rt_lightbox\" title=\"Agrandir la vue\" data-sub-html=\"Chargement a\u00e9rien avion cargo\" data-src=\"\" data-width=\"\" data-height=\"\" data-poster=\"\" data-autoplay=\"\" data-audiotitle=\"\" data-download-url=\"false\" href=\"https:\/\/www.mathezfreight.com\/wp-content\/uploads\/slider-cargo-plane-evanto.jpg\"><img decoding=\"async\" src=\"https:\/\/www.mathezfreight.com\/wp-content\/uploads\/slider-cargo-plane-evanto-610x403.jpg\" width=\"610\" height=\"403\" alt=\"Chargement a\u00e9rien avion cargo\"><\/a><\/div><div><a id=\"lightbox-302167\" class=\"imgeffect zoom rt_lightbox\" data-gal-id=\"slider-carousel-507106\" data-rel=\"rt_lightbox\" title=\"Agrandir la vue\" data-sub-html=\"Chargement de cargo a\u00e9rien\" data-src=\"\" data-width=\"\" data-height=\"\" data-poster=\"\" data-autoplay=\"\" data-audiotitle=\"\" data-download-url=\"false\" href=\"https:\/\/www.mathezfreight.com\/wp-content\/uploads\/photo-air-fret-depositphotos_59573495.jpg\"><img decoding=\"async\" src=\"https:\/\/www.mathezfreight.com\/wp-content\/uploads\/photo-air-fret-depositphotos_59573495-610x403.jpg\" width=\"610\" height=\"403\" alt=\"Chargement de cargo a\u00e9rien\"><\/a><\/div><div><a id=\"lightbox-611822\" class=\"imgeffect zoom rt_lightbox\" data-gal-id=\"slider-carousel-507106\" data-rel=\"rt_lightbox\" title=\"Agrandir la vue\" data-sub-html=\"Transport par voie a\u00e9rienne\" data-src=\"\" data-width=\"\" data-height=\"\" data-poster=\"\" data-autoplay=\"\" data-audiotitle=\"\" data-download-url=\"false\" href=\"https:\/\/www.mathezfreight.com\/wp-content\/uploads\/photo-air-bleu-depositphotos.jpg\"><img decoding=\"async\" src=\"https:\/\/www.mathezfreight.com\/wp-content\/uploads\/photo-air-bleu-depositphotos-610x403.jpg\" width=\"610\" height=\"403\" alt=\"Transport par voie a\u00e9rienne\"><\/a><\/div><div><a id=\"lightbox-483770\" class=\"imgeffect zoom rt_lightbox\" data-gal-id=\"slider-carousel-507106\" data-rel=\"rt_lightbox\" title=\"Agrandir la vue\" data-sub-html=\"Containers maritimes\" data-src=\"\" data-width=\"\" data-height=\"\" data-poster=\"\" data-autoplay=\"\" data-audiotitle=\"\" data-download-url=\"false\" href=\"https:\/\/www.mathezfreight.com\/wp-content\/uploads\/photo-sea-containers-depositphotos.jpg\"><img decoding=\"async\" src=\"https:\/\/www.mathezfreight.com\/wp-content\/uploads\/photo-sea-containers-depositphotos-610x403.jpg\" width=\"610\" height=\"403\" alt=\"Containers maritimes\"><\/a><\/div><div><a id=\"lightbox-256222\" class=\"imgeffect zoom rt_lightbox\" data-gal-id=\"slider-carousel-507106\" data-rel=\"rt_lightbox\" title=\"Agrandir la vue\" data-sub-html=\"315 tonnes de fret en charter (CDG, Juin 2020)\" data-src=\"\" data-width=\"\" data-height=\"\" data-poster=\"\" data-autoplay=\"\" data-audiotitle=\"\" data-download-url=\"false\" href=\"https:\/\/www.mathezfreight.com\/wp-content\/uploads\/photo-charter-cdg-1-2020-06-22-08-40-38.jpg\"><img decoding=\"async\" src=\"https:\/\/www.mathezfreight.com\/wp-content\/uploads\/photo-charter-cdg-1-2020-06-22-08-40-38-610x403.jpg\" width=\"610\" height=\"403\" alt=\"315 tonnes de fret en charter (CDG, Juin 2020)\"><\/a><\/div><div><a id=\"lightbox-370148\" class=\"imgeffect zoom rt_lightbox\" data-gal-id=\"slider-carousel-507106\" data-rel=\"rt_lightbox\" title=\"Agrandir la vue\" data-sub-html=\"Fret maritime: chargement de conteneurs\" data-src=\"\" data-width=\"\" data-height=\"\" data-poster=\"\" data-autoplay=\"\" data-audiotitle=\"\" data-download-url=\"false\" href=\"https:\/\/www.mathezfreight.com\/wp-content\/uploads\/slider-industry-evanto-1285px.jpg\"><img decoding=\"async\" src=\"https:\/\/www.mathezfreight.com\/wp-content\/uploads\/slider-industry-evanto-1285px-610x403.jpg\" width=\"610\" height=\"403\" alt=\"Fret maritime: chargement de conteneurs\"><\/a><\/div><div><a id=\"lightbox-501593\" class=\"imgeffect zoom rt_lightbox\" data-gal-id=\"slider-carousel-507106\" data-rel=\"rt_lightbox\" title=\"Agrandir la vue\" data-sub-html=\"Transport maritime\" data-src=\"\" data-width=\"\" data-height=\"\" data-poster=\"\" data-autoplay=\"\" data-audiotitle=\"\" data-download-url=\"false\" href=\"https:\/\/www.mathezfreight.com\/wp-content\/uploads\/photo-sea-cargo-depositphotos.jpg\"><img decoding=\"async\" src=\"https:\/\/www.mathezfreight.com\/wp-content\/uploads\/photo-sea-cargo-depositphotos-610x403.jpg\" width=\"610\" height=\"403\" alt=\"Transport maritime\"><\/a><\/div><div><a id=\"lightbox-260875\" class=\"imgeffect zoom rt_lightbox\" data-gal-id=\"slider-carousel-507106\" data-rel=\"rt_lightbox\" title=\"Agrandir la vue\" data-sub-html=\"Entrep\u00f4t industriel\" data-src=\"\" data-width=\"\" data-height=\"\" data-poster=\"\" data-autoplay=\"\" data-audiotitle=\"\" data-download-url=\"false\" href=\"https:\/\/www.mathezfreight.com\/wp-content\/uploads\/slider-warehouse-evanto.jpg\"><img decoding=\"async\" src=\"https:\/\/www.mathezfreight.com\/wp-content\/uploads\/slider-warehouse-evanto-610x403.jpg\" width=\"610\" height=\"403\" alt=\"Entrep\u00f4t industriel\"><\/a><\/div><div><a id=\"lightbox-291043\" class=\"imgeffect zoom rt_lightbox\" data-gal-id=\"slider-carousel-507106\" data-rel=\"rt_lightbox\" title=\"Agrandir la vue\" data-sub-html=\"Demande de r\u00e9gime particulier sur ProDouane\" data-src=\"\" data-width=\"\" data-height=\"\" data-poster=\"\" data-autoplay=\"\" data-audiotitle=\"\" data-download-url=\"false\" href=\"https:\/\/www.mathezfreight.com\/wp-content\/uploads\/photo-homme-douane-depositphotos.jpg\"><img decoding=\"async\" src=\"https:\/\/www.mathezfreight.com\/wp-content\/uploads\/photo-homme-douane-depositphotos-610x403.jpg\" width=\"610\" height=\"403\" alt=\"Demande de r\u00e9gime particulier sur ProDouane\"><\/a><\/div><div><a id=\"lightbox-452238\" class=\"imgeffect zoom rt_lightbox\" data-gal-id=\"slider-carousel-507106\" data-rel=\"rt_lightbox\" title=\"Agrandir la vue\" data-sub-html=\"D\u00e9douanement\" data-src=\"\" data-width=\"\" data-height=\"\" data-poster=\"\" data-autoplay=\"\" data-audiotitle=\"\" data-download-url=\"false\" href=\"https:\/\/www.mathezfreight.com\/wp-content\/uploads\/photo-douane-batiment-depositphotos.jpg\"><img decoding=\"async\" src=\"https:\/\/www.mathezfreight.com\/wp-content\/uploads\/photo-douane-batiment-depositphotos-610x403.jpg\" width=\"610\" height=\"403\" alt=\"D\u00e9douanement\"><\/a><\/div><div><a id=\"lightbox-979197\" class=\"imgeffect zoom rt_lightbox\" data-gal-id=\"slider-carousel-507106\" data-rel=\"rt_lightbox\" title=\"Agrandir la vue\" data-sub-html=\"Document d&#039;inspection des douanes, Nouvelle Z\u00e9lande\" data-src=\"\" data-width=\"\" data-height=\"\" data-poster=\"\" data-autoplay=\"\" data-audiotitle=\"\" data-download-url=\"false\" href=\"https:\/\/www.mathezfreight.com\/wp-content\/uploads\/photo-douane-doc-depositphotos.jpg\"><img decoding=\"async\" src=\"https:\/\/www.mathezfreight.com\/wp-content\/uploads\/photo-douane-doc-depositphotos-610x403.jpg\" width=\"610\" height=\"403\" alt=\"Document d&#039;inspection des douanes, Nouvelle Z\u00e9lande\"><\/a><\/div><div><a id=\"lightbox-976429\" class=\"imgeffect zoom rt_lightbox\" data-gal-id=\"slider-carousel-507106\" data-rel=\"rt_lightbox\" title=\"Agrandir la vue\" data-sub-html=\"Les sp\u00e9cialistes de la TVA - MATHEZ FORMATION et MATHEZ INTRACOM au CROEC Lyon 2018<br>\u00a9 MATHEZ INTRACOM (AR)\" data-src=\"\" data-width=\"\" data-height=\"\" data-poster=\"\" data-autoplay=\"\" data-audiotitle=\"\" data-download-url=\"false\" href=\"https:\/\/www.mathezfreight.com\/wp-content\/uploads\/photo-tva-croec-lyon-2018.jpg\"><img decoding=\"async\" src=\"https:\/\/www.mathezfreight.com\/wp-content\/uploads\/photo-tva-croec-lyon-2018-610x403.jpg\" width=\"610\" height=\"403\" alt=\"Les sp\u00e9cialistes de la TVA - MATHEZ FORMATION et MATHEZ INTRACOM au CROEC Lyon 2018\"><\/a><\/div>\r\n\t\t\t\t\t<\/div>\r\n\t\t\t\t\t\r\n\t\t\t\t\t\r\n\t\t\t\t<\/div>\r\n\t\t\t\t\t\t\t<\/div>\n\t\t\t\t<\/div>\n\t\t\t\t\t<\/div>\n\t\t<\/div>\n\t\t\t\t\t<\/div>\n\t\t<\/div>\n\t\t\t\t<div class=\"elementor-section elementor-top-section elementor-element elementor-element-25a97f9 mti-diapo services elementor-section-full_width elementor-section-height-default elementor-section-height-default default-style\" data-id=\"25a97f9\" data-element_type=\"section\" data-e-type=\"section\" data-settings=\"{&quot;background_background&quot;:&quot;classic&quot;,&quot;rt_color_sets&quot;:&quot;default-style&quot;}\">\n\t\t\t\t\t\t<div class=\"elementor-container elementor-column-gap-default\">\n\t\t\t\t\t<div class=\"elementor-column elementor-col-50 elementor-top-column elementor-element elementor-element-b7469db\" data-id=\"b7469db\" data-element_type=\"column\" data-e-type=\"column\">\n\t\t\t<div class=\"elementor-widget-wrap elementor-element-populated\">\n\t\t\t\t\t\t<div class=\"elementor-element elementor-element-72b688f elementor-widget elementor-widget-rt-image-carousel\" data-id=\"72b688f\" data-element_type=\"widget\" data-e-type=\"widget\" data-widget_type=\"rt-image-carousel.default\">\n\t\t\t\t<div class=\"elementor-widget-container\">\n\t\t\t\t\t\r\n\t\t\t\t<div id=\"image-carousel-537181\" class=\"rt-carousel carousel-holder clearfix rt-image-carousel  rt_lightbox_gallery\" data-item-width=\"1\" data-nav=\"\" data-dots=\"\" data-margin=\"0\" data-autoplay=\"true\" data-timeout=\"4000\" data-thumbnails=\"false\" data-boxed=\"\" data-min-height=\"\" data-padding=\"0\" data-loop=\"\" data-tablet-item-width=\"\" data-mobile-item-width=\"\">\r\n\t\t\t\t\t<div class=\"owl-carousel\">\r\n\t\t\t\t\t\t<div><a id=\"lightbox-669868\" class=\"imgeffect zoom rt_lightbox\" data-gal-id=\"slider-carousel-217344\" data-rel=\"rt_lightbox\" title=\"Agrandir la vue\" data-sub-html=\"A\u00e9roport de Marseille Provence vu du ciel<br>\u00a9 AMP\" data-src=\"\" data-width=\"\" data-height=\"\" data-poster=\"\" data-autoplay=\"\" data-audiotitle=\"\" data-download-url=\"false\" href=\"https:\/\/www.mathezfreight.com\/wp-content\/uploads\/photo-agence-marseille-marignane-amp-francoise.jpg\"><img decoding=\"async\" src=\"https:\/\/www.mathezfreight.com\/wp-content\/uploads\/photo-agence-marseille-marignane-amp-francoise-610x403.jpg\" width=\"610\" height=\"403\" alt=\"A\u00e9roport de Marseille Provence vu du ciel\"><\/a><\/div><div><a id=\"lightbox-289949\" class=\"imgeffect zoom rt_lightbox\" data-gal-id=\"slider-carousel-217344\" data-rel=\"rt_lightbox\" title=\"Agrandir la vue\" data-sub-html=\"Agence Mathez transports Internationaux \u00e0 l&#039;a\u00e9roport de Marseille Provence, zone de fret\" data-src=\"\" data-width=\"\" data-height=\"\" data-poster=\"\" data-autoplay=\"\" data-audiotitle=\"\" data-download-url=\"false\" href=\"https:\/\/www.mathezfreight.com\/wp-content\/uploads\/photo-agence-marseille-provence-mti-francoise.jpg\"><img decoding=\"async\" src=\"https:\/\/www.mathezfreight.com\/wp-content\/uploads\/photo-agence-marseille-provence-mti-francoise-610x403.jpg\" width=\"610\" height=\"403\" alt=\"Agence Mathez transports Internationaux \u00e0 l&#039;a\u00e9roport de Marseille Provence, zone de fret\"><\/a><\/div><div><a id=\"lightbox-288406\" class=\"imgeffect zoom rt_lightbox\" data-gal-id=\"slider-carousel-217344\" data-rel=\"rt_lightbox\" title=\"Agrandir la vue\" data-sub-html=\"Chargement a\u00e9rien par le nez\" data-src=\"\" data-width=\"\" data-height=\"\" data-poster=\"\" data-autoplay=\"\" data-audiotitle=\"\" data-download-url=\"false\" href=\"https:\/\/www.mathezfreight.com\/wp-content\/uploads\/photo-aerien-aerospatial-nez.jpg\"><img decoding=\"async\" src=\"https:\/\/www.mathezfreight.com\/wp-content\/uploads\/photo-aerien-aerospatial-nez-610x403.jpg\" width=\"610\" height=\"403\" alt=\"Chargement a\u00e9rien par le nez\"><\/a><\/div><div><a id=\"lightbox-755508\" class=\"imgeffect zoom rt_lightbox\" data-gal-id=\"slider-carousel-217344\" data-rel=\"rt_lightbox\" title=\"Agrandir la vue\" data-sub-html=\"Livraison de pi\u00e8ces pour l&#039;a\u00e9ronautique\" data-src=\"\" data-width=\"\" data-height=\"\" data-poster=\"\" data-autoplay=\"\" data-audiotitle=\"\" data-download-url=\"false\" href=\"https:\/\/www.mathezfreight.com\/wp-content\/uploads\/photo-aerospace-roue-depositphoto.jpg\"><img decoding=\"async\" src=\"https:\/\/www.mathezfreight.com\/wp-content\/uploads\/photo-aerospace-roue-depositphoto-610x403.jpg\" width=\"610\" height=\"403\" alt=\"Livraison de pi\u00e8ces pour l&#039;a\u00e9ronautique\"><\/a><\/div><div><a id=\"lightbox-714830\" class=\"imgeffect zoom rt_lightbox\" data-gal-id=\"slider-carousel-217344\" data-rel=\"rt_lightbox\" title=\"Agrandir la vue\" data-sub-html=\"Fret industriel, a\u00e9roport de Marseille Marignane<br>\u00a9 MATHEZ FREIGHT (FC)\" data-src=\"\" data-width=\"\" data-height=\"\" data-poster=\"\" data-autoplay=\"\" data-audiotitle=\"\" data-download-url=\"false\" href=\"https:\/\/www.mathezfreight.com\/wp-content\/uploads\/photo-avion-industrie-mti-marignane-francoise.jpg\"><img decoding=\"async\" src=\"https:\/\/www.mathezfreight.com\/wp-content\/uploads\/photo-avion-industrie-mti-marignane-francoise-610x403.jpg\" width=\"610\" height=\"403\" alt=\"Fret industriel, a\u00e9roport de Marseille Marignane\"><\/a><\/div><div><a id=\"lightbox-736321\" class=\"imgeffect zoom rt_lightbox\" data-gal-id=\"slider-carousel-217344\" data-rel=\"rt_lightbox\" title=\"Agrandir la vue\" data-sub-html=\"Port de Marseille Fos, terminal Lameneur<br>\u00a9 Port de Marseille Fos\" data-src=\"\" data-width=\"\" data-height=\"\" data-poster=\"\" data-autoplay=\"\" data-audiotitle=\"\" data-download-url=\"false\" href=\"https:\/\/www.mathezfreight.com\/wp-content\/uploads\/photo-port-de-marseille-fos-terminal-lamaneur-cr.jpg\"><img decoding=\"async\" src=\"https:\/\/www.mathezfreight.com\/wp-content\/uploads\/photo-port-de-marseille-fos-terminal-lamaneur-cr-610x403.jpg\" width=\"610\" height=\"403\" alt=\"Port de Marseille Fos, terminal Lameneur\"><\/a><\/div><div><a id=\"lightbox-211004\" class=\"imgeffect zoom rt_lightbox\" data-gal-id=\"slider-carousel-217344\" data-rel=\"rt_lightbox\" title=\"Agrandir la vue\" data-sub-html=\"Port de Marseille Fos, bassin Est<br>\u00a9 Port de Marseille Fos\" data-src=\"\" data-width=\"\" data-height=\"\" data-poster=\"\" data-autoplay=\"\" data-audiotitle=\"\" data-download-url=\"false\" href=\"https:\/\/www.mathezfreight.com\/wp-content\/uploads\/photo-port-de-marseille-fos-bassin-est-vue-cr.jpg\"><img decoding=\"async\" src=\"https:\/\/www.mathezfreight.com\/wp-content\/uploads\/photo-port-de-marseille-fos-bassin-est-vue-cr-610x403.jpg\" width=\"610\" height=\"403\" alt=\"Port de Marseille Fos, bassin Est\"><\/a><\/div><div><a id=\"lightbox-368000\" class=\"imgeffect zoom rt_lightbox\" data-gal-id=\"slider-carousel-217344\" data-rel=\"rt_lightbox\" title=\"Agrandir la vue\" data-sub-html=\"Port de Marseille Fos, bassin Est<br>\u00a9 Port de Marseille Fos\" data-src=\"\" data-width=\"\" data-height=\"\" data-poster=\"\" data-autoplay=\"\" data-audiotitle=\"\" data-download-url=\"false\" href=\"https:\/\/www.mathezfreight.com\/wp-content\/uploads\/photo-port-de-marseille-fos-bassin-est-cr.jpg\"><img decoding=\"async\" src=\"https:\/\/www.mathezfreight.com\/wp-content\/uploads\/photo-port-de-marseille-fos-bassin-est-cr-610x403.jpg\" width=\"610\" height=\"403\" alt=\"Port de Marseille Fos, bassin Est\"><\/a><\/div><div><a id=\"lightbox-838575\" class=\"imgeffect zoom rt_lightbox\" data-gal-id=\"slider-carousel-217344\" data-rel=\"rt_lightbox\" title=\"Agrandir la vue\" data-sub-html=\"Port de Marseille Fos, bassin Est<br>\u00a9 Port de Marseille Fos\" data-src=\"\" data-width=\"\" data-height=\"\" data-poster=\"\" data-autoplay=\"\" data-audiotitle=\"\" data-download-url=\"false\" href=\"https:\/\/www.mathezfreight.com\/wp-content\/uploads\/photo-port-de-marseille-fos-bassin-est-close-cr.jpg\"><img decoding=\"async\" src=\"https:\/\/www.mathezfreight.com\/wp-content\/uploads\/photo-port-de-marseille-fos-bassin-est-close-cr-610x403.jpg\" width=\"610\" height=\"403\" alt=\"Port de Marseille Fos, bassin Est\"><\/a><\/div><div><a id=\"lightbox-808113\" class=\"imgeffect zoom rt_lightbox\" data-gal-id=\"slider-carousel-217344\" data-rel=\"rt_lightbox\" title=\"Agrandir la vue\" data-sub-html=\"Port de Marseille Fos, avitailleur<br>\u00a9 Port de Marseille Fos\" data-src=\"\" data-width=\"\" data-height=\"\" data-poster=\"\" data-autoplay=\"\" data-audiotitle=\"\" data-download-url=\"false\" href=\"https:\/\/www.mathezfreight.com\/wp-content\/uploads\/photo-port-de-marseille-fos-avitailleur-cr.jpg\"><img decoding=\"async\" src=\"https:\/\/www.mathezfreight.com\/wp-content\/uploads\/photo-port-de-marseille-fos-avitailleur-cr-610x403.jpg\" width=\"610\" height=\"403\" alt=\"Port de Marseille Fos, avitailleur\"><\/a><\/div><div><a id=\"lightbox-643785\" class=\"imgeffect zoom rt_lightbox\" data-gal-id=\"slider-carousel-217344\" data-rel=\"rt_lightbox\" title=\"Agrandir la vue\" data-sub-html=\"Port de Fos Marseille<br>\u00a9 MATHEZ FREIGHT (LC)\" data-src=\"\" data-width=\"\" data-height=\"\" data-poster=\"\" data-autoplay=\"\" data-audiotitle=\"\" data-download-url=\"false\" href=\"https:\/\/www.mathezfreight.com\/wp-content\/uploads\/photo-msc-aliya-fos-lc-17.jpg\"><img decoding=\"async\" src=\"https:\/\/www.mathezfreight.com\/wp-content\/uploads\/photo-msc-aliya-fos-lc-17-610x403.jpg\" width=\"610\" height=\"403\" alt=\"Port de Fos Marseille\"><\/a><\/div><div><a id=\"lightbox-837570\" class=\"imgeffect zoom rt_lightbox\" data-gal-id=\"slider-carousel-217344\" data-rel=\"rt_lightbox\" title=\"Agrandir la vue\" data-sub-html=\"Port de Fos Marseille<br>\u00a9 MATHEZ FREIGHT (LC)\" data-src=\"\" data-width=\"\" data-height=\"\" data-poster=\"\" data-autoplay=\"\" data-audiotitle=\"\" data-download-url=\"false\" href=\"https:\/\/www.mathezfreight.com\/wp-content\/uploads\/photo-msc-aliya-fos-lc-2.jpg\"><img decoding=\"async\" src=\"https:\/\/www.mathezfreight.com\/wp-content\/uploads\/photo-msc-aliya-fos-lc-2-610x403.jpg\" width=\"610\" height=\"403\" alt=\"Port de Fos Marseille\"><\/a><\/div><div><a id=\"lightbox-883434\" class=\"imgeffect zoom rt_lightbox\" data-gal-id=\"slider-carousel-217344\" data-rel=\"rt_lightbox\" title=\"Agrandir la vue\" data-sub-html=\"Port de Fos Marseille<br>\u00a9 MATHEZ FREIGHT (LC)\" data-src=\"\" data-width=\"\" data-height=\"\" data-poster=\"\" data-autoplay=\"\" data-audiotitle=\"\" data-download-url=\"false\" href=\"https:\/\/www.mathezfreight.com\/wp-content\/uploads\/photo-msc-aliya-fos-lc-15.jpg\"><img decoding=\"async\" src=\"https:\/\/www.mathezfreight.com\/wp-content\/uploads\/photo-msc-aliya-fos-lc-15-610x403.jpg\" width=\"610\" height=\"403\" alt=\"Port de Fos Marseille\"><\/a><\/div><div><a id=\"lightbox-535403\" class=\"imgeffect zoom rt_lightbox\" data-gal-id=\"slider-carousel-217344\" data-rel=\"rt_lightbox\" title=\"Agrandir la vue\" data-sub-html=\"Port de Fos Marseille - bapt\u00e8me du MSC Aliya<br>\u00a9 MATHEZ FREIGHT (LC)\" data-src=\"\" data-width=\"\" data-height=\"\" data-poster=\"\" data-autoplay=\"\" data-audiotitle=\"\" data-download-url=\"false\" href=\"https:\/\/www.mathezfreight.com\/wp-content\/uploads\/photo-msc-aliya-fos-lc-4.jpg\"><img decoding=\"async\" src=\"https:\/\/www.mathezfreight.com\/wp-content\/uploads\/photo-msc-aliya-fos-lc-4-610x403.jpg\" width=\"610\" height=\"403\" alt=\"Port de Fos Marseille - bapt\u00e8me du MSC Aliya\"><\/a><\/div><div><a id=\"lightbox-635833\" class=\"imgeffect zoom rt_lightbox\" data-gal-id=\"slider-carousel-217344\" data-rel=\"rt_lightbox\" title=\"Agrandir la vue\" data-sub-html=\"Transport de bateau en flat rack\" data-src=\"\" data-width=\"\" data-height=\"\" data-poster=\"\" data-autoplay=\"\" data-audiotitle=\"\" data-download-url=\"false\" href=\"https:\/\/www.mathezfreight.com\/wp-content\/uploads\/photo-transport-bateau-maurice-laetita-20240906_094934.jpg\"><img decoding=\"async\" src=\"https:\/\/www.mathezfreight.com\/wp-content\/uploads\/photo-transport-bateau-maurice-laetita-20240906_094934-610x403.jpg\" width=\"610\" height=\"403\" alt=\"Transport de bateau en flat rack\"><\/a><\/div>\r\n\t\t\t\t\t<\/div>\r\n\t\t\t\t\t\r\n\t\t\t\t\t\r\n\t\t\t\t<\/div>\r\n\t\t\t\t\t\t\t<\/div>\n\t\t\t\t<\/div>\n\t\t\t\t\t<\/div>\n\t\t<\/div>\n\t\t\t\t<div class=\"elementor-column elementor-col-50 elementor-top-column elementor-element elementor-element-300200f\" data-id=\"300200f\" data-element_type=\"column\" data-e-type=\"column\">\n\t\t\t<div class=\"elementor-widget-wrap elementor-element-populated\">\n\t\t\t\t\t\t<div class=\"elementor-element elementor-element-fb8407d elementor-widget elementor-widget-text-editor\" data-id=\"fb8407d\" data-element_type=\"widget\" data-e-type=\"widget\" data-widget_type=\"text-editor.default\">\n\t\t\t\t<div class=\"elementor-widget-container\">\n\t\t\t\t\t\t\t\t\t<h2 style=\"text-align: center; margin-bottom: 10px;\">Nos sp\u00e9cialit\u00e9s \u00e0 Marseille<\/h2><p>\t \n\t\t<div  class=\"bullet-list style-1  check\">\n\t\t<\/p><ul style=\"margin-top: -5px;\"><li><h6>Le <a href=\"https:\/\/www.mathezfreight.com\/fr\/solutions\/marines\/\">transitaire a\u00e9rien des agents maritimes<\/a>: mise \u00e0 disposition et exp\u00e9ditions des pi\u00e8ces de navires.<\/h6><\/li><li><h6><a href=\"https:\/\/www.mathezfreight.com\/fr\/services\/transport-maritime\/\">Transport maritime<\/a> et multimodal depuis le port eurom\u00e9diterran\u00e9en de Marseille-Fos.<\/h6><\/li><li><h6>Un fort savoir-faire pour r\u00e9pondre aux besoins <a href=\"https:\/\/www.mathezfreight.com\/fr\/solutions\/industries\/\">transport des industries<\/a>.<\/h6><\/li><li><h6>Un sp\u00e9cialiste de la <a href=\"https:\/\/www.mathezfreight.com\/fr\/solutions\/transport\/parfums-cosmetique\/\">cosm\u00e9tique<\/a> et du m\u00e9dical.<\/h6><\/li><li><h6>Un centre de comp\u00e9tences pour l\u2019<a href=\"https:\/\/www.mathezfreight.com\/fr\/services\/import\/\">importation<\/a> et le <a href=\"https:\/\/www.mathezfreight.com\/fr\/services\/douane\/\">d\u00e9douanement<\/a>. \n\t\t<\/div>\n\t<\/h6><\/li><\/ul>\t\t\t\t\t\t\t\t<\/div>\n\t\t\t\t<\/div>\n\t\t\t\t\t<\/div>\n\t\t<\/div>\n\t\t\t\t\t<\/div>\n\t\t<\/div>\n\t\t\t\t<aside class=\"elementor-section elementor-top-section elementor-element elementor-element-ff8f16d mti-blog-grid single-post-bottom elementor-section-boxed elementor-section-height-default elementor-section-height-default default-style elementor-invisible\" data-id=\"ff8f16d\" data-element_type=\"section\" data-e-type=\"section\" data-settings=\"{&quot;animation&quot;:&quot;fadeIn&quot;,&quot;background_background&quot;:&quot;classic&quot;,&quot;rt_color_sets&quot;:&quot;default-style&quot;}\">\n\t\t\t\t\t\t<div class=\"elementor-container elementor-column-gap-default\">\n\t\t\t\t\t<div class=\"elementor-column elementor-col-100 elementor-top-column elementor-element elementor-element-9364346\" data-id=\"9364346\" data-element_type=\"column\" data-e-type=\"column\">\n\t\t\t<div class=\"elementor-widget-wrap elementor-element-populated\">\n\t\t\t\t\t\t<div class=\"elementor-element elementor-element-5e91346 elementor-widget elementor-widget-heading\" data-id=\"5e91346\" data-element_type=\"widget\" data-e-type=\"widget\" data-widget_type=\"heading.default\">\n\t\t\t\t<div class=\"elementor-widget-container\">\n\t\t\t\t\t<h3 class=\"elementor-heading-title elementor-size-default\">Actualit\u00e9s<\/h3>\t\t\t\t<\/div>\n\t\t\t\t<\/div>\n\t\t\t\t<div class=\"elementor-element elementor-element-5660593 elementor-widget elementor-widget-lae-posts-carousel\" data-id=\"5660593\" data-element_type=\"widget\" data-e-type=\"widget\" data-widget_type=\"lae-posts-carousel.default\">\n\t\t\t\t<div class=\"elementor-widget-container\">\n\t\t\t\t\t\n<div        id=\"lae-posts-carousel-69f37b73a936a\"\n        class=\"lae-posts-carousel lae-container lae-classic-skin\"\n        data-settings='{&quot;arrows&quot;:false,&quot;dots&quot;:true,&quot;autoplay&quot;:false,&quot;autoplay_speed&quot;:3000,&quot;animation_speed&quot;:300,&quot;pause_on_hover&quot;:true,&quot;adaptive_height&quot;:false,&quot;display_columns&quot;:4,&quot;scroll_columns&quot;:3,&quot;gutter&quot;:10,&quot;tablet_width&quot;:800,&quot;tablet_display_columns&quot;:2,&quot;tablet_scroll_columns&quot;:2,&quot;tablet_gutter&quot;:10,&quot;mobile_width&quot;:480,&quot;mobile_display_columns&quot;:1,&quot;mobile_scroll_columns&quot;:1,&quot;mobile_gutter&quot;:10}'>\n<div data-id=\"id-67572\" class=\"lae-posts-carousel-item\">\n\n    <article id=\"post-67572\" class=\"post-67572 post type-post status-publish format-standard has-post-thumbnail hentry category-fret-mode-demploi tag-douane tag-transport-voitures tag-tva cibles-une cibles-agences-sud cibles-douane cibles-tva cibles-voitures\">\n\n        \n            \n            \n            \n                <div class=\"lae-project-image\">\n\n                    \n                    \n                    \n                        <a href=\"https:\/\/www.mathezfreight.com\/fr\/blog\/auto-export-ferry-douane-tva-maghreb\/\"><img decoding=\"async\" width=\"375\" height=\"250\" src=\"https:\/\/www.mathezfreight.com\/wp-content\/uploads\/photo-car-ferry-maghreb-375x250.jpg\" class=\"lae-image attachment-mti-medium-classic size-mti-medium-classic\" alt=\"photo-car-ferry-maghreb\" title=\"Export de voitures vers le Maghreb\" srcset=\"https:\/\/www.mathezfreight.com\/wp-content\/uploads\/photo-car-ferry-maghreb-375x250.jpg 375w, https:\/\/www.mathezfreight.com\/wp-content\/uploads\/photo-car-ferry-maghreb-600x400.jpg 600w, https:\/\/www.mathezfreight.com\/wp-content\/uploads\/photo-car-ferry-maghreb-1100x733.jpg 1100w, https:\/\/www.mathezfreight.com\/wp-content\/uploads\/photo-car-ferry-maghreb-768x512.jpg 768w, https:\/\/www.mathezfreight.com\/wp-content\/uploads\/photo-car-ferry-maghreb-274x183.jpg 274w, https:\/\/www.mathezfreight.com\/wp-content\/uploads\/photo-car-ferry-maghreb-1200x800.jpg 1200w, https:\/\/www.mathezfreight.com\/wp-content\/uploads\/photo-car-ferry-maghreb-610x406.jpg 610w, https:\/\/www.mathezfreight.com\/wp-content\/uploads\/photo-car-ferry-maghreb.jpg 1220w\" sizes=\"(max-width: 375px) 100vw, 375px\" \/><\/a>\n\n                    \n                    \n                        <div class=\"lae-image-info\">\n\n                            <div class=\"lae-entry-info\">\n\n                                \n                                    <h3 class=\"lae-post-title\">\n\n                                        <a href=\"https:\/\/www.mathezfreight.com\/fr\/blog\/auto-export-ferry-douane-tva-maghreb\/\" title=\"Export de voitures vers Alg\u00e9rie, Maroc ou Tunisie: pourquoi passer par un transitaire en douane en 2026\"\n                                           rel=\"bookmark\">Export de voitures vers Alg\u00e9rie, Maroc ou Tunisie: pourquoi passer par un transitaire en douane en 2026<\/a>\n\n                                    <\/h3>\n\n                                \n                                \n                                    <span class=\"lae-terms\"><a href=\"https:\/\/www.mathezfreight.com\/fr\/blog\/categorie\/fret-mode-demploi\/\">Fret Mode d'Emploi<\/a><\/span>\n                                \n                            <\/div>\n\n                        <\/div><!-- .lae-image-info -->\n\n                    \n                <\/div>\n\n            \n            \n                <div class=\"lae-entry-text-wrap \">\n\n                    \n                        <h3 class=\"entry-title\">\n\n                            <a href=\"https:\/\/www.mathezfreight.com\/fr\/blog\/auto-export-ferry-douane-tva-maghreb\/\" title=\"Export de voitures vers Alg\u00e9rie, Maroc ou Tunisie: pourquoi passer par un transitaire en douane en 2026\"\n                               rel=\"bookmark\">Export de voitures vers Alg\u00e9rie, Maroc ou Tunisie: pourquoi passer par un transitaire en douane en 2026<\/a>\n\n                        <\/h3>\n\n                    \n                    \n                    \n                    \n                <\/div>\n\n            \n        \n    <\/article><!-- .hentry -->\n\n<\/div><!-- .lae-posts-carousel-item -->\n<div data-id=\"id-67142\" class=\"lae-posts-carousel-item\">\n\n    <article id=\"post-67142\" class=\"post-67142 post type-post status-publish format-standard has-post-thumbnail hentry category-fret-mode-demploi tag-douane tag-tva cibles-une cibles-agences-sud cibles-douane cibles-congres cibles-tva\">\n\n        \n            \n            \n            \n                <div class=\"lae-project-image\">\n\n                    \n                    \n                    \n                        <a href=\"https:\/\/www.mathezfreight.com\/fr\/blog\/suspension-douane-tva-salons-congres\/\"><img decoding=\"async\" width=\"375\" height=\"250\" src=\"https:\/\/www.mathezfreight.com\/wp-content\/uploads\/photo-onsite-salons-congres-375x250.jpg\" class=\"lae-image attachment-mti-medium-classic size-mti-medium-classic\" alt=\"Salons et congr\u00e8s : douane et TVA\" title=\"Salons et congr\u00e8s : douane et TVA\" srcset=\"https:\/\/www.mathezfreight.com\/wp-content\/uploads\/photo-onsite-salons-congres-375x250.jpg 375w, https:\/\/www.mathezfreight.com\/wp-content\/uploads\/photo-onsite-salons-congres-600x400.jpg 600w, https:\/\/www.mathezfreight.com\/wp-content\/uploads\/photo-onsite-salons-congres-1100x733.jpg 1100w, https:\/\/www.mathezfreight.com\/wp-content\/uploads\/photo-onsite-salons-congres-768x512.jpg 768w, https:\/\/www.mathezfreight.com\/wp-content\/uploads\/photo-onsite-salons-congres-274x183.jpg 274w, https:\/\/www.mathezfreight.com\/wp-content\/uploads\/photo-onsite-salons-congres-1200x800.jpg 1200w, https:\/\/www.mathezfreight.com\/wp-content\/uploads\/photo-onsite-salons-congres-610x406.jpg 610w, https:\/\/www.mathezfreight.com\/wp-content\/uploads\/photo-onsite-salons-congres.jpg 1220w\" sizes=\"(max-width: 375px) 100vw, 375px\" \/><\/a>\n\n                    \n                    \n                        <div class=\"lae-image-info\">\n\n                            <div class=\"lae-entry-info\">\n\n                                \n                                    <h3 class=\"lae-post-title\">\n\n                                        <a href=\"https:\/\/www.mathezfreight.com\/fr\/blog\/suspension-douane-tva-salons-congres\/\" title=\"Suspension de droits de douane et TVA sur les salons et congr\u00e8s: comment \u00e7a marche?\"\n                                           rel=\"bookmark\">Suspension de droits de douane et TVA sur les salons et congr\u00e8s: comment \u00e7a marche?<\/a>\n\n                                    <\/h3>\n\n                                \n                                \n                                    <span class=\"lae-terms\"><a href=\"https:\/\/www.mathezfreight.com\/fr\/blog\/categorie\/fret-mode-demploi\/\">Fret Mode d'Emploi<\/a><\/span>\n                                \n                            <\/div>\n\n                        <\/div><!-- .lae-image-info -->\n\n                    \n                <\/div>\n\n            \n            \n                <div class=\"lae-entry-text-wrap \">\n\n                    \n                        <h3 class=\"entry-title\">\n\n                            <a href=\"https:\/\/www.mathezfreight.com\/fr\/blog\/suspension-douane-tva-salons-congres\/\" title=\"Suspension de droits de douane et TVA sur les salons et congr\u00e8s: comment \u00e7a marche?\"\n                               rel=\"bookmark\">Suspension de droits de douane et TVA sur les salons et congr\u00e8s: comment \u00e7a marche?<\/a>\n\n                        <\/h3>\n\n                    \n                    \n                    \n                    \n                <\/div>\n\n            \n        \n    <\/article><!-- .hentry -->\n\n<\/div><!-- .lae-posts-carousel-item -->\n<div data-id=\"id-66861\" class=\"lae-posts-carousel-item\">\n\n    <article id=\"post-66861\" class=\"post-66861 post type-post status-publish format-standard has-post-thumbnail hentry category-fret-mode-demploi tag-douane tag-tva cibles-une cibles-agences-sud cibles-douane cibles-import cibles-congres cibles-tva cibles-yachts\">\n\n        \n            \n            \n            \n                <div class=\"lae-project-image\">\n\n                    \n                    \n                    \n                        <a href=\"https:\/\/www.mathezfreight.com\/fr\/blog\/douane-cannes-monaco-boat-shows\/\"><img decoding=\"async\" width=\"375\" height=\"250\" src=\"https:\/\/www.mathezfreight.com\/wp-content\/uploads\/photo-cannes-monaco-boat-shows-douane-375x250.jpg\" class=\"lae-image attachment-mti-medium-classic size-mti-medium-classic\" alt=\"photo-cannes-monaco-boat-shows-douane\" title=\"Yacht de luxe naviguant en mer M\u00e9diterran\u00e9e, conformit\u00e9 douani\u00e8re assur\u00e9e.\" srcset=\"https:\/\/www.mathezfreight.com\/wp-content\/uploads\/photo-cannes-monaco-boat-shows-douane-375x250.jpg 375w, https:\/\/www.mathezfreight.com\/wp-content\/uploads\/photo-cannes-monaco-boat-shows-douane-600x400.jpg 600w, https:\/\/www.mathezfreight.com\/wp-content\/uploads\/photo-cannes-monaco-boat-shows-douane-1100x733.jpg 1100w, https:\/\/www.mathezfreight.com\/wp-content\/uploads\/photo-cannes-monaco-boat-shows-douane-768x512.jpg 768w, https:\/\/www.mathezfreight.com\/wp-content\/uploads\/photo-cannes-monaco-boat-shows-douane-274x183.jpg 274w, https:\/\/www.mathezfreight.com\/wp-content\/uploads\/photo-cannes-monaco-boat-shows-douane-1200x800.jpg 1200w, https:\/\/www.mathezfreight.com\/wp-content\/uploads\/photo-cannes-monaco-boat-shows-douane-610x406.jpg 610w, https:\/\/www.mathezfreight.com\/wp-content\/uploads\/photo-cannes-monaco-boat-shows-douane.jpg 1220w\" sizes=\"(max-width: 375px) 100vw, 375px\" \/><\/a>\n\n                    \n                    \n                        <div class=\"lae-image-info\">\n\n                            <div class=\"lae-entry-info\">\n\n                                \n                                    <h3 class=\"lae-post-title\">\n\n                                        <a href=\"https:\/\/www.mathezfreight.com\/fr\/blog\/douane-cannes-monaco-boat-shows\/\" title=\"Cannes et Monaco Boat Shows: la douane en toute conformit\u00e9\"\n                                           rel=\"bookmark\">Cannes et Monaco Boat Shows: la douane en toute conformit\u00e9<\/a>\n\n                                    <\/h3>\n\n                                \n                                \n                                    <span class=\"lae-terms\"><a href=\"https:\/\/www.mathezfreight.com\/fr\/blog\/categorie\/fret-mode-demploi\/\">Fret Mode d'Emploi<\/a><\/span>\n                                \n                            <\/div>\n\n                        <\/div><!-- .lae-image-info -->\n\n                    \n                <\/div>\n\n            \n            \n                <div class=\"lae-entry-text-wrap \">\n\n                    \n                        <h3 class=\"entry-title\">\n\n                            <a href=\"https:\/\/www.mathezfreight.com\/fr\/blog\/douane-cannes-monaco-boat-shows\/\" title=\"Cannes et Monaco Boat Shows: la douane en toute conformit\u00e9\"\n                               rel=\"bookmark\">Cannes et Monaco Boat Shows: la douane en toute conformit\u00e9<\/a>\n\n                        <\/h3>\n\n                    \n                    \n                    \n                    \n                <\/div>\n\n            \n        \n    <\/article><!-- .hentry -->\n\n<\/div><!-- .lae-posts-carousel-item -->\n<div data-id=\"id-66938\" class=\"lae-posts-carousel-item\">\n\n    <article id=\"post-66938\" class=\"post-66938 post type-post status-publish format-standard has-post-thumbnail hentry category-operations tag-aerien tag-international tag-maritime cibles-une cibles-aerien cibles-maritime\">\n\n        \n            \n            \n            \n                <div class=\"lae-project-image\">\n\n                    \n                    \n                    \n                        <a href=\"https:\/\/www.mathezfreight.com\/fr\/blog\/crise-golfe-transports-sitrep\/\"><img decoding=\"async\" width=\"375\" height=\"250\" src=\"https:\/\/www.mathezfreight.com\/wp-content\/uploads\/photo-golfe-transports-sitrep-375x250.jpg\" class=\"lae-image attachment-mti-medium-classic size-mti-medium-classic\" alt=\"Situation des transports de marchandises transitant par le Golfe persan\" title=\"Transports de marchandises Golfe persique Sitrep 2026\" srcset=\"https:\/\/www.mathezfreight.com\/wp-content\/uploads\/photo-golfe-transports-sitrep-375x250.jpg 375w, https:\/\/www.mathezfreight.com\/wp-content\/uploads\/photo-golfe-transports-sitrep-600x400.jpg 600w, https:\/\/www.mathezfreight.com\/wp-content\/uploads\/photo-golfe-transports-sitrep-1100x733.jpg 1100w, https:\/\/www.mathezfreight.com\/wp-content\/uploads\/photo-golfe-transports-sitrep-768x512.jpg 768w, https:\/\/www.mathezfreight.com\/wp-content\/uploads\/photo-golfe-transports-sitrep-274x183.jpg 274w, https:\/\/www.mathezfreight.com\/wp-content\/uploads\/photo-golfe-transports-sitrep-1200x800.jpg 1200w, https:\/\/www.mathezfreight.com\/wp-content\/uploads\/photo-golfe-transports-sitrep-610x406.jpg 610w, https:\/\/www.mathezfreight.com\/wp-content\/uploads\/photo-golfe-transports-sitrep.jpg 1220w\" sizes=\"(max-width: 375px) 100vw, 375px\" \/><\/a>\n\n                    \n                    \n                        <div class=\"lae-image-info\">\n\n                            <div class=\"lae-entry-info\">\n\n                                \n                                    <h3 class=\"lae-post-title\">\n\n                                        <a href=\"https:\/\/www.mathezfreight.com\/fr\/blog\/crise-golfe-transports-sitrep\/\" title=\"Transports de marchandises via le Golfe persique: rapport de situation\"\n                                           rel=\"bookmark\">Transports de marchandises via le Golfe persique: rapport de situation<\/a>\n\n                                    <\/h3>\n\n                                \n                                \n                                    <span class=\"lae-terms\"><a href=\"https:\/\/www.mathezfreight.com\/fr\/blog\/categorie\/operations\/\">Op\u00e9rations<\/a><\/span>\n                                \n                            <\/div>\n\n                        <\/div><!-- .lae-image-info -->\n\n                    \n                <\/div>\n\n            \n            \n                <div class=\"lae-entry-text-wrap \">\n\n                    \n                        <h3 class=\"entry-title\">\n\n                            <a href=\"https:\/\/www.mathezfreight.com\/fr\/blog\/crise-golfe-transports-sitrep\/\" title=\"Transports de marchandises via le Golfe persique: rapport de situation\"\n                               rel=\"bookmark\">Transports de marchandises via le Golfe persique: rapport de situation<\/a>\n\n                        <\/h3>\n\n                    \n                    \n                    \n                    \n                <\/div>\n\n            \n        \n    <\/article><!-- .hentry -->\n\n<\/div><!-- .lae-posts-carousel-item -->\n<div data-id=\"id-66679\" class=\"lae-posts-carousel-item\">\n\n    <article id=\"post-66679\" class=\"post-66679 post type-post status-publish format-standard has-post-thumbnail hentry category-operations tag-aerien tag-international tag-maritime cibles-une cibles-aerien cibles-maritime\">\n\n        \n            \n            \n            \n                <div class=\"lae-project-image\">\n\n                    \n                    \n                    \n                        <a href=\"https:\/\/www.mathezfreight.com\/fr\/blog\/crise-moyen-orient-2026-transport-marchandises\/\"><img decoding=\"async\" width=\"375\" height=\"250\" src=\"https:\/\/www.mathezfreight.com\/wp-content\/uploads\/photo-moyen-orient-1-375x250.jpg\" class=\"lae-image attachment-mti-medium-classic size-mti-medium-classic\" alt=\"photo-moyen-orient\" title=\"photo-moyen-orient\" srcset=\"https:\/\/www.mathezfreight.com\/wp-content\/uploads\/photo-moyen-orient-1-375x250.jpg 375w, https:\/\/www.mathezfreight.com\/wp-content\/uploads\/photo-moyen-orient-1-274x183.jpg 274w\" sizes=\"(max-width: 375px) 100vw, 375px\" \/><\/a>\n\n                    \n                    \n                        <div class=\"lae-image-info\">\n\n                            <div class=\"lae-entry-info\">\n\n                                \n                                    <h3 class=\"lae-post-title\">\n\n                                        <a href=\"https:\/\/www.mathezfreight.com\/fr\/blog\/crise-moyen-orient-2026-transport-marchandises\/\" title=\"Crise au Moyen-Orient 2026: impacts sur le transport de marchandises et conseils aux chargeurs\"\n                                           rel=\"bookmark\">Crise au Moyen-Orient 2026: impacts sur le transport de marchandises et conseils aux chargeurs<\/a>\n\n                                    <\/h3>\n\n                                \n                                \n                                    <span class=\"lae-terms\"><a href=\"https:\/\/www.mathezfreight.com\/fr\/blog\/categorie\/operations\/\">Op\u00e9rations<\/a><\/span>\n                                \n                            <\/div>\n\n                        <\/div><!-- .lae-image-info -->\n\n                    \n                <\/div>\n\n            \n            \n                <div class=\"lae-entry-text-wrap \">\n\n                    \n                        <h3 class=\"entry-title\">\n\n                            <a href=\"https:\/\/www.mathezfreight.com\/fr\/blog\/crise-moyen-orient-2026-transport-marchandises\/\" title=\"Crise au Moyen-Orient 2026: impacts sur le transport de marchandises et conseils aux chargeurs\"\n                               rel=\"bookmark\">Crise au Moyen-Orient 2026: impacts sur le transport de marchandises et conseils aux chargeurs<\/a>\n\n                        <\/h3>\n\n                    \n                    \n                    \n                    \n                <\/div>\n\n            \n        \n    <\/article><!-- .hentry -->\n\n<\/div><!-- .lae-posts-carousel-item -->\n<div data-id=\"id-66393\" class=\"lae-posts-carousel-item\">\n\n    <article id=\"post-66393\" class=\"post-66393 post type-post status-publish format-standard has-post-thumbnail hentry category-presse category-operations tag-aerien tag-chine tag-maritime cibles-import cibles-maritime\">\n\n        \n            \n            \n            \n                <div class=\"lae-project-image\">\n\n                    \n                    \n                    \n                        <a href=\"https:\/\/www.mathezfreight.com\/fr\/blog\/nouvel-an-chinois-transports\/\"><img decoding=\"async\" width=\"375\" height=\"250\" src=\"https:\/\/www.mathezfreight.com\/wp-content\/uploads\/photo-journal-depositphotos_326235320_L-375x250.jpg\" class=\"lae-image attachment-mti-medium-classic size-mti-medium-classic\" alt=\"MATHEZ FREIGHT dans la presse\" title=\"MATHEZ FREIGHT dans la presse\" srcset=\"https:\/\/www.mathezfreight.com\/wp-content\/uploads\/photo-journal-depositphotos_326235320_L-375x250.jpg 375w, https:\/\/www.mathezfreight.com\/wp-content\/uploads\/photo-journal-depositphotos_326235320_L-274x183.jpg 274w\" sizes=\"(max-width: 375px) 100vw, 375px\" \/><\/a>\n\n                    \n                    \n                        <div class=\"lae-image-info\">\n\n                            <div class=\"lae-entry-info\">\n\n                                \n                                    <h3 class=\"lae-post-title\">\n\n                                        <a href=\"https:\/\/www.mathezfreight.com\/fr\/blog\/nouvel-an-chinois-transports\/\" title=\"Nouvel An Chinois: Les Impacts sur les Transports des Entreprises\"\n                                           rel=\"bookmark\">Nouvel An Chinois: Les Impacts sur les Transports des Entreprises<\/a>\n\n                                    <\/h3>\n\n                                \n                                \n                                    <span class=\"lae-terms\"><a href=\"https:\/\/www.mathezfreight.com\/fr\/blog\/categorie\/presse\/\">Dans la presse<\/a>, <a href=\"https:\/\/www.mathezfreight.com\/fr\/blog\/categorie\/operations\/\">Op\u00e9rations<\/a><\/span>\n                                \n                            <\/div>\n\n                        <\/div><!-- .lae-image-info -->\n\n                    \n                <\/div>\n\n            \n            \n                <div class=\"lae-entry-text-wrap \">\n\n                    \n                        <h3 class=\"entry-title\">\n\n                            <a href=\"https:\/\/www.mathezfreight.com\/fr\/blog\/nouvel-an-chinois-transports\/\" title=\"Nouvel An Chinois: Les Impacts sur les Transports des Entreprises\"\n                               rel=\"bookmark\">Nouvel An Chinois: Les Impacts sur les Transports des Entreprises<\/a>\n\n                        <\/h3>\n\n                    \n                    \n                    \n                    \n                <\/div>\n\n            \n        \n    <\/article><!-- .hentry -->\n\n<\/div><!-- .lae-posts-carousel-item -->\n<div data-id=\"id-35953\" class=\"lae-posts-carousel-item\">\n\n    <article id=\"post-35953\" class=\"post-35953 post type-post status-publish format-standard has-post-thumbnail hentry category-fret-mode-demploi tag-douane cibles-une cibles-agences-nord cibles-agences-sud cibles-douane cibles-import\">\n\n        \n            \n            \n            \n                <div class=\"lae-project-image\">\n\n                    \n                    \n                    \n                        <a href=\"https:\/\/www.mathezfreight.com\/fr\/blog\/codes-douaniers-tarif-douanier\/\"><img decoding=\"async\" width=\"375\" height=\"250\" src=\"https:\/\/www.mathezfreight.com\/wp-content\/uploads\/photo-code-douanier-2020-375x250.jpg\" class=\"lae-image attachment-mti-medium-classic size-mti-medium-classic\" alt=\"Code douanier : le trouver dans le Tarif douanier 2026\" title=\"Code douanier : le trouver dans le Tarif douanier 2026\" srcset=\"https:\/\/www.mathezfreight.com\/wp-content\/uploads\/photo-code-douanier-2020-375x250.jpg 375w, https:\/\/www.mathezfreight.com\/wp-content\/uploads\/photo-code-douanier-2020-274x183.jpg 274w, https:\/\/www.mathezfreight.com\/wp-content\/uploads\/photo-code-douanier-2020-1200x800.jpg 1200w\" sizes=\"(max-width: 375px) 100vw, 375px\" \/><\/a>\n\n                    \n                    \n                        <div class=\"lae-image-info\">\n\n                            <div class=\"lae-entry-info\">\n\n                                \n                                    <h3 class=\"lae-post-title\">\n\n                                        <a href=\"https:\/\/www.mathezfreight.com\/fr\/blog\/codes-douaniers-tarif-douanier\/\" title=\"Comment v\u00e9rifier vos codes et tarifs  douaniers en 2026?\"\n                                           rel=\"bookmark\">Comment v\u00e9rifier vos codes et tarifs  douaniers en 2026?<\/a>\n\n                                    <\/h3>\n\n                                \n                                \n                                    <span class=\"lae-terms\"><a href=\"https:\/\/www.mathezfreight.com\/fr\/blog\/categorie\/fret-mode-demploi\/\">Fret Mode d'Emploi<\/a><\/span>\n                                \n                            <\/div>\n\n                        <\/div><!-- .lae-image-info -->\n\n                    \n                <\/div>\n\n            \n            \n                <div class=\"lae-entry-text-wrap \">\n\n                    \n                        <h3 class=\"entry-title\">\n\n                            <a href=\"https:\/\/www.mathezfreight.com\/fr\/blog\/codes-douaniers-tarif-douanier\/\" title=\"Comment v\u00e9rifier vos codes et tarifs  douaniers en 2026?\"\n                               rel=\"bookmark\">Comment v\u00e9rifier vos codes et tarifs  douaniers en 2026?<\/a>\n\n                        <\/h3>\n\n                    \n                    \n                    \n                    \n                <\/div>\n\n            \n        \n    <\/article><!-- .hentry -->\n\n<\/div><!-- .lae-posts-carousel-item -->\n<div data-id=\"id-53358\" class=\"lae-posts-carousel-item\">\n\n    <article id=\"post-53358\" class=\"post-53358 post type-post status-publish format-standard has-post-thumbnail hentry category-fret-mode-demploi tag-international tag-maritime tag-turquie cibles-aerien cibles-agences-sud cibles-douane cibles-import cibles-maritime\">\n\n        \n            \n            \n            \n                <div class=\"lae-project-image\">\n\n                    \n                    \n                    \n                        <a href=\"https:\/\/www.mathezfreight.com\/fr\/blog\/turquie-import-export-transport-formalites-douanieres\/\"><img decoding=\"async\" width=\"375\" height=\"250\" src=\"https:\/\/www.mathezfreight.com\/wp-content\/uploads\/photo-turquie-depositphotos_163574358_xl-375x250.jpg\" class=\"lae-image attachment-mti-medium-classic size-mti-medium-classic\" alt=\"Import Export Turquie\" title=\"Import Export Turquie\" srcset=\"https:\/\/www.mathezfreight.com\/wp-content\/uploads\/photo-turquie-depositphotos_163574358_xl-375x250.jpg 375w, https:\/\/www.mathezfreight.com\/wp-content\/uploads\/photo-turquie-depositphotos_163574358_xl-600x398.jpg 600w, https:\/\/www.mathezfreight.com\/wp-content\/uploads\/photo-turquie-depositphotos_163574358_xl-1100x730.jpg 1100w, https:\/\/www.mathezfreight.com\/wp-content\/uploads\/photo-turquie-depositphotos_163574358_xl-768x510.jpg 768w, https:\/\/www.mathezfreight.com\/wp-content\/uploads\/photo-turquie-depositphotos_163574358_xl-274x183.jpg 274w, https:\/\/www.mathezfreight.com\/wp-content\/uploads\/photo-turquie-depositphotos_163574358_xl-1200x800.jpg 1200w, https:\/\/www.mathezfreight.com\/wp-content\/uploads\/photo-turquie-depositphotos_163574358_xl-25x17.jpg 25w, https:\/\/www.mathezfreight.com\/wp-content\/uploads\/photo-turquie-depositphotos_163574358_xl-68x45.jpg 68w, https:\/\/www.mathezfreight.com\/wp-content\/uploads\/photo-turquie-depositphotos_163574358_xl-900x598.jpg 900w, https:\/\/www.mathezfreight.com\/wp-content\/uploads\/photo-turquie-depositphotos_163574358_xl.jpg 1220w\" sizes=\"(max-width: 375px) 100vw, 375px\" \/><\/a>\n\n                    \n                    \n                        <div class=\"lae-image-info\">\n\n                            <div class=\"lae-entry-info\">\n\n                                \n                                    <h3 class=\"lae-post-title\">\n\n                                        <a href=\"https:\/\/www.mathezfreight.com\/fr\/blog\/turquie-import-export-transport-formalites-douanieres\/\" title=\"Turquie : Import \/ export, transport &#038; formalit\u00e9s douani\u00e8res en 2026\"\n                                           rel=\"bookmark\">Turquie : Import \/ export, transport &#038; formalit\u00e9s douani\u00e8res en 2026<\/a>\n\n                                    <\/h3>\n\n                                \n                                \n                                    <span class=\"lae-terms\"><a href=\"https:\/\/www.mathezfreight.com\/fr\/blog\/categorie\/fret-mode-demploi\/\">Fret Mode d'Emploi<\/a><\/span>\n                                \n                            <\/div>\n\n                        <\/div><!-- .lae-image-info -->\n\n                    \n                <\/div>\n\n            \n            \n                <div class=\"lae-entry-text-wrap \">\n\n                    \n                        <h3 class=\"entry-title\">\n\n                            <a href=\"https:\/\/www.mathezfreight.com\/fr\/blog\/turquie-import-export-transport-formalites-douanieres\/\" title=\"Turquie : Import \/ export, transport &#038; formalit\u00e9s douani\u00e8res en 2026\"\n                               rel=\"bookmark\">Turquie : Import \/ export, transport &#038; formalit\u00e9s douani\u00e8res en 2026<\/a>\n\n                        <\/h3>\n\n                    \n                    \n                    \n                    \n                <\/div>\n\n            \n        \n    <\/article><!-- .hentry -->\n\n<\/div><!-- .lae-posts-carousel-item -->\n<div data-id=\"id-64563\" class=\"lae-posts-carousel-item\">\n\n    <article id=\"post-64563\" class=\"post-64563 post type-post status-publish format-standard has-post-thumbnail hentry category-fret-mode-demploi tag-douane tag-yachting cibles-une cibles-agences-sud cibles-douane cibles-yachts\">\n\n        \n            \n            \n            \n                <div class=\"lae-project-image\">\n\n                    \n                    \n                    \n                        <a href=\"https:\/\/www.mathezfreight.com\/fr\/blog\/admission-temporaire-yachting\/\"><img decoding=\"async\" width=\"375\" height=\"250\" src=\"https:\/\/www.mathezfreight.com\/wp-content\/uploads\/photo_yachts_depositphotos_91479904_l-375x250.jpg\" class=\"lae-image attachment-mti-medium-classic size-mti-medium-classic\" alt=\"Admission temporaire 18 mois yachting\" title=\"Admission temporaire 18 mois yachting\" srcset=\"https:\/\/www.mathezfreight.com\/wp-content\/uploads\/photo_yachts_depositphotos_91479904_l-375x250.jpg 375w, https:\/\/www.mathezfreight.com\/wp-content\/uploads\/photo_yachts_depositphotos_91479904_l-274x183.jpg 274w\" sizes=\"(max-width: 375px) 100vw, 375px\" \/><\/a>\n\n                    \n                    \n                        <div class=\"lae-image-info\">\n\n                            <div class=\"lae-entry-info\">\n\n                                \n                                    <h3 class=\"lae-post-title\">\n\n                                        <a href=\"https:\/\/www.mathezfreight.com\/fr\/blog\/admission-temporaire-yachting\/\" title=\"Admission Temporaire 18 mois pour yachts: naviguer en Europe sans import ni TVA\"\n                                           rel=\"bookmark\">Admission Temporaire 18 mois pour yachts: naviguer en Europe sans import ni TVA<\/a>\n\n                                    <\/h3>\n\n                                \n                                \n                                    <span class=\"lae-terms\"><a href=\"https:\/\/www.mathezfreight.com\/fr\/blog\/categorie\/fret-mode-demploi\/\">Fret Mode d'Emploi<\/a><\/span>\n                                \n                            <\/div>\n\n                        <\/div><!-- .lae-image-info -->\n\n                    \n                <\/div>\n\n            \n            \n                <div class=\"lae-entry-text-wrap \">\n\n                    \n                        <h3 class=\"entry-title\">\n\n                            <a href=\"https:\/\/www.mathezfreight.com\/fr\/blog\/admission-temporaire-yachting\/\" title=\"Admission Temporaire 18 mois pour yachts: naviguer en Europe sans import ni TVA\"\n                               rel=\"bookmark\">Admission Temporaire 18 mois pour yachts: naviguer en Europe sans import ni TVA<\/a>\n\n                        <\/h3>\n\n                    \n                    \n                    \n                    \n                <\/div>\n\n            \n        \n    <\/article><!-- .hentry -->\n\n<\/div><!-- .lae-posts-carousel-item --><\/div><!-- .lae-posts-carousel -->\t\t\t\t<\/div>\n\t\t\t\t<\/div>\n\t\t\t\t\t<\/div>\n\t\t<\/div>\n\t\t\t\t\t<\/div>\n\t\t<\/aside>\n\t\t\t\t<aside class=\"elementor-section elementor-top-section elementor-element elementor-element-9bef97a mti-social-bar bottom grey elementor-section-boxed elementor-section-height-default elementor-section-height-default default-style\" data-id=\"9bef97a\" data-element_type=\"section\" data-e-type=\"section\" data-settings=\"{&quot;rt_color_sets&quot;:&quot;default-style&quot;}\">\n\t\t\t\t\t\t<div class=\"elementor-container elementor-column-gap-default\">\n\t\t\t\t\t<div class=\"elementor-column elementor-col-100 elementor-top-column elementor-element elementor-element-4afd842\" data-id=\"4afd842\" data-element_type=\"column\" data-e-type=\"column\">\n\t\t\t<div class=\"elementor-widget-wrap elementor-element-populated\">\n\t\t\t\t\t\t<div class=\"elementor-element elementor-element-51ac8ab elementor-share-buttons--view-icon elementor-share-buttons--skin-flat elementor-share-buttons--shape-square elementor-grid-0 elementor-share-buttons--color-official elementor-invisible elementor-widget elementor-widget-share-buttons\" data-id=\"51ac8ab\" data-element_type=\"widget\" data-e-type=\"widget\" data-settings=\"{&quot;_animation&quot;:&quot;fadeInLeft&quot;}\" data-widget_type=\"share-buttons.default\">\n\t\t\t\t<div class=\"elementor-widget-container\">\n\t\t\t\t\t\t\t<div class=\"elementor-grid\" role=\"list\">\n\t\t\t\t\t\t\t\t<div class=\"elementor-grid-item\" role=\"listitem\">\n\t\t\t\t\t\t<div class=\"elementor-share-btn elementor-share-btn_email\" role=\"button\" tabindex=\"0\" aria-label=\"Partager sur email\">\n\t\t\t\t\t\t\t\t\t\t\t\t\t\t\t<span class=\"elementor-share-btn__icon\">\n\t\t\t\t\t\t\t\t<i class=\"fas fa-envelope\" aria-hidden=\"true\"><\/i>\t\t\t\t\t\t\t<\/span>\n\t\t\t\t\t\t\t\t\t\t\t\t\t\t\t\t\t\t\t\t<\/div>\n\t\t\t\t\t<\/div>\n\t\t\t\t\t\t\t\t\t<div class=\"elementor-grid-item\" role=\"listitem\">\n\t\t\t\t\t\t<div class=\"elementor-share-btn elementor-share-btn_linkedin\" role=\"button\" tabindex=\"0\" aria-label=\"Partager sur linkedin\">\n\t\t\t\t\t\t\t\t\t\t\t\t\t\t\t<span class=\"elementor-share-btn__icon\">\n\t\t\t\t\t\t\t\t<i class=\"fab fa-linkedin\" aria-hidden=\"true\"><\/i>\t\t\t\t\t\t\t<\/span>\n\t\t\t\t\t\t\t\t\t\t\t\t\t\t\t\t\t\t\t\t<\/div>\n\t\t\t\t\t<\/div>\n\t\t\t\t\t\t\t\t\t<div class=\"elementor-grid-item\" role=\"listitem\">\n\t\t\t\t\t\t<div class=\"elementor-share-btn elementor-share-btn_twitter\" role=\"button\" tabindex=\"0\" aria-label=\"Partager sur twitter\">\n\t\t\t\t\t\t\t\t\t\t\t\t\t\t\t<span class=\"elementor-share-btn__icon\">\n\t\t\t\t\t\t\t\t<i class=\"fab fa-twitter\" aria-hidden=\"true\"><\/i>\t\t\t\t\t\t\t<\/span>\n\t\t\t\t\t\t\t\t\t\t\t\t\t\t\t\t\t\t\t\t<\/div>\n\t\t\t\t\t<\/div>\n\t\t\t\t\t\t\t\t\t<div class=\"elementor-grid-item\" role=\"listitem\">\n\t\t\t\t\t\t<div class=\"elementor-share-btn elementor-share-btn_facebook\" role=\"button\" tabindex=\"0\" aria-label=\"Partager sur facebook\">\n\t\t\t\t\t\t\t\t\t\t\t\t\t\t\t<span class=\"elementor-share-btn__icon\">\n\t\t\t\t\t\t\t\t<i class=\"fab fa-facebook\" aria-hidden=\"true\"><\/i>\t\t\t\t\t\t\t<\/span>\n\t\t\t\t\t\t\t\t\t\t\t\t\t\t\t\t\t\t\t\t<\/div>\n\t\t\t\t\t<\/div>\n\t\t\t\t\t\t\t\t\t<div class=\"elementor-grid-item\" role=\"listitem\">\n\t\t\t\t\t\t<div class=\"elementor-share-btn elementor-share-btn_print\" role=\"button\" tabindex=\"0\" aria-label=\"Partager sur print\">\n\t\t\t\t\t\t\t\t\t\t\t\t\t\t\t<span class=\"elementor-share-btn__icon\">\n\t\t\t\t\t\t\t\t<i class=\"fas fa-print\" aria-hidden=\"true\"><\/i>\t\t\t\t\t\t\t<\/span>\n\t\t\t\t\t\t\t\t\t\t\t\t\t\t\t\t\t\t\t\t<\/div>\n\t\t\t\t\t<\/div>\n\t\t\t\t\t\t<\/div>\n\t\t\t\t\t\t<\/div>\n\t\t\t\t<\/div>\n\t\t\t\t\t<\/div>\n\t\t<\/div>\n\t\t\t\t\t<\/div>\n\t\t<\/aside>\n\t\t\t\t<section class=\"elementor-section elementor-top-section elementor-element elementor-element-ab4dc06 mti-navigation-pages elementor-section-boxed elementor-section-height-default elementor-section-height-default default-style\" data-id=\"ab4dc06\" data-element_type=\"section\" data-e-type=\"section\" data-settings=\"{&quot;rt_color_sets&quot;:&quot;default-style&quot;}\">\n\t\t\t\t\t\t<div class=\"elementor-container elementor-column-gap-default\">\n\t\t\t\t\t<div class=\"elementor-column elementor-col-100 elementor-top-column elementor-element elementor-element-d891085\" data-id=\"d891085\" data-element_type=\"column\" data-e-type=\"column\">\n\t\t\t<div class=\"elementor-widget-wrap elementor-element-populated\">\n\t\t\t\t\t\t<div class=\"elementor-element elementor-element-cc04dc4 elementor-widget elementor-widget-post-navigation\" data-id=\"cc04dc4\" data-element_type=\"widget\" data-e-type=\"widget\" data-widget_type=\"post-navigation.default\">\n\t\t\t\t<div class=\"elementor-widget-container\">\n\t\t\t\t\t\t\t<div class=\"elementor-post-navigation\" role=\"navigation\" aria-label=\"Navigation de publication\">\n\t\t\t<div class=\"elementor-post-navigation__prev elementor-post-navigation__link\">\n\t\t\t\t<a href=\"https:\/\/www.mathezfreight.com\/fr\/blog\/aromes-cosmetiques-controle-bio-nice\/\" rel=\"prev\"><span class=\"post-navigation__arrow-wrapper post-navigation__arrow-prev\"><i aria-hidden=\"true\" class=\"fas fa-angle-left\"><\/i><span class=\"elementor-screen-only\">Prev<\/span><\/span><span class=\"elementor-post-navigation__link__prev\"><span class=\"post-navigation__prev--title\">Les industries ar\u00f4mes et cosm\u00e9tique ont leur contr\u00f4le bio \u00e0 Nice<\/span><\/span><\/a>\t\t\t<\/div>\n\t\t\t\t\t\t<div class=\"elementor-post-navigation__next elementor-post-navigation__link\">\n\t\t\t\t<a href=\"https:\/\/www.mathezfreight.com\/fr\/blog\/portrait-de-frederic-mercier-dans-monsieur-madame\/\" rel=\"next\"><span class=\"elementor-post-navigation__link__next\"><span class=\"post-navigation__next--title\">Portrait de Fr\u00e9d\u00e9ric Mercier dans &lsquo;Monsieur &#038; Madame&rsquo;<\/span><\/span><span class=\"post-navigation__arrow-wrapper post-navigation__arrow-next\"><i aria-hidden=\"true\" class=\"fas fa-angle-right\"><\/i><span class=\"elementor-screen-only\">Suivant<\/span><\/span><\/a>\t\t\t<\/div>\n\t\t<\/div>\n\t\t\t\t\t\t<\/div>\n\t\t\t\t<\/div>\n\t\t\t\t\t<\/div>\n\t\t<\/div>\n\t\t\t\t\t<\/div>\n\t\t<\/section>\n\t\t\t\t<\/div>\n\t\t","protected":false},"excerpt":{"rendered":"<p>Transitaire organisateur de transports \u00e0 Marseille Fos: fret a\u00e9rien &#038; maritime, repr\u00e9sentant en douane, import \/ export en France et dans le monde entier.<\/p>\n","protected":false},"author":1,"featured_media":19426,"parent":18594,"menu_order":25,"comment_status":"closed","ping_status":"closed","template":"page-mti-a4.php","meta":{"iawp_total_views":1138,"footnotes":""},"class_list":["post-18516","page","type-page","status-publish","has-post-thumbnail","hentry"],"yoast_head":"<!-- This site is optimized with the Yoast SEO Premium plugin v27.4 (Yoast SEO v27.4) - https:\/\/yoast.com\/product\/yoast-seo-premium-wordpress\/ -->\n<title>Transitaire \u00e0 Marseille - MATHEZ FREIGHT<\/title>\n<meta name=\"description\" content=\"Transitaire organisateur de transports \u00e0 Marseille Fos: fret a\u00e9rien &amp; maritime, repr\u00e9sentant en douane, import \/ export en France et dans le monde entier.\" \/>\n<meta name=\"robots\" content=\"index, follow, max-snippet:-1, max-image-preview:large, max-video-preview:-1\" \/>\n<link rel=\"canonical\" href=\"https:\/\/www.mathezfreight.com\/fr\/profil\/agences\/marseille\/\" \/>\n<meta property=\"og:locale\" content=\"fr_FR\" \/>\n<meta property=\"og:type\" content=\"article\" \/>\n<meta property=\"og:title\" content=\"Transitaire \u00e0 Marseille\" \/>\n<meta property=\"og:description\" content=\"Transitaire organisateur de transports \u00e0 Marseille Fos: fret a\u00e9rien &amp; maritime, repr\u00e9sentant en douane, import \/ export en France et dans le monde entier.\" \/>\n<meta property=\"og:url\" content=\"https:\/\/www.mathezfreight.com\/fr\/profil\/agences\/marseille\/\" \/>\n<meta property=\"og:site_name\" content=\"MATHEZ FREIGHT\" \/>\n<meta property=\"article:publisher\" content=\"https:\/\/www.facebook.com\/MathezFreight\/\" \/>\n<meta property=\"article:modified_time\" content=\"2026-03-04T10:29:29+00:00\" \/>\n<meta property=\"og:image\" content=\"https:\/\/www.mathezfreight.com\/wp-content\/uploads\/photo-agence-marseille-marignane-amp-francoise.jpg\" \/>\n\t<meta property=\"og:image:width\" content=\"1754\" \/>\n\t<meta property=\"og:image:height\" content=\"1169\" \/>\n\t<meta property=\"og:image:type\" content=\"image\/jpeg\" \/>\n<meta name=\"twitter:card\" content=\"summary_large_image\" \/>\n<meta name=\"twitter:site\" content=\"@MathezFreight\" \/>\n<meta name=\"twitter:label1\" content=\"Dur\u00e9e de lecture estim\u00e9e\" \/>\n\t<meta name=\"twitter:data1\" content=\"18 minutes\" \/>\n<script type=\"application\/ld+json\" class=\"yoast-schema-graph\">{\"@context\":\"https:\\\/\\\/schema.org\",\"@graph\":[{\"@type\":\"WebPage\",\"@id\":\"https:\\\/\\\/www.mathezfreight.com\\\/fr\\\/profil\\\/agences\\\/marseille\\\/\",\"url\":\"https:\\\/\\\/www.mathezfreight.com\\\/fr\\\/profil\\\/agences\\\/marseille\\\/\",\"name\":\"Transitaire \u00e0 Marseille - MATHEZ FREIGHT\",\"isPartOf\":{\"@id\":\"https:\\\/\\\/www.mathezfreight.com\\\/fr\\\/#website\"},\"primaryImageOfPage\":{\"@id\":\"https:\\\/\\\/www.mathezfreight.com\\\/fr\\\/profil\\\/agences\\\/marseille\\\/#primaryimage\"},\"image\":{\"@id\":\"https:\\\/\\\/www.mathezfreight.com\\\/fr\\\/profil\\\/agences\\\/marseille\\\/#primaryimage\"},\"thumbnailUrl\":\"https:\\\/\\\/www.mathezfreight.com\\\/wp-content\\\/uploads\\\/photo-agence-marseille-marignane-amp-francoise.jpg\",\"datePublished\":\"2018-11-28T12:01:09+00:00\",\"dateModified\":\"2026-03-04T10:29:29+00:00\",\"description\":\"Transitaire organisateur de transports \u00e0 Marseille Fos: fret a\u00e9rien & maritime, repr\u00e9sentant en douane, import \\\/ export en France et dans le monde entier.\",\"breadcrumb\":{\"@id\":\"https:\\\/\\\/www.mathezfreight.com\\\/fr\\\/profil\\\/agences\\\/marseille\\\/#breadcrumb\"},\"inLanguage\":\"fr-FR\",\"potentialAction\":[{\"@type\":\"ReadAction\",\"target\":[\"https:\\\/\\\/www.mathezfreight.com\\\/fr\\\/profil\\\/agences\\\/marseille\\\/\"]}]},{\"@type\":\"ImageObject\",\"inLanguage\":\"fr-FR\",\"@id\":\"https:\\\/\\\/www.mathezfreight.com\\\/fr\\\/profil\\\/agences\\\/marseille\\\/#primaryimage\",\"url\":\"https:\\\/\\\/www.mathezfreight.com\\\/wp-content\\\/uploads\\\/photo-agence-marseille-marignane-amp-francoise.jpg\",\"contentUrl\":\"https:\\\/\\\/www.mathezfreight.com\\\/wp-content\\\/uploads\\\/photo-agence-marseille-marignane-amp-francoise.jpg\",\"width\":1754,\"height\":1169,\"caption\":\"\u00a9 AMP\"},{\"@type\":\"BreadcrumbList\",\"@id\":\"https:\\\/\\\/www.mathezfreight.com\\\/fr\\\/profil\\\/agences\\\/marseille\\\/#breadcrumb\",\"itemListElement\":[{\"@type\":\"ListItem\",\"position\":1,\"name\":\"Home\",\"item\":\"https:\\\/\\\/www.mathezfreight.com\\\/fr\\\/\"},{\"@type\":\"ListItem\",\"position\":2,\"name\":\"A propos\",\"item\":\"https:\\\/\\\/www.mathezfreight.com\\\/fr\\\/profil\\\/\"},{\"@type\":\"ListItem\",\"position\":3,\"name\":\"Agences\",\"item\":\"https:\\\/\\\/www.mathezfreight.com\\\/fr\\\/profil\\\/agences\\\/\"},{\"@type\":\"ListItem\",\"position\":4,\"name\":\"Marseille\"}]},{\"@type\":\"WebSite\",\"@id\":\"https:\\\/\\\/www.mathezfreight.com\\\/fr\\\/#website\",\"url\":\"https:\\\/\\\/www.mathezfreight.com\\\/fr\\\/\",\"name\":\"MATHEZ FREIGHT\",\"description\":\"Solutions transport sur mesure, suivies, efficaces\",\"publisher\":{\"@id\":\"https:\\\/\\\/www.mathezfreight.com\\\/fr\\\/#organization\"},\"alternateName\":\"MATHEZ TRANSPORTS INTERNATIONAUX\",\"potentialAction\":[{\"@type\":\"SearchAction\",\"target\":{\"@type\":\"EntryPoint\",\"urlTemplate\":\"https:\\\/\\\/www.mathezfreight.com\\\/fr\\\/?s={search_term_string}\"},\"query-input\":{\"@type\":\"PropertyValueSpecification\",\"valueRequired\":true,\"valueName\":\"search_term_string\"}}],\"inLanguage\":\"fr-FR\"},{\"@type\":\"Organization\",\"@id\":\"https:\\\/\\\/www.mathezfreight.com\\\/fr\\\/#organization\",\"name\":\"MATHEZ FREIGHT\",\"alternateName\":\"MATHEZ TRANSPORTS INTERNATIONAUX\",\"url\":\"https:\\\/\\\/www.mathezfreight.com\\\/fr\\\/\",\"logo\":{\"@type\":\"ImageObject\",\"inLanguage\":\"fr-FR\",\"@id\":\"https:\\\/\\\/www.mathezfreight.com\\\/fr\\\/#\\\/schema\\\/logo\\\/image\\\/\",\"url\":\"https:\\\/\\\/www.mathezfreight.com\\\/wp-content\\\/uploads\\\/logo-mathez-freight-400pxw.png\",\"contentUrl\":\"https:\\\/\\\/www.mathezfreight.com\\\/wp-content\\\/uploads\\\/logo-mathez-freight-400pxw.png\",\"width\":400,\"height\":136,\"caption\":\"MATHEZ FREIGHT\"},\"image\":{\"@id\":\"https:\\\/\\\/www.mathezfreight.com\\\/fr\\\/#\\\/schema\\\/logo\\\/image\\\/\"},\"sameAs\":[\"https:\\\/\\\/www.facebook.com\\\/MathezFreight\\\/\",\"https:\\\/\\\/x.com\\\/MathezFreight\",\"https:\\\/\\\/www.linkedin.com\\\/company\\\/mathezfreight\\\/\"],\"description\":\"Transitaire fran\u00e7ais, organisateur de transport international: fret a\u00e9rien, fret maritime, commissionnaire en douane agr\u00e9\u00e9 OEA-Full. 17 agences en France sur tous les principaux ports et a\u00e9roports.\",\"email\":\"web@mathezfreight.com\",\"telephone\":\"+33.497257825\",\"legalName\":\"MATHEZ TRANSPORTS INTERNATIONAUX\",\"foundingDate\":\"1950-01-01\",\"numberOfEmployees\":{\"@type\":\"QuantitativeValue\",\"minValue\":\"51\",\"maxValue\":\"200\"}}]}<\/script>\n<!-- \/ Yoast SEO Premium plugin. -->","yoast_head_json":{"title":"Transitaire \u00e0 Marseille - MATHEZ FREIGHT","description":"Transitaire organisateur de transports \u00e0 Marseille Fos: fret a\u00e9rien & maritime, repr\u00e9sentant en douane, import \/ export en France et dans le monde entier.","robots":{"index":"index","follow":"follow","max-snippet":"max-snippet:-1","max-image-preview":"max-image-preview:large","max-video-preview":"max-video-preview:-1"},"canonical":"https:\/\/www.mathezfreight.com\/fr\/profil\/agences\/marseille\/","og_locale":"fr_FR","og_type":"article","og_title":"Transitaire \u00e0 Marseille","og_description":"Transitaire organisateur de transports \u00e0 Marseille Fos: fret a\u00e9rien & maritime, repr\u00e9sentant en douane, import \/ export en France et dans le monde entier.","og_url":"https:\/\/www.mathezfreight.com\/fr\/profil\/agences\/marseille\/","og_site_name":"MATHEZ FREIGHT","article_publisher":"https:\/\/www.facebook.com\/MathezFreight\/","article_modified_time":"2026-03-04T10:29:29+00:00","og_image":[{"width":1754,"height":1169,"url":"https:\/\/www.mathezfreight.com\/wp-content\/uploads\/photo-agence-marseille-marignane-amp-francoise.jpg","type":"image\/jpeg"}],"twitter_card":"summary_large_image","twitter_site":"@MathezFreight","twitter_misc":{"Dur\u00e9e de lecture estim\u00e9e":"18 minutes"},"schema":{"@context":"https:\/\/schema.org","@graph":[{"@type":"WebPage","@id":"https:\/\/www.mathezfreight.com\/fr\/profil\/agences\/marseille\/","url":"https:\/\/www.mathezfreight.com\/fr\/profil\/agences\/marseille\/","name":"Transitaire \u00e0 Marseille - MATHEZ FREIGHT","isPartOf":{"@id":"https:\/\/www.mathezfreight.com\/fr\/#website"},"primaryImageOfPage":{"@id":"https:\/\/www.mathezfreight.com\/fr\/profil\/agences\/marseille\/#primaryimage"},"image":{"@id":"https:\/\/www.mathezfreight.com\/fr\/profil\/agences\/marseille\/#primaryimage"},"thumbnailUrl":"https:\/\/www.mathezfreight.com\/wp-content\/uploads\/photo-agence-marseille-marignane-amp-francoise.jpg","datePublished":"2018-11-28T12:01:09+00:00","dateModified":"2026-03-04T10:29:29+00:00","description":"Transitaire organisateur de transports \u00e0 Marseille Fos: fret a\u00e9rien & maritime, repr\u00e9sentant en douane, import \/ export en France et dans le monde entier.","breadcrumb":{"@id":"https:\/\/www.mathezfreight.com\/fr\/profil\/agences\/marseille\/#breadcrumb"},"inLanguage":"fr-FR","potentialAction":[{"@type":"ReadAction","target":["https:\/\/www.mathezfreight.com\/fr\/profil\/agences\/marseille\/"]}]},{"@type":"ImageObject","inLanguage":"fr-FR","@id":"https:\/\/www.mathezfreight.com\/fr\/profil\/agences\/marseille\/#primaryimage","url":"https:\/\/www.mathezfreight.com\/wp-content\/uploads\/photo-agence-marseille-marignane-amp-francoise.jpg","contentUrl":"https:\/\/www.mathezfreight.com\/wp-content\/uploads\/photo-agence-marseille-marignane-amp-francoise.jpg","width":1754,"height":1169,"caption":"\u00a9 AMP"},{"@type":"BreadcrumbList","@id":"https:\/\/www.mathezfreight.com\/fr\/profil\/agences\/marseille\/#breadcrumb","itemListElement":[{"@type":"ListItem","position":1,"name":"Home","item":"https:\/\/www.mathezfreight.com\/fr\/"},{"@type":"ListItem","position":2,"name":"A propos","item":"https:\/\/www.mathezfreight.com\/fr\/profil\/"},{"@type":"ListItem","position":3,"name":"Agences","item":"https:\/\/www.mathezfreight.com\/fr\/profil\/agences\/"},{"@type":"ListItem","position":4,"name":"Marseille"}]},{"@type":"WebSite","@id":"https:\/\/www.mathezfreight.com\/fr\/#website","url":"https:\/\/www.mathezfreight.com\/fr\/","name":"MATHEZ FREIGHT","description":"Solutions transport sur mesure, suivies, efficaces","publisher":{"@id":"https:\/\/www.mathezfreight.com\/fr\/#organization"},"alternateName":"MATHEZ TRANSPORTS INTERNATIONAUX","potentialAction":[{"@type":"SearchAction","target":{"@type":"EntryPoint","urlTemplate":"https:\/\/www.mathezfreight.com\/fr\/?s={search_term_string}"},"query-input":{"@type":"PropertyValueSpecification","valueRequired":true,"valueName":"search_term_string"}}],"inLanguage":"fr-FR"},{"@type":"Organization","@id":"https:\/\/www.mathezfreight.com\/fr\/#organization","name":"MATHEZ FREIGHT","alternateName":"MATHEZ TRANSPORTS INTERNATIONAUX","url":"https:\/\/www.mathezfreight.com\/fr\/","logo":{"@type":"ImageObject","inLanguage":"fr-FR","@id":"https:\/\/www.mathezfreight.com\/fr\/#\/schema\/logo\/image\/","url":"https:\/\/www.mathezfreight.com\/wp-content\/uploads\/logo-mathez-freight-400pxw.png","contentUrl":"https:\/\/www.mathezfreight.com\/wp-content\/uploads\/logo-mathez-freight-400pxw.png","width":400,"height":136,"caption":"MATHEZ FREIGHT"},"image":{"@id":"https:\/\/www.mathezfreight.com\/fr\/#\/schema\/logo\/image\/"},"sameAs":["https:\/\/www.facebook.com\/MathezFreight\/","https:\/\/x.com\/MathezFreight","https:\/\/www.linkedin.com\/company\/mathezfreight\/"],"description":"Transitaire fran\u00e7ais, organisateur de transport international: fret a\u00e9rien, fret maritime, commissionnaire en douane agr\u00e9\u00e9 OEA-Full. 17 agences en France sur tous les principaux ports et a\u00e9roports.","email":"web@mathezfreight.com","telephone":"+33.497257825","legalName":"MATHEZ TRANSPORTS INTERNATIONAUX","foundingDate":"1950-01-01","numberOfEmployees":{"@type":"QuantitativeValue","minValue":"51","maxValue":"200"}}]}},"_links":{"self":[{"href":"https:\/\/www.mathezfreight.com\/fr\/wp-json\/wp\/v2\/pages\/18516","targetHints":{"allow":["GET"]}}],"collection":[{"href":"https:\/\/www.mathezfreight.com\/fr\/wp-json\/wp\/v2\/pages"}],"about":[{"href":"https:\/\/www.mathezfreight.com\/fr\/wp-json\/wp\/v2\/types\/page"}],"author":[{"embeddable":true,"href":"https:\/\/www.mathezfreight.com\/fr\/wp-json\/wp\/v2\/users\/1"}],"replies":[{"embeddable":true,"href":"https:\/\/www.mathezfreight.com\/fr\/wp-json\/wp\/v2\/comments?post=18516"}],"version-history":[{"count":3,"href":"https:\/\/www.mathezfreight.com\/fr\/wp-json\/wp\/v2\/pages\/18516\/revisions"}],"predecessor-version":[{"id":66743,"href":"https:\/\/www.mathezfreight.com\/fr\/wp-json\/wp\/v2\/pages\/18516\/revisions\/66743"}],"up":[{"embeddable":true,"href":"https:\/\/www.mathezfreight.com\/fr\/wp-json\/wp\/v2\/pages\/18594"}],"wp:featuredmedia":[{"embeddable":true,"href":"https:\/\/www.mathezfreight.com\/fr\/wp-json\/wp\/v2\/media\/19426"}],"wp:attachment":[{"href":"https:\/\/www.mathezfreight.com\/fr\/wp-json\/wp\/v2\/media?parent=18516"}],"curies":[{"name":"wp","href":"https:\/\/api.w.org\/{rel}","templated":true}]}}