{"id":52615,"date":"2024-03-18T17:18:15","date_gmt":"2024-03-18T17:18:15","guid":{"rendered":"https:\/\/www.mathezfreight.com\/?page_id=52615"},"modified":"2026-02-03T10:23:02","modified_gmt":"2026-02-03T10:23:02","slug":"sete","status":"publish","type":"page","link":"https:\/\/www.mathezfreight.com\/en\/about\/agencies\/sete\/","title":{"rendered":"Freight forwarder in S\u00e8te &#8211; France-Turkey\/Maghreb"},"content":{"rendered":"\t\t<div data-elementor-type=\"wp-post\" data-elementor-id=\"52615\" class=\"elementor elementor-52615 elementor-52614\" data-elementor-post-type=\"page\">\n\t\t\t\t\t\t<div class=\"elementor-section elementor-top-section elementor-element elementor-element-09d946a elementor-section-stretched elementor-section-full_width bg-about elementor-section-height-default elementor-section-height-default default-style elementor-invisible\" data-id=\"09d946a\" data-element_type=\"section\" data-e-type=\"section\" id=\"mti-page-header\" data-settings=\"{&quot;stretch_section&quot;:&quot;section-stretched&quot;,&quot;animation&quot;:&quot;fadeIn&quot;,&quot;rt_color_sets&quot;:&quot;default-style&quot;}\">\n\t\t\t\t\t\t<div class=\"elementor-container elementor-column-gap-no\">\n\t\t\t\t\t<div class=\"elementor-column elementor-col-100 elementor-top-column elementor-element elementor-element-15b02b8\" data-id=\"15b02b8\" data-element_type=\"column\" data-e-type=\"column\">\n\t\t\t<div class=\"elementor-widget-wrap elementor-element-populated\">\n\t\t\t\t\t\t<div class=\"elementor-element elementor-element-b3e74f4 mti-carte-gmap elementor-widget elementor-widget-html\" data-id=\"b3e74f4\" data-element_type=\"widget\" data-e-type=\"widget\" data-widget_type=\"html.default\">\n\t\t\t\t<div class=\"elementor-widget-container\">\n\t\t\t\t\t<iframe loading=\"lazy\" src=\"https:\/\/www.google.com\/maps\/d\/u\/0\/embed?mid=1lL73C1U8t49mX01Bpqw8QsS2Ut8&amp;ll=43.6%2C4.2&amp;z=10\" width=\"1220\" height=\"455\" style=\"position: relative; top: -50px;\"><\/iframe>\t\t\t\t<\/div>\n\t\t\t\t<\/div>\n\t\t\t\t\t<\/div>\n\t\t<\/div>\n\t\t\t\t\t<\/div>\n\t\t<\/div>\n\t\t\t\t<section class=\"elementor-section elementor-top-section elementor-element elementor-element-969f07a mti-carte-agence elementor-section-boxed elementor-section-height-default elementor-section-height-default default-style\" data-id=\"969f07a\" data-element_type=\"section\" data-e-type=\"section\" data-settings=\"{&quot;background_background&quot;:&quot;classic&quot;,&quot;rt_color_sets&quot;:&quot;default-style&quot;}\">\n\t\t\t\t\t\t<div class=\"elementor-container elementor-column-gap-default\">\n\t\t\t\t\t<div class=\"elementor-column elementor-col-100 elementor-top-column elementor-element elementor-element-1410496\" data-id=\"1410496\" data-element_type=\"column\" data-e-type=\"column\">\n\t\t\t<div class=\"elementor-widget-wrap elementor-element-populated\">\n\t\t\t\t\t\t<div class=\"elementor-element elementor-element-7ac3aa9 mti-carte-visite elementor-icon-list--layout-traditional elementor-list-item-link-full_width elementor-widget elementor-widget-icon-list\" data-id=\"7ac3aa9\" data-element_type=\"widget\" data-e-type=\"widget\" data-widget_type=\"icon-list.default\">\n\t\t\t\t<div class=\"elementor-widget-container\">\n\t\t\t\t\t\t\t<ul class=\"elementor-icon-list-items\">\n\t\t\t\t\t\t\t<li class=\"elementor-icon-list-item\">\n\t\t\t\t\t\t\t\t\t\t<span class=\"elementor-icon-list-text\"><h2>MATHEZ FREIGHT in Sete<\/h2><\/span>\n\t\t\t\t\t\t\t\t\t<\/li>\n\t\t\t\t\t\t\t\t<li class=\"elementor-icon-list-item\">\n\t\t\t\t\t\t\t\t\t\t\t<span class=\"elementor-icon-list-icon\">\n\t\t\t\t\t\t\t<i aria-hidden=\"true\" class=\"fas fa-map-signs\"><\/i>\t\t\t\t\t\t<\/span>\n\t\t\t\t\t\t\t\t\t\t<span class=\"elementor-icon-list-text\">2 rue de copernic, 34770 Gigean, France<\/span>\n\t\t\t\t\t\t\t\t\t<\/li>\n\t\t\t\t\t\t\t\t<li class=\"elementor-icon-list-item\">\n\t\t\t\t\t\t\t\t\t\t\t<a href=\"tel:+33.449060043\">\n\n\t\t\t\t\t\t\t\t\t\t\t\t<span class=\"elementor-icon-list-icon\">\n\t\t\t\t\t\t\t<i aria-hidden=\"true\" class=\"fas fa-phone\"><\/i>\t\t\t\t\t\t<\/span>\n\t\t\t\t\t\t\t\t\t\t<span class=\"elementor-icon-list-text\">  +33.4 49 06 00 43<\/span>\n\t\t\t\t\t\t\t\t\t\t\t<\/a>\n\t\t\t\t\t\t\t\t\t<\/li>\n\t\t\t\t\t\t\t\t<li class=\"elementor-icon-list-item\">\n\t\t\t\t\t\t\t\t\t\t\t<span class=\"elementor-icon-list-icon\">\n\t\t\t\t\t\t\t<i aria-hidden=\"true\" class=\"fasrt-elementor-icon icon-mail\"><\/i>\t\t\t\t\t\t<\/span>\n\t\t\t\t\t\t\t\t\t\t<span class=\"elementor-icon-list-text\">web@mathezfreight.com<\/span>\n\t\t\t\t\t\t\t\t\t<\/li>\n\t\t\t\t\t\t\t\t<li class=\"elementor-icon-list-item\">\n\t\t\t\t\t\t\t\t\t\t\t<a href=\"https:\/\/www.google.com\/maps\/dir\/\/ZAE+LA+CLAU,+2+Rue+de+Copernic,+34770+Gigean\/data=!4m6!4m5!1m1!4e2!1m2!1m1!1s0x12b14b78160eb9e1:0xa3e38dfaab22448e?sa=X&#038;ved=1t:707&#038;ictx=111\" target=\"_blank\" rel=\"nofollow\">\n\n\t\t\t\t\t\t\t\t\t\t\t\t<span class=\"elementor-icon-list-icon\">\n\t\t\t\t\t\t\t<i aria-hidden=\"true\" class=\"fasrt-elementor-icon icon-map-o\"><\/i>\t\t\t\t\t\t<\/span>\n\t\t\t\t\t\t\t\t\t\t<span class=\"elementor-icon-list-text\">Directions<\/span>\n\t\t\t\t\t\t\t\t\t\t\t<\/a>\n\t\t\t\t\t\t\t\t\t<\/li>\n\t\t\t\t\t\t<\/ul>\n\t\t\t\t\t\t<\/div>\n\t\t\t\t<\/div>\n\t\t\t\t<div class=\"elementor-element elementor-element-a6d2574 elementor-widget elementor-widget-rt-button\" data-id=\"a6d2574\" data-element_type=\"widget\" data-e-type=\"widget\" id=\"mti-red-button\" data-widget_type=\"rt-button.default\">\n\t\t\t\t<div class=\"elementor-widget-container\">\n\t\t\t\t\t<div class=\"button_wrapper  hero\"><a href=\"https:\/\/www.mathezfreight.com\/en\/contact\/\" target=\"_self\" title=\"Contact Us\" class=\"button_  style-3 hero\"><span><span class=\"button-icon rt-elementor-icon icon-mail\"><\/span><span>Contact Us<\/span><\/span><\/a><\/div>\t\t\t\t<\/div>\n\t\t\t\t<\/div>\n\t\t\t\t\t<\/div>\n\t\t<\/div>\n\t\t\t\t\t<\/div>\n\t\t<\/section>\n\t\t\t\t<div class=\"elementor-section elementor-top-section elementor-element elementor-element-7d9eafb elementor-section-content-bottom mti-beau-gosse agence elementor-reverse-mobile elementor-section-boxed elementor-section-height-default elementor-section-height-default default-style elementor-invisible\" data-id=\"7d9eafb\" data-element_type=\"section\" data-e-type=\"section\" data-settings=\"{&quot;animation&quot;:&quot;fadeIn&quot;,&quot;rt_color_sets&quot;:&quot;default-style&quot;}\">\n\t\t\t\t\t\t<div class=\"elementor-container elementor-column-gap-default\">\n\t\t\t\t\t<div class=\"elementor-column elementor-col-33 elementor-top-column elementor-element elementor-element-9e758bb\" data-id=\"9e758bb\" data-element_type=\"column\" data-e-type=\"column\">\n\t\t\t<div class=\"elementor-widget-wrap elementor-element-populated\">\n\t\t\t\t\t\t<div class=\"elementor-element elementor-element-5f16e68 elementor-widget elementor-widget-image\" data-id=\"5f16e68\" data-element_type=\"widget\" data-e-type=\"widget\" data-widget_type=\"image.default\">\n\t\t\t\t<div class=\"elementor-widget-container\">\n\t\t\t\t\t\t\t\t\t\t\t\t\t\t\t<img decoding=\"async\" src=\"https:\/\/www.mathezfreight.com\/wp-content\/uploads\/elementor\/thumbs\/photo-frederic-mercier-oay2ge9d5nbvkzof4kwxc0aync1eize550cij9ml9c.png\" title=\"Frederic Mercier\" alt=\"Frederic Mercier\" loading=\"lazy\" \/>\t\t\t\t\t\t\t\t\t\t\t\t\t\t\t<\/div>\n\t\t\t\t<\/div>\n\t\t\t\t\t<\/div>\n\t\t<\/div>\n\t\t\t\t<div class=\"elementor-column elementor-col-66 elementor-top-column elementor-element elementor-element-a3bb058\" data-id=\"a3bb058\" data-element_type=\"column\" data-e-type=\"column\">\n\t\t\t<div class=\"elementor-widget-wrap elementor-element-populated\">\n\t\t\t\t\t\t<div class=\"elementor-element elementor-element-ca247a5 mti-beau-gosse-citation agence elementor-widget elementor-widget-text-editor\" data-id=\"ca247a5\" data-element_type=\"widget\" data-e-type=\"widget\" data-widget_type=\"text-editor.default\">\n\t\t\t\t<div class=\"elementor-widget-container\">\n\t\t\t\t\t\t\t\t\t<blockquote>\n<p>Sete is the French and European entry point for goods flows to and from Turkey as well as the Maghreb countries, with sea and road transport, particularly Ro\/Ro.&nbsp;&nbsp;<\/p>\n<p>MATHEZ FREIGHT is present at all the major port and airport hubs in the northern Mediterranean, so it&#8217;s only natural that we also developed these import\/export activities in Sete. In 2024, a specialized team is ready to handle and optimize your customs and transport&nbsp; requirements.&nbsp;<\/p>\n<\/blockquote>\n<div id=\"mti-beau-gosse-signature\"><span class=\"blue\"><span class=\"blue\">Frederic Mercier<\/span><\/span>, MATHEZ FREIGHT&nbsp;<\/div>\t\t\t\t\t\t\t\t<\/div>\n\t\t\t\t<\/div>\n\t\t\t\t\t<\/div>\n\t\t<\/div>\n\t\t\t\t\t<\/div>\n\t\t<\/div>\n\t\t\t\t<section class=\"elementor-section elementor-top-section elementor-element elementor-element-88c0935 clear elementor-section-boxed elementor-section-height-default elementor-section-height-default default-style\" data-id=\"88c0935\" data-element_type=\"section\" data-e-type=\"section\" data-settings=\"{&quot;rt_color_sets&quot;:&quot;default-style&quot;}\">\n\t\t\t\t\t\t<div class=\"elementor-container elementor-column-gap-default\">\n\t\t\t\t\t<div class=\"elementor-column elementor-col-100 elementor-top-column elementor-element elementor-element-b4ce8df\" data-id=\"b4ce8df\" data-element_type=\"column\" data-e-type=\"column\">\n\t\t\t<div class=\"elementor-widget-wrap elementor-element-populated\">\n\t\t\t\t\t\t<div class=\"elementor-element elementor-element-6465297 elementor-widget elementor-widget-spacer\" data-id=\"6465297\" data-element_type=\"widget\" data-e-type=\"widget\" data-widget_type=\"spacer.default\">\n\t\t\t\t<div class=\"elementor-widget-container\">\n\t\t\t\t\t\t\t<div class=\"elementor-spacer\">\n\t\t\t<div class=\"elementor-spacer-inner\"><\/div>\n\t\t<\/div>\n\t\t\t\t\t\t<\/div>\n\t\t\t\t<\/div>\n\t\t\t\t\t<\/div>\n\t\t<\/div>\n\t\t\t\t\t<\/div>\n\t\t<\/section>\n\t\t\t\t<div class=\"elementor-section elementor-top-section elementor-element elementor-element-25a97f9 mti-diapo services elementor-section-full_width elementor-section-height-default elementor-section-height-default default-style\" data-id=\"25a97f9\" data-element_type=\"section\" data-e-type=\"section\" data-settings=\"{&quot;background_background&quot;:&quot;classic&quot;,&quot;rt_color_sets&quot;:&quot;default-style&quot;}\">\n\t\t\t\t\t\t<div class=\"elementor-container elementor-column-gap-default\">\n\t\t\t\t\t<div class=\"elementor-column elementor-col-50 elementor-top-column elementor-element elementor-element-300200f\" data-id=\"300200f\" data-element_type=\"column\" data-e-type=\"column\">\n\t\t\t<div class=\"elementor-widget-wrap elementor-element-populated\">\n\t\t\t\t\t\t<div class=\"elementor-element elementor-element-fb8407d elementor-widget elementor-widget-text-editor\" data-id=\"fb8407d\" data-element_type=\"widget\" data-e-type=\"widget\" data-widget_type=\"text-editor.default\">\n\t\t\t\t<div class=\"elementor-widget-container\">\n\t\t\t\t\t\t\t\t\t<h2 style=\"text-align: center;\">Our specialties in Sete<\/h2>\n\t \n\t\t<div  class=\"bullet-list style-1  check\">\n\t\t\n<ul>\n \t<li>\n<h6>Organization of sea\/road transport to and from Turkey<\/h6>\n<\/li>\n \t<li><h6>International transfers Morocco \/ Tunisia \/ Algeria route<\/h6><\/li>\n \t<li>\n<h6>Ro\/Ro (Roll On \/ Roll Off)<\/h6>\n<\/li>\n \t<li>\n<h6>Customs clearance, advanced customs management<\/h6>\n<\/li>\n \t<li>\n<h6>Exceptional convoys to all destinations (France \/ international).<\/h6>\n<\/li>\n<\/ul>\n\n\t\t<\/div>\n\t\t\t\t\t\t\t\t\t<\/div>\n\t\t\t\t<\/div>\n\t\t\t\t\t<\/div>\n\t\t<\/div>\n\t\t\t\t<div class=\"elementor-column elementor-col-50 elementor-top-column elementor-element elementor-element-3552d0f\" data-id=\"3552d0f\" data-element_type=\"column\" data-e-type=\"column\">\n\t\t\t<div class=\"elementor-widget-wrap elementor-element-populated\">\n\t\t\t\t\t\t<div class=\"elementor-element elementor-element-efb949b elementor-widget elementor-widget-rt-image-carousel\" data-id=\"efb949b\" data-element_type=\"widget\" data-e-type=\"widget\" data-widget_type=\"rt-image-carousel.default\">\n\t\t\t\t<div class=\"elementor-widget-container\">\n\t\t\t\t\t\r\n\t\t\t\t<div id=\"image-carousel-536145\" class=\"rt-carousel carousel-holder clearfix rt-image-carousel  rt_lightbox_gallery\" data-item-width=\"1\" data-nav=\"\" data-dots=\"\" data-margin=\"0\" data-autoplay=\"true\" data-timeout=\"4000\" data-thumbnails=\"false\" data-boxed=\"\" data-min-height=\"\" data-padding=\"0\" data-loop=\"\" data-tablet-item-width=\"\" data-mobile-item-width=\"\">\r\n\t\t\t\t\t<div class=\"owl-carousel\">\r\n\t\t\t\t\t\t<div><a id=\"lightbox-321274\" class=\"imgeffect zoom rt_lightbox\" data-gal-id=\"slider-carousel-288341\" data-rel=\"rt_lightbox\" title=\"Enlarge Image\" data-sub-html=\"Aerial View Of Sete, France<br>aerial view of the city of sete, france, with mont saint-clair and port. photo taken at sunrise. \" data-src=\"\" data-width=\"\" data-height=\"\" data-poster=\"\" data-autoplay=\"\" data-audiotitle=\"\" data-download-url=\"false\" href=\"https:\/\/www.mathezfreight.com\/wp-content\/uploads\/photo-sete-depositphotos_183706458_xL.jpg\"><img decoding=\"async\" src=\"https:\/\/www.mathezfreight.com\/wp-content\/uploads\/photo-sete-depositphotos_183706458_xL-610x403.jpg\" width=\"610\" height=\"403\" alt=\"\"><\/a><\/div><div><a id=\"lightbox-417605\" class=\"imgeffect zoom rt_lightbox\" data-gal-id=\"slider-carousel-288341\" data-rel=\"rt_lightbox\" title=\"Enlarge Image\" data-sub-html=\"photo-sete-bureau<br>Bureau MATHEZ FREIGHT S\u00e8te\" data-src=\"\" data-width=\"\" data-height=\"\" data-poster=\"\" data-autoplay=\"\" data-audiotitle=\"\" data-download-url=\"false\" href=\"https:\/\/www.mathezfreight.com\/wp-content\/uploads\/photo-sete-bureau-rotated.jpg\"><img decoding=\"async\" src=\"https:\/\/www.mathezfreight.com\/wp-content\/uploads\/photo-sete-bureau-rotated-610x403.jpg\" width=\"610\" height=\"403\" alt=\"\"><\/a><\/div><div><a id=\"lightbox-888141\" class=\"imgeffect zoom rt_lightbox\" data-gal-id=\"slider-carousel-288341\" data-rel=\"rt_lightbox\" title=\"Enlarge Image\" data-sub-html=\"photo-sete-out<br>Transitaire \u00e0 S\u00e8te\" data-src=\"\" data-width=\"\" data-height=\"\" data-poster=\"\" data-autoplay=\"\" data-audiotitle=\"\" data-download-url=\"false\" href=\"https:\/\/www.mathezfreight.com\/wp-content\/uploads\/photo-sete-out-rotated.jpg\"><img decoding=\"async\" src=\"https:\/\/www.mathezfreight.com\/wp-content\/uploads\/photo-sete-out-rotated-610x403.jpg\" width=\"610\" height=\"403\" alt=\"\"><\/a><\/div><div><a id=\"lightbox-697388\" class=\"imgeffect zoom rt_lightbox\" data-gal-id=\"slider-carousel-288341\" data-rel=\"rt_lightbox\" title=\"Enlarge Image\" data-sub-html=\"RoRo France Turquie: transport d&#039;une turbine<br>RoRo France Turquie: transport d&#039;une turbine\" data-src=\"\" data-width=\"\" data-height=\"\" data-poster=\"\" data-autoplay=\"\" data-audiotitle=\"\" data-download-url=\"false\" href=\"https:\/\/www.mathezfreight.com\/wp-content\/uploads\/photo-turbine-turquie.jpg\"><img decoding=\"async\" src=\"https:\/\/www.mathezfreight.com\/wp-content\/uploads\/photo-turbine-turquie-610x403.jpg\" width=\"610\" height=\"403\" alt=\"RoRo France Turquie: transport d&#039;une turbine\"><\/a><\/div>\r\n\t\t\t\t\t<\/div>\r\n\t\t\t\t\t\r\n\t\t\t\t\t\r\n\t\t\t\t<\/div>\r\n\t\t\t\t\t\t\t<\/div>\n\t\t\t\t<\/div>\n\t\t\t\t\t<\/div>\n\t\t<\/div>\n\t\t\t\t\t<\/div>\n\t\t<\/div>\n\t\t\t\t<div class=\"elementor-section elementor-top-section elementor-element elementor-element-c3c5277 mti-diapo specialites elementor-reverse-tablet elementor-reverse-mobile elementor-section-full_width elementor-section-height-default elementor-section-height-default default-style\" data-id=\"c3c5277\" data-element_type=\"section\" data-e-type=\"section\" data-settings=\"{&quot;rt_color_sets&quot;:&quot;default-style&quot;}\">\n\t\t\t\t\t\t<div class=\"elementor-container elementor-column-gap-default\">\n\t\t\t\t\t<div class=\"elementor-column elementor-col-50 elementor-top-column elementor-element elementor-element-a90f0cc\" data-id=\"a90f0cc\" data-element_type=\"column\" data-e-type=\"column\">\n\t\t\t<div class=\"elementor-widget-wrap elementor-element-populated\">\n\t\t\t\t\t\t<div class=\"elementor-element elementor-element-2810b1b elementor-widget elementor-widget-global elementor-global-30332 elementor-global-18346 elementor-widget-rt-image-carousel\" data-id=\"2810b1b\" data-element_type=\"widget\" data-e-type=\"widget\" data-widget_type=\"rt-image-carousel.default\">\n\t\t\t\t<div class=\"elementor-widget-container\">\n\t\t\t\t\t\r\n\t\t\t\t<div id=\"image-carousel-993515\" class=\"rt-carousel carousel-holder clearfix rt-image-carousel  rt_lightbox_gallery\" data-item-width=\"1\" data-nav=\"\" data-dots=\"\" data-margin=\"0\" data-autoplay=\"true\" data-timeout=\"4000\" data-thumbnails=\"false\" data-boxed=\"\" data-min-height=\"\" data-padding=\"0\" data-loop=\"true\" data-tablet-item-width=\"\" data-mobile-item-width=\"\">\r\n\t\t\t\t\t<div class=\"owl-carousel\">\r\n\t\t\t\t\t\t<div><a id=\"lightbox-591089\" class=\"imgeffect zoom rt_lightbox\" data-gal-id=\"slider-carousel-227359\" data-rel=\"rt_lightbox\" title=\"Enlarge Image\" data-sub-html=\"Loading cargo aircraft\" data-src=\"\" data-width=\"\" data-height=\"\" data-poster=\"\" data-autoplay=\"\" data-audiotitle=\"\" data-download-url=\"false\" href=\"https:\/\/www.mathezfreight.com\/wp-content\/uploads\/slider-cargo-plane-evanto.jpg\"><img decoding=\"async\" src=\"https:\/\/www.mathezfreight.com\/wp-content\/uploads\/slider-cargo-plane-evanto-610x403.jpg\" width=\"610\" height=\"403\" alt=\"Chargement a\u00e9rien avion cargo\"><\/a><\/div><div><a id=\"lightbox-758216\" class=\"imgeffect zoom rt_lightbox\" data-gal-id=\"slider-carousel-227359\" data-rel=\"rt_lightbox\" title=\"Enlarge Image\" data-sub-html=\"Loading air freight\" data-src=\"\" data-width=\"\" data-height=\"\" data-poster=\"\" data-autoplay=\"\" data-audiotitle=\"\" data-download-url=\"false\" href=\"https:\/\/www.mathezfreight.com\/wp-content\/uploads\/photo-air-fret-depositphotos_59573495.jpg\"><img decoding=\"async\" src=\"https:\/\/www.mathezfreight.com\/wp-content\/uploads\/photo-air-fret-depositphotos_59573495-610x403.jpg\" width=\"610\" height=\"403\" alt=\"Chargement de cargo a\u00e9rien\"><\/a><\/div><div><a id=\"lightbox-657280\" class=\"imgeffect zoom rt_lightbox\" data-gal-id=\"slider-carousel-227359\" data-rel=\"rt_lightbox\" title=\"Enlarge Image\" data-sub-html=\"Air transport\" data-src=\"\" data-width=\"\" data-height=\"\" data-poster=\"\" data-autoplay=\"\" data-audiotitle=\"\" data-download-url=\"false\" href=\"https:\/\/www.mathezfreight.com\/wp-content\/uploads\/photo-air-bleu-depositphotos.jpg\"><img decoding=\"async\" src=\"https:\/\/www.mathezfreight.com\/wp-content\/uploads\/photo-air-bleu-depositphotos-610x403.jpg\" width=\"610\" height=\"403\" alt=\"Transport par voie a\u00e9rienne\"><\/a><\/div><div><a id=\"lightbox-968670\" class=\"imgeffect zoom rt_lightbox\" data-gal-id=\"slider-carousel-227359\" data-rel=\"rt_lightbox\" title=\"Enlarge Image\" data-sub-html=\"Maritime Containers\" data-src=\"\" data-width=\"\" data-height=\"\" data-poster=\"\" data-autoplay=\"\" data-audiotitle=\"\" data-download-url=\"false\" href=\"https:\/\/www.mathezfreight.com\/wp-content\/uploads\/photo-sea-containers-depositphotos.jpg\"><img decoding=\"async\" src=\"https:\/\/www.mathezfreight.com\/wp-content\/uploads\/photo-sea-containers-depositphotos-610x403.jpg\" width=\"610\" height=\"403\" alt=\"Containers maritimes\"><\/a><\/div><div><a id=\"lightbox-340245\" class=\"imgeffect zoom rt_lightbox\" data-gal-id=\"slider-carousel-227359\" data-rel=\"rt_lightbox\" title=\"Enlarge Image\" data-sub-html=\"Sea freight: container loading\" data-src=\"\" data-width=\"\" data-height=\"\" data-poster=\"\" data-autoplay=\"\" data-audiotitle=\"\" data-download-url=\"false\" href=\"https:\/\/www.mathezfreight.com\/wp-content\/uploads\/slider-industry-evanto-1285px.jpg\"><img decoding=\"async\" src=\"https:\/\/www.mathezfreight.com\/wp-content\/uploads\/slider-industry-evanto-1285px-610x403.jpg\" width=\"610\" height=\"403\" alt=\"Fret maritime: chargement de conteneurs\"><\/a><\/div><div><a id=\"lightbox-840775\" class=\"imgeffect zoom rt_lightbox\" data-gal-id=\"slider-carousel-227359\" data-rel=\"rt_lightbox\" title=\"Enlarge Image\" data-sub-html=\"Sea freight\" data-src=\"\" data-width=\"\" data-height=\"\" data-poster=\"\" data-autoplay=\"\" data-audiotitle=\"\" data-download-url=\"false\" href=\"https:\/\/www.mathezfreight.com\/wp-content\/uploads\/photo-sea-cargo-depositphotos.jpg\"><img decoding=\"async\" src=\"https:\/\/www.mathezfreight.com\/wp-content\/uploads\/photo-sea-cargo-depositphotos-610x403.jpg\" width=\"610\" height=\"403\" alt=\"Transport maritime\"><\/a><\/div><div><a id=\"lightbox-838311\" class=\"imgeffect zoom rt_lightbox\" data-gal-id=\"slider-carousel-227359\" data-rel=\"rt_lightbox\" title=\"Enlarge Image\" data-sub-html=\"Industrial warehouse\" data-src=\"\" data-width=\"\" data-height=\"\" data-poster=\"\" data-autoplay=\"\" data-audiotitle=\"\" data-download-url=\"false\" href=\"https:\/\/www.mathezfreight.com\/wp-content\/uploads\/slider-warehouse-evanto.jpg\"><img decoding=\"async\" src=\"https:\/\/www.mathezfreight.com\/wp-content\/uploads\/slider-warehouse-evanto-610x403.jpg\" width=\"610\" height=\"403\" alt=\"Entrep\u00f4t industriel\"><\/a><\/div><div><a id=\"lightbox-275041\" class=\"imgeffect zoom rt_lightbox\" data-gal-id=\"slider-carousel-227359\" data-rel=\"rt_lightbox\" title=\"Enlarge Image\" data-sub-html=\"Request for special customs regime on ProDouane French digital platform\" data-src=\"\" data-width=\"\" data-height=\"\" data-poster=\"\" data-autoplay=\"\" data-audiotitle=\"\" data-download-url=\"false\" href=\"https:\/\/www.mathezfreight.com\/wp-content\/uploads\/photo-homme-douane-depositphotos.jpg\"><img decoding=\"async\" src=\"https:\/\/www.mathezfreight.com\/wp-content\/uploads\/photo-homme-douane-depositphotos-610x403.jpg\" width=\"610\" height=\"403\" alt=\"Demande de r\u00e9gime particulier sur ProDouane\"><\/a><\/div><div><a id=\"lightbox-111910\" class=\"imgeffect zoom rt_lightbox\" data-gal-id=\"slider-carousel-227359\" data-rel=\"rt_lightbox\" title=\"Enlarge Image\" data-sub-html=\"Customs clearance\" data-src=\"\" data-width=\"\" data-height=\"\" data-poster=\"\" data-autoplay=\"\" data-audiotitle=\"\" data-download-url=\"false\" href=\"https:\/\/www.mathezfreight.com\/wp-content\/uploads\/photo-douane-batiment-depositphotos.jpg\"><img decoding=\"async\" src=\"https:\/\/www.mathezfreight.com\/wp-content\/uploads\/photo-douane-batiment-depositphotos-610x403.jpg\" width=\"610\" height=\"403\" alt=\"D\u00e9douanement\"><\/a><\/div><div><a id=\"lightbox-745291\" class=\"imgeffect zoom rt_lightbox\" data-gal-id=\"slider-carousel-227359\" data-rel=\"rt_lightbox\" title=\"Enlarge Image\" data-sub-html=\"Customs inspection document, New Zealand\" data-src=\"\" data-width=\"\" data-height=\"\" data-poster=\"\" data-autoplay=\"\" data-audiotitle=\"\" data-download-url=\"false\" href=\"https:\/\/www.mathezfreight.com\/wp-content\/uploads\/photo-douane-doc-depositphotos.jpg\"><img decoding=\"async\" src=\"https:\/\/www.mathezfreight.com\/wp-content\/uploads\/photo-douane-doc-depositphotos-610x403.jpg\" width=\"610\" height=\"403\" alt=\"Document d&#039;inspection des douanes, Nouvelle Z\u00e9lande\"><\/a><\/div><div><a id=\"lightbox-313159\" class=\"imgeffect zoom rt_lightbox\" data-gal-id=\"slider-carousel-227359\" data-rel=\"rt_lightbox\" title=\"Enlarge Image\" data-sub-html=\"VAT specialists - MATHEZ FORMATION and MATHEZ INTRACOM at CROEC Lyon 2018<br>\u00a9 MATHEZ INTRACOM (AR)\" data-src=\"\" data-width=\"\" data-height=\"\" data-poster=\"\" data-autoplay=\"\" data-audiotitle=\"\" data-download-url=\"false\" href=\"https:\/\/www.mathezfreight.com\/wp-content\/uploads\/photo-tva-croec-lyon-2018.jpg\"><img decoding=\"async\" src=\"https:\/\/www.mathezfreight.com\/wp-content\/uploads\/photo-tva-croec-lyon-2018-610x403.jpg\" width=\"610\" height=\"403\" alt=\"Les sp\u00e9cialistes de la TVA - MATHEZ FORMATION et MATHEZ INTRACOM au CROEC Lyon 2018\"><\/a><\/div>\r\n\t\t\t\t\t<\/div>\r\n\t\t\t\t\t\r\n\t\t\t\t\t\r\n\t\t\t\t<\/div>\r\n\t\t\t\t\t\t\t<\/div>\n\t\t\t\t<\/div>\n\t\t\t\t\t<\/div>\n\t\t<\/div>\n\t\t\t\t<div class=\"elementor-column elementor-col-50 elementor-top-column elementor-element elementor-element-1f04fa8\" data-id=\"1f04fa8\" data-element_type=\"column\" data-e-type=\"column\">\n\t\t\t<div class=\"elementor-widget-wrap elementor-element-populated\">\n\t\t\t\t\t\t<div class=\"elementor-element elementor-element-1a67ee4 elementor-widget elementor-widget-global elementor-global-28575 elementor-global-20498 elementor-widget-text-editor\" data-id=\"1a67ee4\" data-element_type=\"widget\" data-e-type=\"widget\" data-widget_type=\"text-editor.default\">\n\t\t\t\t<div class=\"elementor-widget-container\">\n\t\t\t\t\t\t\t\t\t<h2 style=\"text-align: center;\">Our freight shipping services<\/h2>\n<p>\t \n\t\t<div  class=\"bullet-list style-1  check\">\n\t\t<\/p>\n<ul>\n<li>\n<h6 style=\"text-align: left;\">Freight forwarder in France,\u00a0<a style=\"background-color: #00877c;\" href=\"https:\/\/www.mathezfreight.com\/en\/services\/import\/\">import<\/a>\u00a0and export worldwide.<\/h6>\n<\/li>\n<li>\n<h6 style=\"text-align: left;\"><a href=\"https:\/\/www.mathezfreight.com\/en\/services\/air-freight\/\">Air freight<\/a>, <a href=\"https:\/\/www.mathezfreight.com\/en\/services\/sea-freight\/\">sea freight<\/a>, multimodal transport.<\/h6>\n<\/li>\n<li style=\"text-align: left;\">\n<h6><a style=\"background-color: #00877c;\" href=\"https:\/\/www.mathezfreight.com\/en\/services\/customs\/\">Registered customs broker<\/a>, <a style=\"background-color: #00877c;\" href=\"https:\/\/www.mathezfreight.com\/en\/services\/vat\/\">VAT <\/a>specialist<\/h6>\n<\/li>\n<li style=\"text-align: left;\">\n<h6><a href=\"https:\/\/www.mathezfreight.com\/en\/services\/shipping\/\">Consigning shipping agent<\/a>.<\/h6>\n<\/li>\n<\/ul>\n<p>\n\t\t<\/div>\n\t<\/p>\n\t\t\t\t\t\t\t\t<\/div>\n\t\t\t\t<\/div>\n\t\t\t\t\t<\/div>\n\t\t<\/div>\n\t\t\t\t\t<\/div>\n\t\t<\/div>\n\t\t\t\t<aside class=\"elementor-section elementor-top-section elementor-element elementor-element-f39e81f mti-blog-grid single-post-bottom elementor-section-boxed elementor-section-height-default elementor-section-height-default default-style elementor-invisible\" data-id=\"f39e81f\" data-element_type=\"section\" data-e-type=\"section\" data-settings=\"{&quot;animation&quot;:&quot;fadeIn&quot;,&quot;background_background&quot;:&quot;classic&quot;,&quot;rt_color_sets&quot;:&quot;default-style&quot;}\">\n\t\t\t\t\t\t<div class=\"elementor-container elementor-column-gap-default\">\n\t\t\t\t\t<div class=\"elementor-column elementor-col-100 elementor-top-column elementor-element elementor-element-3496542\" data-id=\"3496542\" data-element_type=\"column\" data-e-type=\"column\">\n\t\t\t<div class=\"elementor-widget-wrap elementor-element-populated\">\n\t\t\t\t\t\t<div class=\"elementor-element elementor-element-b561c0e elementor-widget elementor-widget-heading\" data-id=\"b561c0e\" data-element_type=\"widget\" data-e-type=\"widget\" data-widget_type=\"heading.default\">\n\t\t\t\t<div class=\"elementor-widget-container\">\n\t\t\t\t\t<h3 class=\"elementor-heading-title elementor-size-default\">News Updates<\/h3>\t\t\t\t<\/div>\n\t\t\t\t<\/div>\n\t\t\t\t<div class=\"elementor-element elementor-element-2918475 elementor-widget elementor-widget-lae-posts-carousel\" data-id=\"2918475\" data-element_type=\"widget\" data-e-type=\"widget\" data-widget_type=\"lae-posts-carousel.default\">\n\t\t\t\t<div class=\"elementor-widget-container\">\n\t\t\t\t\t\n<div        id=\"lae-posts-carousel-69f0d5d236843\"\n        class=\"lae-posts-carousel lae-container lae-classic-skin\"\n        data-settings='{&quot;arrows&quot;:false,&quot;dots&quot;:true,&quot;autoplay&quot;:false,&quot;autoplay_speed&quot;:3000,&quot;animation_speed&quot;:300,&quot;pause_on_hover&quot;:true,&quot;adaptive_height&quot;:false,&quot;display_columns&quot;:4,&quot;scroll_columns&quot;:3,&quot;gutter&quot;:10,&quot;tablet_width&quot;:800,&quot;tablet_display_columns&quot;:2,&quot;tablet_scroll_columns&quot;:2,&quot;tablet_gutter&quot;:10,&quot;mobile_width&quot;:480,&quot;mobile_display_columns&quot;:1,&quot;mobile_scroll_columns&quot;:1,&quot;mobile_gutter&quot;:10}'>\n<div data-id=\"id-53359\" class=\"lae-posts-carousel-item\">\n\n    <article id=\"post-53359\" class=\"post-53359 post type-post status-publish format-standard has-post-thumbnail hentry category-freight-tips tag-international-tag tag-sea tag-turkey cibles-air cibles-customs cibles-import-en cibles-sea cibles-southern-agencies\">\n\n        \n            \n            \n            \n                <div class=\"lae-project-image\">\n\n                    \n                    \n                    \n                        <a href=\"https:\/\/www.mathezfreight.com\/en\/blog\/turkey-france-import-export-transport-customs-formalities\/\"><img decoding=\"async\" width=\"375\" height=\"250\" src=\"https:\/\/www.mathezfreight.com\/wp-content\/uploads\/photo-turquie-depositphotos_163574358_xl-375x250.jpg\" class=\"lae-image attachment-mti-medium-classic size-mti-medium-classic\" alt=\"Import Export Turquie\" title=\"Import Export Turquie\" srcset=\"https:\/\/www.mathezfreight.com\/wp-content\/uploads\/photo-turquie-depositphotos_163574358_xl-375x250.jpg 375w, https:\/\/www.mathezfreight.com\/wp-content\/uploads\/photo-turquie-depositphotos_163574358_xl-600x398.jpg 600w, https:\/\/www.mathezfreight.com\/wp-content\/uploads\/photo-turquie-depositphotos_163574358_xl-1100x730.jpg 1100w, https:\/\/www.mathezfreight.com\/wp-content\/uploads\/photo-turquie-depositphotos_163574358_xl-768x510.jpg 768w, https:\/\/www.mathezfreight.com\/wp-content\/uploads\/photo-turquie-depositphotos_163574358_xl-274x183.jpg 274w, https:\/\/www.mathezfreight.com\/wp-content\/uploads\/photo-turquie-depositphotos_163574358_xl-1200x800.jpg 1200w, https:\/\/www.mathezfreight.com\/wp-content\/uploads\/photo-turquie-depositphotos_163574358_xl-25x17.jpg 25w, https:\/\/www.mathezfreight.com\/wp-content\/uploads\/photo-turquie-depositphotos_163574358_xl-68x45.jpg 68w, https:\/\/www.mathezfreight.com\/wp-content\/uploads\/photo-turquie-depositphotos_163574358_xl-900x598.jpg 900w, https:\/\/www.mathezfreight.com\/wp-content\/uploads\/photo-turquie-depositphotos_163574358_xl.jpg 1220w\" sizes=\"(max-width: 375px) 100vw, 375px\" \/><\/a>\n\n                    \n                    \n                        <div class=\"lae-image-info\">\n\n                            <div class=\"lae-entry-info\">\n\n                                \n                                    <h3 class=\"lae-post-title\">\n\n                                        <a href=\"https:\/\/www.mathezfreight.com\/en\/blog\/turkey-france-import-export-transport-customs-formalities\/\" title=\"Turkey \/ France : Import \/ export, transport &amp; customs formalities in 2026\"\n                                           rel=\"bookmark\">Turkey \/ France : Import \/ export, transport &amp; customs formalities in 2026<\/a>\n\n                                    <\/h3>\n\n                                \n                                \n                                    <span class=\"lae-terms\"><a href=\"https:\/\/www.mathezfreight.com\/en\/blog\/category\/freight-tips\/\">Freight Tips<\/a><\/span>\n                                \n                            <\/div>\n\n                        <\/div><!-- .lae-image-info -->\n\n                    \n                <\/div>\n\n            \n            \n                <div class=\"lae-entry-text-wrap \">\n\n                    \n                        <h3 class=\"entry-title\">\n\n                            <a href=\"https:\/\/www.mathezfreight.com\/en\/blog\/turkey-france-import-export-transport-customs-formalities\/\" title=\"Turkey \/ France : Import \/ export, transport &amp; customs formalities in 2026\"\n                               rel=\"bookmark\">Turkey \/ France : Import \/ export, transport &amp; customs formalities in 2026<\/a>\n\n                        <\/h3>\n\n                    \n                    \n                    \n                    \n                <\/div>\n\n            \n        \n    <\/article><!-- .hentry -->\n\n<\/div><!-- .lae-posts-carousel-item -->\n<div data-id=\"id-58284\" class=\"lae-posts-carousel-item\">\n\n    <article id=\"post-58284\" class=\"post-58284 post type-post status-publish format-standard has-post-thumbnail hentry category-projects tag-car-shipping tag-oog tag-sea tag-turkey cibles-cars cibles-import-en cibles-sea cibles-southern-agencies\">\n\n        \n            \n            \n            \n                <div class=\"lae-project-image\">\n\n                    \n                    \n                    \n                        <a href=\"https:\/\/www.mathezfreight.com\/en\/blog\/import-tiny-houses-turquie\/\"><img decoding=\"async\" width=\"375\" height=\"250\" src=\"https:\/\/www.mathezfreight.com\/wp-content\/uploads\/photo_tiny_house_turquie_alp-375x250.jpg\" class=\"lae-image attachment-mti-medium-classic size-mti-medium-classic\" alt=\"Import Tiny House &#8211; Turkey &#8211; France\" title=\"Import Tiny House - Turkey - France\" srcset=\"https:\/\/www.mathezfreight.com\/wp-content\/uploads\/photo_tiny_house_turquie_alp-375x250.jpg 375w, https:\/\/www.mathezfreight.com\/wp-content\/uploads\/photo_tiny_house_turquie_alp-274x183.jpg 274w\" sizes=\"(max-width: 375px) 100vw, 375px\" \/><\/a>\n\n                    \n                    \n                        <div class=\"lae-image-info\">\n\n                            <div class=\"lae-entry-info\">\n\n                                \n                                    <h3 class=\"lae-post-title\">\n\n                                        <a href=\"https:\/\/www.mathezfreight.com\/en\/blog\/import-tiny-houses-turquie\/\" title=\"Importing tiny houses from Turkey: made-to-measure transport\"\n                                           rel=\"bookmark\">Importing tiny houses from Turkey: made-to-measure transport<\/a>\n\n                                    <\/h3>\n\n                                \n                                \n                                    <span class=\"lae-terms\"><a href=\"https:\/\/www.mathezfreight.com\/en\/blog\/category\/projects\/\">Operations<\/a><\/span>\n                                \n                            <\/div>\n\n                        <\/div><!-- .lae-image-info -->\n\n                    \n                <\/div>\n\n            \n            \n                <div class=\"lae-entry-text-wrap \">\n\n                    \n                        <h3 class=\"entry-title\">\n\n                            <a href=\"https:\/\/www.mathezfreight.com\/en\/blog\/import-tiny-houses-turquie\/\" title=\"Importing tiny houses from Turkey: made-to-measure transport\"\n                               rel=\"bookmark\">Importing tiny houses from Turkey: made-to-measure transport<\/a>\n\n                        <\/h3>\n\n                    \n                    \n                    \n                    \n                <\/div>\n\n            \n        \n    <\/article><!-- .hentry -->\n\n<\/div><!-- .lae-posts-carousel-item -->\n<div data-id=\"id-56275\" class=\"lae-posts-carousel-item\">\n\n    <article id=\"post-56275\" class=\"post-56275 post type-post status-publish format-standard has-post-thumbnail hentry category-projects tag-oog tag-sea tag-shipping-tag tag-turkey cibles-agencies cibles-sea cibles-shipping-agent cibles-yachts-en\">\n\n        \n            \n            \n            \n                <div class=\"lae-project-image\">\n\n                    \n                    \n                    \n                        <a href=\"https:\/\/www.mathezfreight.com\/en\/blog\/how-to-transport-a-boat\/\"><img decoding=\"async\" width=\"375\" height=\"250\" src=\"https:\/\/www.mathezfreight.com\/wp-content\/uploads\/photo-transport-bateau-flat-rack-375x250.jpg\" class=\"lae-image attachment-mti-medium-classic size-mti-medium-classic\" alt=\"Transport de bateau en flat rack sur cargo\" title=\"Transport de bateau en flat rack sur cargo\" srcset=\"https:\/\/www.mathezfreight.com\/wp-content\/uploads\/photo-transport-bateau-flat-rack-375x250.jpg 375w, https:\/\/www.mathezfreight.com\/wp-content\/uploads\/photo-transport-bateau-flat-rack-274x183.jpg 274w, https:\/\/www.mathezfreight.com\/wp-content\/uploads\/photo-transport-bateau-flat-rack-1200x800.jpg 1200w, https:\/\/www.mathezfreight.com\/wp-content\/uploads\/photo-transport-bateau-flat-rack-800x533.jpg 800w\" sizes=\"(max-width: 375px) 100vw, 375px\" \/><\/a>\n\n                    \n                    \n                        <div class=\"lae-image-info\">\n\n                            <div class=\"lae-entry-info\">\n\n                                \n                                    <h3 class=\"lae-post-title\">\n\n                                        <a href=\"https:\/\/www.mathezfreight.com\/en\/blog\/how-to-transport-a-boat\/\" title=\"How do you transport a boat&#8230; on a boat?\"\n                                           rel=\"bookmark\">How do you transport a boat&#8230; on a boat?<\/a>\n\n                                    <\/h3>\n\n                                \n                                \n                                    <span class=\"lae-terms\"><a href=\"https:\/\/www.mathezfreight.com\/en\/blog\/category\/projects\/\">Operations<\/a><\/span>\n                                \n                            <\/div>\n\n                        <\/div><!-- .lae-image-info -->\n\n                    \n                <\/div>\n\n            \n            \n                <div class=\"lae-entry-text-wrap \">\n\n                    \n                        <h3 class=\"entry-title\">\n\n                            <a href=\"https:\/\/www.mathezfreight.com\/en\/blog\/how-to-transport-a-boat\/\" title=\"How do you transport a boat&#8230; on a boat?\"\n                               rel=\"bookmark\">How do you transport a boat&#8230; on a boat?<\/a>\n\n                        <\/h3>\n\n                    \n                    \n                    \n                    \n                <\/div>\n\n            \n        \n    <\/article><!-- .hentry -->\n\n<\/div><!-- .lae-posts-carousel-item -->\n<div data-id=\"id-53933\" class=\"lae-posts-carousel-item\">\n\n    <article id=\"post-53933\" class=\"post-53933 post type-post status-publish format-standard has-post-thumbnail hentry category-corporate-en category-projects tag-international-tag tag-sea tag-turkey cibles-agencies cibles-import-en cibles-sea cibles-southern-agencies\">\n\n        \n            \n            \n            \n                <div class=\"lae-project-image\">\n\n                    \n                    \n                    \n                        <a href=\"https:\/\/www.mathezfreight.com\/en\/blog\/france-turkey-freight-forwarder-sete\/\"><img decoding=\"async\" width=\"375\" height=\"250\" src=\"https:\/\/www.mathezfreight.com\/wp-content\/uploads\/photo-sete-depositphotos_475558070_XL-1-375x250.jpg\" class=\"lae-image attachment-mti-medium-classic size-mti-medium-classic\" alt=\"photo-sete-depositphotos_475558070_XL\" title=\"photo-sete-depositphotos_475558070_XL\" srcset=\"https:\/\/www.mathezfreight.com\/wp-content\/uploads\/photo-sete-depositphotos_475558070_XL-1-375x250.jpg 375w, https:\/\/www.mathezfreight.com\/wp-content\/uploads\/photo-sete-depositphotos_475558070_XL-1-274x183.jpg 274w\" sizes=\"(max-width: 375px) 100vw, 375px\" \/><\/a>\n\n                    \n                    \n                        <div class=\"lae-image-info\">\n\n                            <div class=\"lae-entry-info\">\n\n                                \n                                    <h3 class=\"lae-post-title\">\n\n                                        <a href=\"https:\/\/www.mathezfreight.com\/en\/blog\/france-turkey-freight-forwarder-sete\/\" title=\"France-Turkey freight forwarder: MATHEZ FREIGHT opens in Sete\"\n                                           rel=\"bookmark\">France-Turkey freight forwarder: MATHEZ FREIGHT opens in Sete<\/a>\n\n                                    <\/h3>\n\n                                \n                                \n                                    <span class=\"lae-terms\"><a href=\"https:\/\/www.mathezfreight.com\/en\/blog\/category\/corporate-en\/\">Corporate<\/a>, <a href=\"https:\/\/www.mathezfreight.com\/en\/blog\/category\/projects\/\">Operations<\/a><\/span>\n                                \n                            <\/div>\n\n                        <\/div><!-- .lae-image-info -->\n\n                    \n                <\/div>\n\n            \n            \n                <div class=\"lae-entry-text-wrap \">\n\n                    \n                        <h3 class=\"entry-title\">\n\n                            <a href=\"https:\/\/www.mathezfreight.com\/en\/blog\/france-turkey-freight-forwarder-sete\/\" title=\"France-Turkey freight forwarder: MATHEZ FREIGHT opens in Sete\"\n                               rel=\"bookmark\">France-Turkey freight forwarder: MATHEZ FREIGHT opens in Sete<\/a>\n\n                        <\/h3>\n\n                    \n                    \n                    \n                    \n                <\/div>\n\n            \n        \n    <\/article><!-- .hentry -->\n\n<\/div><!-- .lae-posts-carousel-item -->\n<div data-id=\"id-27487\" class=\"lae-posts-carousel-item\">\n\n    <article id=\"post-27487\" class=\"post-27487 post type-post status-publish format-standard has-post-thumbnail hentry category-in-the-media category-projects tag-air tag-group tag-turkey cibles-air cibles-dentistry\">\n\n        \n            \n            \n            \n                <div class=\"lae-project-image\">\n\n                    \n                    \n                    \n                        <a href=\"https:\/\/www.mathezfreight.com\/en\/blog\/mathez-freight-dental-transport-specialist\/\"><img decoding=\"async\" width=\"375\" height=\"250\" src=\"https:\/\/www.mathezfreight.com\/wp-content\/uploads\/photo-presse-voti.png\" class=\"lae-image attachment-mti-medium-classic size-mti-medium-classic\" alt=\"photo-presse-voti\" title=\"photo-presse-voti\" \/><\/a>\n\n                    \n                    \n                        <div class=\"lae-image-info\">\n\n                            <div class=\"lae-entry-info\">\n\n                                \n                                    <h3 class=\"lae-post-title\">\n\n                                        <a href=\"https:\/\/www.mathezfreight.com\/en\/blog\/mathez-freight-dental-transport-specialist\/\" title=\"MATHEZ FREIGHT, dental transport specialist\"\n                                           rel=\"bookmark\">MATHEZ FREIGHT, dental transport specialist<\/a>\n\n                                    <\/h3>\n\n                                \n                                \n                                    <span class=\"lae-terms\"><a href=\"https:\/\/www.mathezfreight.com\/en\/blog\/category\/in-the-media\/\">In the Media<\/a>, <a href=\"https:\/\/www.mathezfreight.com\/en\/blog\/category\/projects\/\">Operations<\/a><\/span>\n                                \n                            <\/div>\n\n                        <\/div><!-- .lae-image-info -->\n\n                    \n                <\/div>\n\n            \n            \n                <div class=\"lae-entry-text-wrap \">\n\n                    \n                        <h3 class=\"entry-title\">\n\n                            <a href=\"https:\/\/www.mathezfreight.com\/en\/blog\/mathez-freight-dental-transport-specialist\/\" title=\"MATHEZ FREIGHT, dental transport specialist\"\n                               rel=\"bookmark\">MATHEZ FREIGHT, dental transport specialist<\/a>\n\n                        <\/h3>\n\n                    \n                    \n                    \n                    \n                <\/div>\n\n            \n        \n    <\/article><!-- .hentry -->\n\n<\/div><!-- .lae-posts-carousel-item --><\/div><!-- .lae-posts-carousel -->\t\t\t\t<\/div>\n\t\t\t\t<\/div>\n\t\t\t\t\t<\/div>\n\t\t<\/div>\n\t\t\t\t\t<\/div>\n\t\t<\/aside>\n\t\t\t\t<aside class=\"elementor-section elementor-top-section elementor-element elementor-element-9bef97a mti-social-bar bottom grey elementor-section-boxed elementor-section-height-default elementor-section-height-default default-style\" data-id=\"9bef97a\" data-element_type=\"section\" data-e-type=\"section\" data-settings=\"{&quot;rt_color_sets&quot;:&quot;default-style&quot;}\">\n\t\t\t\t\t\t<div class=\"elementor-container elementor-column-gap-default\">\n\t\t\t\t\t<div class=\"elementor-column elementor-col-100 elementor-top-column elementor-element elementor-element-4afd842\" data-id=\"4afd842\" data-element_type=\"column\" data-e-type=\"column\">\n\t\t\t<div class=\"elementor-widget-wrap elementor-element-populated\">\n\t\t\t\t\t\t<div class=\"elementor-element elementor-element-51ac8ab elementor-share-buttons--view-icon elementor-share-buttons--skin-flat elementor-share-buttons--shape-square elementor-grid-0 elementor-share-buttons--color-official elementor-invisible elementor-widget elementor-widget-share-buttons\" data-id=\"51ac8ab\" data-element_type=\"widget\" data-e-type=\"widget\" data-settings=\"{&quot;_animation&quot;:&quot;fadeInLeft&quot;}\" data-widget_type=\"share-buttons.default\">\n\t\t\t\t<div class=\"elementor-widget-container\">\n\t\t\t\t\t\t\t<div class=\"elementor-grid\" role=\"list\">\n\t\t\t\t\t\t\t\t<div class=\"elementor-grid-item\" role=\"listitem\">\n\t\t\t\t\t\t<div class=\"elementor-share-btn elementor-share-btn_email\" role=\"button\" tabindex=\"0\" aria-label=\"Share on email\">\n\t\t\t\t\t\t\t\t\t\t\t\t\t\t\t<span class=\"elementor-share-btn__icon\">\n\t\t\t\t\t\t\t\t<i class=\"fas fa-envelope\" aria-hidden=\"true\"><\/i>\t\t\t\t\t\t\t<\/span>\n\t\t\t\t\t\t\t\t\t\t\t\t\t\t\t\t\t\t\t\t<\/div>\n\t\t\t\t\t<\/div>\n\t\t\t\t\t\t\t\t\t<div class=\"elementor-grid-item\" role=\"listitem\">\n\t\t\t\t\t\t<div class=\"elementor-share-btn elementor-share-btn_linkedin\" role=\"button\" tabindex=\"0\" aria-label=\"Share on linkedin\">\n\t\t\t\t\t\t\t\t\t\t\t\t\t\t\t<span class=\"elementor-share-btn__icon\">\n\t\t\t\t\t\t\t\t<i class=\"fab fa-linkedin\" aria-hidden=\"true\"><\/i>\t\t\t\t\t\t\t<\/span>\n\t\t\t\t\t\t\t\t\t\t\t\t\t\t\t\t\t\t\t\t<\/div>\n\t\t\t\t\t<\/div>\n\t\t\t\t\t\t\t\t\t<div class=\"elementor-grid-item\" role=\"listitem\">\n\t\t\t\t\t\t<div class=\"elementor-share-btn elementor-share-btn_twitter\" role=\"button\" tabindex=\"0\" aria-label=\"Share on twitter\">\n\t\t\t\t\t\t\t\t\t\t\t\t\t\t\t<span class=\"elementor-share-btn__icon\">\n\t\t\t\t\t\t\t\t<i class=\"fab fa-twitter\" aria-hidden=\"true\"><\/i>\t\t\t\t\t\t\t<\/span>\n\t\t\t\t\t\t\t\t\t\t\t\t\t\t\t\t\t\t\t\t<\/div>\n\t\t\t\t\t<\/div>\n\t\t\t\t\t\t\t\t\t<div class=\"elementor-grid-item\" role=\"listitem\">\n\t\t\t\t\t\t<div class=\"elementor-share-btn elementor-share-btn_facebook\" role=\"button\" tabindex=\"0\" aria-label=\"Share on facebook\">\n\t\t\t\t\t\t\t\t\t\t\t\t\t\t\t<span class=\"elementor-share-btn__icon\">\n\t\t\t\t\t\t\t\t<i class=\"fab fa-facebook\" aria-hidden=\"true\"><\/i>\t\t\t\t\t\t\t<\/span>\n\t\t\t\t\t\t\t\t\t\t\t\t\t\t\t\t\t\t\t\t<\/div>\n\t\t\t\t\t<\/div>\n\t\t\t\t\t\t\t\t\t<div class=\"elementor-grid-item\" role=\"listitem\">\n\t\t\t\t\t\t<div class=\"elementor-share-btn elementor-share-btn_print\" role=\"button\" tabindex=\"0\" aria-label=\"Share on print\">\n\t\t\t\t\t\t\t\t\t\t\t\t\t\t\t<span class=\"elementor-share-btn__icon\">\n\t\t\t\t\t\t\t\t<i class=\"fas fa-print\" aria-hidden=\"true\"><\/i>\t\t\t\t\t\t\t<\/span>\n\t\t\t\t\t\t\t\t\t\t\t\t\t\t\t\t\t\t\t\t<\/div>\n\t\t\t\t\t<\/div>\n\t\t\t\t\t\t<\/div>\n\t\t\t\t\t\t<\/div>\n\t\t\t\t<\/div>\n\t\t\t\t\t<\/div>\n\t\t<\/div>\n\t\t\t\t\t<\/div>\n\t\t<\/aside>\n\t\t\t\t<section class=\"elementor-section elementor-top-section elementor-element elementor-element-d3627ad mti-navigation-pages elementor-section-boxed elementor-section-height-default elementor-section-height-default default-style\" data-id=\"d3627ad\" data-element_type=\"section\" data-e-type=\"section\" data-settings=\"{&quot;rt_color_sets&quot;:&quot;default-style&quot;}\">\n\t\t\t\t\t\t<div class=\"elementor-container elementor-column-gap-default\">\n\t\t\t\t\t<div class=\"elementor-column elementor-col-100 elementor-top-column elementor-element elementor-element-03453c0\" data-id=\"03453c0\" data-element_type=\"column\" data-e-type=\"column\">\n\t\t\t<div class=\"elementor-widget-wrap elementor-element-populated\">\n\t\t\t\t\t\t<div class=\"elementor-element elementor-element-d286080 elementor-widget elementor-widget-post-navigation\" data-id=\"d286080\" data-element_type=\"widget\" data-e-type=\"widget\" data-widget_type=\"post-navigation.default\">\n\t\t\t\t<div class=\"elementor-widget-container\">\n\t\t\t\t\t\t\t<div class=\"elementor-post-navigation\" role=\"navigation\" aria-label=\"Post Navigation\">\n\t\t\t<div class=\"elementor-post-navigation__prev elementor-post-navigation__link\">\n\t\t\t\t<a href=\"https:\/\/www.mathezfreight.com\/en\/blog\/freight-when-logistics-and-regulations-go-hand-in-hand\/\" rel=\"prev\"><span class=\"post-navigation__arrow-wrapper post-navigation__arrow-prev\"><i aria-hidden=\"true\" class=\"fas fa-angle-left\"><\/i><span class=\"elementor-screen-only\">Prev<\/span><\/span><span class=\"elementor-post-navigation__link__prev\"><span class=\"post-navigation__prev--label\">Previous<\/span><span class=\"post-navigation__prev--title\">A freight forwarder combining logistics, customs &amp; VAT expertise<\/span><\/span><\/a>\t\t\t<\/div>\n\t\t\t\t\t\t<div class=\"elementor-post-navigation__next elementor-post-navigation__link\">\n\t\t\t\t<a href=\"https:\/\/www.mathezfreight.com\/en\/blog\/setting-up-tfwa-in-pictures\/\" rel=\"next\"><span class=\"elementor-post-navigation__link__next\"><span class=\"post-navigation__next--label\">Next<\/span><span class=\"post-navigation__next--title\">Tax Free World Exhibitions, the logistics<\/span><\/span><span class=\"post-navigation__arrow-wrapper post-navigation__arrow-next\"><i aria-hidden=\"true\" class=\"fas fa-angle-right\"><\/i><span class=\"elementor-screen-only\">Next<\/span><\/span><\/a>\t\t\t<\/div>\n\t\t<\/div>\n\t\t\t\t\t\t<\/div>\n\t\t\t\t<\/div>\n\t\t\t\t\t<\/div>\n\t\t<\/div>\n\t\t\t\t\t<\/div>\n\t\t<\/section>\n\t\t\t\t<\/div>\n\t\t","protected":false},"excerpt":{"rendered":"<p>Our agency in Sete handles your imports \/ exports \/ customs clearance with Turkey and Northern Africa, and organizes your sea &amp; road transport, particularly in Roro. <\/p>\n","protected":false},"author":1,"featured_media":54060,"parent":28266,"menu_order":32,"comment_status":"closed","ping_status":"closed","template":"page-mti-a4.php","meta":{"iawp_total_views":77,"footnotes":""},"class_list":["post-52615","page","type-page","status-publish","has-post-thumbnail","hentry"],"yoast_head":"<!-- This site is optimized with the Yoast SEO Premium plugin v27.4 (Yoast SEO v27.4) - https:\/\/yoast.com\/product\/yoast-seo-premium-wordpress\/ -->\n<title>Freight forwarder in S\u00e8te - France-Turkey\/Maghreb - MATHEZ FREIGHT<\/title>\n<meta name=\"description\" content=\"Our agency in Sete handles your imports \/ exports \/ customs clearance with Turkey and Northern Africa, and organizes your sea &amp; road transport, particularly in Roro.\" \/>\n<meta name=\"robots\" content=\"index, follow, max-snippet:-1, max-image-preview:large, max-video-preview:-1\" \/>\n<link rel=\"canonical\" href=\"https:\/\/www.mathezfreight.com\/en\/about\/agencies\/sete\/\" \/>\n<meta property=\"og:locale\" content=\"en_US\" \/>\n<meta property=\"og:type\" content=\"article\" \/>\n<meta property=\"og:title\" content=\"Freight forwarder in S\u00e8te - France-Turkey\/Maghreb\" \/>\n<meta property=\"og:description\" content=\"Our agency in Sete handles your imports \/ exports \/ customs clearance with Turkey and Northern Africa, and organizes your sea &amp; road transport, particularly in Roro.\" \/>\n<meta property=\"og:url\" content=\"https:\/\/www.mathezfreight.com\/en\/about\/agencies\/sete\/\" \/>\n<meta property=\"og:site_name\" content=\"MATHEZ FREIGHT\" \/>\n<meta property=\"article:publisher\" content=\"https:\/\/www.facebook.com\/MathezFreight\/\" \/>\n<meta property=\"article:modified_time\" content=\"2026-02-03T10:23:02+00:00\" \/>\n<meta property=\"og:image\" content=\"https:\/\/www.mathezfreight.com\/wp-content\/uploads\/photo-sete-depositphotos_183706458_xL.jpg\" \/>\n\t<meta property=\"og:image:width\" content=\"1220\" \/>\n\t<meta property=\"og:image:height\" content=\"915\" \/>\n\t<meta property=\"og:image:type\" content=\"image\/jpeg\" \/>\n<meta name=\"twitter:card\" content=\"summary_large_image\" \/>\n<meta name=\"twitter:site\" content=\"@MathezFreight\" \/>\n<meta name=\"twitter:label1\" content=\"Est. reading time\" \/>\n\t<meta name=\"twitter:data1\" content=\"1 minute\" \/>\n<script type=\"application\/ld+json\" class=\"yoast-schema-graph\">{\"@context\":\"https:\\\/\\\/schema.org\",\"@graph\":[{\"@type\":\"WebPage\",\"@id\":\"https:\\\/\\\/www.mathezfreight.com\\\/en\\\/about\\\/agencies\\\/sete\\\/\",\"url\":\"https:\\\/\\\/www.mathezfreight.com\\\/en\\\/about\\\/agencies\\\/sete\\\/\",\"name\":\"Freight forwarder in S\u00e8te - France-Turkey\\\/Maghreb - MATHEZ FREIGHT\",\"isPartOf\":{\"@id\":\"https:\\\/\\\/www.mathezfreight.com\\\/en\\\/#website\"},\"primaryImageOfPage\":{\"@id\":\"https:\\\/\\\/www.mathezfreight.com\\\/en\\\/about\\\/agencies\\\/sete\\\/#primaryimage\"},\"image\":{\"@id\":\"https:\\\/\\\/www.mathezfreight.com\\\/en\\\/about\\\/agencies\\\/sete\\\/#primaryimage\"},\"thumbnailUrl\":\"https:\\\/\\\/www.mathezfreight.com\\\/wp-content\\\/uploads\\\/photo-sete-depositphotos_183706458_xL.jpg\",\"datePublished\":\"2024-03-18T17:18:15+00:00\",\"dateModified\":\"2026-02-03T10:23:02+00:00\",\"description\":\"Our agency in Sete handles your imports \\\/ exports \\\/ customs clearance with Turkey and Northern Africa, and organizes your sea &amp; road transport, particularly in Roro.\",\"breadcrumb\":{\"@id\":\"https:\\\/\\\/www.mathezfreight.com\\\/en\\\/about\\\/agencies\\\/sete\\\/#breadcrumb\"},\"inLanguage\":\"en-US\",\"potentialAction\":[{\"@type\":\"ReadAction\",\"target\":[\"https:\\\/\\\/www.mathezfreight.com\\\/en\\\/about\\\/agencies\\\/sete\\\/\"]}]},{\"@type\":\"ImageObject\",\"inLanguage\":\"en-US\",\"@id\":\"https:\\\/\\\/www.mathezfreight.com\\\/en\\\/about\\\/agencies\\\/sete\\\/#primaryimage\",\"url\":\"https:\\\/\\\/www.mathezfreight.com\\\/wp-content\\\/uploads\\\/photo-sete-depositphotos_183706458_xL.jpg\",\"contentUrl\":\"https:\\\/\\\/www.mathezfreight.com\\\/wp-content\\\/uploads\\\/photo-sete-depositphotos_183706458_xL.jpg\",\"width\":1220,\"height\":915,\"caption\":\"aerial view of the city of sete, france, with mont saint-clair and port. photo taken at sunrise.\"},{\"@type\":\"BreadcrumbList\",\"@id\":\"https:\\\/\\\/www.mathezfreight.com\\\/en\\\/about\\\/agencies\\\/sete\\\/#breadcrumb\",\"itemListElement\":[{\"@type\":\"ListItem\",\"position\":1,\"name\":\"Home\",\"item\":\"https:\\\/\\\/www.mathezfreight.com\\\/en\\\/home\\\/\"},{\"@type\":\"ListItem\",\"position\":2,\"name\":\"About\",\"item\":\"https:\\\/\\\/www.mathezfreight.com\\\/en\\\/about\\\/\"},{\"@type\":\"ListItem\",\"position\":3,\"name\":\"Agencies\",\"item\":\"https:\\\/\\\/www.mathezfreight.com\\\/en\\\/about\\\/agencies\\\/\"},{\"@type\":\"ListItem\",\"position\":4,\"name\":\"Sete\"}]},{\"@type\":\"WebSite\",\"@id\":\"https:\\\/\\\/www.mathezfreight.com\\\/en\\\/#website\",\"url\":\"https:\\\/\\\/www.mathezfreight.com\\\/en\\\/\",\"name\":\"MATHEZ FREIGHT\",\"description\":\"Solutions transport sur mesure, suivies, efficaces\",\"publisher\":{\"@id\":\"https:\\\/\\\/www.mathezfreight.com\\\/en\\\/#organization\"},\"alternateName\":\"MATHEZ TRANSPORTS INTERNATIONAUX\",\"potentialAction\":[{\"@type\":\"SearchAction\",\"target\":{\"@type\":\"EntryPoint\",\"urlTemplate\":\"https:\\\/\\\/www.mathezfreight.com\\\/en\\\/?s={search_term_string}\"},\"query-input\":{\"@type\":\"PropertyValueSpecification\",\"valueRequired\":true,\"valueName\":\"search_term_string\"}}],\"inLanguage\":\"en-US\"},{\"@type\":\"Organization\",\"@id\":\"https:\\\/\\\/www.mathezfreight.com\\\/en\\\/#organization\",\"name\":\"MATHEZ FREIGHT\",\"alternateName\":\"MATHEZ TRANSPORTS INTERNATIONAUX\",\"url\":\"https:\\\/\\\/www.mathezfreight.com\\\/en\\\/\",\"logo\":{\"@type\":\"ImageObject\",\"inLanguage\":\"en-US\",\"@id\":\"https:\\\/\\\/www.mathezfreight.com\\\/en\\\/#\\\/schema\\\/logo\\\/image\\\/\",\"url\":\"https:\\\/\\\/www.mathezfreight.com\\\/wp-content\\\/uploads\\\/logo-mathez-freight-400pxw.png\",\"contentUrl\":\"https:\\\/\\\/www.mathezfreight.com\\\/wp-content\\\/uploads\\\/logo-mathez-freight-400pxw.png\",\"width\":400,\"height\":136,\"caption\":\"MATHEZ FREIGHT\"},\"image\":{\"@id\":\"https:\\\/\\\/www.mathezfreight.com\\\/en\\\/#\\\/schema\\\/logo\\\/image\\\/\"},\"sameAs\":[\"https:\\\/\\\/www.facebook.com\\\/MathezFreight\\\/\",\"https:\\\/\\\/x.com\\\/MathezFreight\",\"https:\\\/\\\/www.linkedin.com\\\/company\\\/mathezfreight\\\/\"],\"description\":\"Transitaire fran\u00e7ais, organisateur de transport international: fret a\u00e9rien, fret maritime, commissionnaire en douane agr\u00e9\u00e9 OEA-Full. 17 agences en France sur tous les principaux ports et a\u00e9roports.\",\"email\":\"web@mathezfreight.com\",\"telephone\":\"+33.497257825\",\"legalName\":\"MATHEZ TRANSPORTS INTERNATIONAUX\",\"foundingDate\":\"1950-01-01\",\"numberOfEmployees\":{\"@type\":\"QuantitativeValue\",\"minValue\":\"51\",\"maxValue\":\"200\"}}]}<\/script>\n<!-- \/ Yoast SEO Premium plugin. -->","yoast_head_json":{"title":"Freight forwarder in S\u00e8te - France-Turkey\/Maghreb - MATHEZ FREIGHT","description":"Our agency in Sete handles your imports \/ exports \/ customs clearance with Turkey and Northern Africa, and organizes your sea &amp; road transport, particularly in Roro.","robots":{"index":"index","follow":"follow","max-snippet":"max-snippet:-1","max-image-preview":"max-image-preview:large","max-video-preview":"max-video-preview:-1"},"canonical":"https:\/\/www.mathezfreight.com\/en\/about\/agencies\/sete\/","og_locale":"en_US","og_type":"article","og_title":"Freight forwarder in S\u00e8te - France-Turkey\/Maghreb","og_description":"Our agency in Sete handles your imports \/ exports \/ customs clearance with Turkey and Northern Africa, and organizes your sea &amp; road transport, particularly in Roro.","og_url":"https:\/\/www.mathezfreight.com\/en\/about\/agencies\/sete\/","og_site_name":"MATHEZ FREIGHT","article_publisher":"https:\/\/www.facebook.com\/MathezFreight\/","article_modified_time":"2026-02-03T10:23:02+00:00","og_image":[{"width":1220,"height":915,"url":"https:\/\/www.mathezfreight.com\/wp-content\/uploads\/photo-sete-depositphotos_183706458_xL.jpg","type":"image\/jpeg"}],"twitter_card":"summary_large_image","twitter_site":"@MathezFreight","twitter_misc":{"Est. reading time":"1 minute"},"schema":{"@context":"https:\/\/schema.org","@graph":[{"@type":"WebPage","@id":"https:\/\/www.mathezfreight.com\/en\/about\/agencies\/sete\/","url":"https:\/\/www.mathezfreight.com\/en\/about\/agencies\/sete\/","name":"Freight forwarder in S\u00e8te - France-Turkey\/Maghreb - MATHEZ FREIGHT","isPartOf":{"@id":"https:\/\/www.mathezfreight.com\/en\/#website"},"primaryImageOfPage":{"@id":"https:\/\/www.mathezfreight.com\/en\/about\/agencies\/sete\/#primaryimage"},"image":{"@id":"https:\/\/www.mathezfreight.com\/en\/about\/agencies\/sete\/#primaryimage"},"thumbnailUrl":"https:\/\/www.mathezfreight.com\/wp-content\/uploads\/photo-sete-depositphotos_183706458_xL.jpg","datePublished":"2024-03-18T17:18:15+00:00","dateModified":"2026-02-03T10:23:02+00:00","description":"Our agency in Sete handles your imports \/ exports \/ customs clearance with Turkey and Northern Africa, and organizes your sea &amp; road transport, particularly in Roro.","breadcrumb":{"@id":"https:\/\/www.mathezfreight.com\/en\/about\/agencies\/sete\/#breadcrumb"},"inLanguage":"en-US","potentialAction":[{"@type":"ReadAction","target":["https:\/\/www.mathezfreight.com\/en\/about\/agencies\/sete\/"]}]},{"@type":"ImageObject","inLanguage":"en-US","@id":"https:\/\/www.mathezfreight.com\/en\/about\/agencies\/sete\/#primaryimage","url":"https:\/\/www.mathezfreight.com\/wp-content\/uploads\/photo-sete-depositphotos_183706458_xL.jpg","contentUrl":"https:\/\/www.mathezfreight.com\/wp-content\/uploads\/photo-sete-depositphotos_183706458_xL.jpg","width":1220,"height":915,"caption":"aerial view of the city of sete, france, with mont saint-clair and port. photo taken at sunrise."},{"@type":"BreadcrumbList","@id":"https:\/\/www.mathezfreight.com\/en\/about\/agencies\/sete\/#breadcrumb","itemListElement":[{"@type":"ListItem","position":1,"name":"Home","item":"https:\/\/www.mathezfreight.com\/en\/home\/"},{"@type":"ListItem","position":2,"name":"About","item":"https:\/\/www.mathezfreight.com\/en\/about\/"},{"@type":"ListItem","position":3,"name":"Agencies","item":"https:\/\/www.mathezfreight.com\/en\/about\/agencies\/"},{"@type":"ListItem","position":4,"name":"Sete"}]},{"@type":"WebSite","@id":"https:\/\/www.mathezfreight.com\/en\/#website","url":"https:\/\/www.mathezfreight.com\/en\/","name":"MATHEZ FREIGHT","description":"Solutions transport sur mesure, suivies, efficaces","publisher":{"@id":"https:\/\/www.mathezfreight.com\/en\/#organization"},"alternateName":"MATHEZ TRANSPORTS INTERNATIONAUX","potentialAction":[{"@type":"SearchAction","target":{"@type":"EntryPoint","urlTemplate":"https:\/\/www.mathezfreight.com\/en\/?s={search_term_string}"},"query-input":{"@type":"PropertyValueSpecification","valueRequired":true,"valueName":"search_term_string"}}],"inLanguage":"en-US"},{"@type":"Organization","@id":"https:\/\/www.mathezfreight.com\/en\/#organization","name":"MATHEZ FREIGHT","alternateName":"MATHEZ TRANSPORTS INTERNATIONAUX","url":"https:\/\/www.mathezfreight.com\/en\/","logo":{"@type":"ImageObject","inLanguage":"en-US","@id":"https:\/\/www.mathezfreight.com\/en\/#\/schema\/logo\/image\/","url":"https:\/\/www.mathezfreight.com\/wp-content\/uploads\/logo-mathez-freight-400pxw.png","contentUrl":"https:\/\/www.mathezfreight.com\/wp-content\/uploads\/logo-mathez-freight-400pxw.png","width":400,"height":136,"caption":"MATHEZ FREIGHT"},"image":{"@id":"https:\/\/www.mathezfreight.com\/en\/#\/schema\/logo\/image\/"},"sameAs":["https:\/\/www.facebook.com\/MathezFreight\/","https:\/\/x.com\/MathezFreight","https:\/\/www.linkedin.com\/company\/mathezfreight\/"],"description":"Transitaire fran\u00e7ais, organisateur de transport international: fret a\u00e9rien, fret maritime, commissionnaire en douane agr\u00e9\u00e9 OEA-Full. 17 agences en France sur tous les principaux ports et a\u00e9roports.","email":"web@mathezfreight.com","telephone":"+33.497257825","legalName":"MATHEZ TRANSPORTS INTERNATIONAUX","foundingDate":"1950-01-01","numberOfEmployees":{"@type":"QuantitativeValue","minValue":"51","maxValue":"200"}}]}},"_links":{"self":[{"href":"https:\/\/www.mathezfreight.com\/en\/wp-json\/wp\/v2\/pages\/52615","targetHints":{"allow":["GET"]}}],"collection":[{"href":"https:\/\/www.mathezfreight.com\/en\/wp-json\/wp\/v2\/pages"}],"about":[{"href":"https:\/\/www.mathezfreight.com\/en\/wp-json\/wp\/v2\/types\/page"}],"author":[{"embeddable":true,"href":"https:\/\/www.mathezfreight.com\/en\/wp-json\/wp\/v2\/users\/1"}],"replies":[{"embeddable":true,"href":"https:\/\/www.mathezfreight.com\/en\/wp-json\/wp\/v2\/comments?post=52615"}],"version-history":[{"count":0,"href":"https:\/\/www.mathezfreight.com\/en\/wp-json\/wp\/v2\/pages\/52615\/revisions"}],"up":[{"embeddable":true,"href":"https:\/\/www.mathezfreight.com\/en\/wp-json\/wp\/v2\/pages\/28266"}],"wp:featuredmedia":[{"embeddable":true,"href":"https:\/\/www.mathezfreight.com\/en\/wp-json\/wp\/v2\/media\/54060"}],"wp:attachment":[{"href":"https:\/\/www.mathezfreight.com\/en\/wp-json\/wp\/v2\/media?parent=52615"}],"curies":[{"name":"wp","href":"https:\/\/api.w.org\/{rel}","templated":true}]}}