{"id":28773,"date":"2018-11-23T09:30:44","date_gmt":"2018-11-23T09:30:44","guid":{"rendered":"https:\/\/www.mathezfreight.com\/about\/agencies\/cannes\/"},"modified":"2026-02-04T14:04:23","modified_gmt":"2026-02-04T14:04:23","slug":"cannes","status":"publish","type":"page","link":"https:\/\/www.mathezfreight.com\/en\/about\/agencies\/cannes\/","title":{"rendered":"Freight agent in Cannes"},"content":{"rendered":"\t\t<div data-elementor-type=\"wp-post\" data-elementor-id=\"28773\" class=\"elementor elementor-28773 elementor-18179\" data-elementor-post-type=\"page\">\n\t\t\t\t\t\t<div class=\"elementor-section elementor-top-section elementor-element elementor-element-09d946a elementor-section-stretched elementor-section-full_width bg-about elementor-section-height-default elementor-section-height-default default-style elementor-invisible\" data-id=\"09d946a\" data-element_type=\"section\" data-e-type=\"section\" id=\"mti-page-header\" data-settings=\"{&quot;stretch_section&quot;:&quot;section-stretched&quot;,&quot;animation&quot;:&quot;fadeIn&quot;,&quot;rt_color_sets&quot;:&quot;default-style&quot;}\">\n\t\t\t\t\t\t<div class=\"elementor-container elementor-column-gap-no\">\n\t\t\t\t\t<div class=\"elementor-column elementor-col-100 elementor-top-column elementor-element elementor-element-15b02b8\" data-id=\"15b02b8\" data-element_type=\"column\" data-e-type=\"column\">\n\t\t\t<div class=\"elementor-widget-wrap elementor-element-populated\">\n\t\t\t\t\t\t<div class=\"elementor-element elementor-element-b3e74f4 mti-carte-gmap elementor-widget elementor-widget-html\" data-id=\"b3e74f4\" data-element_type=\"widget\" data-e-type=\"widget\" data-widget_type=\"html.default\">\n\t\t\t\t<div class=\"elementor-widget-container\">\n\t\t\t\t\t<iframe loading=\"lazy\" src=\"https:\/\/www.google.com\/maps\/d\/u\/0\/embed?mid=1lL73C1U8t49mX01Bpqw8QsS2Ut8&amp;ll=43.551%2C7.038&amp;z=14\" width=\"1220\" height=\"455\" style=\"position: relative; top: -50px;\"><\/iframe> \t\t\t\t<\/div>\n\t\t\t\t<\/div>\n\t\t\t\t\t<\/div>\n\t\t<\/div>\n\t\t\t\t\t<\/div>\n\t\t<\/div>\n\t\t\t\t<section class=\"elementor-section elementor-top-section elementor-element elementor-element-969f07a mti-carte-agence elementor-section-boxed elementor-section-height-default elementor-section-height-default default-style\" data-id=\"969f07a\" data-element_type=\"section\" data-e-type=\"section\" data-settings=\"{&quot;background_background&quot;:&quot;classic&quot;,&quot;rt_color_sets&quot;:&quot;default-style&quot;}\">\n\t\t\t\t\t\t<div class=\"elementor-container elementor-column-gap-default\">\n\t\t\t\t\t<div class=\"elementor-column elementor-col-100 elementor-top-column elementor-element elementor-element-1410496\" data-id=\"1410496\" data-element_type=\"column\" data-e-type=\"column\">\n\t\t\t<div class=\"elementor-widget-wrap elementor-element-populated\">\n\t\t\t\t\t\t<div class=\"elementor-element elementor-element-962fe65 mti-carte-visite elementor-icon-list--layout-traditional elementor-list-item-link-full_width elementor-widget elementor-widget-icon-list\" data-id=\"962fe65\" data-element_type=\"widget\" data-e-type=\"widget\" data-widget_type=\"icon-list.default\">\n\t\t\t\t<div class=\"elementor-widget-container\">\n\t\t\t\t\t\t\t<ul class=\"elementor-icon-list-items\">\n\t\t\t\t\t\t\t<li class=\"elementor-icon-list-item\">\n\t\t\t\t\t\t\t\t\t\t<span class=\"elementor-icon-list-text\"><h2>MATHEZ FREIGHT in Cannes<\/h2><\/span>\n\t\t\t\t\t\t\t\t\t<\/li>\n\t\t\t\t\t\t\t\t<li class=\"elementor-icon-list-item\">\n\t\t\t\t\t\t\t\t\t\t\t<span class=\"elementor-icon-list-icon\">\n\t\t\t\t\t\t\t<i aria-hidden=\"true\" class=\"fas fa-map-signs\"><\/i>\t\t\t\t\t\t<\/span>\n\t\t\t\t\t\t\t\t\t\t<span class=\"elementor-icon-list-text\">15 rue du Vingt-quatre Aout, 06400 Cannes, France<\/span>\n\t\t\t\t\t\t\t\t\t<\/li>\n\t\t\t\t\t\t\t\t<li class=\"elementor-icon-list-item\">\n\t\t\t\t\t\t\t\t\t\t\t<a href=\"tel:+33.493384387\">\n\n\t\t\t\t\t\t\t\t\t\t\t\t<span class=\"elementor-icon-list-icon\">\n\t\t\t\t\t\t\t<i aria-hidden=\"true\" class=\"fas fa-phone\"><\/i>\t\t\t\t\t\t<\/span>\n\t\t\t\t\t\t\t\t\t\t<span class=\"elementor-icon-list-text\">+33.4 93 38 43 87<\/span>\n\t\t\t\t\t\t\t\t\t\t\t<\/a>\n\t\t\t\t\t\t\t\t\t<\/li>\n\t\t\t\t\t\t\t\t<li class=\"elementor-icon-list-item\">\n\t\t\t\t\t\t\t\t\t\t\t<span class=\"elementor-icon-list-icon\">\n\t\t\t\t\t\t\t<i aria-hidden=\"true\" class=\"fasrt-elementor-icon icon-mail\"><\/i>\t\t\t\t\t\t<\/span>\n\t\t\t\t\t\t\t\t\t\t<span class=\"elementor-icon-list-text\">web@mathezfreight.com<\/span>\n\t\t\t\t\t\t\t\t\t<\/li>\n\t\t\t\t\t\t\t\t<li class=\"elementor-icon-list-item\">\n\t\t\t\t\t\t\t\t\t\t\t<a href=\"https:\/\/www.google.fr\/maps\/dir\/\/Mathez+Freight+Forwarding+(Mathez+Transports+Internationaux),+15+Rue+Du+Vingt-Quatre+Ao%C3%BBt,+06400+Cannes\/@43.6178579,7.0327188,12z\/data=!4m9!4m8!1m0!1m5!1m1!1s0x12ce81925b51feff:0x7cb576939d480b8a!2m2!1d7.019273!2d43.553304!3e0\" target=\"_blank\" rel=\"nofollow\">\n\n\t\t\t\t\t\t\t\t\t\t\t\t<span class=\"elementor-icon-list-icon\">\n\t\t\t\t\t\t\t<i aria-hidden=\"true\" class=\"fasrt-elementor-icon icon-map-o\"><\/i>\t\t\t\t\t\t<\/span>\n\t\t\t\t\t\t\t\t\t\t<span class=\"elementor-icon-list-text\">Directions<\/span>\n\t\t\t\t\t\t\t\t\t\t\t<\/a>\n\t\t\t\t\t\t\t\t\t<\/li>\n\t\t\t\t\t\t<\/ul>\n\t\t\t\t\t\t<\/div>\n\t\t\t\t<\/div>\n\t\t\t\t<div class=\"elementor-element elementor-element-a6d2574 elementor-widget elementor-widget-rt-button\" data-id=\"a6d2574\" data-element_type=\"widget\" data-e-type=\"widget\" id=\"mti-red-button\" data-widget_type=\"rt-button.default\">\n\t\t\t\t<div class=\"elementor-widget-container\">\n\t\t\t\t\t<div class=\"button_wrapper  hero\"><a href=\"https:\/\/www.mathezfreight.com\/en\/contact\/\" target=\"_self\" title=\"Contact\" class=\"button_  style-3 hero\"><span><span class=\"button-icon rt-elementor-icon icon-mail\"><\/span><span>Contact Us<\/span><\/span><\/a><\/div>\t\t\t\t<\/div>\n\t\t\t\t<\/div>\n\t\t\t\t\t<\/div>\n\t\t<\/div>\n\t\t\t\t\t<\/div>\n\t\t<\/section>\n\t\t\t\t<div class=\"elementor-section elementor-top-section elementor-element elementor-element-7d9eafb elementor-section-content-bottom mti-beau-gosse agence elementor-reverse-mobile elementor-section-boxed elementor-section-height-default elementor-section-height-default default-style elementor-invisible\" data-id=\"7d9eafb\" data-element_type=\"section\" data-e-type=\"section\" data-settings=\"{&quot;animation&quot;:&quot;fadeIn&quot;,&quot;rt_color_sets&quot;:&quot;default-style&quot;}\">\n\t\t\t\t\t\t<div class=\"elementor-container elementor-column-gap-default\">\n\t\t\t\t\t<div class=\"elementor-column elementor-col-33 elementor-top-column elementor-element elementor-element-9e758bb\" data-id=\"9e758bb\" data-element_type=\"column\" data-e-type=\"column\">\n\t\t\t<div class=\"elementor-widget-wrap\">\n\t\t\t\t\t\t\t<\/div>\n\t\t<\/div>\n\t\t\t\t<div class=\"elementor-column elementor-col-66 elementor-top-column elementor-element elementor-element-a3bb058\" data-id=\"a3bb058\" data-element_type=\"column\" data-e-type=\"column\">\n\t\t\t<div class=\"elementor-widget-wrap elementor-element-populated\">\n\t\t\t\t\t\t<div class=\"elementor-element elementor-element-ca247a5 mti-beau-gosse-citation agence elementor-widget elementor-widget-text-editor\" data-id=\"ca247a5\" data-element_type=\"widget\" data-e-type=\"widget\" data-widget_type=\"text-editor.default\">\n\t\t\t\t<div class=\"elementor-widget-container\">\n\t\t\t\t\t\t\t\t\t<blockquote><p><strong>For more than 60 years in Cannes, we have been providing administrative and transport solutions to meet the expectations of a demanding clientele, both professional and individual. <\/strong><\/p><\/blockquote><div id=\"mti-beau-gosse-signature\"><span class=\"blue\"><span class=\"blue\">Olivier Hurtado, <\/span><\/span>MATHEZ FREIGHT Cannes<\/div>\t\t\t\t\t\t\t\t<\/div>\n\t\t\t\t<\/div>\n\t\t\t\t\t<\/div>\n\t\t<\/div>\n\t\t\t\t\t<\/div>\n\t\t<\/div>\n\t\t\t\t<section class=\"elementor-section elementor-top-section elementor-element elementor-element-88c0935 clear elementor-section-boxed elementor-section-height-default elementor-section-height-default default-style\" data-id=\"88c0935\" data-element_type=\"section\" data-e-type=\"section\" data-settings=\"{&quot;rt_color_sets&quot;:&quot;default-style&quot;}\">\n\t\t\t\t\t\t<div class=\"elementor-container elementor-column-gap-default\">\n\t\t\t\t\t<div class=\"elementor-column elementor-col-100 elementor-top-column elementor-element elementor-element-b4ce8df\" data-id=\"b4ce8df\" data-element_type=\"column\" data-e-type=\"column\">\n\t\t\t<div class=\"elementor-widget-wrap elementor-element-populated\">\n\t\t\t\t\t\t<div class=\"elementor-element elementor-element-6465297 elementor-widget elementor-widget-spacer\" data-id=\"6465297\" data-element_type=\"widget\" data-e-type=\"widget\" data-widget_type=\"spacer.default\">\n\t\t\t\t<div class=\"elementor-widget-container\">\n\t\t\t\t\t\t\t<div class=\"elementor-spacer\">\n\t\t\t<div class=\"elementor-spacer-inner\"><\/div>\n\t\t<\/div>\n\t\t\t\t\t\t<\/div>\n\t\t\t\t<\/div>\n\t\t\t\t\t<\/div>\n\t\t<\/div>\n\t\t\t\t\t<\/div>\n\t\t<\/section>\n\t\t\t\t<div class=\"elementor-section elementor-top-section elementor-element elementor-element-25a97f9 mti-diapo services elementor-section-full_width elementor-section-height-default elementor-section-height-default default-style\" data-id=\"25a97f9\" data-element_type=\"section\" data-e-type=\"section\" data-settings=\"{&quot;background_background&quot;:&quot;classic&quot;,&quot;rt_color_sets&quot;:&quot;default-style&quot;}\">\n\t\t\t\t\t\t<div class=\"elementor-container elementor-column-gap-default\">\n\t\t\t\t\t<div class=\"elementor-column elementor-col-50 elementor-top-column elementor-element elementor-element-300200f\" data-id=\"300200f\" data-element_type=\"column\" data-e-type=\"column\">\n\t\t\t<div class=\"elementor-widget-wrap elementor-element-populated\">\n\t\t\t\t\t\t<div class=\"elementor-element elementor-element-fb8407d elementor-widget elementor-widget-text-editor\" data-id=\"fb8407d\" data-element_type=\"widget\" data-e-type=\"widget\" data-widget_type=\"text-editor.default\">\n\t\t\t\t<div class=\"elementor-widget-container\">\n\t\t\t\t\t\t\t\t\t<h2 style=\"text-align: center;\">Our specialties in Cannes<\/h2>\n\t \n\t\t<div  class=\"bullet-list style-1  check\">\n\t\t\n<ul style=\"margin-top: -10px;\">\n \t<li>\n<h6><a href=\"https:\/\/www.mathezfreight.com\/en\/solutions\/freight\/yachts\/\">Services to yachts<\/a> and boats: French flag registry, customs clearance, bonded warehouses, import with or without VAT exemption, temporary admission, export, inward\/outward processing arrangements etc.<\/h6>\n<\/li>\n \t<li>\n<h6><a href=\"https:\/\/www.mathezfreight.com\/en\/solutions\/freight\/wine\/\">Excisable products<\/a>: import\/export.<\/h6>\n<\/li>\n \t<li>\n<h6><a href=\"https:\/\/www.mathezfreight.com\/en\/solutions\/freight\/trade-fairs-and-conferences\/\">Logistics for fairs and exhibitions<\/a> in Cannes.<\/h6>\n<\/li>\n \t<li>\n<h6>Services to individuals: <a href=\"https:\/\/www.mathezfreight.com\/en\/solutions\/freight\/arts\/\">transport of works of art<\/a>, import\/export of <a href=\"https:\/\/www.mathezfreight.com\/en\/solutions\/freight\/cars\/\">luxury vehicles<\/a>, relocations&#8230;<\/h6>\n<\/li>\n<\/ul>\n\n\t\t<\/div>\n\t\t\t\t\t\t\t\t\t<\/div>\n\t\t\t\t<\/div>\n\t\t\t\t\t<\/div>\n\t\t<\/div>\n\t\t\t\t<div class=\"elementor-column elementor-col-50 elementor-top-column elementor-element elementor-element-3552d0f\" data-id=\"3552d0f\" data-element_type=\"column\" data-e-type=\"column\">\n\t\t\t<div class=\"elementor-widget-wrap elementor-element-populated\">\n\t\t\t\t\t\t<div class=\"elementor-element elementor-element-efb949b elementor-widget elementor-widget-rt-image-carousel\" data-id=\"efb949b\" data-element_type=\"widget\" data-e-type=\"widget\" data-widget_type=\"rt-image-carousel.default\">\n\t\t\t\t<div class=\"elementor-widget-container\">\n\t\t\t\t\t\r\n\t\t\t\t<div id=\"image-carousel-318874\" class=\"rt-carousel carousel-holder clearfix rt-image-carousel  rt_lightbox_gallery\" data-item-width=\"1\" data-nav=\"\" data-dots=\"\" data-margin=\"0\" data-autoplay=\"true\" data-timeout=\"4000\" data-thumbnails=\"false\" data-boxed=\"\" data-min-height=\"\" data-padding=\"0\" data-loop=\"\" data-tablet-item-width=\"\" data-mobile-item-width=\"\">\r\n\t\t\t\t\t<div class=\"owl-carousel\">\r\n\t\t\t\t\t\t<div><a id=\"lightbox-614397\" class=\"imgeffect zoom rt_lightbox\" data-gal-id=\"slider-carousel-520065\" data-rel=\"rt_lightbox\" title=\"Enlarge Image\" data-sub-html=\"The Palais des Festivals seen from the port in Cannes<br>\u00a9 MATHEZ FREIGHT (ALP)\" data-src=\"\" data-width=\"\" data-height=\"\" data-poster=\"\" data-autoplay=\"\" data-audiotitle=\"\" data-download-url=\"false\" href=\"https:\/\/www.mathezfreight.com\/wp-content\/uploads\/photo-tfwa-2018-cannes-port-alp.jpg\"><img decoding=\"async\" src=\"https:\/\/www.mathezfreight.com\/wp-content\/uploads\/photo-tfwa-2018-cannes-port-alp-610x403.jpg\" width=\"610\" height=\"403\" alt=\"Le Palais des Festivals vu du port \u00e0 Cannes\"><\/a><\/div><div><a id=\"lightbox-710410\" class=\"imgeffect zoom rt_lightbox\" data-gal-id=\"slider-carousel-520065\" data-rel=\"rt_lightbox\" title=\"Enlarge Image\" data-sub-html=\"1<br>MATHEZ FREIGHT (AR)\" data-src=\"\" data-width=\"\" data-height=\"\" data-poster=\"\" data-autoplay=\"\" data-audiotitle=\"\" data-download-url=\"false\" href=\"https:\/\/www.mathezfreight.com\/wp-content\/uploads\/1-1.jpg\"><img decoding=\"async\" src=\"https:\/\/www.mathezfreight.com\/wp-content\/uploads\/1-1-610x403.jpg\" width=\"610\" height=\"403\" alt=\"\"><\/a><\/div><div><a id=\"lightbox-512069\" class=\"imgeffect zoom rt_lightbox\" data-gal-id=\"slider-carousel-520065\" data-rel=\"rt_lightbox\" title=\"Enlarge Image\" data-sub-html=\"MATHEZ FREIGHT office, downtown Cannes<br>\u00a9 MATHEZ FREIGHT\" data-src=\"\" data-width=\"\" data-height=\"\" data-poster=\"\" data-autoplay=\"\" data-audiotitle=\"\" data-download-url=\"false\" href=\"https:\/\/www.mathezfreight.com\/wp-content\/uploads\/photo-cannes-bureau-mti.jpg\"><img decoding=\"async\" src=\"https:\/\/www.mathezfreight.com\/wp-content\/uploads\/photo-cannes-bureau-mti-610x403.jpg\" width=\"610\" height=\"403\" alt=\"Bureau MATHEZ FREIGHT, au centre ville de Cannes\"><\/a><\/div><div><a id=\"lightbox-557230\" class=\"imgeffect zoom rt_lightbox\" data-gal-id=\"slider-carousel-520065\" data-rel=\"rt_lightbox\" title=\"Enlarge Image\" data-sub-html=\"Services for yachts &amp; pleasure boats\" data-src=\"\" data-width=\"\" data-height=\"\" data-poster=\"\" data-autoplay=\"\" data-audiotitle=\"\" data-download-url=\"false\" href=\"https:\/\/www.mathezfreight.com\/wp-content\/uploads\/photo-yacht-detail-graphicstock.jpg\"><img decoding=\"async\" src=\"https:\/\/www.mathezfreight.com\/wp-content\/uploads\/photo-yacht-detail-graphicstock-610x403.jpg\" width=\"610\" height=\"403\" alt=\"Services aux yachts &amp; bateaux de plaisance\"><\/a><\/div><div><a id=\"lightbox-963521\" class=\"imgeffect zoom rt_lightbox\" data-gal-id=\"slider-carousel-520065\" data-rel=\"rt_lightbox\" title=\"Enlarge Image\" data-sub-html=\"Services for yachts &amp; pleasure boats<br>\u00a9 MATHEZ FREIGHT (ALP)\" data-src=\"\" data-width=\"\" data-height=\"\" data-poster=\"\" data-autoplay=\"\" data-audiotitle=\"\" data-download-url=\"false\" href=\"https:\/\/www.mathezfreight.com\/wp-content\/uploads\/photo-cannes-noeud-alp.jpg\"><img decoding=\"async\" src=\"https:\/\/www.mathezfreight.com\/wp-content\/uploads\/photo-cannes-noeud-alp-610x403.jpg\" width=\"610\" height=\"403\" alt=\"Services aux yachts &amp; bateaux de plaisance\"><\/a><\/div><div><a id=\"lightbox-577401\" class=\"imgeffect zoom rt_lightbox\" data-gal-id=\"slider-carousel-520065\" data-rel=\"rt_lightbox\" title=\"Enlarge Image\" data-sub-html=\"Handling crates in Cannes, TFWA 2018<br>\u00a9 MATHEZ FREIGHT (ALP)\" data-src=\"\" data-width=\"\" data-height=\"\" data-poster=\"\" data-autoplay=\"\" data-audiotitle=\"\" data-download-url=\"false\" href=\"https:\/\/www.mathezfreight.com\/wp-content\/uploads\/photo-onsite-tfwa-2018-781.jpg\"><img decoding=\"async\" src=\"https:\/\/www.mathezfreight.com\/wp-content\/uploads\/photo-onsite-tfwa-2018-781-610x403.jpg\" width=\"610\" height=\"403\" alt=\"MATHEZ ONSITE LOGISTICS prestataire du TFWA \u00e0 Cannes \"><\/a><\/div><div><a id=\"lightbox-369412\" class=\"imgeffect zoom rt_lightbox\" data-gal-id=\"slider-carousel-520065\" data-rel=\"rt_lightbox\" title=\"Enlarge Image\" data-sub-html=\"TFWA Exhibition in Cannes<br>\u00a9 MATHEZ FREIGHT (ALP)\" data-src=\"\" data-width=\"\" data-height=\"\" data-poster=\"\" data-autoplay=\"\" data-audiotitle=\"\" data-download-url=\"false\" href=\"https:\/\/www.mathezfreight.com\/wp-content\/uploads\/photo-onsite-2018-alp-9.jpg\"><img decoding=\"async\" src=\"https:\/\/www.mathezfreight.com\/wp-content\/uploads\/photo-onsite-2018-alp-9-610x403.jpg\" width=\"610\" height=\"403\" alt=\"Salon TFWA \u00e0 Cannes\"><\/a><\/div><div><a id=\"lightbox-973527\" class=\"imgeffect zoom rt_lightbox\" data-gal-id=\"slider-carousel-520065\" data-rel=\"rt_lightbox\" title=\"Enlarge Image\" data-sub-html=\"Warehouse positioned near the Palais des Festivals for TFWA<br>\u00a9 MATHEZ FREIGHT (ALP)\" data-src=\"\" data-width=\"\" data-height=\"\" data-poster=\"\" data-autoplay=\"\" data-audiotitle=\"\" data-download-url=\"false\" href=\"https:\/\/www.mathezfreight.com\/wp-content\/uploads\/photo-onsite-tfwa-2018-654.jpg\"><img decoding=\"async\" src=\"https:\/\/www.mathezfreight.com\/wp-content\/uploads\/photo-onsite-tfwa-2018-654-610x403.jpg\" width=\"610\" height=\"403\" alt=\"Entrep\u00f4t positionn\u00e9 pr\u00e8s du Palais des Festivals pour le TFWA\"><\/a><\/div><div><a id=\"lightbox-956284\" class=\"imgeffect zoom rt_lightbox\" data-gal-id=\"slider-carousel-520065\" data-rel=\"rt_lightbox\" title=\"Enlarge Image\" data-sub-html=\"6000m2 of MATHEZ ONSITE LOGISTICS tents at TFWA 2018<br>\u00a9 MATHEZ FREIGHT (ALP)\" data-src=\"\" data-width=\"\" data-height=\"\" data-poster=\"\" data-autoplay=\"\" data-audiotitle=\"\" data-download-url=\"false\" href=\"https:\/\/www.mathezfreight.com\/wp-content\/uploads\/photo-onsite-tfwa-2018-entrepot.jpg\"><img decoding=\"async\" src=\"https:\/\/www.mathezfreight.com\/wp-content\/uploads\/photo-onsite-tfwa-2018-entrepot-610x403.jpg\" width=\"610\" height=\"403\" alt=\"6000m2 de chapiteaux MATHEZ ONSITE LOGISTICS sur TFWA 2018\"><\/a><\/div><div><a id=\"lightbox-420470\" class=\"imgeffect zoom rt_lightbox\" data-gal-id=\"slider-carousel-520065\" data-rel=\"rt_lightbox\" title=\"Enlarge Image\" data-sub-html=\"Crate handling for luxury companies at TFWA<br>\u00a9 MATHEZ FREIGHT (ALP)\" data-src=\"\" data-width=\"\" data-height=\"\" data-poster=\"\" data-autoplay=\"\" data-audiotitle=\"\" data-download-url=\"false\" href=\"https:\/\/www.mathezfreight.com\/wp-content\/uploads\/photo-onsite-2018-alp-19.jpg\"><img decoding=\"async\" src=\"https:\/\/www.mathezfreight.com\/wp-content\/uploads\/photo-onsite-2018-alp-19-610x403.jpg\" width=\"610\" height=\"403\" alt=\"Manutention de caisses pour les acteurs du luxe au TFWA\"><\/a><\/div><div><a id=\"lightbox-678791\" class=\"imgeffect zoom rt_lightbox\" data-gal-id=\"slider-carousel-520065\" data-rel=\"rt_lightbox\" title=\"Enlarge Image\" data-sub-html=\"The MATHEZ ONSITE LOGISTICS team at the TFWA 2018<br>\u00a9 MATHEZ FREIGHT (ALP)\" data-src=\"\" data-width=\"\" data-height=\"\" data-poster=\"\" data-autoplay=\"\" data-audiotitle=\"\" data-download-url=\"false\" href=\"https:\/\/www.mathezfreight.com\/wp-content\/uploads\/photo-tfwa-caisse-chanel-alp.jpg\"><img decoding=\"async\" src=\"https:\/\/www.mathezfreight.com\/wp-content\/uploads\/photo-tfwa-caisse-chanel-alp-610x403.jpg\" width=\"610\" height=\"403\" alt=\"L&#039;\u00e9quipe MATHEZ ONSITE LOGISTICS sur le TFWA 2018\"><\/a><\/div><div><a id=\"lightbox-622205\" class=\"imgeffect zoom rt_lightbox\" data-gal-id=\"slider-carousel-520065\" data-rel=\"rt_lightbox\" title=\"Enlarge Image\" data-sub-html=\"Craning operation on TFWA 2018<br>\u00a9 Mathez Freight (ALP)\" data-src=\"\" data-width=\"\" data-height=\"\" data-poster=\"\" data-autoplay=\"\" data-audiotitle=\"\" data-download-url=\"false\" href=\"https:\/\/www.mathezfreight.com\/wp-content\/uploads\/photo-onsite-2018-alp-11.jpg\"><img decoding=\"async\" src=\"https:\/\/www.mathezfreight.com\/wp-content\/uploads\/photo-onsite-2018-alp-11-610x403.jpg\" width=\"610\" height=\"403\" alt=\"Op\u00e9ration de grutage sur le TFWA 2018\"><\/a><\/div><div><a id=\"lightbox-978451\" class=\"imgeffect zoom rt_lightbox\" data-gal-id=\"slider-carousel-520065\" data-rel=\"rt_lightbox\" title=\"Enlarge Image\" data-sub-html=\"Handling on exhibitions - MATHEZ ONSITE LOGISTICS on TFWA 2018<br>\u00a9 MATHEZ FREIGHT (ALP)\" data-src=\"\" data-width=\"\" data-height=\"\" data-poster=\"\" data-autoplay=\"\" data-audiotitle=\"\" data-download-url=\"false\" href=\"https:\/\/www.mathezfreight.com\/wp-content\/uploads\/photo-onsite-tfwa-2018-602.jpg\"><img decoding=\"async\" src=\"https:\/\/www.mathezfreight.com\/wp-content\/uploads\/photo-onsite-tfwa-2018-602-610x403.jpg\" width=\"610\" height=\"403\" alt=\"Manutention sur les expositions - MATHEZ ONSITE LOGISTICS sur TFWA 2018\"><\/a><\/div><div><a id=\"lightbox-793663\" class=\"imgeffect zoom rt_lightbox\" data-gal-id=\"slider-carousel-520065\" data-rel=\"rt_lightbox\" title=\"Enlarge Image\" data-sub-html=\"TFWA 2018 in Cannes: handling exhibition stands<br>\u00a9 MATHEZ FREIGHT (ALP)\" data-src=\"\" data-width=\"\" data-height=\"\" data-poster=\"\" data-autoplay=\"\" data-audiotitle=\"\" data-download-url=\"false\" href=\"https:\/\/www.mathezfreight.com\/wp-content\/uploads\/photo-tfwa-2018-carton-palais-alp.jpg\"><img decoding=\"async\" src=\"https:\/\/www.mathezfreight.com\/wp-content\/uploads\/photo-tfwa-2018-carton-palais-alp-610x403.jpg\" width=\"610\" height=\"403\" alt=\"TFWA 2018 \u00e0 Cannes: manipulation de stands\"><\/a><\/div><div><a id=\"lightbox-541687\" class=\"imgeffect zoom rt_lightbox\" data-gal-id=\"slider-carousel-520065\" data-rel=\"rt_lightbox\" title=\"Enlarge Image\" data-sub-html=\"The MATHEZ ONSITE LOGISTICS team at the TFWA 2018<br>\u00a9 MATHEZ FREIGHT (ALP)\" data-src=\"\" data-width=\"\" data-height=\"\" data-poster=\"\" data-autoplay=\"\" data-audiotitle=\"\" data-download-url=\"false\" href=\"https:\/\/www.mathezfreight.com\/wp-content\/uploads\/photo-onsite-tfwa-2018-ants-alp.jpg\"><img decoding=\"async\" src=\"https:\/\/www.mathezfreight.com\/wp-content\/uploads\/photo-onsite-tfwa-2018-ants-alp-610x403.jpg\" width=\"610\" height=\"403\" alt=\"L&#039;\u00e9quipe MATHEZ ONSITE LOGISTICS sur le TFWA 2018\"><\/a><\/div><div><a id=\"lightbox-691161\" class=\"imgeffect zoom rt_lightbox\" data-gal-id=\"slider-carousel-520065\" data-rel=\"rt_lightbox\" title=\"Enlarge Image\" data-sub-html=\"Importing luxury vehicles by air: required documents<br>\u00a9 MATHEZ FREIGHT (ALP)\" data-src=\"\" data-width=\"\" data-height=\"\" data-poster=\"\" data-autoplay=\"\" data-audiotitle=\"\" data-download-url=\"false\" href=\"https:\/\/www.mathezfreight.com\/wp-content\/uploads\/photo-douane-air-voiture-maclaren-nice-agnes.jpg\"><img decoding=\"async\" src=\"https:\/\/www.mathezfreight.com\/wp-content\/uploads\/photo-douane-air-voiture-maclaren-nice-agnes-610x403.jpg\" width=\"610\" height=\"403\" alt=\"Import de v\u00e9hicules de luxe par avion: documentation.\"><\/a><\/div><div><a id=\"lightbox-305840\" class=\"imgeffect zoom rt_lightbox\" data-gal-id=\"slider-carousel-520065\" data-rel=\"rt_lightbox\" title=\"Enlarge Image\" data-sub-html=\"Luxury car air transport - Nice airport\" data-src=\"\" data-width=\"\" data-height=\"\" data-poster=\"\" data-autoplay=\"\" data-audiotitle=\"\" data-download-url=\"false\" href=\"https:\/\/www.mathezfreight.com\/wp-content\/uploads\/photo-voiture-rouge-petite.jpg\"><img decoding=\"async\" src=\"https:\/\/www.mathezfreight.com\/wp-content\/uploads\/photo-voiture-rouge-petite-610x403.jpg\" width=\"610\" height=\"403\" alt=\"Transport a\u00e9rien de voiture de luxe- a\u00e9roport de Nice\"><\/a><\/div><div><a id=\"lightbox-748574\" class=\"imgeffect zoom rt_lightbox\" data-gal-id=\"slider-carousel-520065\" data-rel=\"rt_lightbox\" title=\"Enlarge Image\" data-sub-html=\"Bugatti Air Transport - Nice Airport\" data-src=\"\" data-width=\"\" data-height=\"\" data-poster=\"\" data-autoplay=\"\" data-audiotitle=\"\" data-download-url=\"false\" href=\"https:\/\/www.mathezfreight.com\/wp-content\/uploads\/photo-air-bugatti-nice-2017-mti.jpg\"><img decoding=\"async\" src=\"https:\/\/www.mathezfreight.com\/wp-content\/uploads\/photo-air-bugatti-nice-2017-mti-610x403.jpg\" width=\"610\" height=\"403\" alt=\"Transport a\u00e9rien de Bugatti - a\u00e9roport de Nice\"><\/a><\/div><div><a id=\"lightbox-384022\" class=\"imgeffect zoom rt_lightbox\" data-gal-id=\"slider-carousel-520065\" data-rel=\"rt_lightbox\" title=\"Enlarge Image\" data-sub-html=\"Luxury car air transport - Nice airport\" data-src=\"\" data-width=\"\" data-height=\"\" data-poster=\"\" data-autoplay=\"\" data-audiotitle=\"\" data-download-url=\"false\" href=\"https:\/\/www.mathezfreight.com\/wp-content\/uploads\/photo-voiture-vintage-mti.jpg\"><img decoding=\"async\" src=\"https:\/\/www.mathezfreight.com\/wp-content\/uploads\/photo-voiture-vintage-mti-610x403.jpg\" width=\"610\" height=\"403\" alt=\"Transport a\u00e9rien de voiture de luxe - a\u00e9roport de Nice\"><\/a><\/div><div><a id=\"lightbox-308342\" class=\"imgeffect zoom rt_lightbox\" data-gal-id=\"slider-carousel-520065\" data-rel=\"rt_lightbox\" title=\"Enlarge Image\" data-sub-html=\"Air transport of a Mercedes in Nice<br>\u00a9 MATHEZ FREIGHT\" data-src=\"\" data-width=\"\" data-height=\"\" data-poster=\"\" data-autoplay=\"\" data-audiotitle=\"\" data-download-url=\"false\" href=\"https:\/\/www.mathezfreight.com\/wp-content\/uploads\/photo-mercedes-air-nice-mti.jpg\"><img decoding=\"async\" src=\"https:\/\/www.mathezfreight.com\/wp-content\/uploads\/photo-mercedes-air-nice-mti-610x403.jpg\" width=\"610\" height=\"403\" alt=\"Transport a\u00e9rien d&#039;une Mercedes \u00e0 Nice\"><\/a><\/div><div><a id=\"lightbox-712988\" class=\"imgeffect zoom rt_lightbox\" data-gal-id=\"slider-carousel-520065\" data-rel=\"rt_lightbox\" title=\"Enlarge Image\" data-sub-html=\"MacLaren Air Transport - Nice Airport<br>\u00a9 MATHEZ FREIGHT (ALP)\" data-src=\"\" data-width=\"\" data-height=\"\" data-poster=\"\" data-autoplay=\"\" data-audiotitle=\"\" data-download-url=\"false\" href=\"https:\/\/www.mathezfreight.com\/wp-content\/uploads\/photo-maclaren-nice-ete-2018-close-alp.jpg\"><img decoding=\"async\" src=\"https:\/\/www.mathezfreight.com\/wp-content\/uploads\/photo-maclaren-nice-ete-2018-close-alp-610x403.jpg\" width=\"610\" height=\"403\" alt=\"Transport a\u00e9rien de MacLaren - a\u00e9roport de Nice\"><\/a><\/div><div><a id=\"lightbox-204053\" class=\"imgeffect zoom rt_lightbox\" data-gal-id=\"slider-carousel-520065\" data-rel=\"rt_lightbox\" title=\"Enlarge Image\" data-sub-html=\"Products subject to excise duties, wine, alcohol, tobacco products<br>\u00a9 MATHEZ FREIGHT (ALP)\" data-src=\"\" data-width=\"\" data-height=\"\" data-poster=\"\" data-autoplay=\"\" data-audiotitle=\"\" data-download-url=\"false\" href=\"https:\/\/www.mathezfreight.com\/wp-content\/uploads\/photo-accises-depositphotos.jpg\"><img decoding=\"async\" src=\"https:\/\/www.mathezfreight.com\/wp-content\/uploads\/photo-accises-depositphotos-610x403.jpg\" width=\"610\" height=\"403\" alt=\"Le vin : un produit soumis \u00e0 accises comme les alcools et tabacs\"><\/a><\/div><div><a id=\"lightbox-109064\" class=\"imgeffect zoom rt_lightbox\" data-gal-id=\"slider-carousel-520065\" data-rel=\"rt_lightbox\" title=\"Enlarge Image\" data-sub-html=\"Li Chen Buddha, Cannes<br>\u00a9 MATHEZ FREIGHT  \" data-src=\"\" data-width=\"\" data-height=\"\" data-poster=\"\" data-autoplay=\"\" data-audiotitle=\"\" data-download-url=\"false\" href=\"https:\/\/www.mathezfreight.com\/wp-content\/uploads\/photo-li-chen-buddha-2013-cannes-mti-4.jpg\"><img decoding=\"async\" src=\"https:\/\/www.mathezfreight.com\/wp-content\/uploads\/photo-li-chen-buddha-2013-cannes-mti-4-610x403.jpg\" width=\"610\" height=\"403\" alt=\"Li Chen Buddha, Cannes\"><\/a><\/div><div><a id=\"lightbox-310895\" class=\"imgeffect zoom rt_lightbox\" data-gal-id=\"slider-carousel-520065\" data-rel=\"rt_lightbox\" title=\"Enlarge Image\" data-sub-html=\"Transport of a Niki de St-Phalle work<br>\u00a9 MATHEZ FREIGHT (ALP)\" data-src=\"\" data-width=\"\" data-height=\"\" data-poster=\"\" data-autoplay=\"\" data-audiotitle=\"\" data-download-url=\"false\" href=\"https:\/\/www.mathezfreight.com\/wp-content\/uploads\/photo-nikki-portrait-mti.jpg\"><img decoding=\"async\" src=\"https:\/\/www.mathezfreight.com\/wp-content\/uploads\/photo-nikki-portrait-mti-610x403.jpg\" width=\"610\" height=\"403\" alt=\"Transport d&#039;une oeuvre Niki de St-Phallie\"><\/a><\/div><div><a id=\"lightbox-863504\" class=\"imgeffect zoom rt_lightbox\" data-gal-id=\"slider-carousel-520065\" data-rel=\"rt_lightbox\" title=\"Enlarge Image\" data-sub-html=\"Temporary export of giant pipes to the Middle East\" data-src=\"\" data-width=\"\" data-height=\"\" data-poster=\"\" data-autoplay=\"\" data-audiotitle=\"\" data-download-url=\"false\" href=\"https:\/\/www.mathezfreight.com\/wp-content\/uploads\/photo-tuyaux-turquie-cannes-2018.jpg\"><img decoding=\"async\" src=\"https:\/\/www.mathezfreight.com\/wp-content\/uploads\/photo-tuyaux-turquie-cannes-2018-610x403.jpg\" width=\"610\" height=\"403\" alt=\"R\u00e9ensablement des plages de La Croisette \u00e0 Cannes : apr\u00e8s avoir crach\u00e9 85000 m3 de sable depuis des barges, ces tuyaux sont r\u00e9exp\u00e9di\u00e9s en RoRo \u00e0 destination du Moyen-Orient, assist\u00e9s par MATHEZ FREIGHT pour les formalit\u00e9s d\u2019export temporaire.\"><\/a><\/div>\r\n\t\t\t\t\t<\/div>\r\n\t\t\t\t\t\r\n\t\t\t\t\t\r\n\t\t\t\t<\/div>\r\n\t\t\t\t\t\t\t<\/div>\n\t\t\t\t<\/div>\n\t\t\t\t\t<\/div>\n\t\t<\/div>\n\t\t\t\t\t<\/div>\n\t\t<\/div>\n\t\t\t\t<div class=\"elementor-section elementor-top-section elementor-element elementor-element-c3c5277 mti-diapo specialites elementor-reverse-tablet elementor-reverse-mobile elementor-section-full_width elementor-section-height-default elementor-section-height-default default-style\" data-id=\"c3c5277\" data-element_type=\"section\" data-e-type=\"section\" data-settings=\"{&quot;rt_color_sets&quot;:&quot;default-style&quot;}\">\n\t\t\t\t\t\t<div class=\"elementor-container elementor-column-gap-default\">\n\t\t\t\t\t<div class=\"elementor-column elementor-col-50 elementor-top-column elementor-element elementor-element-a90f0cc\" data-id=\"a90f0cc\" data-element_type=\"column\" data-e-type=\"column\">\n\t\t\t<div class=\"elementor-widget-wrap elementor-element-populated\">\n\t\t\t\t\t\t<div class=\"elementor-element elementor-element-2810b1b elementor-widget elementor-widget-global elementor-global-30332 elementor-global-18346 elementor-widget-rt-image-carousel\" data-id=\"2810b1b\" data-element_type=\"widget\" data-e-type=\"widget\" data-widget_type=\"rt-image-carousel.default\">\n\t\t\t\t<div class=\"elementor-widget-container\">\n\t\t\t\t\t\r\n\t\t\t\t<div id=\"image-carousel-783638\" class=\"rt-carousel carousel-holder clearfix rt-image-carousel  rt_lightbox_gallery\" data-item-width=\"1\" data-nav=\"\" data-dots=\"\" data-margin=\"0\" data-autoplay=\"true\" data-timeout=\"4000\" data-thumbnails=\"false\" data-boxed=\"\" data-min-height=\"\" data-padding=\"0\" data-loop=\"true\" data-tablet-item-width=\"\" data-mobile-item-width=\"\">\r\n\t\t\t\t\t<div class=\"owl-carousel\">\r\n\t\t\t\t\t\t<div><a id=\"lightbox-886337\" class=\"imgeffect zoom rt_lightbox\" data-gal-id=\"slider-carousel-736638\" data-rel=\"rt_lightbox\" title=\"Enlarge Image\" data-sub-html=\"Loading cargo aircraft\" data-src=\"\" data-width=\"\" data-height=\"\" data-poster=\"\" data-autoplay=\"\" data-audiotitle=\"\" data-download-url=\"false\" href=\"https:\/\/www.mathezfreight.com\/wp-content\/uploads\/slider-cargo-plane-evanto.jpg\"><img decoding=\"async\" src=\"https:\/\/www.mathezfreight.com\/wp-content\/uploads\/slider-cargo-plane-evanto-610x403.jpg\" width=\"610\" height=\"403\" alt=\"Chargement a\u00e9rien avion cargo\"><\/a><\/div><div><a id=\"lightbox-503605\" class=\"imgeffect zoom rt_lightbox\" data-gal-id=\"slider-carousel-736638\" data-rel=\"rt_lightbox\" title=\"Enlarge Image\" data-sub-html=\"Loading air freight\" data-src=\"\" data-width=\"\" data-height=\"\" data-poster=\"\" data-autoplay=\"\" data-audiotitle=\"\" data-download-url=\"false\" href=\"https:\/\/www.mathezfreight.com\/wp-content\/uploads\/photo-air-fret-depositphotos_59573495.jpg\"><img decoding=\"async\" src=\"https:\/\/www.mathezfreight.com\/wp-content\/uploads\/photo-air-fret-depositphotos_59573495-610x403.jpg\" width=\"610\" height=\"403\" alt=\"Chargement de cargo a\u00e9rien\"><\/a><\/div><div><a id=\"lightbox-135194\" class=\"imgeffect zoom rt_lightbox\" data-gal-id=\"slider-carousel-736638\" data-rel=\"rt_lightbox\" title=\"Enlarge Image\" data-sub-html=\"Air transport\" data-src=\"\" data-width=\"\" data-height=\"\" data-poster=\"\" data-autoplay=\"\" data-audiotitle=\"\" data-download-url=\"false\" href=\"https:\/\/www.mathezfreight.com\/wp-content\/uploads\/photo-air-bleu-depositphotos.jpg\"><img decoding=\"async\" src=\"https:\/\/www.mathezfreight.com\/wp-content\/uploads\/photo-air-bleu-depositphotos-610x403.jpg\" width=\"610\" height=\"403\" alt=\"Transport par voie a\u00e9rienne\"><\/a><\/div><div><a id=\"lightbox-969347\" class=\"imgeffect zoom rt_lightbox\" data-gal-id=\"slider-carousel-736638\" data-rel=\"rt_lightbox\" title=\"Enlarge Image\" data-sub-html=\"Maritime Containers\" data-src=\"\" data-width=\"\" data-height=\"\" data-poster=\"\" data-autoplay=\"\" data-audiotitle=\"\" data-download-url=\"false\" href=\"https:\/\/www.mathezfreight.com\/wp-content\/uploads\/photo-sea-containers-depositphotos.jpg\"><img decoding=\"async\" src=\"https:\/\/www.mathezfreight.com\/wp-content\/uploads\/photo-sea-containers-depositphotos-610x403.jpg\" width=\"610\" height=\"403\" alt=\"Containers maritimes\"><\/a><\/div><div><a id=\"lightbox-421761\" class=\"imgeffect zoom rt_lightbox\" data-gal-id=\"slider-carousel-736638\" data-rel=\"rt_lightbox\" title=\"Enlarge Image\" data-sub-html=\"Sea freight: container loading\" data-src=\"\" data-width=\"\" data-height=\"\" data-poster=\"\" data-autoplay=\"\" data-audiotitle=\"\" data-download-url=\"false\" href=\"https:\/\/www.mathezfreight.com\/wp-content\/uploads\/slider-industry-evanto-1285px.jpg\"><img decoding=\"async\" src=\"https:\/\/www.mathezfreight.com\/wp-content\/uploads\/slider-industry-evanto-1285px-610x403.jpg\" width=\"610\" height=\"403\" alt=\"Fret maritime: chargement de conteneurs\"><\/a><\/div><div><a id=\"lightbox-841913\" class=\"imgeffect zoom rt_lightbox\" data-gal-id=\"slider-carousel-736638\" data-rel=\"rt_lightbox\" title=\"Enlarge Image\" data-sub-html=\"Sea freight\" data-src=\"\" data-width=\"\" data-height=\"\" data-poster=\"\" data-autoplay=\"\" data-audiotitle=\"\" data-download-url=\"false\" href=\"https:\/\/www.mathezfreight.com\/wp-content\/uploads\/photo-sea-cargo-depositphotos.jpg\"><img decoding=\"async\" src=\"https:\/\/www.mathezfreight.com\/wp-content\/uploads\/photo-sea-cargo-depositphotos-610x403.jpg\" width=\"610\" height=\"403\" alt=\"Transport maritime\"><\/a><\/div><div><a id=\"lightbox-889867\" class=\"imgeffect zoom rt_lightbox\" data-gal-id=\"slider-carousel-736638\" data-rel=\"rt_lightbox\" title=\"Enlarge Image\" data-sub-html=\"Industrial warehouse\" data-src=\"\" data-width=\"\" data-height=\"\" data-poster=\"\" data-autoplay=\"\" data-audiotitle=\"\" data-download-url=\"false\" href=\"https:\/\/www.mathezfreight.com\/wp-content\/uploads\/slider-warehouse-evanto.jpg\"><img decoding=\"async\" src=\"https:\/\/www.mathezfreight.com\/wp-content\/uploads\/slider-warehouse-evanto-610x403.jpg\" width=\"610\" height=\"403\" alt=\"Entrep\u00f4t industriel\"><\/a><\/div><div><a id=\"lightbox-841075\" class=\"imgeffect zoom rt_lightbox\" data-gal-id=\"slider-carousel-736638\" data-rel=\"rt_lightbox\" title=\"Enlarge Image\" data-sub-html=\"Request for special customs regime on ProDouane French digital platform\" data-src=\"\" data-width=\"\" data-height=\"\" data-poster=\"\" data-autoplay=\"\" data-audiotitle=\"\" data-download-url=\"false\" href=\"https:\/\/www.mathezfreight.com\/wp-content\/uploads\/photo-homme-douane-depositphotos.jpg\"><img decoding=\"async\" src=\"https:\/\/www.mathezfreight.com\/wp-content\/uploads\/photo-homme-douane-depositphotos-610x403.jpg\" width=\"610\" height=\"403\" alt=\"Demande de r\u00e9gime particulier sur ProDouane\"><\/a><\/div><div><a id=\"lightbox-167099\" class=\"imgeffect zoom rt_lightbox\" data-gal-id=\"slider-carousel-736638\" data-rel=\"rt_lightbox\" title=\"Enlarge Image\" data-sub-html=\"Customs clearance\" data-src=\"\" data-width=\"\" data-height=\"\" data-poster=\"\" data-autoplay=\"\" data-audiotitle=\"\" data-download-url=\"false\" href=\"https:\/\/www.mathezfreight.com\/wp-content\/uploads\/photo-douane-batiment-depositphotos.jpg\"><img decoding=\"async\" src=\"https:\/\/www.mathezfreight.com\/wp-content\/uploads\/photo-douane-batiment-depositphotos-610x403.jpg\" width=\"610\" height=\"403\" alt=\"D\u00e9douanement\"><\/a><\/div><div><a id=\"lightbox-842080\" class=\"imgeffect zoom rt_lightbox\" data-gal-id=\"slider-carousel-736638\" data-rel=\"rt_lightbox\" title=\"Enlarge Image\" data-sub-html=\"Customs inspection document, New Zealand\" data-src=\"\" data-width=\"\" data-height=\"\" data-poster=\"\" data-autoplay=\"\" data-audiotitle=\"\" data-download-url=\"false\" href=\"https:\/\/www.mathezfreight.com\/wp-content\/uploads\/photo-douane-doc-depositphotos.jpg\"><img decoding=\"async\" src=\"https:\/\/www.mathezfreight.com\/wp-content\/uploads\/photo-douane-doc-depositphotos-610x403.jpg\" width=\"610\" height=\"403\" alt=\"Document d&#039;inspection des douanes, Nouvelle Z\u00e9lande\"><\/a><\/div><div><a id=\"lightbox-748544\" class=\"imgeffect zoom rt_lightbox\" data-gal-id=\"slider-carousel-736638\" data-rel=\"rt_lightbox\" title=\"Enlarge Image\" data-sub-html=\"VAT specialists - MATHEZ FORMATION and MATHEZ INTRACOM at CROEC Lyon 2018<br>\u00a9 MATHEZ INTRACOM (AR)\" data-src=\"\" data-width=\"\" data-height=\"\" data-poster=\"\" data-autoplay=\"\" data-audiotitle=\"\" data-download-url=\"false\" href=\"https:\/\/www.mathezfreight.com\/wp-content\/uploads\/photo-tva-croec-lyon-2018.jpg\"><img decoding=\"async\" src=\"https:\/\/www.mathezfreight.com\/wp-content\/uploads\/photo-tva-croec-lyon-2018-610x403.jpg\" width=\"610\" height=\"403\" alt=\"Les sp\u00e9cialistes de la TVA - MATHEZ FORMATION et MATHEZ INTRACOM au CROEC Lyon 2018\"><\/a><\/div>\r\n\t\t\t\t\t<\/div>\r\n\t\t\t\t\t\r\n\t\t\t\t\t\r\n\t\t\t\t<\/div>\r\n\t\t\t\t\t\t\t<\/div>\n\t\t\t\t<\/div>\n\t\t\t\t\t<\/div>\n\t\t<\/div>\n\t\t\t\t<div class=\"elementor-column elementor-col-50 elementor-top-column elementor-element elementor-element-1f04fa8\" data-id=\"1f04fa8\" data-element_type=\"column\" data-e-type=\"column\">\n\t\t\t<div class=\"elementor-widget-wrap elementor-element-populated\">\n\t\t\t\t\t\t<div class=\"elementor-element elementor-element-e92cf3f elementor-widget elementor-widget-global elementor-global-28575 elementor-global-20498 elementor-widget-text-editor\" data-id=\"e92cf3f\" data-element_type=\"widget\" data-e-type=\"widget\" data-widget_type=\"text-editor.default\">\n\t\t\t\t<div class=\"elementor-widget-container\">\n\t\t\t\t\t\t\t\t\t<h2 style=\"text-align: center;\">Our freight shipping services<\/h2>\n<p>\t \n\t\t<div  class=\"bullet-list style-1  check\">\n\t\t<\/p>\n<ul>\n<li>\n<h6 style=\"text-align: left;\">Freight forwarder in France,\u00a0<a style=\"background-color: #00877c;\" href=\"https:\/\/www.mathezfreight.com\/en\/services\/import\/\">import<\/a>\u00a0and export worldwide.<\/h6>\n<\/li>\n<li>\n<h6 style=\"text-align: left;\"><a href=\"https:\/\/www.mathezfreight.com\/en\/services\/air-freight\/\">Air freight<\/a>, <a href=\"https:\/\/www.mathezfreight.com\/en\/services\/sea-freight\/\">sea freight<\/a>, multimodal transport.<\/h6>\n<\/li>\n<li style=\"text-align: left;\">\n<h6><a style=\"background-color: #00877c;\" href=\"https:\/\/www.mathezfreight.com\/en\/services\/customs\/\">Registered customs broker<\/a>, <a style=\"background-color: #00877c;\" href=\"https:\/\/www.mathezfreight.com\/en\/services\/vat\/\">VAT <\/a>specialist<\/h6>\n<\/li>\n<li style=\"text-align: left;\">\n<h6><a href=\"https:\/\/www.mathezfreight.com\/en\/services\/shipping\/\">Consigning shipping agent<\/a>.<\/h6>\n<\/li>\n<\/ul>\n<p>\n\t\t<\/div>\n\t<\/p>\n\t\t\t\t\t\t\t\t<\/div>\n\t\t\t\t<\/div>\n\t\t\t\t\t<\/div>\n\t\t<\/div>\n\t\t\t\t\t<\/div>\n\t\t<\/div>\n\t\t\t\t<aside class=\"elementor-section elementor-top-section elementor-element elementor-element-0ef7286 mti-blog-grid single-post-bottom elementor-section-boxed elementor-section-height-default elementor-section-height-default default-style elementor-invisible\" data-id=\"0ef7286\" data-element_type=\"section\" data-e-type=\"section\" data-settings=\"{&quot;animation&quot;:&quot;fadeIn&quot;,&quot;background_background&quot;:&quot;classic&quot;,&quot;rt_color_sets&quot;:&quot;default-style&quot;}\">\n\t\t\t\t\t\t<div class=\"elementor-container elementor-column-gap-default\">\n\t\t\t\t\t<div class=\"elementor-column elementor-col-100 elementor-top-column elementor-element elementor-element-1c6cb92\" data-id=\"1c6cb92\" data-element_type=\"column\" data-e-type=\"column\">\n\t\t\t<div class=\"elementor-widget-wrap elementor-element-populated\">\n\t\t\t\t\t\t<div class=\"elementor-element elementor-element-a86fa37 elementor-widget elementor-widget-heading\" data-id=\"a86fa37\" data-element_type=\"widget\" data-e-type=\"widget\" data-widget_type=\"heading.default\">\n\t\t\t\t<div class=\"elementor-widget-container\">\n\t\t\t\t\t<h3 class=\"elementor-heading-title elementor-size-default\">News Updates<\/h3>\t\t\t\t<\/div>\n\t\t\t\t<\/div>\n\t\t\t\t<div class=\"elementor-element elementor-element-e8c3d2b elementor-widget elementor-widget-lae-posts-carousel\" data-id=\"e8c3d2b\" data-element_type=\"widget\" data-e-type=\"widget\" data-widget_type=\"lae-posts-carousel.default\">\n\t\t\t\t<div class=\"elementor-widget-container\">\n\t\t\t\t\t\n<div        id=\"lae-posts-carousel-69f3c7b66cc53\"\n        class=\"lae-posts-carousel lae-container lae-classic-skin\"\n        data-settings='{&quot;arrows&quot;:false,&quot;dots&quot;:true,&quot;autoplay&quot;:false,&quot;autoplay_speed&quot;:3000,&quot;animation_speed&quot;:300,&quot;pause_on_hover&quot;:true,&quot;adaptive_height&quot;:false,&quot;display_columns&quot;:4,&quot;scroll_columns&quot;:3,&quot;gutter&quot;:10,&quot;tablet_width&quot;:800,&quot;tablet_display_columns&quot;:2,&quot;tablet_scroll_columns&quot;:2,&quot;tablet_gutter&quot;:10,&quot;mobile_width&quot;:480,&quot;mobile_display_columns&quot;:1,&quot;mobile_scroll_columns&quot;:1,&quot;mobile_gutter&quot;:10}'>\n<div data-id=\"id-67143\" class=\"lae-posts-carousel-item\">\n\n    <article id=\"post-67143\" class=\"post-67143 post type-post status-publish format-standard has-post-thumbnail hentry category-freight-tips tag-customs tag-vat cibles-customs cibles-exhibitions-congresses cibles-featured cibles-southern-agencies cibles-vat\">\n\n        \n            \n            \n            \n                <div class=\"lae-project-image\">\n\n                    \n                    \n                    \n                        <a href=\"https:\/\/www.mathezfreight.com\/en\/blog\/customs-vat-exhibitions-france\/\"><img decoding=\"async\" width=\"375\" height=\"250\" src=\"https:\/\/www.mathezfreight.com\/wp-content\/uploads\/photo-onsite-salons-congres-375x250.jpg\" class=\"lae-image attachment-mti-medium-classic size-mti-medium-classic\" alt=\"Trade fairs and conferences: customs and VAT\" title=\"Trade fairs and conferences: customs and VAT\" srcset=\"https:\/\/www.mathezfreight.com\/wp-content\/uploads\/photo-onsite-salons-congres-375x250.jpg 375w, https:\/\/www.mathezfreight.com\/wp-content\/uploads\/photo-onsite-salons-congres-600x400.jpg 600w, https:\/\/www.mathezfreight.com\/wp-content\/uploads\/photo-onsite-salons-congres-1100x733.jpg 1100w, https:\/\/www.mathezfreight.com\/wp-content\/uploads\/photo-onsite-salons-congres-768x512.jpg 768w, https:\/\/www.mathezfreight.com\/wp-content\/uploads\/photo-onsite-salons-congres-274x183.jpg 274w, https:\/\/www.mathezfreight.com\/wp-content\/uploads\/photo-onsite-salons-congres-1200x800.jpg 1200w, https:\/\/www.mathezfreight.com\/wp-content\/uploads\/photo-onsite-salons-congres-610x406.jpg 610w, https:\/\/www.mathezfreight.com\/wp-content\/uploads\/photo-onsite-salons-congres.jpg 1220w\" sizes=\"(max-width: 375px) 100vw, 375px\" \/><\/a>\n\n                    \n                    \n                        <div class=\"lae-image-info\">\n\n                            <div class=\"lae-entry-info\">\n\n                                \n                                    <h3 class=\"lae-post-title\">\n\n                                        <a href=\"https:\/\/www.mathezfreight.com\/en\/blog\/customs-vat-exhibitions-france\/\" title=\"How to handle customs duties and VAT on trade fairs and conferences in France?\"\n                                           rel=\"bookmark\">How to handle customs duties and VAT on trade fairs and conferences in France?<\/a>\n\n                                    <\/h3>\n\n                                \n                                \n                                    <span class=\"lae-terms\"><a href=\"https:\/\/www.mathezfreight.com\/en\/blog\/category\/freight-tips\/\">Freight Tips<\/a><\/span>\n                                \n                            <\/div>\n\n                        <\/div><!-- .lae-image-info -->\n\n                    \n                <\/div>\n\n            \n            \n                <div class=\"lae-entry-text-wrap \">\n\n                    \n                        <h3 class=\"entry-title\">\n\n                            <a href=\"https:\/\/www.mathezfreight.com\/en\/blog\/customs-vat-exhibitions-france\/\" title=\"How to handle customs duties and VAT on trade fairs and conferences in France?\"\n                               rel=\"bookmark\">How to handle customs duties and VAT on trade fairs and conferences in France?<\/a>\n\n                        <\/h3>\n\n                    \n                    \n                    \n                    \n                <\/div>\n\n            \n        \n    <\/article><!-- .hentry -->\n\n<\/div><!-- .lae-posts-carousel-item -->\n<div data-id=\"id-66862\" class=\"lae-posts-carousel-item\">\n\n    <article id=\"post-66862\" class=\"post-66862 post type-post status-publish format-standard has-post-thumbnail hentry category-freight-tips tag-customs tag-vat cibles-customs cibles-exhibitions-congresses cibles-featured cibles-import-en cibles-southern-agencies cibles-vat cibles-yachts-en\">\n\n        \n            \n            \n            \n                <div class=\"lae-project-image\">\n\n                    \n                    \n                    \n                        <a href=\"https:\/\/www.mathezfreight.com\/en\/blog\/customs-cannes-monaco-boat-shows\/\"><img decoding=\"async\" width=\"375\" height=\"250\" src=\"https:\/\/www.mathezfreight.com\/wp-content\/uploads\/photo-cannes-monaco-boat-shows-douane-375x250.jpg\" class=\"lae-image attachment-mti-medium-classic size-mti-medium-classic\" alt=\"photo-cannes-monaco-boat-shows-douane\" title=\"Luxury yacht sailing the Mediterranean Sea, customs compliance assured.\" srcset=\"https:\/\/www.mathezfreight.com\/wp-content\/uploads\/photo-cannes-monaco-boat-shows-douane-375x250.jpg 375w, https:\/\/www.mathezfreight.com\/wp-content\/uploads\/photo-cannes-monaco-boat-shows-douane-600x400.jpg 600w, https:\/\/www.mathezfreight.com\/wp-content\/uploads\/photo-cannes-monaco-boat-shows-douane-1100x733.jpg 1100w, https:\/\/www.mathezfreight.com\/wp-content\/uploads\/photo-cannes-monaco-boat-shows-douane-768x512.jpg 768w, https:\/\/www.mathezfreight.com\/wp-content\/uploads\/photo-cannes-monaco-boat-shows-douane-274x183.jpg 274w, https:\/\/www.mathezfreight.com\/wp-content\/uploads\/photo-cannes-monaco-boat-shows-douane-1200x800.jpg 1200w, https:\/\/www.mathezfreight.com\/wp-content\/uploads\/photo-cannes-monaco-boat-shows-douane-610x406.jpg 610w, https:\/\/www.mathezfreight.com\/wp-content\/uploads\/photo-cannes-monaco-boat-shows-douane.jpg 1220w\" sizes=\"(max-width: 375px) 100vw, 375px\" \/><\/a>\n\n                    \n                    \n                        <div class=\"lae-image-info\">\n\n                            <div class=\"lae-entry-info\">\n\n                                \n                                    <h3 class=\"lae-post-title\">\n\n                                        <a href=\"https:\/\/www.mathezfreight.com\/en\/blog\/customs-cannes-monaco-boat-shows\/\" title=\"Cannes &amp; Monaco Boat Shows: how to handle customs for your yachts?\"\n                                           rel=\"bookmark\">Cannes &amp; Monaco Boat Shows: how to handle customs for your yachts?<\/a>\n\n                                    <\/h3>\n\n                                \n                                \n                                    <span class=\"lae-terms\"><a href=\"https:\/\/www.mathezfreight.com\/en\/blog\/category\/freight-tips\/\">Freight Tips<\/a><\/span>\n                                \n                            <\/div>\n\n                        <\/div><!-- .lae-image-info -->\n\n                    \n                <\/div>\n\n            \n            \n                <div class=\"lae-entry-text-wrap \">\n\n                    \n                        <h3 class=\"entry-title\">\n\n                            <a href=\"https:\/\/www.mathezfreight.com\/en\/blog\/customs-cannes-monaco-boat-shows\/\" title=\"Cannes &amp; Monaco Boat Shows: how to handle customs for your yachts?\"\n                               rel=\"bookmark\">Cannes &amp; Monaco Boat Shows: how to handle customs for your yachts?<\/a>\n\n                        <\/h3>\n\n                    \n                    \n                    \n                    \n                <\/div>\n\n            \n        \n    <\/article><!-- .hentry -->\n\n<\/div><!-- .lae-posts-carousel-item -->\n<div data-id=\"id-64564\" class=\"lae-posts-carousel-item\">\n\n    <article id=\"post-64564\" class=\"post-64564 post type-post status-publish format-standard has-post-thumbnail hentry category-freight-tips tag-customs tag-yachting-tag cibles-customs cibles-featured cibles-southern-agencies cibles-yachts-en\">\n\n        \n            \n            \n            \n                <div class=\"lae-project-image\">\n\n                    \n                    \n                    \n                        <a href=\"https:\/\/www.mathezfreight.com\/en\/blog\/temporary-admission-yachting\/\"><img decoding=\"async\" width=\"375\" height=\"250\" src=\"https:\/\/www.mathezfreight.com\/wp-content\/uploads\/photo_yachts_depositphotos_91479904_l-375x250.jpg\" class=\"lae-image attachment-mti-medium-classic size-mti-medium-classic\" alt=\"Temporary admission 18 months yachting\" title=\"Temporary admission 18 months yachting\" srcset=\"https:\/\/www.mathezfreight.com\/wp-content\/uploads\/photo_yachts_depositphotos_91479904_l-375x250.jpg 375w, https:\/\/www.mathezfreight.com\/wp-content\/uploads\/photo_yachts_depositphotos_91479904_l-274x183.jpg 274w\" sizes=\"(max-width: 375px) 100vw, 375px\" \/><\/a>\n\n                    \n                    \n                        <div class=\"lae-image-info\">\n\n                            <div class=\"lae-entry-info\">\n\n                                \n                                    <h3 class=\"lae-post-title\">\n\n                                        <a href=\"https:\/\/www.mathezfreight.com\/en\/blog\/temporary-admission-yachting\/\" title=\"18-month temporary admission for yachts: sailing in Europe without import or VAT\"\n                                           rel=\"bookmark\">18-month temporary admission for yachts: sailing in Europe without import or VAT<\/a>\n\n                                    <\/h3>\n\n                                \n                                \n                                    <span class=\"lae-terms\"><a href=\"https:\/\/www.mathezfreight.com\/en\/blog\/category\/freight-tips\/\">Freight Tips<\/a><\/span>\n                                \n                            <\/div>\n\n                        <\/div><!-- .lae-image-info -->\n\n                    \n                <\/div>\n\n            \n            \n                <div class=\"lae-entry-text-wrap \">\n\n                    \n                        <h3 class=\"entry-title\">\n\n                            <a href=\"https:\/\/www.mathezfreight.com\/en\/blog\/temporary-admission-yachting\/\" title=\"18-month temporary admission for yachts: sailing in Europe without import or VAT\"\n                               rel=\"bookmark\">18-month temporary admission for yachts: sailing in Europe without import or VAT<\/a>\n\n                        <\/h3>\n\n                    \n                    \n                    \n                    \n                <\/div>\n\n            \n        \n    <\/article><!-- .hentry -->\n\n<\/div><!-- .lae-posts-carousel-item -->\n<div data-id=\"id-63284\" class=\"lae-posts-carousel-item\">\n\n    <article id=\"post-63284\" class=\"post-63284 post type-post status-publish format-standard has-post-thumbnail hentry category-projects cibles-customs cibles-exhibitions-congresses\">\n\n        \n            \n            \n            \n                <div class=\"lae-project-image\">\n\n                    \n                    \n                    \n                        <a href=\"https:\/\/www.mathezfreight.com\/en\/blog\/tfwa-event-logistics-2025-cannes\/\"><img decoding=\"async\" width=\"375\" height=\"250\" src=\"https:\/\/www.mathezfreight.com\/wp-content\/uploads\/photo-tfwa-2025-alp-137-375x250.jpg\" class=\"lae-image attachment-mti-medium-classic size-mti-medium-classic\" alt=\"Events Logistics TWFA WE&amp;C &#8211; MATHEZ ONSITE LOGISTICS\" title=\"Events Logistics TWFA WE&amp;C - MATHEZ ONSITE LOGISTICS\" srcset=\"https:\/\/www.mathezfreight.com\/wp-content\/uploads\/photo-tfwa-2025-alp-137-375x250.jpg 375w, https:\/\/www.mathezfreight.com\/wp-content\/uploads\/photo-tfwa-2025-alp-137-600x400.jpg 600w, https:\/\/www.mathezfreight.com\/wp-content\/uploads\/photo-tfwa-2025-alp-137-1100x733.jpg 1100w, https:\/\/www.mathezfreight.com\/wp-content\/uploads\/photo-tfwa-2025-alp-137-768x512.jpg 768w, https:\/\/www.mathezfreight.com\/wp-content\/uploads\/photo-tfwa-2025-alp-137-274x183.jpg 274w, https:\/\/www.mathezfreight.com\/wp-content\/uploads\/photo-tfwa-2025-alp-137-1200x800.jpg 1200w, https:\/\/www.mathezfreight.com\/wp-content\/uploads\/photo-tfwa-2025-alp-137-610x406.jpg 610w, https:\/\/www.mathezfreight.com\/wp-content\/uploads\/photo-tfwa-2025-alp-137.jpg 1220w\" sizes=\"(max-width: 375px) 100vw, 375px\" \/><\/a>\n\n                    \n                    \n                        <div class=\"lae-image-info\">\n\n                            <div class=\"lae-entry-info\">\n\n                                \n                                    <h3 class=\"lae-post-title\">\n\n                                        <a href=\"https:\/\/www.mathezfreight.com\/en\/blog\/tfwa-event-logistics-2025-cannes\/\" title=\"TFWA WE&amp;C 2025: event logistics in action at Cannes\"\n                                           rel=\"bookmark\">TFWA WE&amp;C 2025: event logistics in action at Cannes<\/a>\n\n                                    <\/h3>\n\n                                \n                                \n                                    <span class=\"lae-terms\"><a href=\"https:\/\/www.mathezfreight.com\/en\/blog\/category\/projects\/\">Operations<\/a><\/span>\n                                \n                            <\/div>\n\n                        <\/div><!-- .lae-image-info -->\n\n                    \n                <\/div>\n\n            \n            \n                <div class=\"lae-entry-text-wrap \">\n\n                    \n                        <h3 class=\"entry-title\">\n\n                            <a href=\"https:\/\/www.mathezfreight.com\/en\/blog\/tfwa-event-logistics-2025-cannes\/\" title=\"TFWA WE&amp;C 2025: event logistics in action at Cannes\"\n                               rel=\"bookmark\">TFWA WE&amp;C 2025: event logistics in action at Cannes<\/a>\n\n                        <\/h3>\n\n                    \n                    \n                    \n                    \n                <\/div>\n\n            \n        \n    <\/article><!-- .hentry -->\n\n<\/div><!-- .lae-posts-carousel-item -->\n<div data-id=\"id-63012\" class=\"lae-posts-carousel-item\">\n\n    <article id=\"post-63012\" class=\"post-63012 post type-post status-publish format-standard has-post-thumbnail hentry category-projects tag-art-logistics cibles-agencies cibles-arts-en cibles-valuable\">\n\n        \n            \n            \n            \n                <div class=\"lae-project-image\">\n\n                    \n                    \n                    \n                        <a href=\"https:\/\/www.mathezfreight.com\/en\/blog\/secure-art-storage-french-riviera\/\"><img decoding=\"async\" width=\"375\" height=\"250\" src=\"https:\/\/www.mathezfreight.com\/wp-content\/uploads\/photo_entrepot_artlog_client-2025_12-375x250.jpg\" class=\"lae-image attachment-mti-medium-classic size-mti-medium-classic\" alt=\"photo_entrepot_artlog_client-2025_12\" title=\"photo_entrepot_artlog_client-2025_12\" srcset=\"https:\/\/www.mathezfreight.com\/wp-content\/uploads\/photo_entrepot_artlog_client-2025_12-375x250.jpg 375w, https:\/\/www.mathezfreight.com\/wp-content\/uploads\/photo_entrepot_artlog_client-2025_12-274x183.jpg 274w, https:\/\/www.mathezfreight.com\/wp-content\/uploads\/photo_entrepot_artlog_client-2025_12-1200x800.jpg 1200w\" sizes=\"(max-width: 375px) 100vw, 375px\" \/><\/a>\n\n                    \n                    \n                        <div class=\"lae-image-info\">\n\n                            <div class=\"lae-entry-info\">\n\n                                \n                                    <h3 class=\"lae-post-title\">\n\n                                        <a href=\"https:\/\/www.mathezfreight.com\/en\/blog\/secure-art-storage-french-riviera\/\" title=\"Secure art storage on the French Riviera\"\n                                           rel=\"bookmark\">Secure art storage on the French Riviera<\/a>\n\n                                    <\/h3>\n\n                                \n                                \n                                    <span class=\"lae-terms\"><a href=\"https:\/\/www.mathezfreight.com\/en\/blog\/category\/projects\/\">Operations<\/a><\/span>\n                                \n                            <\/div>\n\n                        <\/div><!-- .lae-image-info -->\n\n                    \n                <\/div>\n\n            \n            \n                <div class=\"lae-entry-text-wrap \">\n\n                    \n                        <h3 class=\"entry-title\">\n\n                            <a href=\"https:\/\/www.mathezfreight.com\/en\/blog\/secure-art-storage-french-riviera\/\" title=\"Secure art storage on the French Riviera\"\n                               rel=\"bookmark\">Secure art storage on the French Riviera<\/a>\n\n                        <\/h3>\n\n                    \n                    \n                    \n                    \n                <\/div>\n\n            \n        \n    <\/article><!-- .hentry -->\n\n<\/div><!-- .lae-posts-carousel-item -->\n<div data-id=\"id-62607\" class=\"lae-posts-carousel-item\">\n\n    <article id=\"post-62607\" class=\"post-62607 post type-post status-publish format-standard has-post-thumbnail hentry category-projects tag-yachting-tag cibles-agencies cibles-exhibitions-congresses cibles-shipping-agent cibles-southern-agencies cibles-yachts-en\">\n\n        \n            \n            \n            \n                <div class=\"lae-project-image\">\n\n                    \n                    \n                    \n                        <a href=\"https:\/\/www.mathezfreight.com\/en\/blog\/cannes-yachting-festival-yachts-transport\/\"><img decoding=\"async\" width=\"375\" height=\"250\" src=\"https:\/\/www.mathezfreight.com\/wp-content\/uploads\/photo-starclass-nice-3-375x250.jpg\" class=\"lae-image attachment-mti-medium-classic size-mti-medium-classic\" alt=\"photo-starclass-nice-3\" title=\"photo-starclass-nice-3\" srcset=\"https:\/\/www.mathezfreight.com\/wp-content\/uploads\/photo-starclass-nice-3-375x250.jpg 375w, https:\/\/www.mathezfreight.com\/wp-content\/uploads\/photo-starclass-nice-3-274x183.jpg 274w, https:\/\/www.mathezfreight.com\/wp-content\/uploads\/photo-starclass-nice-3-1200x800.jpg 1200w\" sizes=\"(max-width: 375px) 100vw, 375px\" \/><\/a>\n\n                    \n                    \n                        <div class=\"lae-image-info\">\n\n                            <div class=\"lae-entry-info\">\n\n                                \n                                    <h3 class=\"lae-post-title\">\n\n                                        <a href=\"https:\/\/www.mathezfreight.com\/en\/blog\/cannes-yachting-festival-yachts-transport\/\" title=\"Cannes Yachting Festival yachts arrive in Nice\"\n                                           rel=\"bookmark\">Cannes Yachting Festival yachts arrive in Nice<\/a>\n\n                                    <\/h3>\n\n                                \n                                \n                                    <span class=\"lae-terms\"><a href=\"https:\/\/www.mathezfreight.com\/en\/blog\/category\/projects\/\">Operations<\/a><\/span>\n                                \n                            <\/div>\n\n                        <\/div><!-- .lae-image-info -->\n\n                    \n                <\/div>\n\n            \n            \n                <div class=\"lae-entry-text-wrap \">\n\n                    \n                        <h3 class=\"entry-title\">\n\n                            <a href=\"https:\/\/www.mathezfreight.com\/en\/blog\/cannes-yachting-festival-yachts-transport\/\" title=\"Cannes Yachting Festival yachts arrive in Nice\"\n                               rel=\"bookmark\">Cannes Yachting Festival yachts arrive in Nice<\/a>\n\n                        <\/h3>\n\n                    \n                    \n                    \n                    \n                <\/div>\n\n            \n        \n    <\/article><!-- .hentry -->\n\n<\/div><!-- .lae-posts-carousel-item -->\n<div data-id=\"id-61773\" class=\"lae-posts-carousel-item\">\n\n    <article id=\"post-61773\" class=\"post-61773 post type-post status-publish format-standard has-post-thumbnail hentry category-corporate-en tag-networks cibles-exhibitions-congresses cibles-network cibles-northern-france-agencies cibles-southern-agencies\">\n\n        \n            \n            \n            \n                <div class=\"lae-project-image\">\n\n                    \n                    \n                    \n                        <a href=\"https:\/\/www.mathezfreight.com\/en\/blog\/mathez-wca-live-events-france\/\"><img decoding=\"async\" width=\"375\" height=\"250\" src=\"https:\/\/www.mathezfreight.com\/wp-content\/uploads\/photo-onsite-tfwa-2018-218-375x250.jpg\" class=\"lae-image attachment-mti-medium-classic size-mti-medium-classic\" alt=\"MATHEZ ONSITE LOGISTICS provider of the TFWA in Cannes\" title=\"MATHEZ ONSITE LOGISTICS provider of the TFWA in Cannes\" srcset=\"https:\/\/www.mathezfreight.com\/wp-content\/uploads\/photo-onsite-tfwa-2018-218-375x250.jpg 375w, https:\/\/www.mathezfreight.com\/wp-content\/uploads\/photo-onsite-tfwa-2018-218-600x400.jpg 600w, https:\/\/www.mathezfreight.com\/wp-content\/uploads\/photo-onsite-tfwa-2018-218-768x512.jpg 768w, https:\/\/www.mathezfreight.com\/wp-content\/uploads\/photo-onsite-tfwa-2018-218-1100x733.jpg 1100w, https:\/\/www.mathezfreight.com\/wp-content\/uploads\/photo-onsite-tfwa-2018-218-1285x857.jpg 1285w, https:\/\/www.mathezfreight.com\/wp-content\/uploads\/photo-onsite-tfwa-2018-218-25x17.jpg 25w, https:\/\/www.mathezfreight.com\/wp-content\/uploads\/photo-onsite-tfwa-2018-218-68x45.jpg 68w, https:\/\/www.mathezfreight.com\/wp-content\/uploads\/photo-onsite-tfwa-2018-218-274x183.jpg 274w, https:\/\/www.mathezfreight.com\/wp-content\/uploads\/photo-onsite-tfwa-2018-218-1200x800.jpg 1200w, https:\/\/www.mathezfreight.com\/wp-content\/uploads\/photo-onsite-tfwa-2018-218-450x300.jpg 450w, https:\/\/www.mathezfreight.com\/wp-content\/uploads\/photo-onsite-tfwa-2018-218-75x50.jpg 75w, https:\/\/www.mathezfreight.com\/wp-content\/uploads\/photo-onsite-tfwa-2018-218.jpg 2000w\" sizes=\"(max-width: 375px) 100vw, 375px\" \/><\/a>\n\n                    \n                    \n                        <div class=\"lae-image-info\">\n\n                            <div class=\"lae-entry-info\">\n\n                                \n                                    <h3 class=\"lae-post-title\">\n\n                                        <a href=\"https:\/\/www.mathezfreight.com\/en\/blog\/mathez-wca-live-events-france\/\" title=\"MATHEZ FREIGHT joins WCA Live Events &amp; Expo\"\n                                           rel=\"bookmark\">MATHEZ FREIGHT joins WCA Live Events &amp; Expo<\/a>\n\n                                    <\/h3>\n\n                                \n                                \n                                    <span class=\"lae-terms\"><a href=\"https:\/\/www.mathezfreight.com\/en\/blog\/category\/corporate-en\/\">Corporate<\/a><\/span>\n                                \n                            <\/div>\n\n                        <\/div><!-- .lae-image-info -->\n\n                    \n                <\/div>\n\n            \n            \n                <div class=\"lae-entry-text-wrap \">\n\n                    \n                        <h3 class=\"entry-title\">\n\n                            <a href=\"https:\/\/www.mathezfreight.com\/en\/blog\/mathez-wca-live-events-france\/\" title=\"MATHEZ FREIGHT joins WCA Live Events &amp; Expo\"\n                               rel=\"bookmark\">MATHEZ FREIGHT joins WCA Live Events &amp; Expo<\/a>\n\n                        <\/h3>\n\n                    \n                    \n                    \n                    \n                <\/div>\n\n            \n        \n    <\/article><!-- .hentry -->\n\n<\/div><!-- .lae-posts-carousel-item -->\n<div data-id=\"id-61307\" class=\"lae-posts-carousel-item\">\n\n    <article id=\"post-61307\" class=\"post-61307 post type-post status-publish format-standard has-post-thumbnail hentry category-projects tag-art-logistics cibles-arts-en\">\n\n        \n            \n            \n            \n                <div class=\"lae-project-image\">\n\n                    \n                    \n                    \n                        <a href=\"https:\/\/www.mathezfreight.com\/en\/blog\/art-logistics-crane-operation\/\"><img decoding=\"async\" width=\"375\" height=\"250\" src=\"https:\/\/www.mathezfreight.com\/wp-content\/uploads\/photo-grutage-mco-2025-05-29-13-46-29_28bd7b85-375x250.jpg\" class=\"lae-image attachment-mti-medium-classic size-mti-medium-classic\" alt=\"photo-grutage-mco-2025-05-29-13-46-29_28bd7b85\" title=\"grutage monaco\" srcset=\"https:\/\/www.mathezfreight.com\/wp-content\/uploads\/photo-grutage-mco-2025-05-29-13-46-29_28bd7b85-375x250.jpg 375w, https:\/\/www.mathezfreight.com\/wp-content\/uploads\/photo-grutage-mco-2025-05-29-13-46-29_28bd7b85-274x183.jpg 274w, https:\/\/www.mathezfreight.com\/wp-content\/uploads\/photo-grutage-mco-2025-05-29-13-46-29_28bd7b85-1200x800.jpg 1200w\" sizes=\"(max-width: 375px) 100vw, 375px\" \/><\/a>\n\n                    \n                    \n                        <div class=\"lae-image-info\">\n\n                            <div class=\"lae-entry-info\">\n\n                                \n                                    <h3 class=\"lae-post-title\">\n\n                                        <a href=\"https:\/\/www.mathezfreight.com\/en\/blog\/art-logistics-crane-operation\/\" title=\"Crane lifting of artworks in Monaco: precision and expertise at height\"\n                                           rel=\"bookmark\">Crane lifting of artworks in Monaco: precision and expertise at height<\/a>\n\n                                    <\/h3>\n\n                                \n                                \n                                    <span class=\"lae-terms\"><a href=\"https:\/\/www.mathezfreight.com\/en\/blog\/category\/projects\/\">Operations<\/a><\/span>\n                                \n                            <\/div>\n\n                        <\/div><!-- .lae-image-info -->\n\n                    \n                <\/div>\n\n            \n            \n                <div class=\"lae-entry-text-wrap \">\n\n                    \n                        <h3 class=\"entry-title\">\n\n                            <a href=\"https:\/\/www.mathezfreight.com\/en\/blog\/art-logistics-crane-operation\/\" title=\"Crane lifting of artworks in Monaco: precision and expertise at height\"\n                               rel=\"bookmark\">Crane lifting of artworks in Monaco: precision and expertise at height<\/a>\n\n                        <\/h3>\n\n                    \n                    \n                    \n                    \n                <\/div>\n\n            \n        \n    <\/article><!-- .hentry -->\n\n<\/div><!-- .lae-posts-carousel-item -->\n<div data-id=\"id-48923\" class=\"lae-posts-carousel-item\">\n\n    <article id=\"post-48923\" class=\"post-48923 post type-post status-publish format-standard has-post-thumbnail hentry category-projects tag-art-logistics cibles-arts-en\">\n\n        \n            \n            \n            \n                <div class=\"lae-project-image\">\n\n                    \n                    \n                    \n                        <a href=\"https:\/\/www.mathezfreight.com\/en\/blog\/amfar-gala-logistics\/\"><img decoding=\"async\" width=\"375\" height=\"250\" src=\"https:\/\/www.mathezfreight.com\/wp-content\/uploads\/photo-amfar-log-2025-05-27-11-09-15_5054507a-1-375x250.jpg\" class=\"lae-image attachment-mti-medium-classic size-mti-medium-classic\" alt=\"photo-amfar-log-2025-05-27-11-09-15_5054507a\" title=\"photo-amfar-log-2025-05-27-11-09-15_5054507a\" srcset=\"https:\/\/www.mathezfreight.com\/wp-content\/uploads\/photo-amfar-log-2025-05-27-11-09-15_5054507a-1-375x250.jpg 375w, https:\/\/www.mathezfreight.com\/wp-content\/uploads\/photo-amfar-log-2025-05-27-11-09-15_5054507a-1-274x183.jpg 274w, https:\/\/www.mathezfreight.com\/wp-content\/uploads\/photo-amfar-log-2025-05-27-11-09-15_5054507a-1-1200x800.jpg 1200w\" sizes=\"(max-width: 375px) 100vw, 375px\" \/><\/a>\n\n                    \n                    \n                        <div class=\"lae-image-info\">\n\n                            <div class=\"lae-entry-info\">\n\n                                \n                                    <h3 class=\"lae-post-title\">\n\n                                        <a href=\"https:\/\/www.mathezfreight.com\/en\/blog\/amfar-gala-logistics\/\" title=\"AMFAR Charity Gala: exceptional art logistics\"\n                                           rel=\"bookmark\">AMFAR Charity Gala: exceptional art logistics<\/a>\n\n                                    <\/h3>\n\n                                \n                                \n                                    <span class=\"lae-terms\"><a href=\"https:\/\/www.mathezfreight.com\/en\/blog\/category\/projects\/\">Operations<\/a><\/span>\n                                \n                            <\/div>\n\n                        <\/div><!-- .lae-image-info -->\n\n                    \n                <\/div>\n\n            \n            \n                <div class=\"lae-entry-text-wrap \">\n\n                    \n                        <h3 class=\"entry-title\">\n\n                            <a href=\"https:\/\/www.mathezfreight.com\/en\/blog\/amfar-gala-logistics\/\" title=\"AMFAR Charity Gala: exceptional art logistics\"\n                               rel=\"bookmark\">AMFAR Charity Gala: exceptional art logistics<\/a>\n\n                        <\/h3>\n\n                    \n                    \n                    \n                    \n                <\/div>\n\n            \n        \n    <\/article><!-- .hentry -->\n\n<\/div><!-- .lae-posts-carousel-item --><\/div><!-- .lae-posts-carousel -->\t\t\t\t<\/div>\n\t\t\t\t<\/div>\n\t\t\t\t\t<\/div>\n\t\t<\/div>\n\t\t\t\t\t<\/div>\n\t\t<\/aside>\n\t\t\t\t<aside class=\"elementor-section elementor-top-section elementor-element elementor-element-9bef97a mti-social-bar bottom grey elementor-section-boxed elementor-section-height-default elementor-section-height-default default-style\" data-id=\"9bef97a\" data-element_type=\"section\" data-e-type=\"section\" data-settings=\"{&quot;rt_color_sets&quot;:&quot;default-style&quot;}\">\n\t\t\t\t\t\t<div class=\"elementor-container elementor-column-gap-default\">\n\t\t\t\t\t<div class=\"elementor-column elementor-col-100 elementor-top-column elementor-element elementor-element-4afd842\" data-id=\"4afd842\" data-element_type=\"column\" data-e-type=\"column\">\n\t\t\t<div class=\"elementor-widget-wrap elementor-element-populated\">\n\t\t\t\t\t\t<div class=\"elementor-element elementor-element-51ac8ab elementor-share-buttons--view-icon elementor-share-buttons--skin-flat elementor-share-buttons--shape-square elementor-grid-0 elementor-share-buttons--color-official elementor-invisible elementor-widget elementor-widget-share-buttons\" data-id=\"51ac8ab\" data-element_type=\"widget\" data-e-type=\"widget\" data-settings=\"{&quot;_animation&quot;:&quot;fadeInLeft&quot;}\" data-widget_type=\"share-buttons.default\">\n\t\t\t\t<div class=\"elementor-widget-container\">\n\t\t\t\t\t\t\t<div class=\"elementor-grid\" role=\"list\">\n\t\t\t\t\t\t\t\t<div class=\"elementor-grid-item\" role=\"listitem\">\n\t\t\t\t\t\t<div class=\"elementor-share-btn elementor-share-btn_email\" role=\"button\" tabindex=\"0\" aria-label=\"Share on email\">\n\t\t\t\t\t\t\t\t\t\t\t\t\t\t\t<span class=\"elementor-share-btn__icon\">\n\t\t\t\t\t\t\t\t<i class=\"fas fa-envelope\" aria-hidden=\"true\"><\/i>\t\t\t\t\t\t\t<\/span>\n\t\t\t\t\t\t\t\t\t\t\t\t\t\t\t\t\t\t\t\t<\/div>\n\t\t\t\t\t<\/div>\n\t\t\t\t\t\t\t\t\t<div class=\"elementor-grid-item\" role=\"listitem\">\n\t\t\t\t\t\t<div class=\"elementor-share-btn elementor-share-btn_linkedin\" role=\"button\" tabindex=\"0\" aria-label=\"Share on linkedin\">\n\t\t\t\t\t\t\t\t\t\t\t\t\t\t\t<span class=\"elementor-share-btn__icon\">\n\t\t\t\t\t\t\t\t<i class=\"fab fa-linkedin\" aria-hidden=\"true\"><\/i>\t\t\t\t\t\t\t<\/span>\n\t\t\t\t\t\t\t\t\t\t\t\t\t\t\t\t\t\t\t\t<\/div>\n\t\t\t\t\t<\/div>\n\t\t\t\t\t\t\t\t\t<div class=\"elementor-grid-item\" role=\"listitem\">\n\t\t\t\t\t\t<div class=\"elementor-share-btn elementor-share-btn_twitter\" role=\"button\" tabindex=\"0\" aria-label=\"Share on twitter\">\n\t\t\t\t\t\t\t\t\t\t\t\t\t\t\t<span class=\"elementor-share-btn__icon\">\n\t\t\t\t\t\t\t\t<i class=\"fab fa-twitter\" aria-hidden=\"true\"><\/i>\t\t\t\t\t\t\t<\/span>\n\t\t\t\t\t\t\t\t\t\t\t\t\t\t\t\t\t\t\t\t<\/div>\n\t\t\t\t\t<\/div>\n\t\t\t\t\t\t\t\t\t<div class=\"elementor-grid-item\" role=\"listitem\">\n\t\t\t\t\t\t<div class=\"elementor-share-btn elementor-share-btn_facebook\" role=\"button\" tabindex=\"0\" aria-label=\"Share on facebook\">\n\t\t\t\t\t\t\t\t\t\t\t\t\t\t\t<span class=\"elementor-share-btn__icon\">\n\t\t\t\t\t\t\t\t<i class=\"fab fa-facebook\" aria-hidden=\"true\"><\/i>\t\t\t\t\t\t\t<\/span>\n\t\t\t\t\t\t\t\t\t\t\t\t\t\t\t\t\t\t\t\t<\/div>\n\t\t\t\t\t<\/div>\n\t\t\t\t\t\t\t\t\t<div class=\"elementor-grid-item\" role=\"listitem\">\n\t\t\t\t\t\t<div class=\"elementor-share-btn elementor-share-btn_print\" role=\"button\" tabindex=\"0\" aria-label=\"Share on print\">\n\t\t\t\t\t\t\t\t\t\t\t\t\t\t\t<span class=\"elementor-share-btn__icon\">\n\t\t\t\t\t\t\t\t<i class=\"fas fa-print\" aria-hidden=\"true\"><\/i>\t\t\t\t\t\t\t<\/span>\n\t\t\t\t\t\t\t\t\t\t\t\t\t\t\t\t\t\t\t\t<\/div>\n\t\t\t\t\t<\/div>\n\t\t\t\t\t\t<\/div>\n\t\t\t\t\t\t<\/div>\n\t\t\t\t<\/div>\n\t\t\t\t\t<\/div>\n\t\t<\/div>\n\t\t\t\t\t<\/div>\n\t\t<\/aside>\n\t\t\t\t<section class=\"elementor-section elementor-top-section elementor-element elementor-element-473da1a mti-navigation-pages elementor-section-boxed elementor-section-height-default elementor-section-height-default default-style\" data-id=\"473da1a\" data-element_type=\"section\" data-e-type=\"section\" data-settings=\"{&quot;rt_color_sets&quot;:&quot;default-style&quot;}\">\n\t\t\t\t\t\t<div class=\"elementor-container elementor-column-gap-default\">\n\t\t\t\t\t<div class=\"elementor-column elementor-col-100 elementor-top-column elementor-element elementor-element-e90e073\" data-id=\"e90e073\" data-element_type=\"column\" data-e-type=\"column\">\n\t\t\t<div class=\"elementor-widget-wrap elementor-element-populated\">\n\t\t\t\t\t\t<div class=\"elementor-element elementor-element-dd1a68e elementor-widget elementor-widget-post-navigation\" data-id=\"dd1a68e\" data-element_type=\"widget\" data-e-type=\"widget\" data-widget_type=\"post-navigation.default\">\n\t\t\t\t<div class=\"elementor-widget-container\">\n\t\t\t\t\t\t\t<div class=\"elementor-post-navigation\" role=\"navigation\" aria-label=\"Post Navigation\">\n\t\t\t<div class=\"elementor-post-navigation__prev elementor-post-navigation__link\">\n\t\t\t\t<a href=\"https:\/\/www.mathezfreight.com\/en\/blog\/behind-2-gazelles-aicha-rallye\/\" rel=\"prev\"><span class=\"post-navigation__arrow-wrapper post-navigation__arrow-prev\"><i aria-hidden=\"true\" class=\"fas fa-angle-left\"><\/i><span class=\"elementor-screen-only\">Prev<\/span><\/span><span class=\"elementor-post-navigation__link__prev\"><span class=\"post-navigation__prev--label\">Previous<\/span><span class=\"post-navigation__prev--title\">Behind 2 Gazelles on Rallye A\u00efcha in Morocco<\/span><\/span><\/a>\t\t\t<\/div>\n\t\t\t\t\t\t<div class=\"elementor-post-navigation__next elementor-post-navigation__link\">\n\t\t\t\t<a href=\"https:\/\/www.mathezfreight.com\/en\/blog\/import-export-cars-france\/\" rel=\"next\"><span class=\"elementor-post-navigation__link__next\"><span class=\"post-navigation__next--label\">Next<\/span><span class=\"post-navigation__next--title\">Our most beautiful cars, import\/export France<\/span><\/span><span class=\"post-navigation__arrow-wrapper post-navigation__arrow-next\"><i aria-hidden=\"true\" class=\"fas fa-angle-right\"><\/i><span class=\"elementor-screen-only\">Next<\/span><\/span><\/a>\t\t\t<\/div>\n\t\t<\/div>\n\t\t\t\t\t\t<\/div>\n\t\t\t\t<\/div>\n\t\t\t\t\t<\/div>\n\t\t<\/div>\n\t\t\t\t\t<\/div>\n\t\t<\/section>\n\t\t\t\t<\/div>\n\t\t","protected":false},"excerpt":{"rendered":"<p>Agency dedicated to boat transportation and registration of yachts in Cannes. Freight forwarder, customs representative, consigning shipping agent, specialist in excise products, trade show logistics and fine art transportation. <\/p>\n","protected":false},"author":1,"featured_media":19455,"parent":28266,"menu_order":30,"comment_status":"closed","ping_status":"closed","template":"page-mti-a4.php","meta":{"iawp_total_views":102,"footnotes":""},"class_list":["post-28773","page","type-page","status-publish","has-post-thumbnail","hentry"],"yoast_head":"<!-- This site is optimized with the Yoast SEO Premium plugin v27.4 (Yoast SEO v27.4) - https:\/\/yoast.com\/product\/yoast-seo-premium-wordpress\/ -->\n<title>Freight agent in Cannes - MATHEZ FREIGHT<\/title>\n<meta name=\"description\" content=\"Agency dedicated to boat transportation and registration of yachts in Cannes. Freight forwarder, customs representative, consigning shipping agent, specialist in excise products, trade show logistics and fine art transportation.\" \/>\n<meta name=\"robots\" content=\"index, follow, max-snippet:-1, max-image-preview:large, max-video-preview:-1\" \/>\n<link rel=\"canonical\" href=\"https:\/\/www.mathezfreight.com\/en\/about\/agencies\/cannes\/\" \/>\n<meta property=\"og:locale\" content=\"en_US\" \/>\n<meta property=\"og:type\" content=\"article\" \/>\n<meta property=\"og:title\" content=\"Freight agent in Cannes\" \/>\n<meta property=\"og:description\" content=\"Agency dedicated to boat transportation and registration of yachts in Cannes. Freight forwarder, customs representative, consigning shipping agent, specialist in excise products, trade show logistics and fine art transportation.\" \/>\n<meta property=\"og:url\" content=\"https:\/\/www.mathezfreight.com\/en\/about\/agencies\/cannes\/\" \/>\n<meta property=\"og:site_name\" content=\"MATHEZ FREIGHT\" \/>\n<meta property=\"article:publisher\" content=\"https:\/\/www.facebook.com\/MathezFreight\/\" \/>\n<meta property=\"article:modified_time\" content=\"2026-02-04T14:04:23+00:00\" \/>\n<meta property=\"og:image\" content=\"https:\/\/www.mathezfreight.com\/wp-content\/uploads\/photo-cannes.jpg\" \/>\n\t<meta property=\"og:image:width\" content=\"2000\" \/>\n\t<meta property=\"og:image:height\" content=\"1333\" \/>\n\t<meta property=\"og:image:type\" content=\"image\/jpeg\" \/>\n<meta name=\"twitter:card\" content=\"summary_large_image\" \/>\n<meta name=\"twitter:site\" content=\"@MathezFreight\" \/>\n<meta name=\"twitter:label1\" content=\"Est. reading time\" \/>\n\t<meta name=\"twitter:data1\" content=\"2 minutes\" \/>\n<script type=\"application\/ld+json\" class=\"yoast-schema-graph\">{\"@context\":\"https:\\\/\\\/schema.org\",\"@graph\":[{\"@type\":\"WebPage\",\"@id\":\"https:\\\/\\\/www.mathezfreight.com\\\/en\\\/about\\\/agencies\\\/cannes\\\/\",\"url\":\"https:\\\/\\\/www.mathezfreight.com\\\/en\\\/about\\\/agencies\\\/cannes\\\/\",\"name\":\"Freight agent in Cannes - MATHEZ FREIGHT\",\"isPartOf\":{\"@id\":\"https:\\\/\\\/www.mathezfreight.com\\\/en\\\/#website\"},\"primaryImageOfPage\":{\"@id\":\"https:\\\/\\\/www.mathezfreight.com\\\/en\\\/about\\\/agencies\\\/cannes\\\/#primaryimage\"},\"image\":{\"@id\":\"https:\\\/\\\/www.mathezfreight.com\\\/en\\\/about\\\/agencies\\\/cannes\\\/#primaryimage\"},\"thumbnailUrl\":\"https:\\\/\\\/www.mathezfreight.com\\\/wp-content\\\/uploads\\\/photo-cannes.jpg\",\"datePublished\":\"2018-11-23T09:30:44+00:00\",\"dateModified\":\"2026-02-04T14:04:23+00:00\",\"description\":\"Agency dedicated to boat transportation and registration of yachts in Cannes. Freight forwarder, customs representative, consigning shipping agent, specialist in excise products, trade show logistics and fine art transportation.\",\"breadcrumb\":{\"@id\":\"https:\\\/\\\/www.mathezfreight.com\\\/en\\\/about\\\/agencies\\\/cannes\\\/#breadcrumb\"},\"inLanguage\":\"en-US\",\"potentialAction\":[{\"@type\":\"ReadAction\",\"target\":[\"https:\\\/\\\/www.mathezfreight.com\\\/en\\\/about\\\/agencies\\\/cannes\\\/\"]}]},{\"@type\":\"ImageObject\",\"inLanguage\":\"en-US\",\"@id\":\"https:\\\/\\\/www.mathezfreight.com\\\/en\\\/about\\\/agencies\\\/cannes\\\/#primaryimage\",\"url\":\"https:\\\/\\\/www.mathezfreight.com\\\/wp-content\\\/uploads\\\/photo-cannes.jpg\",\"contentUrl\":\"https:\\\/\\\/www.mathezfreight.com\\\/wp-content\\\/uploads\\\/photo-cannes.jpg\",\"width\":2000,\"height\":1333,\"caption\":\"\u00a9 MATHEZ FREIGHT (ALP)\"},{\"@type\":\"BreadcrumbList\",\"@id\":\"https:\\\/\\\/www.mathezfreight.com\\\/en\\\/about\\\/agencies\\\/cannes\\\/#breadcrumb\",\"itemListElement\":[{\"@type\":\"ListItem\",\"position\":1,\"name\":\"Home\",\"item\":\"https:\\\/\\\/www.mathezfreight.com\\\/en\\\/home\\\/\"},{\"@type\":\"ListItem\",\"position\":2,\"name\":\"About\",\"item\":\"https:\\\/\\\/www.mathezfreight.com\\\/en\\\/about\\\/\"},{\"@type\":\"ListItem\",\"position\":3,\"name\":\"Agencies\",\"item\":\"https:\\\/\\\/www.mathezfreight.com\\\/en\\\/about\\\/agencies\\\/\"},{\"@type\":\"ListItem\",\"position\":4,\"name\":\"Cannes\"}]},{\"@type\":\"WebSite\",\"@id\":\"https:\\\/\\\/www.mathezfreight.com\\\/en\\\/#website\",\"url\":\"https:\\\/\\\/www.mathezfreight.com\\\/en\\\/\",\"name\":\"MATHEZ FREIGHT\",\"description\":\"Solutions transport sur mesure, suivies, efficaces\",\"publisher\":{\"@id\":\"https:\\\/\\\/www.mathezfreight.com\\\/en\\\/#organization\"},\"alternateName\":\"MATHEZ TRANSPORTS INTERNATIONAUX\",\"potentialAction\":[{\"@type\":\"SearchAction\",\"target\":{\"@type\":\"EntryPoint\",\"urlTemplate\":\"https:\\\/\\\/www.mathezfreight.com\\\/en\\\/?s={search_term_string}\"},\"query-input\":{\"@type\":\"PropertyValueSpecification\",\"valueRequired\":true,\"valueName\":\"search_term_string\"}}],\"inLanguage\":\"en-US\"},{\"@type\":\"Organization\",\"@id\":\"https:\\\/\\\/www.mathezfreight.com\\\/en\\\/#organization\",\"name\":\"MATHEZ FREIGHT\",\"alternateName\":\"MATHEZ TRANSPORTS INTERNATIONAUX\",\"url\":\"https:\\\/\\\/www.mathezfreight.com\\\/en\\\/\",\"logo\":{\"@type\":\"ImageObject\",\"inLanguage\":\"en-US\",\"@id\":\"https:\\\/\\\/www.mathezfreight.com\\\/en\\\/#\\\/schema\\\/logo\\\/image\\\/\",\"url\":\"https:\\\/\\\/www.mathezfreight.com\\\/wp-content\\\/uploads\\\/logo-mathez-freight-400pxw.png\",\"contentUrl\":\"https:\\\/\\\/www.mathezfreight.com\\\/wp-content\\\/uploads\\\/logo-mathez-freight-400pxw.png\",\"width\":400,\"height\":136,\"caption\":\"MATHEZ FREIGHT\"},\"image\":{\"@id\":\"https:\\\/\\\/www.mathezfreight.com\\\/en\\\/#\\\/schema\\\/logo\\\/image\\\/\"},\"sameAs\":[\"https:\\\/\\\/www.facebook.com\\\/MathezFreight\\\/\",\"https:\\\/\\\/x.com\\\/MathezFreight\",\"https:\\\/\\\/www.linkedin.com\\\/company\\\/mathezfreight\\\/\"],\"description\":\"Transitaire fran\u00e7ais, organisateur de transport international: fret a\u00e9rien, fret maritime, commissionnaire en douane agr\u00e9\u00e9 OEA-Full. 17 agences en France sur tous les principaux ports et a\u00e9roports.\",\"email\":\"web@mathezfreight.com\",\"telephone\":\"+33.497257825\",\"legalName\":\"MATHEZ TRANSPORTS INTERNATIONAUX\",\"foundingDate\":\"1950-01-01\",\"numberOfEmployees\":{\"@type\":\"QuantitativeValue\",\"minValue\":\"51\",\"maxValue\":\"200\"}}]}<\/script>\n<!-- \/ Yoast SEO Premium plugin. -->","yoast_head_json":{"title":"Freight agent in Cannes - MATHEZ FREIGHT","description":"Agency dedicated to boat transportation and registration of yachts in Cannes. Freight forwarder, customs representative, consigning shipping agent, specialist in excise products, trade show logistics and fine art transportation.","robots":{"index":"index","follow":"follow","max-snippet":"max-snippet:-1","max-image-preview":"max-image-preview:large","max-video-preview":"max-video-preview:-1"},"canonical":"https:\/\/www.mathezfreight.com\/en\/about\/agencies\/cannes\/","og_locale":"en_US","og_type":"article","og_title":"Freight agent in Cannes","og_description":"Agency dedicated to boat transportation and registration of yachts in Cannes. Freight forwarder, customs representative, consigning shipping agent, specialist in excise products, trade show logistics and fine art transportation.","og_url":"https:\/\/www.mathezfreight.com\/en\/about\/agencies\/cannes\/","og_site_name":"MATHEZ FREIGHT","article_publisher":"https:\/\/www.facebook.com\/MathezFreight\/","article_modified_time":"2026-02-04T14:04:23+00:00","og_image":[{"width":2000,"height":1333,"url":"https:\/\/www.mathezfreight.com\/wp-content\/uploads\/photo-cannes.jpg","type":"image\/jpeg"}],"twitter_card":"summary_large_image","twitter_site":"@MathezFreight","twitter_misc":{"Est. reading time":"2 minutes"},"schema":{"@context":"https:\/\/schema.org","@graph":[{"@type":"WebPage","@id":"https:\/\/www.mathezfreight.com\/en\/about\/agencies\/cannes\/","url":"https:\/\/www.mathezfreight.com\/en\/about\/agencies\/cannes\/","name":"Freight agent in Cannes - MATHEZ FREIGHT","isPartOf":{"@id":"https:\/\/www.mathezfreight.com\/en\/#website"},"primaryImageOfPage":{"@id":"https:\/\/www.mathezfreight.com\/en\/about\/agencies\/cannes\/#primaryimage"},"image":{"@id":"https:\/\/www.mathezfreight.com\/en\/about\/agencies\/cannes\/#primaryimage"},"thumbnailUrl":"https:\/\/www.mathezfreight.com\/wp-content\/uploads\/photo-cannes.jpg","datePublished":"2018-11-23T09:30:44+00:00","dateModified":"2026-02-04T14:04:23+00:00","description":"Agency dedicated to boat transportation and registration of yachts in Cannes. Freight forwarder, customs representative, consigning shipping agent, specialist in excise products, trade show logistics and fine art transportation.","breadcrumb":{"@id":"https:\/\/www.mathezfreight.com\/en\/about\/agencies\/cannes\/#breadcrumb"},"inLanguage":"en-US","potentialAction":[{"@type":"ReadAction","target":["https:\/\/www.mathezfreight.com\/en\/about\/agencies\/cannes\/"]}]},{"@type":"ImageObject","inLanguage":"en-US","@id":"https:\/\/www.mathezfreight.com\/en\/about\/agencies\/cannes\/#primaryimage","url":"https:\/\/www.mathezfreight.com\/wp-content\/uploads\/photo-cannes.jpg","contentUrl":"https:\/\/www.mathezfreight.com\/wp-content\/uploads\/photo-cannes.jpg","width":2000,"height":1333,"caption":"\u00a9 MATHEZ FREIGHT (ALP)"},{"@type":"BreadcrumbList","@id":"https:\/\/www.mathezfreight.com\/en\/about\/agencies\/cannes\/#breadcrumb","itemListElement":[{"@type":"ListItem","position":1,"name":"Home","item":"https:\/\/www.mathezfreight.com\/en\/home\/"},{"@type":"ListItem","position":2,"name":"About","item":"https:\/\/www.mathezfreight.com\/en\/about\/"},{"@type":"ListItem","position":3,"name":"Agencies","item":"https:\/\/www.mathezfreight.com\/en\/about\/agencies\/"},{"@type":"ListItem","position":4,"name":"Cannes"}]},{"@type":"WebSite","@id":"https:\/\/www.mathezfreight.com\/en\/#website","url":"https:\/\/www.mathezfreight.com\/en\/","name":"MATHEZ FREIGHT","description":"Solutions transport sur mesure, suivies, efficaces","publisher":{"@id":"https:\/\/www.mathezfreight.com\/en\/#organization"},"alternateName":"MATHEZ TRANSPORTS INTERNATIONAUX","potentialAction":[{"@type":"SearchAction","target":{"@type":"EntryPoint","urlTemplate":"https:\/\/www.mathezfreight.com\/en\/?s={search_term_string}"},"query-input":{"@type":"PropertyValueSpecification","valueRequired":true,"valueName":"search_term_string"}}],"inLanguage":"en-US"},{"@type":"Organization","@id":"https:\/\/www.mathezfreight.com\/en\/#organization","name":"MATHEZ FREIGHT","alternateName":"MATHEZ TRANSPORTS INTERNATIONAUX","url":"https:\/\/www.mathezfreight.com\/en\/","logo":{"@type":"ImageObject","inLanguage":"en-US","@id":"https:\/\/www.mathezfreight.com\/en\/#\/schema\/logo\/image\/","url":"https:\/\/www.mathezfreight.com\/wp-content\/uploads\/logo-mathez-freight-400pxw.png","contentUrl":"https:\/\/www.mathezfreight.com\/wp-content\/uploads\/logo-mathez-freight-400pxw.png","width":400,"height":136,"caption":"MATHEZ FREIGHT"},"image":{"@id":"https:\/\/www.mathezfreight.com\/en\/#\/schema\/logo\/image\/"},"sameAs":["https:\/\/www.facebook.com\/MathezFreight\/","https:\/\/x.com\/MathezFreight","https:\/\/www.linkedin.com\/company\/mathezfreight\/"],"description":"Transitaire fran\u00e7ais, organisateur de transport international: fret a\u00e9rien, fret maritime, commissionnaire en douane agr\u00e9\u00e9 OEA-Full. 17 agences en France sur tous les principaux ports et a\u00e9roports.","email":"web@mathezfreight.com","telephone":"+33.497257825","legalName":"MATHEZ TRANSPORTS INTERNATIONAUX","foundingDate":"1950-01-01","numberOfEmployees":{"@type":"QuantitativeValue","minValue":"51","maxValue":"200"}}]}},"_links":{"self":[{"href":"https:\/\/www.mathezfreight.com\/en\/wp-json\/wp\/v2\/pages\/28773","targetHints":{"allow":["GET"]}}],"collection":[{"href":"https:\/\/www.mathezfreight.com\/en\/wp-json\/wp\/v2\/pages"}],"about":[{"href":"https:\/\/www.mathezfreight.com\/en\/wp-json\/wp\/v2\/types\/page"}],"author":[{"embeddable":true,"href":"https:\/\/www.mathezfreight.com\/en\/wp-json\/wp\/v2\/users\/1"}],"replies":[{"embeddable":true,"href":"https:\/\/www.mathezfreight.com\/en\/wp-json\/wp\/v2\/comments?post=28773"}],"version-history":[{"count":4,"href":"https:\/\/www.mathezfreight.com\/en\/wp-json\/wp\/v2\/pages\/28773\/revisions"}],"predecessor-version":[{"id":65971,"href":"https:\/\/www.mathezfreight.com\/en\/wp-json\/wp\/v2\/pages\/28773\/revisions\/65971"}],"up":[{"embeddable":true,"href":"https:\/\/www.mathezfreight.com\/en\/wp-json\/wp\/v2\/pages\/28266"}],"wp:featuredmedia":[{"embeddable":true,"href":"https:\/\/www.mathezfreight.com\/en\/wp-json\/wp\/v2\/media\/19455"}],"wp:attachment":[{"href":"https:\/\/www.mathezfreight.com\/en\/wp-json\/wp\/v2\/media?parent=28773"}],"curies":[{"name":"wp","href":"https:\/\/api.w.org\/{rel}","templated":true}]}}