{"id":28762,"date":"2018-11-28T09:36:20","date_gmt":"2018-11-28T09:36:20","guid":{"rendered":"https:\/\/www.mathezfreight.com\/about\/agencies\/carros\/"},"modified":"2026-01-13T15:10:57","modified_gmt":"2026-01-13T15:10:57","slug":"carros","status":"publish","type":"page","link":"https:\/\/www.mathezfreight.com\/en\/about\/agencies\/carros\/","title":{"rendered":"MATHEZ ONSITE LOGISTICS in Nice (Carros)"},"content":{"rendered":"\t\t<div data-elementor-type=\"wp-post\" data-elementor-id=\"28762\" class=\"elementor elementor-28762 elementor-18484\" data-elementor-post-type=\"page\">\n\t\t\t\t\t\t<div class=\"elementor-section elementor-top-section elementor-element elementor-element-09d946a elementor-section-stretched elementor-section-full_width bg-about elementor-section-height-default elementor-section-height-default default-style elementor-invisible\" data-id=\"09d946a\" data-element_type=\"section\" data-e-type=\"section\" id=\"mti-page-header\" data-settings=\"{&quot;stretch_section&quot;:&quot;section-stretched&quot;,&quot;animation&quot;:&quot;fadeIn&quot;,&quot;rt_color_sets&quot;:&quot;default-style&quot;}\">\n\t\t\t\t\t\t<div class=\"elementor-container elementor-column-gap-no\">\n\t\t\t\t\t<div class=\"elementor-column elementor-col-100 elementor-top-column elementor-element elementor-element-15b02b8\" data-id=\"15b02b8\" data-element_type=\"column\" data-e-type=\"column\">\n\t\t\t<div class=\"elementor-widget-wrap elementor-element-populated\">\n\t\t\t\t\t\t<div class=\"elementor-element elementor-element-b3e74f4 mti-carte-gmap elementor-widget elementor-widget-html\" data-id=\"b3e74f4\" data-element_type=\"widget\" data-e-type=\"widget\" data-widget_type=\"html.default\">\n\t\t\t\t<div class=\"elementor-widget-container\">\n\t\t\t\t\t<iframe loading=\"lazy\" src=\"https:\/\/www.google.com\/maps\/d\/u\/0\/embed?mid=1lL73C1U8t49mX01Bpqw8QsS2Ut8&amp;ll=43.82%2C7.37&amp;z=11\" width=\"1220\" height=\"455\" style=\"position: relative; top: -50px;\"><\/iframe>\t\t\t\t<\/div>\n\t\t\t\t<\/div>\n\t\t\t\t\t<\/div>\n\t\t<\/div>\n\t\t\t\t\t<\/div>\n\t\t<\/div>\n\t\t\t\t<section class=\"elementor-section elementor-top-section elementor-element elementor-element-969f07a mti-carte-agence elementor-section-boxed elementor-section-height-default elementor-section-height-default default-style\" data-id=\"969f07a\" data-element_type=\"section\" data-e-type=\"section\" data-settings=\"{&quot;background_background&quot;:&quot;classic&quot;,&quot;rt_color_sets&quot;:&quot;default-style&quot;}\">\n\t\t\t\t\t\t<div class=\"elementor-container elementor-column-gap-default\">\n\t\t\t\t\t<div class=\"elementor-column elementor-col-100 elementor-top-column elementor-element elementor-element-1410496\" data-id=\"1410496\" data-element_type=\"column\" data-e-type=\"column\">\n\t\t\t<div class=\"elementor-widget-wrap elementor-element-populated\">\n\t\t\t\t\t\t<div class=\"elementor-element elementor-element-038d7f4 mti-carte-visite elementor-icon-list--layout-traditional elementor-list-item-link-full_width elementor-widget elementor-widget-icon-list\" data-id=\"038d7f4\" data-element_type=\"widget\" data-e-type=\"widget\" data-widget_type=\"icon-list.default\">\n\t\t\t\t<div class=\"elementor-widget-container\">\n\t\t\t\t\t\t\t<ul class=\"elementor-icon-list-items\">\n\t\t\t\t\t\t\t<li class=\"elementor-icon-list-item\">\n\t\t\t\t\t\t\t\t\t\t<span class=\"elementor-icon-list-text\"><h2>MATHEZ ONSITE LOGISTICS - MATHEZ FREIGHT Exhibition Department<\/h2><\/span>\n\t\t\t\t\t\t\t\t\t<\/li>\n\t\t\t\t\t\t\t\t<li class=\"elementor-icon-list-item\">\n\t\t\t\t\t\t\t\t\t\t\t<span class=\"elementor-icon-list-icon\">\n\t\t\t\t\t\t\t<i aria-hidden=\"true\" class=\"fas fa-map-signs\"><\/i>\t\t\t\t\t\t<\/span>\n\t\t\t\t\t\t\t\t\t\t<span class=\"elementor-icon-list-text\">Le Broc Center (B\u00e2t.1, lot 4), ZI Carros, 1ere Avenue, 06510 Carros, France<\/span>\n\t\t\t\t\t\t\t\t\t<\/li>\n\t\t\t\t\t\t\t\t<li class=\"elementor-icon-list-item\">\n\t\t\t\t\t\t\t\t\t\t\t<a href=\"tel:+33.493298016\">\n\n\t\t\t\t\t\t\t\t\t\t\t\t<span class=\"elementor-icon-list-icon\">\n\t\t\t\t\t\t\t<i aria-hidden=\"true\" class=\"fas fa-phone\"><\/i>\t\t\t\t\t\t<\/span>\n\t\t\t\t\t\t\t\t\t\t<span class=\"elementor-icon-list-text\">+33.4 93 29 80 16<\/span>\n\t\t\t\t\t\t\t\t\t\t\t<\/a>\n\t\t\t\t\t\t\t\t\t<\/li>\n\t\t\t\t\t\t\t\t<li class=\"elementor-icon-list-item\">\n\t\t\t\t\t\t\t\t\t\t\t<span class=\"elementor-icon-list-icon\">\n\t\t\t\t\t\t\t<i aria-hidden=\"true\" class=\"fas fa-fax\"><\/i>\t\t\t\t\t\t<\/span>\n\t\t\t\t\t\t\t\t\t\t<span class=\"elementor-icon-list-text\">+33.4 93 29 91 30<\/span>\n\t\t\t\t\t\t\t\t\t<\/li>\n\t\t\t\t\t\t\t\t<li class=\"elementor-icon-list-item\">\n\t\t\t\t\t\t\t\t\t\t\t<a href=\"mailto:web@mathez-onsite-logistics.com\">\n\n\t\t\t\t\t\t\t\t\t\t\t\t<span class=\"elementor-icon-list-icon\">\n\t\t\t\t\t\t\t<i aria-hidden=\"true\" class=\"fasrt-elementor-icon icon-mail\"><\/i>\t\t\t\t\t\t<\/span>\n\t\t\t\t\t\t\t\t\t\t<span class=\"elementor-icon-list-text\">web@mathez-onsite-logistics.com<\/span>\n\t\t\t\t\t\t\t\t\t\t\t<\/a>\n\t\t\t\t\t\t\t\t\t<\/li>\n\t\t\t\t\t\t\t\t<li class=\"elementor-icon-list-item\">\n\t\t\t\t\t\t\t\t\t\t\t<a href=\"https:\/\/www.google.fr\/maps\/dir\/\/Onsite+(Mathez+Freight+Forwarding+Exhibitions+department),+1%C3%A8re+avenue+(entre+la+17e+et+la+18e+rue+Le+Broc+Center+(B%C3%A2t.+A,+lot+4+Zone+Industrielle+de,+06510+Carros\/@43.8088363,7.1849849,17z\/data=!4m9!4m8!1m0!1m5!1m1!1s0x12cdc95c87220725:0xed891369613b0e36!2m2!1d7.1871736!2d43.8088363!3e0\" target=\"_blank\" rel=\"nofollow\">\n\n\t\t\t\t\t\t\t\t\t\t\t\t<span class=\"elementor-icon-list-icon\">\n\t\t\t\t\t\t\t<i aria-hidden=\"true\" class=\"fasrt-elementor-icon icon-map-o\"><\/i>\t\t\t\t\t\t<\/span>\n\t\t\t\t\t\t\t\t\t\t<span class=\"elementor-icon-list-text\">Directions<\/span>\n\t\t\t\t\t\t\t\t\t\t\t<\/a>\n\t\t\t\t\t\t\t\t\t<\/li>\n\t\t\t\t\t\t<\/ul>\n\t\t\t\t\t\t<\/div>\n\t\t\t\t<\/div>\n\t\t\t\t<div class=\"elementor-element elementor-element-a6d2574 elementor-widget elementor-widget-rt-button\" data-id=\"a6d2574\" data-element_type=\"widget\" data-e-type=\"widget\" id=\"mti-red-button\" data-widget_type=\"rt-button.default\">\n\t\t\t\t<div class=\"elementor-widget-container\">\n\t\t\t\t\t<div class=\"button_wrapper  hero\"><a href=\"https:\/\/www.mathezfreight.com\/en\/contact\/\" target=\"_self\" title=\"Contact Us\" class=\"button_  style-3 hero\"><span><span class=\"button-icon rt-elementor-icon icon-mail\"><\/span><span>Contact Us<\/span><\/span><\/a><\/div>\t\t\t\t<\/div>\n\t\t\t\t<\/div>\n\t\t\t\t\t<\/div>\n\t\t<\/div>\n\t\t\t\t\t<\/div>\n\t\t<\/section>\n\t\t\t\t<div class=\"elementor-section elementor-top-section elementor-element elementor-element-7d9eafb elementor-section-content-bottom mti-beau-gosse agence elementor-reverse-mobile elementor-section-boxed elementor-section-height-default elementor-section-height-default default-style elementor-invisible\" data-id=\"7d9eafb\" data-element_type=\"section\" data-e-type=\"section\" data-settings=\"{&quot;animation&quot;:&quot;fadeIn&quot;,&quot;rt_color_sets&quot;:&quot;default-style&quot;}\">\n\t\t\t\t\t\t<div class=\"elementor-container elementor-column-gap-default\">\n\t\t\t\t\t<div class=\"elementor-column elementor-col-100 elementor-top-column elementor-element elementor-element-a3bb058\" data-id=\"a3bb058\" data-element_type=\"column\" data-e-type=\"column\">\n\t\t\t<div class=\"elementor-widget-wrap elementor-element-populated\">\n\t\t\t\t\t\t<div class=\"elementor-element elementor-element-ca247a5 mti-beau-gosse-citation agence elementor-widget elementor-widget-text-editor\" data-id=\"ca247a5\" data-element_type=\"widget\" data-e-type=\"widget\" data-widget_type=\"text-editor.default\">\n\t\t\t\t<div class=\"elementor-widget-container\">\n\t\t\t\t\t\t\t\t\t<blockquote><p>Participating in a trade show, organizing an event or setting up an exhibition on the C\u00f4te d&#8217;Azur is costly, and the stakes are often global. We take care of your logistics before, during and after the event, so you can concentrate on your business. Our experienced team will always assist you with efficiency and good humor.<\/p><\/blockquote><div id=\"mti-beau-gosse-signature\"><span class=\"blue\"><span class=\"blue\">C\u00e9line Cluchague<\/span><\/span>, MATHEZ ONSITE LOGISTICS Carros<\/div>\t\t\t\t\t\t\t\t<\/div>\n\t\t\t\t<\/div>\n\t\t\t\t\t<\/div>\n\t\t<\/div>\n\t\t\t\t\t<\/div>\n\t\t<\/div>\n\t\t\t\t<section class=\"elementor-section elementor-top-section elementor-element elementor-element-88c0935 clear elementor-section-boxed elementor-section-height-default elementor-section-height-default default-style\" data-id=\"88c0935\" data-element_type=\"section\" data-e-type=\"section\" data-settings=\"{&quot;rt_color_sets&quot;:&quot;default-style&quot;}\">\n\t\t\t\t\t\t<div class=\"elementor-container elementor-column-gap-default\">\n\t\t\t\t\t<div class=\"elementor-column elementor-col-100 elementor-top-column elementor-element elementor-element-b4ce8df\" data-id=\"b4ce8df\" data-element_type=\"column\" data-e-type=\"column\">\n\t\t\t<div class=\"elementor-widget-wrap elementor-element-populated\">\n\t\t\t\t\t\t<div class=\"elementor-element elementor-element-6465297 elementor-widget elementor-widget-spacer\" data-id=\"6465297\" data-element_type=\"widget\" data-e-type=\"widget\" data-widget_type=\"spacer.default\">\n\t\t\t\t<div class=\"elementor-widget-container\">\n\t\t\t\t\t\t\t<div class=\"elementor-spacer\">\n\t\t\t<div class=\"elementor-spacer-inner\"><\/div>\n\t\t<\/div>\n\t\t\t\t\t\t<\/div>\n\t\t\t\t<\/div>\n\t\t\t\t\t<\/div>\n\t\t<\/div>\n\t\t\t\t\t<\/div>\n\t\t<\/section>\n\t\t\t\t<section class=\"elementor-section elementor-top-section elementor-element elementor-element-eca1b54 elementor-section-boxed elementor-section-height-default elementor-section-height-default default-style elementor-invisible\" data-id=\"eca1b54\" data-element_type=\"section\" data-e-type=\"section\" data-settings=\"{&quot;background_background&quot;:&quot;classic&quot;,&quot;animation&quot;:&quot;slideInLeft&quot;,&quot;rt_color_sets&quot;:&quot;default-style&quot;}\">\n\t\t\t\t\t\t<div class=\"elementor-container elementor-column-gap-default\">\n\t\t\t\t\t<div class=\"elementor-column elementor-col-50 elementor-top-column elementor-element elementor-element-93212f0 elementor-invisible\" data-id=\"93212f0\" data-element_type=\"column\" data-e-type=\"column\" data-settings=\"{&quot;background_background&quot;:&quot;classic&quot;,&quot;animation&quot;:&quot;slideInLeft&quot;}\">\n\t\t\t<div class=\"elementor-widget-wrap elementor-element-populated\">\n\t\t\t\t\t\t<div class=\"elementor-element elementor-element-39549a8 elementor-widget elementor-widget-text-editor\" data-id=\"39549a8\" data-element_type=\"widget\" data-e-type=\"widget\" data-widget_type=\"text-editor.default\">\n\t\t\t\t<div class=\"elementor-widget-container\">\n\t\t\t\t\t\t\t\t\t<h2 style=\"font-size: 30px; color: #ffffff;\"><span style=\"color: #ffffff;\">Discover <\/span><span style=\"color: #EB3014;\">MATHEZ ONSITE LOGISTICS,<\/span><\/h2>\n<h3 style=\"text-align: right; margin-top: 0px; color: #ffffff;\">the logistics specialist for your trade shows and conferences on the C\u00f4te d&#8217;Azur<\/h3>\t\t\t\t\t\t\t\t<\/div>\n\t\t\t\t<\/div>\n\t\t\t\t\t<\/div>\n\t\t<\/div>\n\t\t\t\t<div class=\"elementor-column elementor-col-50 elementor-top-column elementor-element elementor-element-3f13992\" data-id=\"3f13992\" data-element_type=\"column\" data-e-type=\"column\">\n\t\t\t<div class=\"elementor-widget-wrap elementor-element-populated\">\n\t\t\t\t\t\t<div class=\"elementor-element elementor-element-edf457d elementor-widget elementor-widget-image\" data-id=\"edf457d\" data-element_type=\"widget\" data-e-type=\"widget\" data-widget_type=\"image.default\">\n\t\t\t\t<div class=\"elementor-widget-container\">\n\t\t\t\t\t\t\t\t\t\t\t\t\t\t\t\t<a href=\"http:\/\/www.mathez-onsite-logistics.com\" target=\"_blank\">\n\t\t\t\t\t\t\t<img decoding=\"async\" width=\"244\" height=\"183\" src=\"https:\/\/www.mathezfreight.com\/wp-content\/uploads\/smartmockups-template-transparent.png\" class=\"elementor-animation-grow-rotate attachment-mti-small-classic size-mti-small-classic wp-image-16383\" alt=\"MATHEZ ONSITE LOGISTICS\" \/>\t\t\t\t\t\t\t\t<\/a>\n\t\t\t\t\t\t\t\t\t\t\t\t\t\t\t<\/div>\n\t\t\t\t<\/div>\n\t\t\t\t\t<\/div>\n\t\t<\/div>\n\t\t\t\t\t<\/div>\n\t\t<\/section>\n\t\t\t\t<div class=\"elementor-section elementor-top-section elementor-element elementor-element-25a97f9 mti-diapo services elementor-section-full_width elementor-section-height-default elementor-section-height-default default-style\" data-id=\"25a97f9\" data-element_type=\"section\" data-e-type=\"section\" data-settings=\"{&quot;background_background&quot;:&quot;classic&quot;,&quot;rt_color_sets&quot;:&quot;default-style&quot;}\">\n\t\t\t\t\t\t<div class=\"elementor-container elementor-column-gap-default\">\n\t\t\t\t\t<div class=\"elementor-column elementor-col-50 elementor-top-column elementor-element elementor-element-300200f\" data-id=\"300200f\" data-element_type=\"column\" data-e-type=\"column\">\n\t\t\t<div class=\"elementor-widget-wrap elementor-element-populated\">\n\t\t\t\t\t\t<div class=\"elementor-element elementor-element-fb8407d elementor-widget elementor-widget-text-editor\" data-id=\"fb8407d\" data-element_type=\"widget\" data-e-type=\"widget\" data-widget_type=\"text-editor.default\">\n\t\t\t\t<div class=\"elementor-widget-container\">\n\t\t\t\t\t\t\t\t\t<h2 style=\"text-align: center;\">MATHEZ ONSITE LOGISTICS specialties<\/h2>\n\t \n\t\t<div  class=\"bullet-list style-1  check\">\n\t\t\n<ul>\n \t<li>\n<h6><a href=\"https:\/\/www.mathezfreight.com\/en\/solutions\/freight\/trade-fairs-and-conferences\/\">Transport and handling for exhibitions and congresses in the French Riviera<\/a>: reception, on-site delivery, pick-up, storage of stands and packaging, assistance to fitters and stand builders, unloading and reloading trucks on site, return shipping of equipments anywhere in the world.<\/h6>\n<\/li>\n \t<li>\n<h6><a href=\"https:\/\/www.mathezfreight.com\/en\/services\/customs\/\">Customs procedures<\/a> related to exhibitions: temporary admissions, ATA carnets, release for consumption of distributed products,&#8230;<\/h6>\n<\/li>\n<\/ul>\n\n\t\t<\/div>\n\t\t\t\t\t\t\t\t\t<\/div>\n\t\t\t\t<\/div>\n\t\t\t\t\t<\/div>\n\t\t<\/div>\n\t\t\t\t<div class=\"elementor-column elementor-col-50 elementor-top-column elementor-element elementor-element-3552d0f\" data-id=\"3552d0f\" data-element_type=\"column\" data-e-type=\"column\">\n\t\t\t<div class=\"elementor-widget-wrap elementor-element-populated\">\n\t\t\t\t\t\t<div class=\"elementor-element elementor-element-efb949b elementor-widget elementor-widget-rt-image-carousel\" data-id=\"efb949b\" data-element_type=\"widget\" data-e-type=\"widget\" data-widget_type=\"rt-image-carousel.default\">\n\t\t\t\t<div class=\"elementor-widget-container\">\n\t\t\t\t\t\r\n\t\t\t\t<div id=\"image-carousel-571434\" class=\"rt-carousel carousel-holder clearfix rt-image-carousel  rt_lightbox_gallery\" data-item-width=\"1\" data-nav=\"\" data-dots=\"\" data-margin=\"0\" data-autoplay=\"true\" data-timeout=\"4000\" data-thumbnails=\"false\" data-boxed=\"\" data-min-height=\"\" data-padding=\"0\" data-loop=\"\" data-tablet-item-width=\"\" data-mobile-item-width=\"\">\r\n\t\t\t\t\t<div class=\"owl-carousel\">\r\n\t\t\t\t\t\t<div><a id=\"lightbox-495977\" class=\"imgeffect zoom rt_lightbox\" data-gal-id=\"slider-carousel-216175\" data-rel=\"rt_lightbox\" title=\"Enlarge Image\" data-sub-html=\"Plaine du Var (Nice West)\" data-src=\"\" data-width=\"\" data-height=\"\" data-poster=\"\" data-autoplay=\"\" data-audiotitle=\"\" data-download-url=\"false\" href=\"https:\/\/www.mathezfreight.com\/wp-content\/uploads\/photo-plaine-du-var-alp.jpg\"><img decoding=\"async\" src=\"https:\/\/www.mathezfreight.com\/wp-content\/uploads\/photo-plaine-du-var-alp-610x403.jpg\" width=\"610\" height=\"403\" alt=\"Zone d&#039;implantation, Plaine du Var (Nice Ouest)\"><\/a><\/div><div><a id=\"lightbox-575037\" class=\"imgeffect zoom rt_lightbox\" data-gal-id=\"slider-carousel-216175\" data-rel=\"rt_lightbox\" title=\"Enlarge Image\" data-sub-html=\"Entrance of the MATHEZ ONSITE LOGISTICS office in Carros (Nice West)\" data-src=\"\" data-width=\"\" data-height=\"\" data-poster=\"\" data-autoplay=\"\" data-audiotitle=\"\" data-download-url=\"false\" href=\"https:\/\/www.mathezfreight.com\/wp-content\/uploads\/photo-bureau-carros-onsite.jpg\"><img decoding=\"async\" src=\"https:\/\/www.mathezfreight.com\/wp-content\/uploads\/photo-bureau-carros-onsite-610x403.jpg\" width=\"610\" height=\"403\" alt=\"Entr\u00e9e du bureau de MATHEZ ONSITE LOGISTICS \u00e0 Carros (Nice Ouest)\"><\/a><\/div><div><a id=\"lightbox-620838\" class=\"imgeffect zoom rt_lightbox\" data-gal-id=\"slider-carousel-216175\" data-rel=\"rt_lightbox\" title=\"Enlarge Image\" data-sub-html=\"Warehouses of MATHEZ ONSITE LOGISTICS in Carros (Nice West)\" data-src=\"\" data-width=\"\" data-height=\"\" data-poster=\"\" data-autoplay=\"\" data-audiotitle=\"\" data-download-url=\"false\" href=\"https:\/\/www.mathezfreight.com\/wp-content\/uploads\/photo-carros-entrepots.jpg\"><img decoding=\"async\" src=\"https:\/\/www.mathezfreight.com\/wp-content\/uploads\/photo-carros-entrepots-610x403.jpg\" width=\"610\" height=\"403\" alt=\"Entrep\u00f4ts de MATHEZ ONSITE LOGISTICS \u00e0 Carros (Nice Ouest)\"><\/a><\/div><div><a id=\"lightbox-906456\" class=\"imgeffect zoom rt_lightbox\" data-gal-id=\"slider-carousel-216175\" data-rel=\"rt_lightbox\" title=\"Enlarge Image\" data-sub-html=\"Case handling - MATHEZ ONSITE LOGISTICS at TFWA<br>\u00a9 MATHEZ FREIGHT (ALP)\" data-src=\"\" data-width=\"\" data-height=\"\" data-poster=\"\" data-autoplay=\"\" data-audiotitle=\"\" data-download-url=\"false\" href=\"https:\/\/www.mathezfreight.com\/wp-content\/uploads\/photo-onsite-tfwa-2018-325.jpg\"><img decoding=\"async\" src=\"https:\/\/www.mathezfreight.com\/wp-content\/uploads\/photo-onsite-tfwa-2018-325-610x403.jpg\" width=\"610\" height=\"403\" alt=\"Manutention de caisses - MATHEZ ONSITE LOGISTICS au TFWA\"><\/a><\/div><div><a id=\"lightbox-419968\" class=\"imgeffect zoom rt_lightbox\" data-gal-id=\"slider-carousel-216175\" data-rel=\"rt_lightbox\" title=\"Enlarge Image\" data-sub-html=\"MATHEZ ONSITE LOGISTICS team in action in Cannes<br>\u00a9 MATHEZ FREIGHT (ALP)\" data-src=\"\" data-width=\"\" data-height=\"\" data-poster=\"\" data-autoplay=\"\" data-audiotitle=\"\" data-download-url=\"false\" href=\"https:\/\/www.mathezfreight.com\/wp-content\/uploads\/photo-onsite-tfwa-2017fenwick.jpg\"><img decoding=\"async\" src=\"https:\/\/www.mathezfreight.com\/wp-content\/uploads\/photo-onsite-tfwa-2017fenwick-610x403.jpg\" width=\"610\" height=\"403\" alt=\"L&#039;\u00e9quipe MATHEZ ONSITE LOGISTICS de MATHEZ FREIGHT en action \u00e0 Cannes\"><\/a><\/div><div><a id=\"lightbox-478804\" class=\"imgeffect zoom rt_lightbox\" data-gal-id=\"slider-carousel-216175\" data-rel=\"rt_lightbox\" title=\"Enlarge Image\" data-sub-html=\"Fenwick MATHEZ FREIGHT - MATHEZ ONSITE LOGISTICS<br>\u00a9 MATHEZ FREIGHT (ALP)\" data-src=\"\" data-width=\"\" data-height=\"\" data-poster=\"\" data-autoplay=\"\" data-audiotitle=\"\" data-download-url=\"false\" href=\"https:\/\/www.mathezfreight.com\/wp-content\/uploads\/photo-onsite-tfwa-2018-333.jpg\"><img decoding=\"async\" src=\"https:\/\/www.mathezfreight.com\/wp-content\/uploads\/photo-onsite-tfwa-2018-333-610x403.jpg\" width=\"610\" height=\"403\" alt=\"Fenwick MATHEZ FREIGHT - MATHEZ ONSITE LOGISTICS\"><\/a><\/div><div><a id=\"lightbox-234176\" class=\"imgeffect zoom rt_lightbox\" data-gal-id=\"slider-carousel-216175\" data-rel=\"rt_lightbox\" title=\"Enlarge Image\" data-sub-html=\"TFWA 2018 in Cannes: handling exhibition stands<br>\u00a9 MATHEZ FREIGHT (ALP)\" data-src=\"\" data-width=\"\" data-height=\"\" data-poster=\"\" data-autoplay=\"\" data-audiotitle=\"\" data-download-url=\"false\" href=\"https:\/\/www.mathezfreight.com\/wp-content\/uploads\/photo-tfwa-2018-carton-palais-alp.jpg\"><img decoding=\"async\" src=\"https:\/\/www.mathezfreight.com\/wp-content\/uploads\/photo-tfwa-2018-carton-palais-alp-610x403.jpg\" width=\"610\" height=\"403\" alt=\"TFWA 2018 \u00e0 Cannes: manipulation de stands\"><\/a><\/div><div><a id=\"lightbox-264111\" class=\"imgeffect zoom rt_lightbox\" data-gal-id=\"slider-carousel-216175\" data-rel=\"rt_lightbox\" title=\"Enlarge Image\" data-sub-html=\"The MATHEZ ONSITE LOGISTICS team at the TFWA 2018<br>\u00a9 MATHEZ FREIGHT (ALP)\" data-src=\"\" data-width=\"\" data-height=\"\" data-poster=\"\" data-autoplay=\"\" data-audiotitle=\"\" data-download-url=\"false\" href=\"https:\/\/www.mathezfreight.com\/wp-content\/uploads\/photo-tfwa-caisse-chanel-alp.jpg\"><img decoding=\"async\" src=\"https:\/\/www.mathezfreight.com\/wp-content\/uploads\/photo-tfwa-caisse-chanel-alp-610x403.jpg\" width=\"610\" height=\"403\" alt=\"L&#039;\u00e9quipe MATHEZ ONSITE LOGISTICS sur le TFWA 2018\"><\/a><\/div><div><a id=\"lightbox-148227\" class=\"imgeffect zoom rt_lightbox\" data-gal-id=\"slider-carousel-216175\" data-rel=\"rt_lightbox\" title=\"Enlarge Image\" data-sub-html=\"The MATHEZ ONSITE LOGISTICS team in action on the TFWA<br>\u00a9 MATHEZ FREIGHT (ALP)\" data-src=\"\" data-width=\"\" data-height=\"\" data-poster=\"\" data-autoplay=\"\" data-audiotitle=\"\" data-download-url=\"false\" href=\"https:\/\/www.mathezfreight.com\/wp-content\/uploads\/photo-onsite-tfwa-2017-cartons.jpg\"><img decoding=\"async\" src=\"https:\/\/www.mathezfreight.com\/wp-content\/uploads\/photo-onsite-tfwa-2017-cartons-610x403.jpg\" width=\"610\" height=\"403\" alt=\"L&#039;\u00e9quipe MATHEZ ONSITE LOGISTICS de MATHEZ FREIGHT en action sur le TFWA\"><\/a><\/div><div><a id=\"lightbox-562183\" class=\"imgeffect zoom rt_lightbox\" data-gal-id=\"slider-carousel-216175\" data-rel=\"rt_lightbox\" title=\"Enlarge Image\" data-sub-html=\"Exhibition logistics - MATHEZ ONSITE LOGISTICS at TFWA 2018<br>\u00a9 MATHEZ FREIGHT (ALP)\" data-src=\"\" data-width=\"\" data-height=\"\" data-poster=\"\" data-autoplay=\"\" data-audiotitle=\"\" data-download-url=\"false\" href=\"https:\/\/www.mathezfreight.com\/wp-content\/uploads\/photo-onsite-tfwa-2018-palais-alp.jpg\"><img decoding=\"async\" src=\"https:\/\/www.mathezfreight.com\/wp-content\/uploads\/photo-onsite-tfwa-2018-palais-alp-610x403.jpg\" width=\"610\" height=\"403\" alt=\"Logistique des expositions - MATHEZ ONSITE LOGISTICS sur TFWA 2018\"><\/a><\/div><div><a id=\"lightbox-327243\" class=\"imgeffect zoom rt_lightbox\" data-gal-id=\"slider-carousel-216175\" data-rel=\"rt_lightbox\" title=\"Enlarge Image\" data-sub-html=\"Crate handling for luxury companies at TFWA<br>\u00a9 MATHEZ FREIGHT (ALP)\" data-src=\"\" data-width=\"\" data-height=\"\" data-poster=\"\" data-autoplay=\"\" data-audiotitle=\"\" data-download-url=\"false\" href=\"https:\/\/www.mathezfreight.com\/wp-content\/uploads\/photo-onsite-2018-alp-19.jpg\"><img decoding=\"async\" src=\"https:\/\/www.mathezfreight.com\/wp-content\/uploads\/photo-onsite-2018-alp-19-610x403.jpg\" width=\"610\" height=\"403\" alt=\"Manutention de caisses pour les acteurs du luxe au TFWA\"><\/a><\/div><div><a id=\"lightbox-640226\" class=\"imgeffect zoom rt_lightbox\" data-gal-id=\"slider-carousel-216175\" data-rel=\"rt_lightbox\" title=\"Enlarge Image\" data-sub-html=\"Crate handling - MATHEZ ONSITE LOGISTICS at TFWA<br>\u00a9 MATHEZ FREIGHT (ALP)\" data-src=\"\" data-width=\"\" data-height=\"\" data-poster=\"\" data-autoplay=\"\" data-audiotitle=\"\" data-download-url=\"false\" href=\"https:\/\/www.mathezfreight.com\/wp-content\/uploads\/photo-onsite-tfwa-2018-435.jpg\"><img decoding=\"async\" src=\"https:\/\/www.mathezfreight.com\/wp-content\/uploads\/photo-onsite-tfwa-2018-435-610x403.jpg\" width=\"610\" height=\"403\" alt=\"Grutage de caisses - MATHEZ ONSITE LOGISTICS au TFWA\"><\/a><\/div><div><a id=\"lightbox-417411\" class=\"imgeffect zoom rt_lightbox\" data-gal-id=\"slider-carousel-216175\" data-rel=\"rt_lightbox\" title=\"Enlarge Image\" data-sub-html=\"Handling on exhibitions - MATHEZ ONSITE LOGISTICS on TFWA 2018<br>\u00a9 MATHEZ FREIGHT (ALP)\" data-src=\"\" data-width=\"\" data-height=\"\" data-poster=\"\" data-autoplay=\"\" data-audiotitle=\"\" data-download-url=\"false\" href=\"https:\/\/www.mathezfreight.com\/wp-content\/uploads\/photo-onsite-tfwa-2018-602.jpg\"><img decoding=\"async\" src=\"https:\/\/www.mathezfreight.com\/wp-content\/uploads\/photo-onsite-tfwa-2018-602-610x403.jpg\" width=\"610\" height=\"403\" alt=\"Manutention sur les expositions - MATHEZ ONSITE LOGISTICS sur TFWA 2018\"><\/a><\/div><div><a id=\"lightbox-626582\" class=\"imgeffect zoom rt_lightbox\" data-gal-id=\"slider-carousel-216175\" data-rel=\"rt_lightbox\" title=\"Enlarge Image\" data-sub-html=\"Operations at the Palais des Festivals - MATHEZ ONSITE LOGISTICS at TFWA<br>\u00a9 MATHEZ FREIGHT (ALP)\" data-src=\"\" data-width=\"\" data-height=\"\" data-poster=\"\" data-autoplay=\"\" data-audiotitle=\"\" data-download-url=\"false\" href=\"https:\/\/www.mathezfreight.com\/wp-content\/uploads\/photo-onsite-tfwa-2018-579.jpg\"><img decoding=\"async\" src=\"https:\/\/www.mathezfreight.com\/wp-content\/uploads\/photo-onsite-tfwa-2018-579-610x403.jpg\" width=\"610\" height=\"403\" alt=\"Op\u00e9rations au Palais des Festivals - MATHEZ ONSITE LOGISTICS au TFWA\"><\/a><\/div><div><a id=\"lightbox-792154\" class=\"imgeffect zoom rt_lightbox\" data-gal-id=\"slider-carousel-216175\" data-rel=\"rt_lightbox\" title=\"Enlarge Image\" data-sub-html=\"Operations control - MATHEZ ONSITE LOGISTICS at TFWA<br>\u00a9 MATHEZ FREIGHT (ALP)\" data-src=\"\" data-width=\"\" data-height=\"\" data-poster=\"\" data-autoplay=\"\" data-audiotitle=\"\" data-download-url=\"false\" href=\"https:\/\/www.mathezfreight.com\/wp-content\/uploads\/photo-onsite-tfwa-2018-296.jpg\"><img decoding=\"async\" src=\"https:\/\/www.mathezfreight.com\/wp-content\/uploads\/photo-onsite-tfwa-2018-296-610x403.jpg\" width=\"610\" height=\"403\" alt=\"Contr\u00f4le des op\u00e9rations - MATHEZ ONSITE LOGISTICS au TFWA\"><\/a><\/div><div><a id=\"lightbox-692620\" class=\"imgeffect zoom rt_lightbox\" data-gal-id=\"slider-carousel-216175\" data-rel=\"rt_lightbox\" title=\"Enlarge Image\" data-sub-html=\"Secure storage - MATHEZ ONSITE LOGISTICS at TFWA<br>\u00a9 MATHEZ FREIGHT (ALP)\" data-src=\"\" data-width=\"\" data-height=\"\" data-poster=\"\" data-autoplay=\"\" data-audiotitle=\"\" data-download-url=\"false\" href=\"https:\/\/www.mathezfreight.com\/wp-content\/uploads\/photo-photo-onsite-tfwa-2018-250.jpg\"><img decoding=\"async\" src=\"https:\/\/www.mathezfreight.com\/wp-content\/uploads\/photo-photo-onsite-tfwa-2018-250-610x403.jpg\" width=\"610\" height=\"403\" alt=\"Stockage s\u00e9curis\u00e9 - MATHEZ ONSITE LOGISTICS au TFWA\"><\/a><\/div><div><a id=\"lightbox-418046\" class=\"imgeffect zoom rt_lightbox\" data-gal-id=\"slider-carousel-216175\" data-rel=\"rt_lightbox\" title=\"Enlarge Image\" data-sub-html=\"The MATHEZ ONSITE LOGISTICS team at the TFWA 2018<br>\u00a9 MATHEZ FREIGHT (ALP)\" data-src=\"\" data-width=\"\" data-height=\"\" data-poster=\"\" data-autoplay=\"\" data-audiotitle=\"\" data-download-url=\"false\" href=\"https:\/\/www.mathezfreight.com\/wp-content\/uploads\/photo-onsite-tfwa-2018-ants-alp.jpg\"><img decoding=\"async\" src=\"https:\/\/www.mathezfreight.com\/wp-content\/uploads\/photo-onsite-tfwa-2018-ants-alp-610x403.jpg\" width=\"610\" height=\"403\" alt=\"L&#039;\u00e9quipe MATHEZ ONSITE LOGISTICS sur le TFWA 2018\"><\/a><\/div><div><a id=\"lightbox-177287\" class=\"imgeffect zoom rt_lightbox\" data-gal-id=\"slider-carousel-216175\" data-rel=\"rt_lightbox\" title=\"Enlarge Image\" data-sub-html=\"Handling crates in Cannes, TFWA 2018<br>\u00a9 MATHEZ FREIGHT (ALP)\" data-src=\"\" data-width=\"\" data-height=\"\" data-poster=\"\" data-autoplay=\"\" data-audiotitle=\"\" data-download-url=\"false\" href=\"https:\/\/www.mathezfreight.com\/wp-content\/uploads\/photo-onsite-tfwa-2018-781.jpg\"><img decoding=\"async\" src=\"https:\/\/www.mathezfreight.com\/wp-content\/uploads\/photo-onsite-tfwa-2018-781-610x403.jpg\" width=\"610\" height=\"403\" alt=\"MATHEZ ONSITE LOGISTICS prestataire du TFWA \u00e0 Cannes \"><\/a><\/div><div><a id=\"lightbox-184714\" class=\"imgeffect zoom rt_lightbox\" data-gal-id=\"slider-carousel-216175\" data-rel=\"rt_lightbox\" title=\"Enlarge Image\" data-sub-html=\"TFWA Exhibition in Cannes<br>\u00a9 MATHEZ FREIGHT (ALP)\" data-src=\"\" data-width=\"\" data-height=\"\" data-poster=\"\" data-autoplay=\"\" data-audiotitle=\"\" data-download-url=\"false\" href=\"https:\/\/www.mathezfreight.com\/wp-content\/uploads\/photo-onsite-2018-alp-9.jpg\"><img decoding=\"async\" src=\"https:\/\/www.mathezfreight.com\/wp-content\/uploads\/photo-onsite-2018-alp-9-610x403.jpg\" width=\"610\" height=\"403\" alt=\"Salon TFWA \u00e0 Cannes\"><\/a><\/div><div><a id=\"lightbox-699285\" class=\"imgeffect zoom rt_lightbox\" data-gal-id=\"slider-carousel-216175\" data-rel=\"rt_lightbox\" title=\"Enlarge Image\" data-sub-html=\"TFWA exhibition in Cannes<br>\u00a9 MATHEZ FREIGHT (ALP)\" data-src=\"\" data-width=\"\" data-height=\"\" data-poster=\"\" data-autoplay=\"\" data-audiotitle=\"\" data-download-url=\"false\" href=\"https:\/\/www.mathezfreight.com\/wp-content\/uploads\/photo-onsite-tfwa-2018-756.jpg\"><img decoding=\"async\" src=\"https:\/\/www.mathezfreight.com\/wp-content\/uploads\/photo-onsite-tfwa-2018-756-610x403.jpg\" width=\"610\" height=\"403\" alt=\"Salon TFWA \u00e0 Cannes\"><\/a><\/div>\r\n\t\t\t\t\t<\/div>\r\n\t\t\t\t\t\r\n\t\t\t\t\t\r\n\t\t\t\t<\/div>\r\n\t\t\t\t\t\t\t<\/div>\n\t\t\t\t<\/div>\n\t\t\t\t\t<\/div>\n\t\t<\/div>\n\t\t\t\t\t<\/div>\n\t\t<\/div>\n\t\t\t\t<div class=\"elementor-section elementor-top-section elementor-element elementor-element-c3c5277 mti-diapo specialites elementor-reverse-tablet elementor-reverse-mobile elementor-section-full_width elementor-section-height-default elementor-section-height-default default-style\" data-id=\"c3c5277\" data-element_type=\"section\" data-e-type=\"section\" data-settings=\"{&quot;rt_color_sets&quot;:&quot;default-style&quot;}\">\n\t\t\t\t\t\t<div class=\"elementor-container elementor-column-gap-default\">\n\t\t\t\t\t<div class=\"elementor-column elementor-col-50 elementor-top-column elementor-element elementor-element-a90f0cc\" data-id=\"a90f0cc\" data-element_type=\"column\" data-e-type=\"column\">\n\t\t\t<div class=\"elementor-widget-wrap elementor-element-populated\">\n\t\t\t\t\t\t<div class=\"elementor-element elementor-element-2810b1b elementor-widget elementor-widget-global elementor-global-30332 elementor-global-18346 elementor-widget-rt-image-carousel\" data-id=\"2810b1b\" data-element_type=\"widget\" data-e-type=\"widget\" data-widget_type=\"rt-image-carousel.default\">\n\t\t\t\t<div class=\"elementor-widget-container\">\n\t\t\t\t\t\r\n\t\t\t\t<div id=\"image-carousel-866800\" class=\"rt-carousel carousel-holder clearfix rt-image-carousel  rt_lightbox_gallery\" data-item-width=\"1\" data-nav=\"\" data-dots=\"\" data-margin=\"0\" data-autoplay=\"true\" data-timeout=\"4000\" data-thumbnails=\"false\" data-boxed=\"\" data-min-height=\"\" data-padding=\"0\" data-loop=\"true\" data-tablet-item-width=\"\" data-mobile-item-width=\"\">\r\n\t\t\t\t\t<div class=\"owl-carousel\">\r\n\t\t\t\t\t\t<div><a id=\"lightbox-453402\" class=\"imgeffect zoom rt_lightbox\" data-gal-id=\"slider-carousel-267297\" data-rel=\"rt_lightbox\" title=\"Enlarge Image\" data-sub-html=\"Loading cargo aircraft\" data-src=\"\" data-width=\"\" data-height=\"\" data-poster=\"\" data-autoplay=\"\" data-audiotitle=\"\" data-download-url=\"false\" href=\"https:\/\/www.mathezfreight.com\/wp-content\/uploads\/slider-cargo-plane-evanto.jpg\"><img decoding=\"async\" src=\"https:\/\/www.mathezfreight.com\/wp-content\/uploads\/slider-cargo-plane-evanto-610x403.jpg\" width=\"610\" height=\"403\" alt=\"Chargement a\u00e9rien avion cargo\"><\/a><\/div><div><a id=\"lightbox-368752\" class=\"imgeffect zoom rt_lightbox\" data-gal-id=\"slider-carousel-267297\" data-rel=\"rt_lightbox\" title=\"Enlarge Image\" data-sub-html=\"Loading air freight\" data-src=\"\" data-width=\"\" data-height=\"\" data-poster=\"\" data-autoplay=\"\" data-audiotitle=\"\" data-download-url=\"false\" href=\"https:\/\/www.mathezfreight.com\/wp-content\/uploads\/photo-air-fret-depositphotos_59573495.jpg\"><img decoding=\"async\" src=\"https:\/\/www.mathezfreight.com\/wp-content\/uploads\/photo-air-fret-depositphotos_59573495-610x403.jpg\" width=\"610\" height=\"403\" alt=\"Chargement de cargo a\u00e9rien\"><\/a><\/div><div><a id=\"lightbox-336139\" class=\"imgeffect zoom rt_lightbox\" data-gal-id=\"slider-carousel-267297\" data-rel=\"rt_lightbox\" title=\"Enlarge Image\" data-sub-html=\"Air transport\" data-src=\"\" data-width=\"\" data-height=\"\" data-poster=\"\" data-autoplay=\"\" data-audiotitle=\"\" data-download-url=\"false\" href=\"https:\/\/www.mathezfreight.com\/wp-content\/uploads\/photo-air-bleu-depositphotos.jpg\"><img decoding=\"async\" src=\"https:\/\/www.mathezfreight.com\/wp-content\/uploads\/photo-air-bleu-depositphotos-610x403.jpg\" width=\"610\" height=\"403\" alt=\"Transport par voie a\u00e9rienne\"><\/a><\/div><div><a id=\"lightbox-151808\" class=\"imgeffect zoom rt_lightbox\" data-gal-id=\"slider-carousel-267297\" data-rel=\"rt_lightbox\" title=\"Enlarge Image\" data-sub-html=\"Maritime Containers\" data-src=\"\" data-width=\"\" data-height=\"\" data-poster=\"\" data-autoplay=\"\" data-audiotitle=\"\" data-download-url=\"false\" href=\"https:\/\/www.mathezfreight.com\/wp-content\/uploads\/photo-sea-containers-depositphotos.jpg\"><img decoding=\"async\" src=\"https:\/\/www.mathezfreight.com\/wp-content\/uploads\/photo-sea-containers-depositphotos-610x403.jpg\" width=\"610\" height=\"403\" alt=\"Containers maritimes\"><\/a><\/div><div><a id=\"lightbox-172001\" class=\"imgeffect zoom rt_lightbox\" data-gal-id=\"slider-carousel-267297\" data-rel=\"rt_lightbox\" title=\"Enlarge Image\" data-sub-html=\"Sea freight: container loading\" data-src=\"\" data-width=\"\" data-height=\"\" data-poster=\"\" data-autoplay=\"\" data-audiotitle=\"\" data-download-url=\"false\" href=\"https:\/\/www.mathezfreight.com\/wp-content\/uploads\/slider-industry-evanto-1285px.jpg\"><img decoding=\"async\" src=\"https:\/\/www.mathezfreight.com\/wp-content\/uploads\/slider-industry-evanto-1285px-610x403.jpg\" width=\"610\" height=\"403\" alt=\"Fret maritime: chargement de conteneurs\"><\/a><\/div><div><a id=\"lightbox-531929\" class=\"imgeffect zoom rt_lightbox\" data-gal-id=\"slider-carousel-267297\" data-rel=\"rt_lightbox\" title=\"Enlarge Image\" data-sub-html=\"Sea freight\" data-src=\"\" data-width=\"\" data-height=\"\" data-poster=\"\" data-autoplay=\"\" data-audiotitle=\"\" data-download-url=\"false\" href=\"https:\/\/www.mathezfreight.com\/wp-content\/uploads\/photo-sea-cargo-depositphotos.jpg\"><img decoding=\"async\" src=\"https:\/\/www.mathezfreight.com\/wp-content\/uploads\/photo-sea-cargo-depositphotos-610x403.jpg\" width=\"610\" height=\"403\" alt=\"Transport maritime\"><\/a><\/div><div><a id=\"lightbox-342827\" class=\"imgeffect zoom rt_lightbox\" data-gal-id=\"slider-carousel-267297\" data-rel=\"rt_lightbox\" title=\"Enlarge Image\" data-sub-html=\"Industrial warehouse\" data-src=\"\" data-width=\"\" data-height=\"\" data-poster=\"\" data-autoplay=\"\" data-audiotitle=\"\" data-download-url=\"false\" href=\"https:\/\/www.mathezfreight.com\/wp-content\/uploads\/slider-warehouse-evanto.jpg\"><img decoding=\"async\" src=\"https:\/\/www.mathezfreight.com\/wp-content\/uploads\/slider-warehouse-evanto-610x403.jpg\" width=\"610\" height=\"403\" alt=\"Entrep\u00f4t industriel\"><\/a><\/div><div><a id=\"lightbox-150646\" class=\"imgeffect zoom rt_lightbox\" data-gal-id=\"slider-carousel-267297\" data-rel=\"rt_lightbox\" title=\"Enlarge Image\" data-sub-html=\"Request for special customs regime on ProDouane French digital platform\" data-src=\"\" data-width=\"\" data-height=\"\" data-poster=\"\" data-autoplay=\"\" data-audiotitle=\"\" data-download-url=\"false\" href=\"https:\/\/www.mathezfreight.com\/wp-content\/uploads\/photo-homme-douane-depositphotos.jpg\"><img decoding=\"async\" src=\"https:\/\/www.mathezfreight.com\/wp-content\/uploads\/photo-homme-douane-depositphotos-610x403.jpg\" width=\"610\" height=\"403\" alt=\"Demande de r\u00e9gime particulier sur ProDouane\"><\/a><\/div><div><a id=\"lightbox-487582\" class=\"imgeffect zoom rt_lightbox\" data-gal-id=\"slider-carousel-267297\" data-rel=\"rt_lightbox\" title=\"Enlarge Image\" data-sub-html=\"Customs clearance\" data-src=\"\" data-width=\"\" data-height=\"\" data-poster=\"\" data-autoplay=\"\" data-audiotitle=\"\" data-download-url=\"false\" href=\"https:\/\/www.mathezfreight.com\/wp-content\/uploads\/photo-douane-batiment-depositphotos.jpg\"><img decoding=\"async\" src=\"https:\/\/www.mathezfreight.com\/wp-content\/uploads\/photo-douane-batiment-depositphotos-610x403.jpg\" width=\"610\" height=\"403\" alt=\"D\u00e9douanement\"><\/a><\/div><div><a id=\"lightbox-489873\" class=\"imgeffect zoom rt_lightbox\" data-gal-id=\"slider-carousel-267297\" data-rel=\"rt_lightbox\" title=\"Enlarge Image\" data-sub-html=\"Customs inspection document, New Zealand\" data-src=\"\" data-width=\"\" data-height=\"\" data-poster=\"\" data-autoplay=\"\" data-audiotitle=\"\" data-download-url=\"false\" href=\"https:\/\/www.mathezfreight.com\/wp-content\/uploads\/photo-douane-doc-depositphotos.jpg\"><img decoding=\"async\" src=\"https:\/\/www.mathezfreight.com\/wp-content\/uploads\/photo-douane-doc-depositphotos-610x403.jpg\" width=\"610\" height=\"403\" alt=\"Document d&#039;inspection des douanes, Nouvelle Z\u00e9lande\"><\/a><\/div><div><a id=\"lightbox-638622\" class=\"imgeffect zoom rt_lightbox\" data-gal-id=\"slider-carousel-267297\" data-rel=\"rt_lightbox\" title=\"Enlarge Image\" data-sub-html=\"VAT specialists - MATHEZ FORMATION and MATHEZ INTRACOM at CROEC Lyon 2018<br>\u00a9 MATHEZ INTRACOM (AR)\" data-src=\"\" data-width=\"\" data-height=\"\" data-poster=\"\" data-autoplay=\"\" data-audiotitle=\"\" data-download-url=\"false\" href=\"https:\/\/www.mathezfreight.com\/wp-content\/uploads\/photo-tva-croec-lyon-2018.jpg\"><img decoding=\"async\" src=\"https:\/\/www.mathezfreight.com\/wp-content\/uploads\/photo-tva-croec-lyon-2018-610x403.jpg\" width=\"610\" height=\"403\" alt=\"Les sp\u00e9cialistes de la TVA - MATHEZ FORMATION et MATHEZ INTRACOM au CROEC Lyon 2018\"><\/a><\/div>\r\n\t\t\t\t\t<\/div>\r\n\t\t\t\t\t\r\n\t\t\t\t\t\r\n\t\t\t\t<\/div>\r\n\t\t\t\t\t\t\t<\/div>\n\t\t\t\t<\/div>\n\t\t\t\t\t<\/div>\n\t\t<\/div>\n\t\t\t\t<div class=\"elementor-column elementor-col-50 elementor-top-column elementor-element elementor-element-1f04fa8\" data-id=\"1f04fa8\" data-element_type=\"column\" data-e-type=\"column\">\n\t\t\t<div class=\"elementor-widget-wrap elementor-element-populated\">\n\t\t\t\t\t\t<div class=\"elementor-element elementor-element-265199b elementor-widget elementor-widget-global elementor-global-28575 elementor-global-20498 elementor-widget-text-editor\" data-id=\"265199b\" data-element_type=\"widget\" data-e-type=\"widget\" data-widget_type=\"text-editor.default\">\n\t\t\t\t<div class=\"elementor-widget-container\">\n\t\t\t\t\t\t\t\t\t<h2 style=\"text-align: center;\">Our freight shipping services<\/h2>\n<p>\t \n\t\t<div  class=\"bullet-list style-1  check\">\n\t\t<\/p>\n<ul>\n<li>\n<h6 style=\"text-align: left;\">Freight forwarder in France,\u00a0<a style=\"background-color: #00877c;\" href=\"https:\/\/www.mathezfreight.com\/en\/services\/import\/\">import<\/a>\u00a0and export worldwide.<\/h6>\n<\/li>\n<li>\n<h6 style=\"text-align: left;\"><a href=\"https:\/\/www.mathezfreight.com\/en\/services\/air-freight\/\">Air freight<\/a>, <a href=\"https:\/\/www.mathezfreight.com\/en\/services\/sea-freight\/\">sea freight<\/a>, multimodal transport.<\/h6>\n<\/li>\n<li style=\"text-align: left;\">\n<h6><a style=\"background-color: #00877c;\" href=\"https:\/\/www.mathezfreight.com\/en\/services\/customs\/\">Registered customs broker<\/a>, <a style=\"background-color: #00877c;\" href=\"https:\/\/www.mathezfreight.com\/en\/services\/vat\/\">VAT <\/a>specialist<\/h6>\n<\/li>\n<li style=\"text-align: left;\">\n<h6><a href=\"https:\/\/www.mathezfreight.com\/en\/services\/shipping\/\">Consigning shipping agent<\/a>.<\/h6>\n<\/li>\n<\/ul>\n<p>\n\t\t<\/div>\n\t<\/p>\n\t\t\t\t\t\t\t\t<\/div>\n\t\t\t\t<\/div>\n\t\t\t\t\t<\/div>\n\t\t<\/div>\n\t\t\t\t\t<\/div>\n\t\t<\/div>\n\t\t\t\t<aside class=\"elementor-section elementor-top-section elementor-element elementor-element-4914a91 mti-blog-grid single-post-bottom elementor-section-boxed elementor-section-height-default elementor-section-height-default default-style elementor-invisible\" data-id=\"4914a91\" data-element_type=\"section\" data-e-type=\"section\" data-settings=\"{&quot;animation&quot;:&quot;fadeIn&quot;,&quot;background_background&quot;:&quot;classic&quot;,&quot;rt_color_sets&quot;:&quot;default-style&quot;}\">\n\t\t\t\t\t\t<div class=\"elementor-container elementor-column-gap-default\">\n\t\t\t\t\t<div class=\"elementor-column elementor-col-100 elementor-top-column elementor-element elementor-element-9a4d1e2\" data-id=\"9a4d1e2\" data-element_type=\"column\" data-e-type=\"column\">\n\t\t\t<div class=\"elementor-widget-wrap elementor-element-populated\">\n\t\t\t\t\t\t<div class=\"elementor-element elementor-element-922f488 elementor-widget elementor-widget-heading\" data-id=\"922f488\" data-element_type=\"widget\" data-e-type=\"widget\" data-widget_type=\"heading.default\">\n\t\t\t\t<div class=\"elementor-widget-container\">\n\t\t\t\t\t<h3 class=\"elementor-heading-title elementor-size-default\">News Updates<\/h3>\t\t\t\t<\/div>\n\t\t\t\t<\/div>\n\t\t\t\t<div class=\"elementor-element elementor-element-ee4e09c elementor-widget elementor-widget-lae-posts-carousel\" data-id=\"ee4e09c\" data-element_type=\"widget\" data-e-type=\"widget\" data-widget_type=\"lae-posts-carousel.default\">\n\t\t\t\t<div class=\"elementor-widget-container\">\n\t\t\t\t\t\n<div        id=\"lae-posts-carousel-69f3d6f0227cd\"\n        class=\"lae-posts-carousel lae-container lae-classic-skin\"\n        data-settings='{&quot;arrows&quot;:false,&quot;dots&quot;:true,&quot;autoplay&quot;:false,&quot;autoplay_speed&quot;:3000,&quot;animation_speed&quot;:300,&quot;pause_on_hover&quot;:true,&quot;adaptive_height&quot;:false,&quot;display_columns&quot;:4,&quot;scroll_columns&quot;:3,&quot;gutter&quot;:10,&quot;tablet_width&quot;:800,&quot;tablet_display_columns&quot;:2,&quot;tablet_scroll_columns&quot;:2,&quot;tablet_gutter&quot;:10,&quot;mobile_width&quot;:480,&quot;mobile_display_columns&quot;:1,&quot;mobile_scroll_columns&quot;:1,&quot;mobile_gutter&quot;:10}'>\n<div data-id=\"id-67143\" class=\"lae-posts-carousel-item\">\n\n    <article id=\"post-67143\" class=\"post-67143 post type-post status-publish format-standard has-post-thumbnail hentry category-freight-tips tag-customs tag-vat cibles-customs cibles-exhibitions-congresses cibles-featured cibles-southern-agencies cibles-vat\">\n\n        \n            \n            \n            \n                <div class=\"lae-project-image\">\n\n                    \n                    \n                    \n                        <a href=\"https:\/\/www.mathezfreight.com\/en\/blog\/customs-vat-exhibitions-france\/\"><img decoding=\"async\" width=\"375\" height=\"250\" src=\"https:\/\/www.mathezfreight.com\/wp-content\/uploads\/photo-onsite-salons-congres-375x250.jpg\" class=\"lae-image attachment-mti-medium-classic size-mti-medium-classic\" alt=\"Trade fairs and conferences: customs and VAT\" title=\"Trade fairs and conferences: customs and VAT\" srcset=\"https:\/\/www.mathezfreight.com\/wp-content\/uploads\/photo-onsite-salons-congres-375x250.jpg 375w, https:\/\/www.mathezfreight.com\/wp-content\/uploads\/photo-onsite-salons-congres-600x400.jpg 600w, https:\/\/www.mathezfreight.com\/wp-content\/uploads\/photo-onsite-salons-congres-1100x733.jpg 1100w, https:\/\/www.mathezfreight.com\/wp-content\/uploads\/photo-onsite-salons-congres-768x512.jpg 768w, https:\/\/www.mathezfreight.com\/wp-content\/uploads\/photo-onsite-salons-congres-274x183.jpg 274w, https:\/\/www.mathezfreight.com\/wp-content\/uploads\/photo-onsite-salons-congres-1200x800.jpg 1200w, https:\/\/www.mathezfreight.com\/wp-content\/uploads\/photo-onsite-salons-congres-610x406.jpg 610w, https:\/\/www.mathezfreight.com\/wp-content\/uploads\/photo-onsite-salons-congres.jpg 1220w\" sizes=\"(max-width: 375px) 100vw, 375px\" \/><\/a>\n\n                    \n                    \n                        <div class=\"lae-image-info\">\n\n                            <div class=\"lae-entry-info\">\n\n                                \n                                    <h3 class=\"lae-post-title\">\n\n                                        <a href=\"https:\/\/www.mathezfreight.com\/en\/blog\/customs-vat-exhibitions-france\/\" title=\"How to handle customs duties and VAT on trade fairs and conferences in France?\"\n                                           rel=\"bookmark\">How to handle customs duties and VAT on trade fairs and conferences in France?<\/a>\n\n                                    <\/h3>\n\n                                \n                                \n                                    <span class=\"lae-terms\"><a href=\"https:\/\/www.mathezfreight.com\/en\/blog\/category\/freight-tips\/\">Freight Tips<\/a><\/span>\n                                \n                            <\/div>\n\n                        <\/div><!-- .lae-image-info -->\n\n                    \n                <\/div>\n\n            \n            \n                <div class=\"lae-entry-text-wrap \">\n\n                    \n                        <h3 class=\"entry-title\">\n\n                            <a href=\"https:\/\/www.mathezfreight.com\/en\/blog\/customs-vat-exhibitions-france\/\" title=\"How to handle customs duties and VAT on trade fairs and conferences in France?\"\n                               rel=\"bookmark\">How to handle customs duties and VAT on trade fairs and conferences in France?<\/a>\n\n                        <\/h3>\n\n                    \n                    \n                    \n                    \n                <\/div>\n\n            \n        \n    <\/article><!-- .hentry -->\n\n<\/div><!-- .lae-posts-carousel-item -->\n<div data-id=\"id-66862\" class=\"lae-posts-carousel-item\">\n\n    <article id=\"post-66862\" class=\"post-66862 post type-post status-publish format-standard has-post-thumbnail hentry category-freight-tips tag-customs tag-vat cibles-customs cibles-exhibitions-congresses cibles-featured cibles-import-en cibles-southern-agencies cibles-vat cibles-yachts-en\">\n\n        \n            \n            \n            \n                <div class=\"lae-project-image\">\n\n                    \n                    \n                    \n                        <a href=\"https:\/\/www.mathezfreight.com\/en\/blog\/customs-cannes-monaco-boat-shows\/\"><img decoding=\"async\" width=\"375\" height=\"250\" src=\"https:\/\/www.mathezfreight.com\/wp-content\/uploads\/photo-cannes-monaco-boat-shows-douane-375x250.jpg\" class=\"lae-image attachment-mti-medium-classic size-mti-medium-classic\" alt=\"photo-cannes-monaco-boat-shows-douane\" title=\"Luxury yacht sailing the Mediterranean Sea, customs compliance assured.\" srcset=\"https:\/\/www.mathezfreight.com\/wp-content\/uploads\/photo-cannes-monaco-boat-shows-douane-375x250.jpg 375w, https:\/\/www.mathezfreight.com\/wp-content\/uploads\/photo-cannes-monaco-boat-shows-douane-600x400.jpg 600w, https:\/\/www.mathezfreight.com\/wp-content\/uploads\/photo-cannes-monaco-boat-shows-douane-1100x733.jpg 1100w, https:\/\/www.mathezfreight.com\/wp-content\/uploads\/photo-cannes-monaco-boat-shows-douane-768x512.jpg 768w, https:\/\/www.mathezfreight.com\/wp-content\/uploads\/photo-cannes-monaco-boat-shows-douane-274x183.jpg 274w, https:\/\/www.mathezfreight.com\/wp-content\/uploads\/photo-cannes-monaco-boat-shows-douane-1200x800.jpg 1200w, https:\/\/www.mathezfreight.com\/wp-content\/uploads\/photo-cannes-monaco-boat-shows-douane-610x406.jpg 610w, https:\/\/www.mathezfreight.com\/wp-content\/uploads\/photo-cannes-monaco-boat-shows-douane.jpg 1220w\" sizes=\"(max-width: 375px) 100vw, 375px\" \/><\/a>\n\n                    \n                    \n                        <div class=\"lae-image-info\">\n\n                            <div class=\"lae-entry-info\">\n\n                                \n                                    <h3 class=\"lae-post-title\">\n\n                                        <a href=\"https:\/\/www.mathezfreight.com\/en\/blog\/customs-cannes-monaco-boat-shows\/\" title=\"Cannes &amp; Monaco Boat Shows: how to handle customs for your yachts?\"\n                                           rel=\"bookmark\">Cannes &amp; Monaco Boat Shows: how to handle customs for your yachts?<\/a>\n\n                                    <\/h3>\n\n                                \n                                \n                                    <span class=\"lae-terms\"><a href=\"https:\/\/www.mathezfreight.com\/en\/blog\/category\/freight-tips\/\">Freight Tips<\/a><\/span>\n                                \n                            <\/div>\n\n                        <\/div><!-- .lae-image-info -->\n\n                    \n                <\/div>\n\n            \n            \n                <div class=\"lae-entry-text-wrap \">\n\n                    \n                        <h3 class=\"entry-title\">\n\n                            <a href=\"https:\/\/www.mathezfreight.com\/en\/blog\/customs-cannes-monaco-boat-shows\/\" title=\"Cannes &amp; Monaco Boat Shows: how to handle customs for your yachts?\"\n                               rel=\"bookmark\">Cannes &amp; Monaco Boat Shows: how to handle customs for your yachts?<\/a>\n\n                        <\/h3>\n\n                    \n                    \n                    \n                    \n                <\/div>\n\n            \n        \n    <\/article><!-- .hentry -->\n\n<\/div><!-- .lae-posts-carousel-item -->\n<div data-id=\"id-63284\" class=\"lae-posts-carousel-item\">\n\n    <article id=\"post-63284\" class=\"post-63284 post type-post status-publish format-standard has-post-thumbnail hentry category-projects cibles-customs cibles-exhibitions-congresses\">\n\n        \n            \n            \n            \n                <div class=\"lae-project-image\">\n\n                    \n                    \n                    \n                        <a href=\"https:\/\/www.mathezfreight.com\/en\/blog\/tfwa-event-logistics-2025-cannes\/\"><img decoding=\"async\" width=\"375\" height=\"250\" src=\"https:\/\/www.mathezfreight.com\/wp-content\/uploads\/photo-tfwa-2025-alp-137-375x250.jpg\" class=\"lae-image attachment-mti-medium-classic size-mti-medium-classic\" alt=\"Events Logistics TWFA WE&amp;C &#8211; MATHEZ ONSITE LOGISTICS\" title=\"Events Logistics TWFA WE&amp;C - MATHEZ ONSITE LOGISTICS\" srcset=\"https:\/\/www.mathezfreight.com\/wp-content\/uploads\/photo-tfwa-2025-alp-137-375x250.jpg 375w, https:\/\/www.mathezfreight.com\/wp-content\/uploads\/photo-tfwa-2025-alp-137-600x400.jpg 600w, https:\/\/www.mathezfreight.com\/wp-content\/uploads\/photo-tfwa-2025-alp-137-1100x733.jpg 1100w, https:\/\/www.mathezfreight.com\/wp-content\/uploads\/photo-tfwa-2025-alp-137-768x512.jpg 768w, https:\/\/www.mathezfreight.com\/wp-content\/uploads\/photo-tfwa-2025-alp-137-274x183.jpg 274w, https:\/\/www.mathezfreight.com\/wp-content\/uploads\/photo-tfwa-2025-alp-137-1200x800.jpg 1200w, https:\/\/www.mathezfreight.com\/wp-content\/uploads\/photo-tfwa-2025-alp-137-610x406.jpg 610w, https:\/\/www.mathezfreight.com\/wp-content\/uploads\/photo-tfwa-2025-alp-137.jpg 1220w\" sizes=\"(max-width: 375px) 100vw, 375px\" \/><\/a>\n\n                    \n                    \n                        <div class=\"lae-image-info\">\n\n                            <div class=\"lae-entry-info\">\n\n                                \n                                    <h3 class=\"lae-post-title\">\n\n                                        <a href=\"https:\/\/www.mathezfreight.com\/en\/blog\/tfwa-event-logistics-2025-cannes\/\" title=\"TFWA WE&amp;C 2025: event logistics in action at Cannes\"\n                                           rel=\"bookmark\">TFWA WE&amp;C 2025: event logistics in action at Cannes<\/a>\n\n                                    <\/h3>\n\n                                \n                                \n                                    <span class=\"lae-terms\"><a href=\"https:\/\/www.mathezfreight.com\/en\/blog\/category\/projects\/\">Operations<\/a><\/span>\n                                \n                            <\/div>\n\n                        <\/div><!-- .lae-image-info -->\n\n                    \n                <\/div>\n\n            \n            \n                <div class=\"lae-entry-text-wrap \">\n\n                    \n                        <h3 class=\"entry-title\">\n\n                            <a href=\"https:\/\/www.mathezfreight.com\/en\/blog\/tfwa-event-logistics-2025-cannes\/\" title=\"TFWA WE&amp;C 2025: event logistics in action at Cannes\"\n                               rel=\"bookmark\">TFWA WE&amp;C 2025: event logistics in action at Cannes<\/a>\n\n                        <\/h3>\n\n                    \n                    \n                    \n                    \n                <\/div>\n\n            \n        \n    <\/article><!-- .hentry -->\n\n<\/div><!-- .lae-posts-carousel-item -->\n<div data-id=\"id-62607\" class=\"lae-posts-carousel-item\">\n\n    <article id=\"post-62607\" class=\"post-62607 post type-post status-publish format-standard has-post-thumbnail hentry category-projects tag-yachting-tag cibles-agencies cibles-exhibitions-congresses cibles-shipping-agent cibles-southern-agencies cibles-yachts-en\">\n\n        \n            \n            \n            \n                <div class=\"lae-project-image\">\n\n                    \n                    \n                    \n                        <a href=\"https:\/\/www.mathezfreight.com\/en\/blog\/cannes-yachting-festival-yachts-transport\/\"><img decoding=\"async\" width=\"375\" height=\"250\" src=\"https:\/\/www.mathezfreight.com\/wp-content\/uploads\/photo-starclass-nice-3-375x250.jpg\" class=\"lae-image attachment-mti-medium-classic size-mti-medium-classic\" alt=\"photo-starclass-nice-3\" title=\"photo-starclass-nice-3\" srcset=\"https:\/\/www.mathezfreight.com\/wp-content\/uploads\/photo-starclass-nice-3-375x250.jpg 375w, https:\/\/www.mathezfreight.com\/wp-content\/uploads\/photo-starclass-nice-3-274x183.jpg 274w, https:\/\/www.mathezfreight.com\/wp-content\/uploads\/photo-starclass-nice-3-1200x800.jpg 1200w\" sizes=\"(max-width: 375px) 100vw, 375px\" \/><\/a>\n\n                    \n                    \n                        <div class=\"lae-image-info\">\n\n                            <div class=\"lae-entry-info\">\n\n                                \n                                    <h3 class=\"lae-post-title\">\n\n                                        <a href=\"https:\/\/www.mathezfreight.com\/en\/blog\/cannes-yachting-festival-yachts-transport\/\" title=\"Cannes Yachting Festival yachts arrive in Nice\"\n                                           rel=\"bookmark\">Cannes Yachting Festival yachts arrive in Nice<\/a>\n\n                                    <\/h3>\n\n                                \n                                \n                                    <span class=\"lae-terms\"><a href=\"https:\/\/www.mathezfreight.com\/en\/blog\/category\/projects\/\">Operations<\/a><\/span>\n                                \n                            <\/div>\n\n                        <\/div><!-- .lae-image-info -->\n\n                    \n                <\/div>\n\n            \n            \n                <div class=\"lae-entry-text-wrap \">\n\n                    \n                        <h3 class=\"entry-title\">\n\n                            <a href=\"https:\/\/www.mathezfreight.com\/en\/blog\/cannes-yachting-festival-yachts-transport\/\" title=\"Cannes Yachting Festival yachts arrive in Nice\"\n                               rel=\"bookmark\">Cannes Yachting Festival yachts arrive in Nice<\/a>\n\n                        <\/h3>\n\n                    \n                    \n                    \n                    \n                <\/div>\n\n            \n        \n    <\/article><!-- .hentry -->\n\n<\/div><!-- .lae-posts-carousel-item -->\n<div data-id=\"id-61773\" class=\"lae-posts-carousel-item\">\n\n    <article id=\"post-61773\" class=\"post-61773 post type-post status-publish format-standard has-post-thumbnail hentry category-corporate-en tag-networks cibles-exhibitions-congresses cibles-network cibles-northern-france-agencies cibles-southern-agencies\">\n\n        \n            \n            \n            \n                <div class=\"lae-project-image\">\n\n                    \n                    \n                    \n                        <a href=\"https:\/\/www.mathezfreight.com\/en\/blog\/mathez-wca-live-events-france\/\"><img decoding=\"async\" width=\"375\" height=\"250\" src=\"https:\/\/www.mathezfreight.com\/wp-content\/uploads\/photo-onsite-tfwa-2018-218-375x250.jpg\" class=\"lae-image attachment-mti-medium-classic size-mti-medium-classic\" alt=\"MATHEZ ONSITE LOGISTICS provider of the TFWA in Cannes\" title=\"MATHEZ ONSITE LOGISTICS provider of the TFWA in Cannes\" srcset=\"https:\/\/www.mathezfreight.com\/wp-content\/uploads\/photo-onsite-tfwa-2018-218-375x250.jpg 375w, https:\/\/www.mathezfreight.com\/wp-content\/uploads\/photo-onsite-tfwa-2018-218-600x400.jpg 600w, https:\/\/www.mathezfreight.com\/wp-content\/uploads\/photo-onsite-tfwa-2018-218-768x512.jpg 768w, https:\/\/www.mathezfreight.com\/wp-content\/uploads\/photo-onsite-tfwa-2018-218-1100x733.jpg 1100w, https:\/\/www.mathezfreight.com\/wp-content\/uploads\/photo-onsite-tfwa-2018-218-1285x857.jpg 1285w, https:\/\/www.mathezfreight.com\/wp-content\/uploads\/photo-onsite-tfwa-2018-218-25x17.jpg 25w, https:\/\/www.mathezfreight.com\/wp-content\/uploads\/photo-onsite-tfwa-2018-218-68x45.jpg 68w, https:\/\/www.mathezfreight.com\/wp-content\/uploads\/photo-onsite-tfwa-2018-218-274x183.jpg 274w, https:\/\/www.mathezfreight.com\/wp-content\/uploads\/photo-onsite-tfwa-2018-218-1200x800.jpg 1200w, https:\/\/www.mathezfreight.com\/wp-content\/uploads\/photo-onsite-tfwa-2018-218-450x300.jpg 450w, https:\/\/www.mathezfreight.com\/wp-content\/uploads\/photo-onsite-tfwa-2018-218-75x50.jpg 75w, https:\/\/www.mathezfreight.com\/wp-content\/uploads\/photo-onsite-tfwa-2018-218.jpg 2000w\" sizes=\"(max-width: 375px) 100vw, 375px\" \/><\/a>\n\n                    \n                    \n                        <div class=\"lae-image-info\">\n\n                            <div class=\"lae-entry-info\">\n\n                                \n                                    <h3 class=\"lae-post-title\">\n\n                                        <a href=\"https:\/\/www.mathezfreight.com\/en\/blog\/mathez-wca-live-events-france\/\" title=\"MATHEZ FREIGHT joins WCA Live Events &amp; Expo\"\n                                           rel=\"bookmark\">MATHEZ FREIGHT joins WCA Live Events &amp; Expo<\/a>\n\n                                    <\/h3>\n\n                                \n                                \n                                    <span class=\"lae-terms\"><a href=\"https:\/\/www.mathezfreight.com\/en\/blog\/category\/corporate-en\/\">Corporate<\/a><\/span>\n                                \n                            <\/div>\n\n                        <\/div><!-- .lae-image-info -->\n\n                    \n                <\/div>\n\n            \n            \n                <div class=\"lae-entry-text-wrap \">\n\n                    \n                        <h3 class=\"entry-title\">\n\n                            <a href=\"https:\/\/www.mathezfreight.com\/en\/blog\/mathez-wca-live-events-france\/\" title=\"MATHEZ FREIGHT joins WCA Live Events &amp; Expo\"\n                               rel=\"bookmark\">MATHEZ FREIGHT joins WCA Live Events &amp; Expo<\/a>\n\n                        <\/h3>\n\n                    \n                    \n                    \n                    \n                <\/div>\n\n            \n        \n    <\/article><!-- .hentry -->\n\n<\/div><!-- .lae-posts-carousel-item -->\n<div data-id=\"id-52371\" class=\"lae-posts-carousel-item\">\n\n    <article id=\"post-52371\" class=\"post-52371 post type-post status-publish format-standard has-post-thumbnail hentry category-corporate-en category-in-the-media tag-air tag-art-logistics tag-car-shipping tag-group tag-yachting-tag cibles-cars cibles-cruise-ships cibles-exhibitions-congresses cibles-network cibles-shipping-agent cibles-valuable cibles-yachts-en\">\n\n        \n            \n            \n            \n                <div class=\"lae-project-image\">\n\n                    \n                    \n                    \n                        <a href=\"https:\/\/www.mathezfreight.com\/en\/blog\/vip-logistics-a-growth-driver-for-mathez-freight\/\"><img decoding=\"async\" width=\"375\" height=\"250\" src=\"https:\/\/www.mathezfreight.com\/wp-content\/uploads\/photo-presse-voti.png\" class=\"lae-image attachment-mti-medium-classic size-mti-medium-classic\" alt=\"photo-presse-voti\" title=\"photo-presse-voti\" \/><\/a>\n\n                    \n                    \n                        <div class=\"lae-image-info\">\n\n                            <div class=\"lae-entry-info\">\n\n                                \n                                    <h3 class=\"lae-post-title\">\n\n                                        <a href=\"https:\/\/www.mathezfreight.com\/en\/blog\/vip-logistics-a-growth-driver-for-mathez-freight\/\" title=\"VIP logistics: a key driver for MATHEZ FREIGHT\"\n                                           rel=\"bookmark\">VIP logistics: a key driver for MATHEZ FREIGHT<\/a>\n\n                                    <\/h3>\n\n                                \n                                \n                                    <span class=\"lae-terms\"><a href=\"https:\/\/www.mathezfreight.com\/en\/blog\/category\/corporate-en\/\">Corporate<\/a>, <a href=\"https:\/\/www.mathezfreight.com\/en\/blog\/category\/in-the-media\/\">In the Media<\/a><\/span>\n                                \n                            <\/div>\n\n                        <\/div><!-- .lae-image-info -->\n\n                    \n                <\/div>\n\n            \n            \n                <div class=\"lae-entry-text-wrap \">\n\n                    \n                        <h3 class=\"entry-title\">\n\n                            <a href=\"https:\/\/www.mathezfreight.com\/en\/blog\/vip-logistics-a-growth-driver-for-mathez-freight\/\" title=\"VIP logistics: a key driver for MATHEZ FREIGHT\"\n                               rel=\"bookmark\">VIP logistics: a key driver for MATHEZ FREIGHT<\/a>\n\n                        <\/h3>\n\n                    \n                    \n                    \n                    \n                <\/div>\n\n            \n        \n    <\/article><!-- .hentry -->\n\n<\/div><!-- .lae-posts-carousel-item -->\n<div data-id=\"id-43608\" class=\"lae-posts-carousel-item\">\n\n    <article id=\"post-43608\" class=\"post-43608 post type-post status-publish format-standard has-post-thumbnail hentry category-freight-tips tag-customs tag-import-tag tag-incoterm tag-vat cibles-air cibles-customs cibles-exhibitions-congresses cibles-sea cibles-vat\">\n\n        \n            \n            \n            \n                <div class=\"lae-project-image\">\n\n                    \n                    \n                    \n                        <a href=\"https:\/\/www.mathezfreight.com\/en\/blog\/reverse-charges-on-imports-whats-changed-for-2022\/\"><img decoding=\"async\" width=\"375\" height=\"250\" src=\"https:\/\/www.mathezfreight.com\/wp-content\/uploads\/photo-tva-depositphotos_48847237_L-375x250.jpg\" class=\"lae-image attachment-mti-medium-classic size-mti-medium-classic\" alt=\"Import VAT: Reverse charge\" title=\"Import VAT: Reverse charge\" srcset=\"https:\/\/www.mathezfreight.com\/wp-content\/uploads\/photo-tva-depositphotos_48847237_L-375x250.jpg 375w, https:\/\/www.mathezfreight.com\/wp-content\/uploads\/photo-tva-depositphotos_48847237_L-600x400.jpg 600w, https:\/\/www.mathezfreight.com\/wp-content\/uploads\/photo-tva-depositphotos_48847237_L-1100x733.jpg 1100w, https:\/\/www.mathezfreight.com\/wp-content\/uploads\/photo-tva-depositphotos_48847237_L-768x512.jpg 768w, https:\/\/www.mathezfreight.com\/wp-content\/uploads\/photo-tva-depositphotos_48847237_L-274x183.jpg 274w, https:\/\/www.mathezfreight.com\/wp-content\/uploads\/photo-tva-depositphotos_48847237_L-1200x800.jpg 1200w, https:\/\/www.mathezfreight.com\/wp-content\/uploads\/photo-tva-depositphotos_48847237_L-610x406.jpg 610w, https:\/\/www.mathezfreight.com\/wp-content\/uploads\/photo-tva-depositphotos_48847237_L.jpg 1220w\" sizes=\"(max-width: 375px) 100vw, 375px\" \/><\/a>\n\n                    \n                    \n                        <div class=\"lae-image-info\">\n\n                            <div class=\"lae-entry-info\">\n\n                                \n                                    <h3 class=\"lae-post-title\">\n\n                                        <a href=\"https:\/\/www.mathezfreight.com\/en\/blog\/reverse-charges-on-imports-whats-changed-for-2022\/\" title=\"VAT Reverse Charge Mechanism on Imports: avoid customs blockages in France in 2022\"\n                                           rel=\"bookmark\">VAT Reverse Charge Mechanism on Imports: avoid customs blockages in France in 2022<\/a>\n\n                                    <\/h3>\n\n                                \n                                \n                                    <span class=\"lae-terms\"><a href=\"https:\/\/www.mathezfreight.com\/en\/blog\/category\/freight-tips\/\">Freight Tips<\/a><\/span>\n                                \n                            <\/div>\n\n                        <\/div><!-- .lae-image-info -->\n\n                    \n                <\/div>\n\n            \n            \n                <div class=\"lae-entry-text-wrap \">\n\n                    \n                        <h3 class=\"entry-title\">\n\n                            <a href=\"https:\/\/www.mathezfreight.com\/en\/blog\/reverse-charges-on-imports-whats-changed-for-2022\/\" title=\"VAT Reverse Charge Mechanism on Imports: avoid customs blockages in France in 2022\"\n                               rel=\"bookmark\">VAT Reverse Charge Mechanism on Imports: avoid customs blockages in France in 2022<\/a>\n\n                        <\/h3>\n\n                    \n                    \n                    \n                    \n                <\/div>\n\n            \n        \n    <\/article><!-- .hentry -->\n\n<\/div><!-- .lae-posts-carousel-item -->\n<div data-id=\"id-27954\" class=\"lae-posts-carousel-item\">\n\n    <article id=\"post-27954\" class=\"post-27954 post type-post status-publish format-standard has-post-thumbnail hentry category-projects tag-exhibitions cibles-agencies cibles-exhibitions-congresses\">\n\n        \n            \n            \n            \n                <div class=\"lae-project-image\">\n\n                    \n                    \n                    \n                        <a href=\"https:\/\/www.mathezfreight.com\/en\/blog\/setting-up-tfwa-in-pictures\/\"><img decoding=\"async\" width=\"375\" height=\"250\" src=\"https:\/\/www.mathezfreight.com\/wp-content\/uploads\/photo-onsite-2018-alp-11-375x250.jpg\" class=\"lae-image attachment-mti-medium-classic size-mti-medium-classic\" alt=\"Craning operation on TFWA 2018\" title=\"Craning operation on TFWA 2018\" srcset=\"https:\/\/www.mathezfreight.com\/wp-content\/uploads\/photo-onsite-2018-alp-11-375x250.jpg 375w, https:\/\/www.mathezfreight.com\/wp-content\/uploads\/photo-onsite-2018-alp-11-600x400.jpg 600w, https:\/\/www.mathezfreight.com\/wp-content\/uploads\/photo-onsite-2018-alp-11-768x512.jpg 768w, https:\/\/www.mathezfreight.com\/wp-content\/uploads\/photo-onsite-2018-alp-11-1100x733.jpg 1100w, https:\/\/www.mathezfreight.com\/wp-content\/uploads\/photo-onsite-2018-alp-11-1285x857.jpg 1285w, https:\/\/www.mathezfreight.com\/wp-content\/uploads\/photo-onsite-2018-alp-11-25x17.jpg 25w, https:\/\/www.mathezfreight.com\/wp-content\/uploads\/photo-onsite-2018-alp-11-68x45.jpg 68w, https:\/\/www.mathezfreight.com\/wp-content\/uploads\/photo-onsite-2018-alp-11-274x183.jpg 274w, https:\/\/www.mathezfreight.com\/wp-content\/uploads\/photo-onsite-2018-alp-11-1200x800.jpg 1200w, https:\/\/www.mathezfreight.com\/wp-content\/uploads\/photo-onsite-2018-alp-11-450x300.jpg 450w, https:\/\/www.mathezfreight.com\/wp-content\/uploads\/photo-onsite-2018-alp-11-75x50.jpg 75w, https:\/\/www.mathezfreight.com\/wp-content\/uploads\/photo-onsite-2018-alp-11.jpg 1960w\" sizes=\"(max-width: 375px) 100vw, 375px\" \/><\/a>\n\n                    \n                    \n                        <div class=\"lae-image-info\">\n\n                            <div class=\"lae-entry-info\">\n\n                                \n                                    <h3 class=\"lae-post-title\">\n\n                                        <a href=\"https:\/\/www.mathezfreight.com\/en\/blog\/setting-up-tfwa-in-pictures\/\" title=\"Tax Free World Exhibitions, the logistics\"\n                                           rel=\"bookmark\">Tax Free World Exhibitions, the logistics<\/a>\n\n                                    <\/h3>\n\n                                \n                                \n                                    <span class=\"lae-terms\"><a href=\"https:\/\/www.mathezfreight.com\/en\/blog\/category\/projects\/\">Operations<\/a><\/span>\n                                \n                            <\/div>\n\n                        <\/div><!-- .lae-image-info -->\n\n                    \n                <\/div>\n\n            \n            \n                <div class=\"lae-entry-text-wrap \">\n\n                    \n                        <h3 class=\"entry-title\">\n\n                            <a href=\"https:\/\/www.mathezfreight.com\/en\/blog\/setting-up-tfwa-in-pictures\/\" title=\"Tax Free World Exhibitions, the logistics\"\n                               rel=\"bookmark\">Tax Free World Exhibitions, the logistics<\/a>\n\n                        <\/h3>\n\n                    \n                    \n                    \n                    \n                <\/div>\n\n            \n        \n    <\/article><!-- .hentry -->\n\n<\/div><!-- .lae-posts-carousel-item --><\/div><!-- .lae-posts-carousel -->\t\t\t\t<\/div>\n\t\t\t\t<\/div>\n\t\t\t\t\t<\/div>\n\t\t<\/div>\n\t\t\t\t\t<\/div>\n\t\t<\/aside>\n\t\t\t\t<aside class=\"elementor-section elementor-top-section elementor-element elementor-element-9bef97a mti-social-bar bottom grey elementor-section-boxed elementor-section-height-default elementor-section-height-default default-style\" data-id=\"9bef97a\" data-element_type=\"section\" data-e-type=\"section\" data-settings=\"{&quot;rt_color_sets&quot;:&quot;default-style&quot;}\">\n\t\t\t\t\t\t<div class=\"elementor-container elementor-column-gap-default\">\n\t\t\t\t\t<div class=\"elementor-column elementor-col-100 elementor-top-column elementor-element elementor-element-4afd842\" data-id=\"4afd842\" data-element_type=\"column\" data-e-type=\"column\">\n\t\t\t<div class=\"elementor-widget-wrap elementor-element-populated\">\n\t\t\t\t\t\t<div class=\"elementor-element elementor-element-51ac8ab elementor-share-buttons--view-icon elementor-share-buttons--skin-flat elementor-share-buttons--shape-square elementor-grid-0 elementor-share-buttons--color-official elementor-invisible elementor-widget elementor-widget-share-buttons\" data-id=\"51ac8ab\" data-element_type=\"widget\" data-e-type=\"widget\" data-settings=\"{&quot;_animation&quot;:&quot;fadeInLeft&quot;}\" data-widget_type=\"share-buttons.default\">\n\t\t\t\t<div class=\"elementor-widget-container\">\n\t\t\t\t\t\t\t<div class=\"elementor-grid\" role=\"list\">\n\t\t\t\t\t\t\t\t<div class=\"elementor-grid-item\" role=\"listitem\">\n\t\t\t\t\t\t<div class=\"elementor-share-btn elementor-share-btn_email\" role=\"button\" tabindex=\"0\" aria-label=\"Share on email\">\n\t\t\t\t\t\t\t\t\t\t\t\t\t\t\t<span class=\"elementor-share-btn__icon\">\n\t\t\t\t\t\t\t\t<i class=\"fas fa-envelope\" aria-hidden=\"true\"><\/i>\t\t\t\t\t\t\t<\/span>\n\t\t\t\t\t\t\t\t\t\t\t\t\t\t\t\t\t\t\t\t<\/div>\n\t\t\t\t\t<\/div>\n\t\t\t\t\t\t\t\t\t<div class=\"elementor-grid-item\" role=\"listitem\">\n\t\t\t\t\t\t<div class=\"elementor-share-btn elementor-share-btn_linkedin\" role=\"button\" tabindex=\"0\" aria-label=\"Share on linkedin\">\n\t\t\t\t\t\t\t\t\t\t\t\t\t\t\t<span class=\"elementor-share-btn__icon\">\n\t\t\t\t\t\t\t\t<i class=\"fab fa-linkedin\" aria-hidden=\"true\"><\/i>\t\t\t\t\t\t\t<\/span>\n\t\t\t\t\t\t\t\t\t\t\t\t\t\t\t\t\t\t\t\t<\/div>\n\t\t\t\t\t<\/div>\n\t\t\t\t\t\t\t\t\t<div class=\"elementor-grid-item\" role=\"listitem\">\n\t\t\t\t\t\t<div class=\"elementor-share-btn elementor-share-btn_twitter\" role=\"button\" tabindex=\"0\" aria-label=\"Share on twitter\">\n\t\t\t\t\t\t\t\t\t\t\t\t\t\t\t<span class=\"elementor-share-btn__icon\">\n\t\t\t\t\t\t\t\t<i class=\"fab fa-twitter\" aria-hidden=\"true\"><\/i>\t\t\t\t\t\t\t<\/span>\n\t\t\t\t\t\t\t\t\t\t\t\t\t\t\t\t\t\t\t\t<\/div>\n\t\t\t\t\t<\/div>\n\t\t\t\t\t\t\t\t\t<div class=\"elementor-grid-item\" role=\"listitem\">\n\t\t\t\t\t\t<div class=\"elementor-share-btn elementor-share-btn_facebook\" role=\"button\" tabindex=\"0\" aria-label=\"Share on facebook\">\n\t\t\t\t\t\t\t\t\t\t\t\t\t\t\t<span class=\"elementor-share-btn__icon\">\n\t\t\t\t\t\t\t\t<i class=\"fab fa-facebook\" aria-hidden=\"true\"><\/i>\t\t\t\t\t\t\t<\/span>\n\t\t\t\t\t\t\t\t\t\t\t\t\t\t\t\t\t\t\t\t<\/div>\n\t\t\t\t\t<\/div>\n\t\t\t\t\t\t\t\t\t<div class=\"elementor-grid-item\" role=\"listitem\">\n\t\t\t\t\t\t<div class=\"elementor-share-btn elementor-share-btn_print\" role=\"button\" tabindex=\"0\" aria-label=\"Share on print\">\n\t\t\t\t\t\t\t\t\t\t\t\t\t\t\t<span class=\"elementor-share-btn__icon\">\n\t\t\t\t\t\t\t\t<i class=\"fas fa-print\" aria-hidden=\"true\"><\/i>\t\t\t\t\t\t\t<\/span>\n\t\t\t\t\t\t\t\t\t\t\t\t\t\t\t\t\t\t\t\t<\/div>\n\t\t\t\t\t<\/div>\n\t\t\t\t\t\t<\/div>\n\t\t\t\t\t\t<\/div>\n\t\t\t\t<\/div>\n\t\t\t\t\t<\/div>\n\t\t<\/div>\n\t\t\t\t\t<\/div>\n\t\t<\/aside>\n\t\t\t\t<section class=\"elementor-section elementor-top-section elementor-element elementor-element-54bc7dd mti-navigation-pages elementor-section-boxed elementor-section-height-default elementor-section-height-default default-style\" data-id=\"54bc7dd\" data-element_type=\"section\" data-e-type=\"section\" data-settings=\"{&quot;rt_color_sets&quot;:&quot;default-style&quot;}\">\n\t\t\t\t\t\t<div class=\"elementor-container elementor-column-gap-default\">\n\t\t\t\t\t<div class=\"elementor-column elementor-col-100 elementor-top-column elementor-element elementor-element-c64a4dd\" data-id=\"c64a4dd\" data-element_type=\"column\" data-e-type=\"column\">\n\t\t\t<div class=\"elementor-widget-wrap elementor-element-populated\">\n\t\t\t\t\t\t<div class=\"elementor-element elementor-element-a1f5646 elementor-widget elementor-widget-post-navigation\" data-id=\"a1f5646\" data-element_type=\"widget\" data-e-type=\"widget\" data-widget_type=\"post-navigation.default\">\n\t\t\t\t<div class=\"elementor-widget-container\">\n\t\t\t\t\t\t\t<div class=\"elementor-post-navigation\" role=\"navigation\" aria-label=\"Post Navigation\">\n\t\t\t<div class=\"elementor-post-navigation__prev elementor-post-navigation__link\">\n\t\t\t\t<a href=\"https:\/\/www.mathezfreight.com\/en\/blog\/mathez-freight-dental-transport-specialist\/\" rel=\"prev\"><span class=\"post-navigation__arrow-wrapper post-navigation__arrow-prev\"><i aria-hidden=\"true\" class=\"fas fa-angle-left\"><\/i><span class=\"elementor-screen-only\">Prev<\/span><\/span><span class=\"elementor-post-navigation__link__prev\"><span class=\"post-navigation__prev--label\">Previous<\/span><span class=\"post-navigation__prev--title\">MATHEZ FREIGHT, dental transport specialist<\/span><\/span><\/a>\t\t\t<\/div>\n\t\t\t\t\t\t<div class=\"elementor-post-navigation__next elementor-post-navigation__link\">\n\t\t\t\t<a href=\"https:\/\/www.mathezfreight.com\/en\/blog\/choose-best-transitory-10-points\/\" rel=\"next\"><span class=\"elementor-post-navigation__link__next\"><span class=\"post-navigation__next--label\">Next<\/span><span class=\"post-navigation__next--title\">10 tips for choosing the best freight forwarder<\/span><\/span><span class=\"post-navigation__arrow-wrapper post-navigation__arrow-next\"><i aria-hidden=\"true\" class=\"fas fa-angle-right\"><\/i><span class=\"elementor-screen-only\">Next<\/span><\/span><\/a>\t\t\t<\/div>\n\t\t<\/div>\n\t\t\t\t\t\t<\/div>\n\t\t\t\t<\/div>\n\t\t\t\t\t<\/div>\n\t\t<\/div>\n\t\t\t\t\t<\/div>\n\t\t<\/section>\n\t\t\t\t<\/div>\n\t\t","protected":false},"excerpt":{"rendered":"<p>Logistics solutions for congresses, exhibitions, trade fairs and events in the French Riviera. <\/p>\n","protected":false},"author":1,"featured_media":20771,"parent":28266,"menu_order":29,"comment_status":"closed","ping_status":"closed","template":"page-mti-a4.php","meta":{"iawp_total_views":75,"footnotes":""},"class_list":["post-28762","page","type-page","status-publish","has-post-thumbnail","hentry"],"yoast_head":"<!-- This site is optimized with the Yoast SEO Premium plugin v27.4 (Yoast SEO v27.4) - https:\/\/yoast.com\/product\/yoast-seo-premium-wordpress\/ -->\n<title>MATHEZ ONSITE LOGISTICS in Nice (Carros) - MATHEZ FREIGHT<\/title>\n<meta name=\"description\" content=\"Logistics solutions for congresses, exhibitions, trade fairs and events in the French Riviera.\" \/>\n<meta name=\"robots\" content=\"index, follow, max-snippet:-1, max-image-preview:large, max-video-preview:-1\" \/>\n<link rel=\"canonical\" href=\"https:\/\/www.mathezfreight.com\/en\/about\/agencies\/carros\/\" \/>\n<meta property=\"og:locale\" content=\"en_US\" \/>\n<meta property=\"og:type\" content=\"article\" \/>\n<meta property=\"og:title\" content=\"MATHEZ ONSITE LOGISTICS in Nice (Carros)\" \/>\n<meta property=\"og:description\" content=\"Logistics solutions for congresses, exhibitions, trade fairs and events in the French Riviera.\" \/>\n<meta property=\"og:url\" content=\"https:\/\/www.mathezfreight.com\/en\/about\/agencies\/carros\/\" \/>\n<meta property=\"og:site_name\" content=\"MATHEZ FREIGHT\" \/>\n<meta property=\"article:publisher\" content=\"https:\/\/www.facebook.com\/MathezFreight\/\" \/>\n<meta property=\"article:modified_time\" content=\"2026-01-13T15:10:57+00:00\" \/>\n<meta property=\"og:image\" content=\"https:\/\/www.mathezfreight.com\/wp-content\/uploads\/photo-plaine-du-var-alp.jpg\" \/>\n\t<meta property=\"og:image:width\" content=\"2133\" \/>\n\t<meta property=\"og:image:height\" content=\"1200\" \/>\n\t<meta property=\"og:image:type\" content=\"image\/jpeg\" \/>\n<meta name=\"twitter:card\" content=\"summary_large_image\" \/>\n<meta name=\"twitter:site\" content=\"@MathezFreight\" \/>\n<meta name=\"twitter:label1\" content=\"Est. reading time\" \/>\n\t<meta name=\"twitter:data1\" content=\"11 minutes\" \/>\n<script type=\"application\/ld+json\" class=\"yoast-schema-graph\">{\"@context\":\"https:\\\/\\\/schema.org\",\"@graph\":[{\"@type\":\"WebPage\",\"@id\":\"https:\\\/\\\/www.mathezfreight.com\\\/en\\\/about\\\/agencies\\\/carros\\\/\",\"url\":\"https:\\\/\\\/www.mathezfreight.com\\\/en\\\/about\\\/agencies\\\/carros\\\/\",\"name\":\"MATHEZ ONSITE LOGISTICS in Nice (Carros) - MATHEZ FREIGHT\",\"isPartOf\":{\"@id\":\"https:\\\/\\\/www.mathezfreight.com\\\/en\\\/#website\"},\"primaryImageOfPage\":{\"@id\":\"https:\\\/\\\/www.mathezfreight.com\\\/en\\\/about\\\/agencies\\\/carros\\\/#primaryimage\"},\"image\":{\"@id\":\"https:\\\/\\\/www.mathezfreight.com\\\/en\\\/about\\\/agencies\\\/carros\\\/#primaryimage\"},\"thumbnailUrl\":\"https:\\\/\\\/www.mathezfreight.com\\\/wp-content\\\/uploads\\\/photo-plaine-du-var-alp.jpg\",\"datePublished\":\"2018-11-28T09:36:20+00:00\",\"dateModified\":\"2026-01-13T15:10:57+00:00\",\"description\":\"Logistics solutions for congresses, exhibitions, trade fairs and events in the French Riviera.\",\"breadcrumb\":{\"@id\":\"https:\\\/\\\/www.mathezfreight.com\\\/en\\\/about\\\/agencies\\\/carros\\\/#breadcrumb\"},\"inLanguage\":\"en-US\",\"potentialAction\":[{\"@type\":\"ReadAction\",\"target\":[\"https:\\\/\\\/www.mathezfreight.com\\\/en\\\/about\\\/agencies\\\/carros\\\/\"]}]},{\"@type\":\"ImageObject\",\"inLanguage\":\"en-US\",\"@id\":\"https:\\\/\\\/www.mathezfreight.com\\\/en\\\/about\\\/agencies\\\/carros\\\/#primaryimage\",\"url\":\"https:\\\/\\\/www.mathezfreight.com\\\/wp-content\\\/uploads\\\/photo-plaine-du-var-alp.jpg\",\"contentUrl\":\"https:\\\/\\\/www.mathezfreight.com\\\/wp-content\\\/uploads\\\/photo-plaine-du-var-alp.jpg\",\"width\":2133,\"height\":1200,\"caption\":\"Plaine du Var (Nice West)\"},{\"@type\":\"BreadcrumbList\",\"@id\":\"https:\\\/\\\/www.mathezfreight.com\\\/en\\\/about\\\/agencies\\\/carros\\\/#breadcrumb\",\"itemListElement\":[{\"@type\":\"ListItem\",\"position\":1,\"name\":\"Home\",\"item\":\"https:\\\/\\\/www.mathezfreight.com\\\/en\\\/home\\\/\"},{\"@type\":\"ListItem\",\"position\":2,\"name\":\"About\",\"item\":\"https:\\\/\\\/www.mathezfreight.com\\\/en\\\/about\\\/\"},{\"@type\":\"ListItem\",\"position\":3,\"name\":\"Agencies\",\"item\":\"https:\\\/\\\/www.mathezfreight.com\\\/en\\\/about\\\/agencies\\\/\"},{\"@type\":\"ListItem\",\"position\":4,\"name\":\"Nice Carros\"}]},{\"@type\":\"WebSite\",\"@id\":\"https:\\\/\\\/www.mathezfreight.com\\\/en\\\/#website\",\"url\":\"https:\\\/\\\/www.mathezfreight.com\\\/en\\\/\",\"name\":\"MATHEZ FREIGHT\",\"description\":\"Solutions transport sur mesure, suivies, efficaces\",\"publisher\":{\"@id\":\"https:\\\/\\\/www.mathezfreight.com\\\/en\\\/#organization\"},\"alternateName\":\"MATHEZ TRANSPORTS INTERNATIONAUX\",\"potentialAction\":[{\"@type\":\"SearchAction\",\"target\":{\"@type\":\"EntryPoint\",\"urlTemplate\":\"https:\\\/\\\/www.mathezfreight.com\\\/en\\\/?s={search_term_string}\"},\"query-input\":{\"@type\":\"PropertyValueSpecification\",\"valueRequired\":true,\"valueName\":\"search_term_string\"}}],\"inLanguage\":\"en-US\"},{\"@type\":\"Organization\",\"@id\":\"https:\\\/\\\/www.mathezfreight.com\\\/en\\\/#organization\",\"name\":\"MATHEZ FREIGHT\",\"alternateName\":\"MATHEZ TRANSPORTS INTERNATIONAUX\",\"url\":\"https:\\\/\\\/www.mathezfreight.com\\\/en\\\/\",\"logo\":{\"@type\":\"ImageObject\",\"inLanguage\":\"en-US\",\"@id\":\"https:\\\/\\\/www.mathezfreight.com\\\/en\\\/#\\\/schema\\\/logo\\\/image\\\/\",\"url\":\"https:\\\/\\\/www.mathezfreight.com\\\/wp-content\\\/uploads\\\/logo-mathez-freight-400pxw.png\",\"contentUrl\":\"https:\\\/\\\/www.mathezfreight.com\\\/wp-content\\\/uploads\\\/logo-mathez-freight-400pxw.png\",\"width\":400,\"height\":136,\"caption\":\"MATHEZ FREIGHT\"},\"image\":{\"@id\":\"https:\\\/\\\/www.mathezfreight.com\\\/en\\\/#\\\/schema\\\/logo\\\/image\\\/\"},\"sameAs\":[\"https:\\\/\\\/www.facebook.com\\\/MathezFreight\\\/\",\"https:\\\/\\\/x.com\\\/MathezFreight\",\"https:\\\/\\\/www.linkedin.com\\\/company\\\/mathezfreight\\\/\"],\"description\":\"Transitaire fran\u00e7ais, organisateur de transport international: fret a\u00e9rien, fret maritime, commissionnaire en douane agr\u00e9\u00e9 OEA-Full. 17 agences en France sur tous les principaux ports et a\u00e9roports.\",\"email\":\"web@mathezfreight.com\",\"telephone\":\"+33.497257825\",\"legalName\":\"MATHEZ TRANSPORTS INTERNATIONAUX\",\"foundingDate\":\"1950-01-01\",\"numberOfEmployees\":{\"@type\":\"QuantitativeValue\",\"minValue\":\"51\",\"maxValue\":\"200\"}}]}<\/script>\n<!-- \/ Yoast SEO Premium plugin. -->","yoast_head_json":{"title":"MATHEZ ONSITE LOGISTICS in Nice (Carros) - MATHEZ FREIGHT","description":"Logistics solutions for congresses, exhibitions, trade fairs and events in the French Riviera.","robots":{"index":"index","follow":"follow","max-snippet":"max-snippet:-1","max-image-preview":"max-image-preview:large","max-video-preview":"max-video-preview:-1"},"canonical":"https:\/\/www.mathezfreight.com\/en\/about\/agencies\/carros\/","og_locale":"en_US","og_type":"article","og_title":"MATHEZ ONSITE LOGISTICS in Nice (Carros)","og_description":"Logistics solutions for congresses, exhibitions, trade fairs and events in the French Riviera.","og_url":"https:\/\/www.mathezfreight.com\/en\/about\/agencies\/carros\/","og_site_name":"MATHEZ FREIGHT","article_publisher":"https:\/\/www.facebook.com\/MathezFreight\/","article_modified_time":"2026-01-13T15:10:57+00:00","og_image":[{"width":2133,"height":1200,"url":"https:\/\/www.mathezfreight.com\/wp-content\/uploads\/photo-plaine-du-var-alp.jpg","type":"image\/jpeg"}],"twitter_card":"summary_large_image","twitter_site":"@MathezFreight","twitter_misc":{"Est. reading time":"11 minutes"},"schema":{"@context":"https:\/\/schema.org","@graph":[{"@type":"WebPage","@id":"https:\/\/www.mathezfreight.com\/en\/about\/agencies\/carros\/","url":"https:\/\/www.mathezfreight.com\/en\/about\/agencies\/carros\/","name":"MATHEZ ONSITE LOGISTICS in Nice (Carros) - MATHEZ FREIGHT","isPartOf":{"@id":"https:\/\/www.mathezfreight.com\/en\/#website"},"primaryImageOfPage":{"@id":"https:\/\/www.mathezfreight.com\/en\/about\/agencies\/carros\/#primaryimage"},"image":{"@id":"https:\/\/www.mathezfreight.com\/en\/about\/agencies\/carros\/#primaryimage"},"thumbnailUrl":"https:\/\/www.mathezfreight.com\/wp-content\/uploads\/photo-plaine-du-var-alp.jpg","datePublished":"2018-11-28T09:36:20+00:00","dateModified":"2026-01-13T15:10:57+00:00","description":"Logistics solutions for congresses, exhibitions, trade fairs and events in the French Riviera.","breadcrumb":{"@id":"https:\/\/www.mathezfreight.com\/en\/about\/agencies\/carros\/#breadcrumb"},"inLanguage":"en-US","potentialAction":[{"@type":"ReadAction","target":["https:\/\/www.mathezfreight.com\/en\/about\/agencies\/carros\/"]}]},{"@type":"ImageObject","inLanguage":"en-US","@id":"https:\/\/www.mathezfreight.com\/en\/about\/agencies\/carros\/#primaryimage","url":"https:\/\/www.mathezfreight.com\/wp-content\/uploads\/photo-plaine-du-var-alp.jpg","contentUrl":"https:\/\/www.mathezfreight.com\/wp-content\/uploads\/photo-plaine-du-var-alp.jpg","width":2133,"height":1200,"caption":"Plaine du Var (Nice West)"},{"@type":"BreadcrumbList","@id":"https:\/\/www.mathezfreight.com\/en\/about\/agencies\/carros\/#breadcrumb","itemListElement":[{"@type":"ListItem","position":1,"name":"Home","item":"https:\/\/www.mathezfreight.com\/en\/home\/"},{"@type":"ListItem","position":2,"name":"About","item":"https:\/\/www.mathezfreight.com\/en\/about\/"},{"@type":"ListItem","position":3,"name":"Agencies","item":"https:\/\/www.mathezfreight.com\/en\/about\/agencies\/"},{"@type":"ListItem","position":4,"name":"Nice Carros"}]},{"@type":"WebSite","@id":"https:\/\/www.mathezfreight.com\/en\/#website","url":"https:\/\/www.mathezfreight.com\/en\/","name":"MATHEZ FREIGHT","description":"Solutions transport sur mesure, suivies, efficaces","publisher":{"@id":"https:\/\/www.mathezfreight.com\/en\/#organization"},"alternateName":"MATHEZ TRANSPORTS INTERNATIONAUX","potentialAction":[{"@type":"SearchAction","target":{"@type":"EntryPoint","urlTemplate":"https:\/\/www.mathezfreight.com\/en\/?s={search_term_string}"},"query-input":{"@type":"PropertyValueSpecification","valueRequired":true,"valueName":"search_term_string"}}],"inLanguage":"en-US"},{"@type":"Organization","@id":"https:\/\/www.mathezfreight.com\/en\/#organization","name":"MATHEZ FREIGHT","alternateName":"MATHEZ TRANSPORTS INTERNATIONAUX","url":"https:\/\/www.mathezfreight.com\/en\/","logo":{"@type":"ImageObject","inLanguage":"en-US","@id":"https:\/\/www.mathezfreight.com\/en\/#\/schema\/logo\/image\/","url":"https:\/\/www.mathezfreight.com\/wp-content\/uploads\/logo-mathez-freight-400pxw.png","contentUrl":"https:\/\/www.mathezfreight.com\/wp-content\/uploads\/logo-mathez-freight-400pxw.png","width":400,"height":136,"caption":"MATHEZ FREIGHT"},"image":{"@id":"https:\/\/www.mathezfreight.com\/en\/#\/schema\/logo\/image\/"},"sameAs":["https:\/\/www.facebook.com\/MathezFreight\/","https:\/\/x.com\/MathezFreight","https:\/\/www.linkedin.com\/company\/mathezfreight\/"],"description":"Transitaire fran\u00e7ais, organisateur de transport international: fret a\u00e9rien, fret maritime, commissionnaire en douane agr\u00e9\u00e9 OEA-Full. 17 agences en France sur tous les principaux ports et a\u00e9roports.","email":"web@mathezfreight.com","telephone":"+33.497257825","legalName":"MATHEZ TRANSPORTS INTERNATIONAUX","foundingDate":"1950-01-01","numberOfEmployees":{"@type":"QuantitativeValue","minValue":"51","maxValue":"200"}}]}},"_links":{"self":[{"href":"https:\/\/www.mathezfreight.com\/en\/wp-json\/wp\/v2\/pages\/28762","targetHints":{"allow":["GET"]}}],"collection":[{"href":"https:\/\/www.mathezfreight.com\/en\/wp-json\/wp\/v2\/pages"}],"about":[{"href":"https:\/\/www.mathezfreight.com\/en\/wp-json\/wp\/v2\/types\/page"}],"author":[{"embeddable":true,"href":"https:\/\/www.mathezfreight.com\/en\/wp-json\/wp\/v2\/users\/1"}],"replies":[{"embeddable":true,"href":"https:\/\/www.mathezfreight.com\/en\/wp-json\/wp\/v2\/comments?post=28762"}],"version-history":[{"count":0,"href":"https:\/\/www.mathezfreight.com\/en\/wp-json\/wp\/v2\/pages\/28762\/revisions"}],"up":[{"embeddable":true,"href":"https:\/\/www.mathezfreight.com\/en\/wp-json\/wp\/v2\/pages\/28266"}],"wp:featuredmedia":[{"embeddable":true,"href":"https:\/\/www.mathezfreight.com\/en\/wp-json\/wp\/v2\/media\/20771"}],"wp:attachment":[{"href":"https:\/\/www.mathezfreight.com\/en\/wp-json\/wp\/v2\/media?parent=28762"}],"curies":[{"name":"wp","href":"https:\/\/api.w.org\/{rel}","templated":true}]}}