{"id":28578,"date":"2018-11-29T10:38:31","date_gmt":"2018-11-29T10:38:31","guid":{"rendered":"https:\/\/www.mathezfreight.com\/about\/agencies\/roissy\/"},"modified":"2026-01-13T15:24:49","modified_gmt":"2026-01-13T15:24:49","slug":"roissy","status":"publish","type":"page","link":"https:\/\/www.mathezfreight.com\/en\/about\/agencies\/roissy\/","title":{"rendered":"Freight forwarder at Paris Roissy Airport (CDG)"},"content":{"rendered":"\t\t<div data-elementor-type=\"wp-post\" data-elementor-id=\"28578\" class=\"elementor elementor-28578 elementor-18560\" data-elementor-post-type=\"page\">\n\t\t\t\t\t\t<div class=\"elementor-section elementor-top-section elementor-element elementor-element-09d946a elementor-section-stretched elementor-section-full_width bg-about elementor-section-height-default elementor-section-height-default default-style elementor-invisible\" data-id=\"09d946a\" data-element_type=\"section\" data-e-type=\"section\" id=\"mti-page-header\" data-settings=\"{&quot;stretch_section&quot;:&quot;section-stretched&quot;,&quot;animation&quot;:&quot;fadeIn&quot;,&quot;rt_color_sets&quot;:&quot;default-style&quot;}\">\n\t\t\t\t\t\t<div class=\"elementor-container elementor-column-gap-no\">\n\t\t\t\t\t<div class=\"elementor-column elementor-col-100 elementor-top-column elementor-element elementor-element-15b02b8\" data-id=\"15b02b8\" data-element_type=\"column\" data-e-type=\"column\">\n\t\t\t<div class=\"elementor-widget-wrap elementor-element-populated\">\n\t\t\t\t\t\t<div class=\"elementor-element elementor-element-b3e74f4 mti-carte-gmap elementor-widget elementor-widget-html\" data-id=\"b3e74f4\" data-element_type=\"widget\" data-e-type=\"widget\" data-widget_type=\"html.default\">\n\t\t\t\t<div class=\"elementor-widget-container\">\n\t\t\t\t\t<iframe loading=\"lazy\" src=\"https:\/\/www.google.com\/maps\/d\/u\/0\/embed?mid=1lL73C1U8t49mX01Bpqw8QsS2Ut8&amp;ll=49.009%2C2.558&amp;z=14\" width=\"1220\" height=\"455\" style=\"position: relative; top: -50px;\"><\/iframe>\t\t\t\t<\/div>\n\t\t\t\t<\/div>\n\t\t\t\t\t<\/div>\n\t\t<\/div>\n\t\t\t\t\t<\/div>\n\t\t<\/div>\n\t\t\t\t<section class=\"elementor-section elementor-top-section elementor-element elementor-element-969f07a mti-carte-agence elementor-section-boxed elementor-section-height-default elementor-section-height-default default-style\" data-id=\"969f07a\" data-element_type=\"section\" data-e-type=\"section\" data-settings=\"{&quot;background_background&quot;:&quot;classic&quot;,&quot;rt_color_sets&quot;:&quot;default-style&quot;}\">\n\t\t\t\t\t\t<div class=\"elementor-container elementor-column-gap-default\">\n\t\t\t\t\t<div class=\"elementor-column elementor-col-100 elementor-top-column elementor-element elementor-element-1410496\" data-id=\"1410496\" data-element_type=\"column\" data-e-type=\"column\">\n\t\t\t<div class=\"elementor-widget-wrap elementor-element-populated\">\n\t\t\t\t\t\t<div class=\"elementor-element elementor-element-6eaa6f5 mti-carte-visite elementor-icon-list--layout-traditional elementor-list-item-link-full_width elementor-widget elementor-widget-icon-list\" data-id=\"6eaa6f5\" data-element_type=\"widget\" data-e-type=\"widget\" data-widget_type=\"icon-list.default\">\n\t\t\t\t<div class=\"elementor-widget-container\">\n\t\t\t\t\t\t\t<ul class=\"elementor-icon-list-items\">\n\t\t\t\t\t\t\t<li class=\"elementor-icon-list-item\">\n\t\t\t\t\t\t\t\t\t\t<span class=\"elementor-icon-list-text\"><h2>MATHEZ FREIGHT at Roissy - Paris CDG Airport<\/h2><\/span>\n\t\t\t\t\t\t\t\t\t<\/li>\n\t\t\t\t\t\t\t\t<li class=\"elementor-icon-list-item\">\n\t\t\t\t\t\t\t\t\t\t\t<span class=\"elementor-icon-list-icon\">\n\t\t\t\t\t\t\t<i aria-hidden=\"true\" class=\"fas fa-map-signs\"><\/i>\t\t\t\t\t\t<\/span>\n\t\t\t\t\t\t\t\t\t\t<span class=\"elementor-icon-list-text\">Paris Charles-de-Gaulle Airport, 2 rue du Pied Sec, Terminal Cargo 2, Hall 5, 95700 Roissy-en-France, France<\/span>\n\t\t\t\t\t\t\t\t\t<\/li>\n\t\t\t\t\t\t\t\t<li class=\"elementor-icon-list-item\">\n\t\t\t\t\t\t\t\t\t\t\t<a href=\"tel:+33.148625123\">\n\n\t\t\t\t\t\t\t\t\t\t\t\t<span class=\"elementor-icon-list-icon\">\n\t\t\t\t\t\t\t<i aria-hidden=\"true\" class=\"fas fa-phone\"><\/i>\t\t\t\t\t\t<\/span>\n\t\t\t\t\t\t\t\t\t\t<span class=\"elementor-icon-list-text\">+33.1 48 62 73 90<\/span>\n\t\t\t\t\t\t\t\t\t\t\t<\/a>\n\t\t\t\t\t\t\t\t\t<\/li>\n\t\t\t\t\t\t\t\t<li class=\"elementor-icon-list-item\">\n\t\t\t\t\t\t\t\t\t\t\t<span class=\"elementor-icon-list-icon\">\n\t\t\t\t\t\t\t<i aria-hidden=\"true\" class=\"fas fa-fax\"><\/i>\t\t\t\t\t\t<\/span>\n\t\t\t\t\t\t\t\t\t\t<span class=\"elementor-icon-list-text\">+33.1 48 62 74 22<\/span>\n\t\t\t\t\t\t\t\t\t<\/li>\n\t\t\t\t\t\t\t\t<li class=\"elementor-icon-list-item\">\n\t\t\t\t\t\t\t\t\t\t\t<span class=\"elementor-icon-list-icon\">\n\t\t\t\t\t\t\t<i aria-hidden=\"true\" class=\"fasrt-elementor-icon icon-mail\"><\/i>\t\t\t\t\t\t<\/span>\n\t\t\t\t\t\t\t\t\t\t<span class=\"elementor-icon-list-text\">web@mathezfreight.com<\/span>\n\t\t\t\t\t\t\t\t\t<\/li>\n\t\t\t\t\t\t\t\t<li class=\"elementor-icon-list-item\">\n\t\t\t\t\t\t\t\t\t\t\t<a href=\"https:\/\/www.google.fr\/maps\/dir\/\/Mathez+Freight+Forwarding+(Mathez+Transports+Internationaux),+A%C3%A9roport+de+Paris+Charles-de-Gaulle+2+rue+du+Pied+Sec+Terminal+Cargo+2,+95700+Roissy-en-France\/@48.9971016,2.5228546,16z\/data=!4m9!4m8!1m0!1m5!1m1!1s0x47e615916114372d:0x9c284712dedb7fa8!2m2!1d2.5305867!2d48.9990563!3e0\" target=\"_blank\" rel=\"nofollow\">\n\n\t\t\t\t\t\t\t\t\t\t\t\t<span class=\"elementor-icon-list-icon\">\n\t\t\t\t\t\t\t<i aria-hidden=\"true\" class=\"fasrt-elementor-icon icon-map-o\"><\/i>\t\t\t\t\t\t<\/span>\n\t\t\t\t\t\t\t\t\t\t<span class=\"elementor-icon-list-text\">Directions<\/span>\n\t\t\t\t\t\t\t\t\t\t\t<\/a>\n\t\t\t\t\t\t\t\t\t<\/li>\n\t\t\t\t\t\t<\/ul>\n\t\t\t\t\t\t<\/div>\n\t\t\t\t<\/div>\n\t\t\t\t<div class=\"elementor-element elementor-element-a6d2574 elementor-widget elementor-widget-rt-button\" data-id=\"a6d2574\" data-element_type=\"widget\" data-e-type=\"widget\" id=\"mti-red-button\" data-widget_type=\"rt-button.default\">\n\t\t\t\t<div class=\"elementor-widget-container\">\n\t\t\t\t\t<div class=\"button_wrapper  hero\"><a href=\"https:\/\/www.mathezfreight.com\/en\/contact\/\" target=\"_self\" title=\"Contact Us\" class=\"button_  style-3 hero\"><span><span class=\"button-icon rt-elementor-icon icon-mail\"><\/span><span>Contact Us<\/span><\/span><\/a><\/div>\t\t\t\t<\/div>\n\t\t\t\t<\/div>\n\t\t\t\t\t<\/div>\n\t\t<\/div>\n\t\t\t\t\t<\/div>\n\t\t<\/section>\n\t\t\t\t<div class=\"elementor-section elementor-top-section elementor-element elementor-element-7d9eafb elementor-section-content-bottom mti-beau-gosse agence elementor-reverse-mobile elementor-section-boxed elementor-section-height-default elementor-section-height-default default-style elementor-invisible\" data-id=\"7d9eafb\" data-element_type=\"section\" data-e-type=\"section\" data-settings=\"{&quot;animation&quot;:&quot;fadeIn&quot;,&quot;rt_color_sets&quot;:&quot;default-style&quot;}\">\n\t\t\t\t\t\t<div class=\"elementor-container elementor-column-gap-default\">\n\t\t\t\t\t<div class=\"elementor-column elementor-col-33 elementor-top-column elementor-element elementor-element-9e758bb\" data-id=\"9e758bb\" data-element_type=\"column\" data-e-type=\"column\">\n\t\t\t<div class=\"elementor-widget-wrap elementor-element-populated\">\n\t\t\t\t\t\t<div class=\"elementor-element elementor-element-0a33601 aligncenter elementor-hidden-phone elementor-widget elementor-widget-image\" data-id=\"0a33601\" data-element_type=\"widget\" data-e-type=\"widget\" data-widget_type=\"image.default\">\n\t\t\t\t<div class=\"elementor-widget-container\">\n\t\t\t\t\t\t\t\t\t\t\t\t\t\t\t<img decoding=\"async\" width=\"250\" height=\"375\" src=\"https:\/\/www.mathezfreight.com\/wp-content\/uploads\/photo-alexandre-hiernaux-transparent.png\" class=\"attachment-mti-medium-portrait size-mti-medium-portrait wp-image-18073\" alt=\"Alexandre Hiernaux\" \/>\t\t\t\t\t\t\t\t\t\t\t\t\t\t\t<\/div>\n\t\t\t\t<\/div>\n\t\t\t\t\t<\/div>\n\t\t<\/div>\n\t\t\t\t<div class=\"elementor-column elementor-col-66 elementor-top-column elementor-element elementor-element-a3bb058\" data-id=\"a3bb058\" data-element_type=\"column\" data-e-type=\"column\">\n\t\t\t<div class=\"elementor-widget-wrap elementor-element-populated\">\n\t\t\t\t\t\t<div class=\"elementor-element elementor-element-ca247a5 mti-beau-gosse-citation agence elementor-widget elementor-widget-text-editor\" data-id=\"ca247a5\" data-element_type=\"widget\" data-e-type=\"widget\" data-widget_type=\"text-editor.default\">\n\t\t\t\t<div class=\"elementor-widget-container\">\n\t\t\t\t\t\t\t\t\t<blockquote><p>Our secret to growth in France&#8217;s most competitive region? Doing serious work, without taking ourselves too seriously. Being &#8220;professional&#8221; but also nice people. Not letting machine automation drive us, but relying on IT to deliver an excellent, responsive and personalized service.<\/p><\/blockquote><div id=\"mti-beau-gosse-signature\"><span class=\"blue\">Alexandre Hiernaux<\/span>, MATHEZ FREIGHT Paris CDG<\/div>\t\t\t\t\t\t\t\t<\/div>\n\t\t\t\t<\/div>\n\t\t\t\t\t<\/div>\n\t\t<\/div>\n\t\t\t\t\t<\/div>\n\t\t<\/div>\n\t\t\t\t<section class=\"elementor-section elementor-top-section elementor-element elementor-element-88c0935 clear elementor-section-boxed elementor-section-height-default elementor-section-height-default default-style\" data-id=\"88c0935\" data-element_type=\"section\" data-e-type=\"section\" data-settings=\"{&quot;rt_color_sets&quot;:&quot;default-style&quot;}\">\n\t\t\t\t\t\t<div class=\"elementor-container elementor-column-gap-default\">\n\t\t\t\t\t<div class=\"elementor-column elementor-col-100 elementor-top-column elementor-element elementor-element-b4ce8df\" data-id=\"b4ce8df\" data-element_type=\"column\" data-e-type=\"column\">\n\t\t\t<div class=\"elementor-widget-wrap elementor-element-populated\">\n\t\t\t\t\t\t<div class=\"elementor-element elementor-element-6465297 elementor-widget elementor-widget-spacer\" data-id=\"6465297\" data-element_type=\"widget\" data-e-type=\"widget\" data-widget_type=\"spacer.default\">\n\t\t\t\t<div class=\"elementor-widget-container\">\n\t\t\t\t\t\t\t<div class=\"elementor-spacer\">\n\t\t\t<div class=\"elementor-spacer-inner\"><\/div>\n\t\t<\/div>\n\t\t\t\t\t\t<\/div>\n\t\t\t\t<\/div>\n\t\t\t\t\t<\/div>\n\t\t<\/div>\n\t\t\t\t\t<\/div>\n\t\t<\/section>\n\t\t\t\t<div class=\"elementor-section elementor-top-section elementor-element elementor-element-c3c5277 mti-diapo specialites elementor-reverse-tablet elementor-reverse-mobile elementor-section-full_width elementor-section-height-default elementor-section-height-default default-style\" data-id=\"c3c5277\" data-element_type=\"section\" data-e-type=\"section\" data-settings=\"{&quot;rt_color_sets&quot;:&quot;default-style&quot;}\">\n\t\t\t\t\t\t<div class=\"elementor-container elementor-column-gap-default\">\n\t\t\t\t\t<div class=\"elementor-column elementor-col-50 elementor-top-column elementor-element elementor-element-a8a2fd6\" data-id=\"a8a2fd6\" data-element_type=\"column\" data-e-type=\"column\">\n\t\t\t<div class=\"elementor-widget-wrap elementor-element-populated\">\n\t\t\t\t\t\t<div class=\"elementor-element elementor-element-0fe4452 elementor-widget elementor-widget-global elementor-global-28622 elementor-global-28609 elementor-widget-text-editor\" data-id=\"0fe4452\" data-element_type=\"widget\" data-e-type=\"widget\" data-widget_type=\"text-editor.default\">\n\t\t\t\t<div class=\"elementor-widget-container\">\n\t\t\t\t\t\t\t\t\t<h2 style=\"text-align: center;\">Our freight shipping services<\/h2>\n<p>\t \n\t\t<div  class=\"bullet-list style-1  check\">\n\t\t<\/p>\n<h6>Freight forwarder in France, <a style=\"background-color: #00877c;\" href=\"https:\/\/www.mathezfreight.com\/en\/services\/import\/\">import<\/a> and export worldwide.<\/h6>\n<ul>\n<li>\n<h6 style=\"text-align: left;\"><a style=\"background-color: #00877c;\" href=\"https:\/\/www.mathezfreight.com\/en\/services\/air-freight\/\">Air freight<\/a><\/h6>\n<\/li>\n<li>\n<h6 style=\"text-align: left;\"><a style=\"background-color: #00877c;\" href=\"https:\/\/www.mathezfreight.com\/en\/services\/sea-freight\/\">Sea freight,<\/a><\/h6>\n<\/li>\n<li>\n<h6 style=\"text-align: left;\">Multimodal transport<\/h6>\n<\/li>\n<li style=\"text-align: left;\">\n<h6><a style=\"background-color: #00877c;\" href=\"https:\/\/www.mathezfreight.com\/en\/services\/customs\/\">Registered customs broker<\/a><\/h6>\n<\/li>\n<li style=\"text-align: left;\">\n<h6><a style=\"background-color: #00877c;\" href=\"https:\/\/www.mathezfreight.com\/en\/services\/vat\/\">VAT<\/a> specialist.<\/h6>\n<\/li>\n<\/ul>\n<p>\n\t\t<\/div>\n\t<\/p>\n\t\t\t\t\t\t\t\t<\/div>\n\t\t\t\t<\/div>\n\t\t\t\t\t<\/div>\n\t\t<\/div>\n\t\t\t\t<div class=\"elementor-column elementor-col-50 elementor-top-column elementor-element elementor-element-a90f0cc\" data-id=\"a90f0cc\" data-element_type=\"column\" data-e-type=\"column\">\n\t\t\t<div class=\"elementor-widget-wrap elementor-element-populated\">\n\t\t\t\t\t\t<div class=\"elementor-element elementor-element-2810b1b elementor-widget elementor-widget-global elementor-global-30332 elementor-global-18346 elementor-widget-rt-image-carousel\" data-id=\"2810b1b\" data-element_type=\"widget\" data-e-type=\"widget\" data-widget_type=\"rt-image-carousel.default\">\n\t\t\t\t<div class=\"elementor-widget-container\">\n\t\t\t\t\t\r\n\t\t\t\t<div id=\"image-carousel-901263\" class=\"rt-carousel carousel-holder clearfix rt-image-carousel  rt_lightbox_gallery\" data-item-width=\"1\" data-nav=\"\" data-dots=\"\" data-margin=\"0\" data-autoplay=\"true\" data-timeout=\"4000\" data-thumbnails=\"false\" data-boxed=\"\" data-min-height=\"\" data-padding=\"0\" data-loop=\"true\" data-tablet-item-width=\"\" data-mobile-item-width=\"\">\r\n\t\t\t\t\t<div class=\"owl-carousel\">\r\n\t\t\t\t\t\t<div><a id=\"lightbox-880967\" class=\"imgeffect zoom rt_lightbox\" data-gal-id=\"slider-carousel-149035\" data-rel=\"rt_lightbox\" title=\"Enlarge Image\" data-sub-html=\"Loading cargo aircraft\" data-src=\"\" data-width=\"\" data-height=\"\" data-poster=\"\" data-autoplay=\"\" data-audiotitle=\"\" data-download-url=\"false\" href=\"https:\/\/www.mathezfreight.com\/wp-content\/uploads\/slider-cargo-plane-evanto.jpg\"><img decoding=\"async\" src=\"https:\/\/www.mathezfreight.com\/wp-content\/uploads\/slider-cargo-plane-evanto-610x403.jpg\" width=\"610\" height=\"403\" alt=\"Chargement a\u00e9rien avion cargo\"><\/a><\/div><div><a id=\"lightbox-444965\" class=\"imgeffect zoom rt_lightbox\" data-gal-id=\"slider-carousel-149035\" data-rel=\"rt_lightbox\" title=\"Enlarge Image\" data-sub-html=\"Loading air freight\" data-src=\"\" data-width=\"\" data-height=\"\" data-poster=\"\" data-autoplay=\"\" data-audiotitle=\"\" data-download-url=\"false\" href=\"https:\/\/www.mathezfreight.com\/wp-content\/uploads\/photo-air-fret-depositphotos_59573495.jpg\"><img decoding=\"async\" src=\"https:\/\/www.mathezfreight.com\/wp-content\/uploads\/photo-air-fret-depositphotos_59573495-610x403.jpg\" width=\"610\" height=\"403\" alt=\"Chargement de cargo a\u00e9rien\"><\/a><\/div><div><a id=\"lightbox-286991\" class=\"imgeffect zoom rt_lightbox\" data-gal-id=\"slider-carousel-149035\" data-rel=\"rt_lightbox\" title=\"Enlarge Image\" data-sub-html=\"Air transport\" data-src=\"\" data-width=\"\" data-height=\"\" data-poster=\"\" data-autoplay=\"\" data-audiotitle=\"\" data-download-url=\"false\" href=\"https:\/\/www.mathezfreight.com\/wp-content\/uploads\/photo-air-bleu-depositphotos.jpg\"><img decoding=\"async\" src=\"https:\/\/www.mathezfreight.com\/wp-content\/uploads\/photo-air-bleu-depositphotos-610x403.jpg\" width=\"610\" height=\"403\" alt=\"Transport par voie a\u00e9rienne\"><\/a><\/div><div><a id=\"lightbox-540180\" class=\"imgeffect zoom rt_lightbox\" data-gal-id=\"slider-carousel-149035\" data-rel=\"rt_lightbox\" title=\"Enlarge Image\" data-sub-html=\"Maritime Containers\" data-src=\"\" data-width=\"\" data-height=\"\" data-poster=\"\" data-autoplay=\"\" data-audiotitle=\"\" data-download-url=\"false\" href=\"https:\/\/www.mathezfreight.com\/wp-content\/uploads\/photo-sea-containers-depositphotos.jpg\"><img decoding=\"async\" src=\"https:\/\/www.mathezfreight.com\/wp-content\/uploads\/photo-sea-containers-depositphotos-610x403.jpg\" width=\"610\" height=\"403\" alt=\"Containers maritimes\"><\/a><\/div><div><a id=\"lightbox-986236\" class=\"imgeffect zoom rt_lightbox\" data-gal-id=\"slider-carousel-149035\" data-rel=\"rt_lightbox\" title=\"Enlarge Image\" data-sub-html=\"Sea freight: container loading\" data-src=\"\" data-width=\"\" data-height=\"\" data-poster=\"\" data-autoplay=\"\" data-audiotitle=\"\" data-download-url=\"false\" href=\"https:\/\/www.mathezfreight.com\/wp-content\/uploads\/slider-industry-evanto-1285px.jpg\"><img decoding=\"async\" src=\"https:\/\/www.mathezfreight.com\/wp-content\/uploads\/slider-industry-evanto-1285px-610x403.jpg\" width=\"610\" height=\"403\" alt=\"Fret maritime: chargement de conteneurs\"><\/a><\/div><div><a id=\"lightbox-122316\" class=\"imgeffect zoom rt_lightbox\" data-gal-id=\"slider-carousel-149035\" data-rel=\"rt_lightbox\" title=\"Enlarge Image\" data-sub-html=\"Sea freight\" data-src=\"\" data-width=\"\" data-height=\"\" data-poster=\"\" data-autoplay=\"\" data-audiotitle=\"\" data-download-url=\"false\" href=\"https:\/\/www.mathezfreight.com\/wp-content\/uploads\/photo-sea-cargo-depositphotos.jpg\"><img decoding=\"async\" src=\"https:\/\/www.mathezfreight.com\/wp-content\/uploads\/photo-sea-cargo-depositphotos-610x403.jpg\" width=\"610\" height=\"403\" alt=\"Transport maritime\"><\/a><\/div><div><a id=\"lightbox-799672\" class=\"imgeffect zoom rt_lightbox\" data-gal-id=\"slider-carousel-149035\" data-rel=\"rt_lightbox\" title=\"Enlarge Image\" data-sub-html=\"Industrial warehouse\" data-src=\"\" data-width=\"\" data-height=\"\" data-poster=\"\" data-autoplay=\"\" data-audiotitle=\"\" data-download-url=\"false\" href=\"https:\/\/www.mathezfreight.com\/wp-content\/uploads\/slider-warehouse-evanto.jpg\"><img decoding=\"async\" src=\"https:\/\/www.mathezfreight.com\/wp-content\/uploads\/slider-warehouse-evanto-610x403.jpg\" width=\"610\" height=\"403\" alt=\"Entrep\u00f4t industriel\"><\/a><\/div><div><a id=\"lightbox-372161\" class=\"imgeffect zoom rt_lightbox\" data-gal-id=\"slider-carousel-149035\" data-rel=\"rt_lightbox\" title=\"Enlarge Image\" data-sub-html=\"Request for special customs regime on ProDouane French digital platform\" data-src=\"\" data-width=\"\" data-height=\"\" data-poster=\"\" data-autoplay=\"\" data-audiotitle=\"\" data-download-url=\"false\" href=\"https:\/\/www.mathezfreight.com\/wp-content\/uploads\/photo-homme-douane-depositphotos.jpg\"><img decoding=\"async\" src=\"https:\/\/www.mathezfreight.com\/wp-content\/uploads\/photo-homme-douane-depositphotos-610x403.jpg\" width=\"610\" height=\"403\" alt=\"Demande de r\u00e9gime particulier sur ProDouane\"><\/a><\/div><div><a id=\"lightbox-874812\" class=\"imgeffect zoom rt_lightbox\" data-gal-id=\"slider-carousel-149035\" data-rel=\"rt_lightbox\" title=\"Enlarge Image\" data-sub-html=\"Customs clearance\" data-src=\"\" data-width=\"\" data-height=\"\" data-poster=\"\" data-autoplay=\"\" data-audiotitle=\"\" data-download-url=\"false\" href=\"https:\/\/www.mathezfreight.com\/wp-content\/uploads\/photo-douane-batiment-depositphotos.jpg\"><img decoding=\"async\" src=\"https:\/\/www.mathezfreight.com\/wp-content\/uploads\/photo-douane-batiment-depositphotos-610x403.jpg\" width=\"610\" height=\"403\" alt=\"D\u00e9douanement\"><\/a><\/div><div><a id=\"lightbox-370661\" class=\"imgeffect zoom rt_lightbox\" data-gal-id=\"slider-carousel-149035\" data-rel=\"rt_lightbox\" title=\"Enlarge Image\" data-sub-html=\"Customs inspection document, New Zealand\" data-src=\"\" data-width=\"\" data-height=\"\" data-poster=\"\" data-autoplay=\"\" data-audiotitle=\"\" data-download-url=\"false\" href=\"https:\/\/www.mathezfreight.com\/wp-content\/uploads\/photo-douane-doc-depositphotos.jpg\"><img decoding=\"async\" src=\"https:\/\/www.mathezfreight.com\/wp-content\/uploads\/photo-douane-doc-depositphotos-610x403.jpg\" width=\"610\" height=\"403\" alt=\"Document d&#039;inspection des douanes, Nouvelle Z\u00e9lande\"><\/a><\/div><div><a id=\"lightbox-636430\" class=\"imgeffect zoom rt_lightbox\" data-gal-id=\"slider-carousel-149035\" data-rel=\"rt_lightbox\" title=\"Enlarge Image\" data-sub-html=\"VAT specialists - MATHEZ FORMATION and MATHEZ INTRACOM at CROEC Lyon 2018<br>\u00a9 MATHEZ INTRACOM (AR)\" data-src=\"\" data-width=\"\" data-height=\"\" data-poster=\"\" data-autoplay=\"\" data-audiotitle=\"\" data-download-url=\"false\" href=\"https:\/\/www.mathezfreight.com\/wp-content\/uploads\/photo-tva-croec-lyon-2018.jpg\"><img decoding=\"async\" src=\"https:\/\/www.mathezfreight.com\/wp-content\/uploads\/photo-tva-croec-lyon-2018-610x403.jpg\" width=\"610\" height=\"403\" alt=\"Les sp\u00e9cialistes de la TVA - MATHEZ FORMATION et MATHEZ INTRACOM au CROEC Lyon 2018\"><\/a><\/div>\r\n\t\t\t\t\t<\/div>\r\n\t\t\t\t\t\r\n\t\t\t\t\t\r\n\t\t\t\t<\/div>\r\n\t\t\t\t\t\t\t<\/div>\n\t\t\t\t<\/div>\n\t\t\t\t\t<\/div>\n\t\t<\/div>\n\t\t\t\t\t<\/div>\n\t\t<\/div>\n\t\t\t\t<div class=\"elementor-section elementor-top-section elementor-element elementor-element-25a97f9 mti-diapo services elementor-section-full_width elementor-section-height-default elementor-section-height-default default-style\" data-id=\"25a97f9\" data-element_type=\"section\" data-e-type=\"section\" data-settings=\"{&quot;background_background&quot;:&quot;classic&quot;,&quot;rt_color_sets&quot;:&quot;default-style&quot;}\">\n\t\t\t\t\t\t<div class=\"elementor-container elementor-column-gap-default\">\n\t\t\t\t\t<div class=\"elementor-column elementor-col-50 elementor-top-column elementor-element elementor-element-3552d0f\" data-id=\"3552d0f\" data-element_type=\"column\" data-e-type=\"column\">\n\t\t\t<div class=\"elementor-widget-wrap elementor-element-populated\">\n\t\t\t\t\t\t<div class=\"elementor-element elementor-element-efb949b elementor-widget elementor-widget-rt-image-carousel\" data-id=\"efb949b\" data-element_type=\"widget\" data-e-type=\"widget\" data-settings=\"{&quot;_animation&quot;:&quot;none&quot;}\" data-widget_type=\"rt-image-carousel.default\">\n\t\t\t\t<div class=\"elementor-widget-container\">\n\t\t\t\t\t\r\n\t\t\t\t<div id=\"image-carousel-146370\" class=\"rt-carousel carousel-holder clearfix rt-image-carousel  rt_lightbox_gallery\" data-item-width=\"1\" data-nav=\"\" data-dots=\"\" data-margin=\"0\" data-autoplay=\"true\" data-timeout=\"4000\" data-thumbnails=\"false\" data-boxed=\"\" data-min-height=\"\" data-padding=\"0\" data-loop=\"\" data-tablet-item-width=\"\" data-mobile-item-width=\"\">\r\n\t\t\t\t\t<div class=\"owl-carousel\">\r\n\t\t\t\t\t\t<div><a id=\"lightbox-263890\" class=\"imgeffect zoom rt_lightbox\" data-gal-id=\"slider-carousel-315870\" data-rel=\"rt_lightbox\" title=\"Enlarge Image\" data-sub-html=\"blog-MTI-video-cdg\" data-src=\"\" data-width=\"\" data-height=\"\" data-poster=\"\" data-autoplay=\"\" data-audiotitle=\"\" data-download-url=\"false\" href=\"https:\/\/www.mathezfreight.com\/wp-content\/uploads\/blog-MTI-video-cdg.png\"><img decoding=\"async\" src=\"https:\/\/www.mathezfreight.com\/wp-content\/uploads\/blog-MTI-video-cdg-610x403.png\" width=\"610\" height=\"403\" alt=\"blog-MTI-video-cdg\"><\/a><\/div><div><a id=\"lightbox-201307\" class=\"imgeffect zoom rt_lightbox\" data-gal-id=\"slider-carousel-315870\" data-rel=\"rt_lightbox\" title=\"Enlarge Image\" data-sub-html=\"Welcome to Paris CDG airport\" data-src=\"\" data-width=\"\" data-height=\"\" data-poster=\"\" data-autoplay=\"\" data-audiotitle=\"\" data-download-url=\"false\" href=\"https:\/\/www.mathezfreight.com\/wp-content\/uploads\/photo-paris-cdg-depositphotos-welcome.jpg\"><img decoding=\"async\" src=\"https:\/\/www.mathezfreight.com\/wp-content\/uploads\/photo-paris-cdg-depositphotos-welcome-610x403.jpg\" width=\"610\" height=\"403\" alt=\"Bienvenue \u00e0 Paris CDG\"><\/a><\/div><div><a id=\"lightbox-896192\" class=\"imgeffect zoom rt_lightbox\" data-gal-id=\"slider-carousel-315870\" data-rel=\"rt_lightbox\" title=\"Enlarge Image\" data-sub-html=\"Roissy CDG Airport under the snow\" data-src=\"\" data-width=\"\" data-height=\"\" data-poster=\"\" data-autoplay=\"\" data-audiotitle=\"\" data-download-url=\"false\" href=\"https:\/\/www.mathezfreight.com\/wp-content\/uploads\/photo-paris-cdg-neige-depositphotos.jpg\"><img decoding=\"async\" src=\"https:\/\/www.mathezfreight.com\/wp-content\/uploads\/photo-paris-cdg-neige-depositphotos-610x403.jpg\" width=\"610\" height=\"403\" alt=\"A\u00e9roport de Roissy CDG sous la neige\"><\/a><\/div><div><a id=\"lightbox-475610\" class=\"imgeffect zoom rt_lightbox\" data-gal-id=\"slider-carousel-315870\" data-rel=\"rt_lightbox\" title=\"Enlarge Image\" data-sub-html=\"Paris CDG Airport - Freight forwarding\" data-src=\"\" data-width=\"\" data-height=\"\" data-poster=\"\" data-autoplay=\"\" data-audiotitle=\"\" data-download-url=\"false\" href=\"https:\/\/www.mathezfreight.com\/wp-content\/uploads\/photo-paris-cdg-deposit.jpg\"><img decoding=\"async\" src=\"https:\/\/www.mathezfreight.com\/wp-content\/uploads\/photo-paris-cdg-deposit-610x403.jpg\" width=\"610\" height=\"403\" alt=\"A\u00e9roport de Paris Roissy CDG\"><\/a><\/div><div><a id=\"lightbox-856272\" class=\"imgeffect zoom rt_lightbox\" data-gal-id=\"slider-carousel-315870\" data-rel=\"rt_lightbox\" title=\"Enlarge Image\" data-sub-html=\"Agent de fret zone cargo CDG\" data-src=\"\" data-width=\"\" data-height=\"\" data-poster=\"\" data-autoplay=\"\" data-audiotitle=\"\" data-download-url=\"false\" href=\"https:\/\/www.mathezfreight.com\/wp-content\/uploads\/photo-cdg-20240906_110747.jpg\"><img decoding=\"async\" src=\"https:\/\/www.mathezfreight.com\/wp-content\/uploads\/photo-cdg-20240906_110747-610x403.jpg\" width=\"610\" height=\"403\" alt=\"Agent de fret zone cargo CDG\"><\/a><\/div><div><a id=\"lightbox-835800\" class=\"imgeffect zoom rt_lightbox\" data-gal-id=\"slider-carousel-315870\" data-rel=\"rt_lightbox\" title=\"Enlarge Image\" data-sub-html=\"photo-cdg-20240906_114535<br>Mathez Freight Agent de fret zone cargo CDG\" data-src=\"\" data-width=\"\" data-height=\"\" data-poster=\"\" data-autoplay=\"\" data-audiotitle=\"\" data-download-url=\"false\" href=\"https:\/\/www.mathezfreight.com\/wp-content\/uploads\/photo-cdg-20240906_114535.jpg\"><img decoding=\"async\" src=\"https:\/\/www.mathezfreight.com\/wp-content\/uploads\/photo-cdg-20240906_114535-610x403.jpg\" width=\"610\" height=\"403\" alt=\"Mathez Freight Agent de fret zone cargo CDG\"><\/a><\/div><div><a id=\"lightbox-531506\" class=\"imgeffect zoom rt_lightbox\" data-gal-id=\"slider-carousel-315870\" data-rel=\"rt_lightbox\" title=\"Enlarge Image\" data-sub-html=\"Mathez Freight Agent de fret zone cargo CDG\" data-src=\"\" data-width=\"\" data-height=\"\" data-poster=\"\" data-autoplay=\"\" data-audiotitle=\"\" data-download-url=\"false\" href=\"https:\/\/www.mathezfreight.com\/wp-content\/uploads\/photo-cdg-20240906_112342.jpg\"><img decoding=\"async\" src=\"https:\/\/www.mathezfreight.com\/wp-content\/uploads\/photo-cdg-20240906_112342-610x403.jpg\" width=\"610\" height=\"403\" alt=\"Mathez Freight Agent de fret zone cargo CDG\"><\/a><\/div><div><a id=\"lightbox-815562\" class=\"imgeffect zoom rt_lightbox\" data-gal-id=\"slider-carousel-315870\" data-rel=\"rt_lightbox\" title=\"Enlarge Image\" data-sub-html=\"315 tons of charter freight (CDG, June 2020)\" data-src=\"\" data-width=\"\" data-height=\"\" data-poster=\"\" data-autoplay=\"\" data-audiotitle=\"\" data-download-url=\"false\" href=\"https:\/\/www.mathezfreight.com\/wp-content\/uploads\/photo-charter-cdg-4-2020-06-22-17-35-29.jpg\"><img decoding=\"async\" src=\"https:\/\/www.mathezfreight.com\/wp-content\/uploads\/photo-charter-cdg-4-2020-06-22-17-35-29-610x403.jpg\" width=\"610\" height=\"403\" alt=\"315 tonnes de fret en charter (CDG, Juin 2020)\"><\/a><\/div><div><a id=\"lightbox-539467\" class=\"imgeffect zoom rt_lightbox\" data-gal-id=\"slider-carousel-315870\" data-rel=\"rt_lightbox\" title=\"Enlarge Image\" data-sub-html=\"Plane undergoing maintenance in the hanger\" data-src=\"\" data-width=\"\" data-height=\"\" data-poster=\"\" data-autoplay=\"\" data-audiotitle=\"\" data-download-url=\"false\" href=\"https:\/\/www.mathezfreight.com\/wp-content\/uploads\/photo-aerospace-hangar-envato.jpg\"><img decoding=\"async\" src=\"https:\/\/www.mathezfreight.com\/wp-content\/uploads\/photo-aerospace-hangar-envato-610x403.jpg\" width=\"610\" height=\"403\" alt=\"Maintenance d&#039;avion, dans son hangar (AOG)\"><\/a><\/div><div><a id=\"lightbox-174855\" class=\"imgeffect zoom rt_lightbox\" data-gal-id=\"slider-carousel-315870\" data-rel=\"rt_lightbox\" title=\"Enlarge Image\" data-sub-html=\"Delivery of aircraft parts for maintenance\" data-src=\"\" data-width=\"\" data-height=\"\" data-poster=\"\" data-autoplay=\"\" data-audiotitle=\"\" data-download-url=\"false\" href=\"https:\/\/www.mathezfreight.com\/wp-content\/uploads\/photo-aerospatial-melbourne-depositphoto.jpg\"><img decoding=\"async\" src=\"https:\/\/www.mathezfreight.com\/wp-content\/uploads\/photo-aerospatial-melbourne-depositphoto-610x403.jpg\" width=\"610\" height=\"403\" alt=\"Livraison de pi\u00e8ces pour maintenance d&#039;a\u00e9ronefs\"><\/a><\/div><div><a id=\"lightbox-509441\" class=\"imgeffect zoom rt_lightbox\" data-gal-id=\"slider-carousel-315870\" data-rel=\"rt_lightbox\" title=\"Enlarge Image\" data-sub-html=\"AOG shipments &amp; aero parts logistics\" data-src=\"\" data-width=\"\" data-height=\"\" data-poster=\"\" data-autoplay=\"\" data-audiotitle=\"\" data-download-url=\"false\" href=\"https:\/\/www.mathezfreight.com\/wp-content\/uploads\/photo-aerospace-roue-depositphoto.jpg\"><img decoding=\"async\" src=\"https:\/\/www.mathezfreight.com\/wp-content\/uploads\/photo-aerospace-roue-depositphoto-610x403.jpg\" width=\"610\" height=\"403\" alt=\"Livraison de pi\u00e8ces pour l&#039;a\u00e9ronautique\"><\/a><\/div><div><a id=\"lightbox-133455\" class=\"imgeffect zoom rt_lightbox\" data-gal-id=\"slider-carousel-315870\" data-rel=\"rt_lightbox\" title=\"Enlarge Image\" data-sub-html=\"Rack with helicopter parts\" data-src=\"\" data-width=\"\" data-height=\"\" data-poster=\"\" data-autoplay=\"\" data-audiotitle=\"\" data-download-url=\"false\" href=\"https:\/\/www.mathezfreight.com\/wp-content\/uploads\/photo-aerospace-rack-depositphoto.jpg\"><img decoding=\"async\" src=\"https:\/\/www.mathezfreight.com\/wp-content\/uploads\/photo-aerospace-rack-depositphoto-610x403.jpg\" width=\"610\" height=\"403\" alt=\"Rack avec pi\u00e8ces d&#039;h\u00e9licopt\u00e8res\"><\/a><\/div><div><a id=\"lightbox-510226\" class=\"imgeffect zoom rt_lightbox\" data-gal-id=\"slider-carousel-315870\" data-rel=\"rt_lightbox\" title=\"Enlarge Image\" data-sub-html=\"photo-jonathan-cars-2024-video-1\" data-src=\"\" data-width=\"\" data-height=\"\" data-poster=\"\" data-autoplay=\"\" data-audiotitle=\"\" data-download-url=\"false\" href=\"https:\/\/www.mathezfreight.com\/wp-content\/uploads\/photo-jonathan-cars-2024-video-1.jpg\"><img decoding=\"async\" src=\"https:\/\/www.mathezfreight.com\/wp-content\/uploads\/photo-jonathan-cars-2024-video-1-610x403.jpg\" width=\"610\" height=\"403\" alt=\"\"><\/a><\/div><div><a id=\"lightbox-709700\" class=\"imgeffect zoom rt_lightbox\" data-gal-id=\"slider-carousel-315870\" data-rel=\"rt_lightbox\" title=\"Enlarge Image\" data-sub-html=\"Out of Gauge transport: PushBack\" data-src=\"\" data-width=\"\" data-height=\"\" data-poster=\"\" data-autoplay=\"\" data-audiotitle=\"\" data-download-url=\"false\" href=\"https:\/\/www.mathezfreight.com\/wp-content\/uploads\/photo-pushback-jonathan-2.jpg\"><img decoding=\"async\" src=\"https:\/\/www.mathezfreight.com\/wp-content\/uploads\/photo-pushback-jonathan-2-610x403.jpg\" width=\"610\" height=\"403\" alt=\"Out of Gauge transport: PushBack\"><\/a><\/div><div><a id=\"lightbox-148867\" class=\"imgeffect zoom rt_lightbox\" data-gal-id=\"slider-carousel-315870\" data-rel=\"rt_lightbox\" title=\"Enlarge Image\" data-sub-html=\"315 tons of charter freight (CDG, June 2020)\" data-src=\"\" data-width=\"\" data-height=\"\" data-poster=\"\" data-autoplay=\"\" data-audiotitle=\"\" data-download-url=\"false\" href=\"https:\/\/www.mathezfreight.com\/wp-content\/uploads\/photo-charter-cdg-2-2020-06-19-07-02-21.jpg\"><img decoding=\"async\" src=\"https:\/\/www.mathezfreight.com\/wp-content\/uploads\/photo-charter-cdg-2-2020-06-19-07-02-21-610x403.jpg\" width=\"610\" height=\"403\" alt=\"315 tonnes de fret en charter (CDG, Juin 2020)\"><\/a><\/div><div><a id=\"lightbox-983219\" class=\"imgeffect zoom rt_lightbox\" data-gal-id=\"slider-carousel-315870\" data-rel=\"rt_lightbox\" title=\"Enlarge Image\" data-sub-html=\"315 tons of charter freight (CDG, June 2020)<br>315 tons of charter freight (CDG, June 2020)\" data-src=\"\" data-width=\"\" data-height=\"\" data-poster=\"\" data-autoplay=\"\" data-audiotitle=\"\" data-download-url=\"false\" href=\"https:\/\/www.mathezfreight.com\/wp-content\/uploads\/photo-charter-cdg-8-2020-06-22-08-40-38.jpg\"><img decoding=\"async\" src=\"https:\/\/www.mathezfreight.com\/wp-content\/uploads\/photo-charter-cdg-8-2020-06-22-08-40-38-610x403.jpg\" width=\"610\" height=\"403\" alt=\"315 tonnes de fret en charter (CDG, Juin 2020)\"><\/a><\/div><div><a id=\"lightbox-665643\" class=\"imgeffect zoom rt_lightbox\" data-gal-id=\"slider-carousel-315870\" data-rel=\"rt_lightbox\" title=\"Enlarge Image\" data-sub-html=\"photo-aog-cdg-loic-safran1<br>Mise en place d&#039;un convoi exceptionnel pour la livraison urgente chez son fabricant  d&#039;une pi\u00e8ce endommag\u00e9e lors d&#039;une manoeuvre de stationnement d&#039;un AIRBUS A 380 sur le tarmac de CDG, afin qu&#039;elle soit r\u00e9par\u00e9e: c&#039;est le type d&#039;op\u00e9ration que notre \u00e9quipe #AOG (Aviation On Ground) r\u00e9alise \u00e0 #CDG, 24\/24\" data-src=\"\" data-width=\"\" data-height=\"\" data-poster=\"\" data-autoplay=\"\" data-audiotitle=\"\" data-download-url=\"false\" href=\"https:\/\/www.mathezfreight.com\/wp-content\/uploads\/photo-aog-cdg-loic-safran1.jpg\"><img decoding=\"async\" src=\"https:\/\/www.mathezfreight.com\/wp-content\/uploads\/photo-aog-cdg-loic-safran1-610x403.jpg\" width=\"610\" height=\"403\" alt=\"Convoi exceptionnel #AOG\"><\/a><\/div><div><a id=\"lightbox-137293\" class=\"imgeffect zoom rt_lightbox\" data-gal-id=\"slider-carousel-315870\" data-rel=\"rt_lightbox\" title=\"Enlarge Image\" data-sub-html=\"Transport AOG de CDG 2023\" data-src=\"\" data-width=\"\" data-height=\"\" data-poster=\"\" data-autoplay=\"\" data-audiotitle=\"\" data-download-url=\"false\" href=\"https:\/\/www.mathezfreight.com\/wp-content\/uploads\/photo-aog-cdg-uk-mti.jpg\"><img decoding=\"async\" src=\"https:\/\/www.mathezfreight.com\/wp-content\/uploads\/photo-aog-cdg-uk-mti-610x403.jpg\" width=\"610\" height=\"403\" alt=\"Transport AOG de CDG 2023\"><\/a><\/div><div><a id=\"lightbox-983714\" class=\"imgeffect zoom rt_lightbox\" data-gal-id=\"slider-carousel-315870\" data-rel=\"rt_lightbox\" title=\"Enlarge Image\" data-sub-html=\"Regulated products - before air loading<br>\u00a9 MATHEZ FREIGHT (ALP)\" data-src=\"\" data-width=\"\" data-height=\"\" data-poster=\"\" data-autoplay=\"\" data-audiotitle=\"\" data-download-url=\"false\" href=\"https:\/\/www.mathezfreight.com\/wp-content\/uploads\/photo-futs-bleu-dangereux-agnes.jpg\"><img decoding=\"async\" src=\"https:\/\/www.mathezfreight.com\/wp-content\/uploads\/photo-futs-bleu-dangereux-agnes-610x403.jpg\" width=\"610\" height=\"403\" alt=\"Produits r\u00e9glement\u00e9s - avant chargement a\u00e9rien\"><\/a><\/div><div><a id=\"lightbox-284365\" class=\"imgeffect zoom rt_lightbox\" data-gal-id=\"slider-carousel-315870\" data-rel=\"rt_lightbox\" title=\"Enlarge Image\" data-sub-html=\"Dangerous goods - labelling for air transport<br>\u00a9 MATHEZ FREIGHT (ALP)\" data-src=\"\" data-width=\"\" data-height=\"\" data-poster=\"\" data-autoplay=\"\" data-audiotitle=\"\" data-download-url=\"false\" href=\"https:\/\/www.mathezfreight.com\/wp-content\/uploads\/photo-futs-dangereux-agnes.jpg\"><img decoding=\"async\" src=\"https:\/\/www.mathezfreight.com\/wp-content\/uploads\/photo-futs-dangereux-agnes-610x403.jpg\" width=\"610\" height=\"403\" alt=\"Produits dangereux - marquage pour transport a\u00e9rien\"><\/a><\/div><div><a id=\"lightbox-982974\" class=\"imgeffect zoom rt_lightbox\" data-gal-id=\"slider-carousel-315870\" data-rel=\"rt_lightbox\" title=\"Enlarge Image\" data-sub-html=\"Transport AOG de CDG 2023\" data-src=\"\" data-width=\"\" data-height=\"\" data-poster=\"\" data-autoplay=\"\" data-audiotitle=\"\" data-download-url=\"false\" href=\"https:\/\/www.mathezfreight.com\/wp-content\/uploads\/photo-aog-cdg-uk-mti-3.jpg\"><img decoding=\"async\" src=\"https:\/\/www.mathezfreight.com\/wp-content\/uploads\/photo-aog-cdg-uk-mti-3-610x403.jpg\" width=\"610\" height=\"403\" alt=\"Transport AOG de CDG 2023\"><\/a><\/div><div><a id=\"lightbox-291066\" class=\"imgeffect zoom rt_lightbox\" data-gal-id=\"slider-carousel-315870\" data-rel=\"rt_lightbox\" title=\"Enlarge Image\" data-sub-html=\"photo-helicoptere-monacair-2023-1\" data-src=\"\" data-width=\"\" data-height=\"\" data-poster=\"\" data-autoplay=\"\" data-audiotitle=\"\" data-download-url=\"false\" href=\"https:\/\/www.mathezfreight.com\/wp-content\/uploads\/photo-helicoptere-monacair-2023-1.jpg\"><img decoding=\"async\" src=\"https:\/\/www.mathezfreight.com\/wp-content\/uploads\/photo-helicoptere-monacair-2023-1-610x403.jpg\" width=\"610\" height=\"403\" alt=\"\"><\/a><\/div><div><a id=\"lightbox-167984\" class=\"imgeffect zoom rt_lightbox\" data-gal-id=\"slider-carousel-315870\" data-rel=\"rt_lightbox\" title=\"Enlarge Image\" data-sub-html=\"header-charter-cdg-alban\" data-src=\"\" data-width=\"\" data-height=\"\" data-poster=\"\" data-autoplay=\"\" data-audiotitle=\"\" data-download-url=\"false\" href=\"https:\/\/www.mathezfreight.com\/wp-content\/uploads\/header-charter-cdg-alban.jpg\"><img decoding=\"async\" src=\"https:\/\/www.mathezfreight.com\/wp-content\/uploads\/header-charter-cdg-alban-610x403.jpg\" width=\"610\" height=\"403\" alt=\"\"><\/a><\/div>\r\n\t\t\t\t\t<\/div>\r\n\t\t\t\t\t\r\n\t\t\t\t\t\r\n\t\t\t\t<\/div>\r\n\t\t\t\t\t\t\t<\/div>\n\t\t\t\t<\/div>\n\t\t\t\t\t<\/div>\n\t\t<\/div>\n\t\t\t\t<div class=\"elementor-column elementor-col-50 elementor-top-column elementor-element elementor-element-debe089\" data-id=\"debe089\" data-element_type=\"column\" data-e-type=\"column\">\n\t\t\t<div class=\"elementor-widget-wrap elementor-element-populated\">\n\t\t\t\t\t\t<div class=\"elementor-element elementor-element-5410caa elementor-widget elementor-widget-text-editor\" data-id=\"5410caa\" data-element_type=\"widget\" data-e-type=\"widget\" data-widget_type=\"text-editor.default\">\n\t\t\t\t<div class=\"elementor-widget-container\">\n\t\t\t\t\t\t\t\t\t<h2 style=\"text-align: center; margin-bottom: 5px;\">Our specialities at Paris-CDG<\/h2><p>\t \n\t\t<div  class=\"bullet-list style-1  check\">\n\t\t<\/p><ul><li><h6>The forwarder of forwarders in export and import: freight purchasing power at the service of colleagues as well as SMEs.<\/h6><\/li><li><h6>A service dedicated to <a href=\"https:\/\/www.mathezfreight.com\/en\/solutions\/freight\/aog\/\">aerospace solutions<\/a>, managing aircraft parts, AOG and chain break emergencies 24 hours a day.<\/h6><\/li><li><h6>A specialist in <a href=\"https:\/\/www.mathezfreight.com\/en\/solutions\/freight\/perfumes-cosmetics\/\" target=\"_blank\" rel=\"noopener\">cosmetics<\/a>, medical products and <a href=\"https:\/\/www.mathezfreight.com\/en\/solutions\/freight\/cars\/\">international vehicle transport<\/a>.<\/h6><\/li><li><h6>The central <a href=\"https:\/\/www.mathezfreight.com\/en\/services\/import\/\">import<\/a> and <a href=\"https:\/\/www.mathezfreight.com\/en\/services\/customs\/\">customs clearance<\/a> platform for France.<\/h6><p>\n\t\t<\/div>\n\t<\/p><\/li><\/ul>\t\t\t\t\t\t\t\t<\/div>\n\t\t\t\t<\/div>\n\t\t\t\t\t<\/div>\n\t\t<\/div>\n\t\t\t\t\t<\/div>\n\t\t<\/div>\n\t\t\t\t<div class=\"elementor-section elementor-top-section elementor-element elementor-element-a1a57ad mti-diapo specialites elementor-reverse-tablet elementor-reverse-mobile elementor-section-full_width elementor-section-height-default elementor-section-height-default default-style\" data-id=\"a1a57ad\" data-element_type=\"section\" data-e-type=\"section\" data-settings=\"{&quot;rt_color_sets&quot;:&quot;default-style&quot;}\">\n\t\t\t\t\t\t<div class=\"elementor-container elementor-column-gap-default\">\n\t\t\t\t\t<div class=\"elementor-column elementor-col-50 elementor-top-column elementor-element elementor-element-4598d9c\" data-id=\"4598d9c\" data-element_type=\"column\" data-e-type=\"column\">\n\t\t\t<div class=\"elementor-widget-wrap elementor-element-populated\">\n\t\t\t\t\t\t<div class=\"elementor-element elementor-element-cb7b3de elementor-widget elementor-widget-text-editor\" data-id=\"cb7b3de\" data-element_type=\"widget\" data-e-type=\"widget\" data-widget_type=\"text-editor.default\">\n\t\t\t\t<div class=\"elementor-widget-container\">\n\t\t\t\t\t\t\t\t\t<h2 style=\"text-align: center; margin-bottom: 5px;\">Our freight agency at Paris &#8211; CDG<\/h2><h6>Visit the MATHEZ FREIGHT offices in the Paris-Roissy (CDG) freight zone, and get a glimpse of our air, sea and customs forwarding teams.<\/h6><h6>Find out more about them <a href=\"https:\/\/www.mathezfreight.com\/en\/blog\/freight-forwarder-cdg\/\">here<\/a>.<\/h6>\t\t\t\t\t\t\t\t<\/div>\n\t\t\t\t<\/div>\n\t\t\t\t\t<\/div>\n\t\t<\/div>\n\t\t\t\t<div class=\"elementor-column elementor-col-50 elementor-top-column elementor-element elementor-element-83c044a\" data-id=\"83c044a\" data-element_type=\"column\" data-e-type=\"column\">\n\t\t\t<div class=\"elementor-widget-wrap elementor-element-populated\">\n\t\t\t\t\t\t<div class=\"elementor-element elementor-element-22cb6fb elementor-widget elementor-widget-video\" data-id=\"22cb6fb\" data-element_type=\"widget\" data-e-type=\"widget\" data-settings=\"{&quot;video_type&quot;:&quot;hosted&quot;,&quot;autoplay&quot;:&quot;yes&quot;,&quot;loop&quot;:&quot;yes&quot;,&quot;mute&quot;:&quot;yes&quot;,&quot;controls&quot;:&quot;yes&quot;}\" data-widget_type=\"video.default\">\n\t\t\t\t<div class=\"elementor-widget-container\">\n\t\t\t\t\t\t\t<div class=\"e-hosted-video elementor-wrapper elementor-open-inline\">\n\t\t\t\t\t<video class=\"elementor-video\" src=\"https:\/\/www.mathezfreight.com\/wp-content\/uploads\/video-cdg-bureau-mathez-mti-final-1.mp4\" autoplay=\"\" loop=\"\" controls=\"\" muted=\"muted\" controlsList=\"nodownload\"><\/video>\n\t\t\t\t<\/div>\n\t\t\t\t\t\t<\/div>\n\t\t\t\t<\/div>\n\t\t\t\t\t<\/div>\n\t\t<\/div>\n\t\t\t\t\t<\/div>\n\t\t<\/div>\n\t\t\t\t<aside class=\"elementor-section elementor-top-section elementor-element elementor-element-a5b280d mti-blog-grid single-post-bottom elementor-section-boxed elementor-section-height-default elementor-section-height-default default-style elementor-invisible\" data-id=\"a5b280d\" data-element_type=\"section\" data-e-type=\"section\" data-settings=\"{&quot;animation&quot;:&quot;fadeIn&quot;,&quot;background_background&quot;:&quot;classic&quot;,&quot;rt_color_sets&quot;:&quot;default-style&quot;}\">\n\t\t\t\t\t\t<div class=\"elementor-container elementor-column-gap-default\">\n\t\t\t\t\t<div class=\"elementor-column elementor-col-100 elementor-top-column elementor-element elementor-element-e866031\" data-id=\"e866031\" data-element_type=\"column\" data-e-type=\"column\">\n\t\t\t<div class=\"elementor-widget-wrap elementor-element-populated\">\n\t\t\t\t\t\t<div class=\"elementor-element elementor-element-cb4a1b0 elementor-widget elementor-widget-heading\" data-id=\"cb4a1b0\" data-element_type=\"widget\" data-e-type=\"widget\" data-widget_type=\"heading.default\">\n\t\t\t\t<div class=\"elementor-widget-container\">\n\t\t\t\t\t<h3 class=\"elementor-heading-title elementor-size-default\">News Updates<\/h3>\t\t\t\t<\/div>\n\t\t\t\t<\/div>\n\t\t\t\t<div class=\"elementor-element elementor-element-6f19d89 elementor-widget elementor-widget-lae-posts-carousel\" data-id=\"6f19d89\" data-element_type=\"widget\" data-e-type=\"widget\" data-widget_type=\"lae-posts-carousel.default\">\n\t\t\t\t<div class=\"elementor-widget-container\">\n\t\t\t\t\t\n<div        id=\"lae-posts-carousel-69f51030450bc\"\n        class=\"lae-posts-carousel lae-container lae-classic-skin\"\n        data-settings='{&quot;arrows&quot;:false,&quot;dots&quot;:true,&quot;autoplay&quot;:false,&quot;autoplay_speed&quot;:3000,&quot;animation_speed&quot;:300,&quot;pause_on_hover&quot;:true,&quot;adaptive_height&quot;:false,&quot;display_columns&quot;:4,&quot;scroll_columns&quot;:3,&quot;gutter&quot;:10,&quot;tablet_width&quot;:800,&quot;tablet_display_columns&quot;:2,&quot;tablet_scroll_columns&quot;:2,&quot;tablet_gutter&quot;:10,&quot;mobile_width&quot;:480,&quot;mobile_display_columns&quot;:1,&quot;mobile_scroll_columns&quot;:1,&quot;mobile_gutter&quot;:10}'>\n<div data-id=\"id-66258\" class=\"lae-posts-carousel-item\">\n\n    <article id=\"post-66258\" class=\"post-66258 post type-post status-publish format-standard has-post-thumbnail hentry category-corporate-en tag-air tag-aviation tag-oog cibles-agencies cibles-air cibles-featured cibles-network cibles-northern-france-agencies\">\n\n        \n            \n            \n            \n                <div class=\"lae-project-image\">\n\n                    \n                    \n                    \n                        <a href=\"https:\/\/www.mathezfreight.com\/en\/blog\/space-logistics-network-france\/\"><img decoding=\"async\" width=\"375\" height=\"250\" src=\"https:\/\/www.mathezfreight.com\/wp-content\/uploads\/photo-mathez-aerospace-space-logistics-network-1-375x250.webp\" class=\"lae-image attachment-mti-medium-classic size-mti-medium-classic\" alt=\"Space Logistics Network-SLN France\" title=\"Space Logistics Network-SLN France\" srcset=\"https:\/\/www.mathezfreight.com\/wp-content\/uploads\/photo-mathez-aerospace-space-logistics-network-1-375x250.webp 375w, https:\/\/www.mathezfreight.com\/wp-content\/uploads\/photo-mathez-aerospace-space-logistics-network-1-600x400.webp 600w, https:\/\/www.mathezfreight.com\/wp-content\/uploads\/photo-mathez-aerospace-space-logistics-network-1-1100x733.webp 1100w, https:\/\/www.mathezfreight.com\/wp-content\/uploads\/photo-mathez-aerospace-space-logistics-network-1-768x512.webp 768w, https:\/\/www.mathezfreight.com\/wp-content\/uploads\/photo-mathez-aerospace-space-logistics-network-1-274x183.webp 274w, https:\/\/www.mathezfreight.com\/wp-content\/uploads\/photo-mathez-aerospace-space-logistics-network-1-1200x800.webp 1200w, https:\/\/www.mathezfreight.com\/wp-content\/uploads\/photo-mathez-aerospace-space-logistics-network-1-610x406.webp 610w, https:\/\/www.mathezfreight.com\/wp-content\/uploads\/photo-mathez-aerospace-space-logistics-network-1.webp 1220w\" sizes=\"(max-width: 375px) 100vw, 375px\" \/><\/a>\n\n                    \n                    \n                        <div class=\"lae-image-info\">\n\n                            <div class=\"lae-entry-info\">\n\n                                \n                                    <h3 class=\"lae-post-title\">\n\n                                        <a href=\"https:\/\/www.mathezfreight.com\/en\/blog\/space-logistics-network-france\/\" title=\"MATHEZ FREIGHT AEROSPACE joins Space Logistics Network\"\n                                           rel=\"bookmark\">MATHEZ FREIGHT AEROSPACE joins Space Logistics Network<\/a>\n\n                                    <\/h3>\n\n                                \n                                \n                                    <span class=\"lae-terms\"><a href=\"https:\/\/www.mathezfreight.com\/en\/blog\/category\/corporate-en\/\">Corporate<\/a><\/span>\n                                \n                            <\/div>\n\n                        <\/div><!-- .lae-image-info -->\n\n                    \n                <\/div>\n\n            \n            \n                <div class=\"lae-entry-text-wrap \">\n\n                    \n                        <h3 class=\"entry-title\">\n\n                            <a href=\"https:\/\/www.mathezfreight.com\/en\/blog\/space-logistics-network-france\/\" title=\"MATHEZ FREIGHT AEROSPACE joins Space Logistics Network\"\n                               rel=\"bookmark\">MATHEZ FREIGHT AEROSPACE joins Space Logistics Network<\/a>\n\n                        <\/h3>\n\n                    \n                    \n                    \n                    \n                <\/div>\n\n            \n        \n    <\/article><!-- .hentry -->\n\n<\/div><!-- .lae-posts-carousel-item -->\n<div data-id=\"id-66230\" class=\"lae-posts-carousel-item\">\n\n    <article id=\"post-66230\" class=\"post-66230 post type-post status-publish format-standard has-post-thumbnail hentry category-corporate-en tag-air tag-aviation tag-oog cibles-air cibles-featured cibles-network cibles-northern-france-agencies\">\n\n        \n            \n            \n            \n                <div class=\"lae-project-image\">\n\n                    \n                    \n                    \n                        <a href=\"https:\/\/www.mathezfreight.com\/en\/blog\/aog-aerospace-logistics-aln-france\/\"><img decoding=\"async\" width=\"375\" height=\"250\" src=\"https:\/\/www.mathezfreight.com\/wp-content\/uploads\/photo-mathez-aviation-logistics-network-375x250.jpg\" class=\"lae-image attachment-mti-medium-classic size-mti-medium-classic\" alt=\"AOG-ALN-Slider-heroe\" title=\"MATHEZ AEROSPACE &amp; Aviation Logistics Network\" srcset=\"https:\/\/www.mathezfreight.com\/wp-content\/uploads\/photo-mathez-aviation-logistics-network-375x250.jpg 375w, https:\/\/www.mathezfreight.com\/wp-content\/uploads\/photo-mathez-aviation-logistics-network-600x400.jpg 600w, https:\/\/www.mathezfreight.com\/wp-content\/uploads\/photo-mathez-aviation-logistics-network-1100x733.jpg 1100w, https:\/\/www.mathezfreight.com\/wp-content\/uploads\/photo-mathez-aviation-logistics-network-768x512.jpg 768w, https:\/\/www.mathezfreight.com\/wp-content\/uploads\/photo-mathez-aviation-logistics-network-274x183.jpg 274w, https:\/\/www.mathezfreight.com\/wp-content\/uploads\/photo-mathez-aviation-logistics-network-1200x800.jpg 1200w, https:\/\/www.mathezfreight.com\/wp-content\/uploads\/photo-mathez-aviation-logistics-network-610x406.jpg 610w, https:\/\/www.mathezfreight.com\/wp-content\/uploads\/photo-mathez-aviation-logistics-network.jpg 1220w\" sizes=\"(max-width: 375px) 100vw, 375px\" \/><\/a>\n\n                    \n                    \n                        <div class=\"lae-image-info\">\n\n                            <div class=\"lae-entry-info\">\n\n                                \n                                    <h3 class=\"lae-post-title\">\n\n                                        <a href=\"https:\/\/www.mathezfreight.com\/en\/blog\/aog-aerospace-logistics-aln-france\/\" title=\"AOG &amp; Aviation Logistics: ALN has its partner in France\"\n                                           rel=\"bookmark\">AOG &amp; Aviation Logistics: ALN has its partner in France<\/a>\n\n                                    <\/h3>\n\n                                \n                                \n                                    <span class=\"lae-terms\"><a href=\"https:\/\/www.mathezfreight.com\/en\/blog\/category\/corporate-en\/\">Corporate<\/a><\/span>\n                                \n                            <\/div>\n\n                        <\/div><!-- .lae-image-info -->\n\n                    \n                <\/div>\n\n            \n            \n                <div class=\"lae-entry-text-wrap \">\n\n                    \n                        <h3 class=\"entry-title\">\n\n                            <a href=\"https:\/\/www.mathezfreight.com\/en\/blog\/aog-aerospace-logistics-aln-france\/\" title=\"AOG &amp; Aviation Logistics: ALN has its partner in France\"\n                               rel=\"bookmark\">AOG &amp; Aviation Logistics: ALN has its partner in France<\/a>\n\n                        <\/h3>\n\n                    \n                    \n                    \n                    \n                <\/div>\n\n            \n        \n    <\/article><!-- .hentry -->\n\n<\/div><!-- .lae-posts-carousel-item -->\n<div data-id=\"id-63723\" class=\"lae-posts-carousel-item\">\n\n    <article id=\"post-63723\" class=\"post-63723 post type-post status-publish format-standard has-post-thumbnail hentry category-freight-tips category-projects tag-customs cibles-customs cibles-northern-france-agencies cibles-sea\">\n\n        \n            \n            \n            \n                <div class=\"lae-project-image\">\n\n                    \n                    \n                    \n                        <a href=\"https:\/\/www.mathezfreight.com\/en\/blog\/delta-ie-import-transition-france\/\"><img decoding=\"async\" width=\"375\" height=\"250\" src=\"https:\/\/www.mathezfreight.com\/wp-content\/uploads\/photo-delta-ie-bascule-375x250.jpg\" class=\"lae-image attachment-mti-medium-classic size-mti-medium-classic\" alt=\"photo-delta-ie-bascule\" title=\"photo-delta-ie-bascule\" srcset=\"https:\/\/www.mathezfreight.com\/wp-content\/uploads\/photo-delta-ie-bascule-375x250.jpg 375w, https:\/\/www.mathezfreight.com\/wp-content\/uploads\/photo-delta-ie-bascule-274x183.jpg 274w\" sizes=\"(max-width: 375px) 100vw, 375px\" \/><\/a>\n\n                    \n                    \n                        <div class=\"lae-image-info\">\n\n                            <div class=\"lae-entry-info\">\n\n                                \n                                    <h3 class=\"lae-post-title\">\n\n                                        <a href=\"https:\/\/www.mathezfreight.com\/en\/blog\/delta-ie-import-transition-france\/\" title=\"Imports into France: rolling out a new EU Customs system \u2013 DELTA IE\"\n                                           rel=\"bookmark\">Imports into France: rolling out a new EU Customs system \u2013 DELTA IE<\/a>\n\n                                    <\/h3>\n\n                                \n                                \n                                    <span class=\"lae-terms\"><a href=\"https:\/\/www.mathezfreight.com\/en\/blog\/category\/freight-tips\/\">Freight Tips<\/a>, <a href=\"https:\/\/www.mathezfreight.com\/en\/blog\/category\/projects\/\">Operations<\/a><\/span>\n                                \n                            <\/div>\n\n                        <\/div><!-- .lae-image-info -->\n\n                    \n                <\/div>\n\n            \n            \n                <div class=\"lae-entry-text-wrap \">\n\n                    \n                        <h3 class=\"entry-title\">\n\n                            <a href=\"https:\/\/www.mathezfreight.com\/en\/blog\/delta-ie-import-transition-france\/\" title=\"Imports into France: rolling out a new EU Customs system \u2013 DELTA IE\"\n                               rel=\"bookmark\">Imports into France: rolling out a new EU Customs system \u2013 DELTA IE<\/a>\n\n                        <\/h3>\n\n                    \n                    \n                    \n                    \n                <\/div>\n\n            \n        \n    <\/article><!-- .hentry -->\n\n<\/div><!-- .lae-posts-carousel-item -->\n<div data-id=\"id-65263\" class=\"lae-posts-carousel-item\">\n\n    <article id=\"post-65263\" class=\"post-65263 post type-post status-publish format-standard has-post-thumbnail hentry category-freight-tips tag-customs tag-decarbonation cibles-aromas cibles-customs cibles-featured cibles-import-en cibles-northern-france-agencies\">\n\n        \n            \n            \n            \n                <div class=\"lae-project-image\">\n\n                    \n                    \n                    \n                        <a href=\"https:\/\/www.mathezfreight.com\/en\/blog\/eudr-deforestation-customs-2026-2027\/\"><img decoding=\"async\" width=\"375\" height=\"250\" src=\"https:\/\/www.mathezfreight.com\/wp-content\/uploads\/photo-forets-rdue-depositphotos_170188894_l-375x250.jpg\" class=\"lae-image attachment-mti-medium-classic size-mti-medium-classic\" alt=\"EUDR deforestation regulation Europe\" title=\"EUDR deforestation regulation Europe\" srcset=\"https:\/\/www.mathezfreight.com\/wp-content\/uploads\/photo-forets-rdue-depositphotos_170188894_l-375x250.jpg 375w, https:\/\/www.mathezfreight.com\/wp-content\/uploads\/photo-forets-rdue-depositphotos_170188894_l-600x400.jpg 600w, https:\/\/www.mathezfreight.com\/wp-content\/uploads\/photo-forets-rdue-depositphotos_170188894_l-1100x733.jpg 1100w, https:\/\/www.mathezfreight.com\/wp-content\/uploads\/photo-forets-rdue-depositphotos_170188894_l-768x512.jpg 768w, https:\/\/www.mathezfreight.com\/wp-content\/uploads\/photo-forets-rdue-depositphotos_170188894_l-274x183.jpg 274w, https:\/\/www.mathezfreight.com\/wp-content\/uploads\/photo-forets-rdue-depositphotos_170188894_l-1200x800.jpg 1200w, https:\/\/www.mathezfreight.com\/wp-content\/uploads\/photo-forets-rdue-depositphotos_170188894_l-610x406.jpg 610w, https:\/\/www.mathezfreight.com\/wp-content\/uploads\/photo-forets-rdue-depositphotos_170188894_l.jpg 1220w\" sizes=\"(max-width: 375px) 100vw, 375px\" \/><\/a>\n\n                    \n                    \n                        <div class=\"lae-image-info\">\n\n                            <div class=\"lae-entry-info\">\n\n                                \n                                    <h3 class=\"lae-post-title\">\n\n                                        <a href=\"https:\/\/www.mathezfreight.com\/en\/blog\/eudr-deforestation-customs-2026-2027\/\" title=\"EU anti-deforestation regulation (EUDR): anticipate your customs obligations 2026-2027\"\n                                           rel=\"bookmark\">EU anti-deforestation regulation (EUDR): anticipate your customs obligations 2026-2027<\/a>\n\n                                    <\/h3>\n\n                                \n                                \n                                    <span class=\"lae-terms\"><a href=\"https:\/\/www.mathezfreight.com\/en\/blog\/category\/freight-tips\/\">Freight Tips<\/a><\/span>\n                                \n                            <\/div>\n\n                        <\/div><!-- .lae-image-info -->\n\n                    \n                <\/div>\n\n            \n            \n                <div class=\"lae-entry-text-wrap \">\n\n                    \n                        <h3 class=\"entry-title\">\n\n                            <a href=\"https:\/\/www.mathezfreight.com\/en\/blog\/eudr-deforestation-customs-2026-2027\/\" title=\"EU anti-deforestation regulation (EUDR): anticipate your customs obligations 2026-2027\"\n                               rel=\"bookmark\">EU anti-deforestation regulation (EUDR): anticipate your customs obligations 2026-2027<\/a>\n\n                        <\/h3>\n\n                    \n                    \n                    \n                    \n                <\/div>\n\n            \n        \n    <\/article><!-- .hentry -->\n\n<\/div><!-- .lae-posts-carousel-item -->\n<div data-id=\"id-36809\" class=\"lae-posts-carousel-item\">\n\n    <article id=\"post-36809\" class=\"post-36809 post type-post status-publish format-standard has-post-thumbnail hentry category-freight-tips tag-customs cibles-customs cibles-featured cibles-import-en cibles-northern-france-agencies cibles-southern-agencies\">\n\n        \n            \n            \n            \n                <div class=\"lae-project-image\">\n\n                    \n                    \n                    \n                        <a href=\"https:\/\/www.mathezfreight.com\/en\/blog\/eu-customs-tariffs-last-update\/\"><img decoding=\"async\" width=\"375\" height=\"250\" src=\"https:\/\/www.mathezfreight.com\/wp-content\/uploads\/photo-code-douanier-2020-375x250.jpg\" class=\"lae-image attachment-mti-medium-classic size-mti-medium-classic\" alt=\"Customs code: find it in the Customs Tariff 2020\" title=\"Customs code: find it in the Customs Tariff 2020\" srcset=\"https:\/\/www.mathezfreight.com\/wp-content\/uploads\/photo-code-douanier-2020-375x250.jpg 375w, https:\/\/www.mathezfreight.com\/wp-content\/uploads\/photo-code-douanier-2020-274x183.jpg 274w, https:\/\/www.mathezfreight.com\/wp-content\/uploads\/photo-code-douanier-2020-1200x800.jpg 1200w\" sizes=\"(max-width: 375px) 100vw, 375px\" \/><\/a>\n\n                    \n                    \n                        <div class=\"lae-image-info\">\n\n                            <div class=\"lae-entry-info\">\n\n                                \n                                    <h3 class=\"lae-post-title\">\n\n                                        <a href=\"https:\/\/www.mathezfreight.com\/en\/blog\/eu-customs-tariffs-last-update\/\" title=\"How to check your customs codes and tariffs in 2026?\"\n                                           rel=\"bookmark\">How to check your customs codes and tariffs in 2026?<\/a>\n\n                                    <\/h3>\n\n                                \n                                \n                                    <span class=\"lae-terms\"><a href=\"https:\/\/www.mathezfreight.com\/en\/blog\/category\/freight-tips\/\">Freight Tips<\/a><\/span>\n                                \n                            <\/div>\n\n                        <\/div><!-- .lae-image-info -->\n\n                    \n                <\/div>\n\n            \n            \n                <div class=\"lae-entry-text-wrap \">\n\n                    \n                        <h3 class=\"entry-title\">\n\n                            <a href=\"https:\/\/www.mathezfreight.com\/en\/blog\/eu-customs-tariffs-last-update\/\" title=\"How to check your customs codes and tariffs in 2026?\"\n                               rel=\"bookmark\">How to check your customs codes and tariffs in 2026?<\/a>\n\n                        <\/h3>\n\n                    \n                    \n                    \n                    \n                <\/div>\n\n            \n        \n    <\/article><!-- .hentry -->\n\n<\/div><!-- .lae-posts-carousel-item -->\n<div data-id=\"id-51491\" class=\"lae-posts-carousel-item\">\n\n    <article id=\"post-51491\" class=\"post-51491 post type-post status-publish format-standard has-post-thumbnail hentry category-freight-tips tag-customs tag-international-tag cibles-customs cibles-featured cibles-import-en cibles-northern-france-agencies\">\n\n        \n            \n            \n            \n                <div class=\"lae-project-image\">\n\n                    \n                    \n                    \n                        <a href=\"https:\/\/www.mathezfreight.com\/en\/blog\/eori-numbers-changes-in-2026-france-eu\/\"><img decoding=\"async\" width=\"375\" height=\"250\" src=\"https:\/\/www.mathezfreight.com\/wp-content\/uploads\/photo-eori-france-2024-2026-375x250.png\" class=\"lae-image attachment-mti-medium-classic size-mti-medium-classic\" alt=\"photo-eori-france-2024-2026\" title=\"EORI numbers: changes 2024-2026\" srcset=\"https:\/\/www.mathezfreight.com\/wp-content\/uploads\/photo-eori-france-2024-2026-375x250.png 375w, https:\/\/www.mathezfreight.com\/wp-content\/uploads\/photo-eori-france-2024-2026-274x183.png 274w, https:\/\/www.mathezfreight.com\/wp-content\/uploads\/photo-eori-france-2024-2026-1200x800.png 1200w, https:\/\/www.mathezfreight.com\/wp-content\/uploads\/photo-eori-france-2024-2026-25x16.png 25w, https:\/\/www.mathezfreight.com\/wp-content\/uploads\/photo-eori-france-2024-2026-68x45.png 68w\" sizes=\"(max-width: 375px) 100vw, 375px\" \/><\/a>\n\n                    \n                    \n                        <div class=\"lae-image-info\">\n\n                            <div class=\"lae-entry-info\">\n\n                                \n                                    <h3 class=\"lae-post-title\">\n\n                                        <a href=\"https:\/\/www.mathezfreight.com\/en\/blog\/eori-numbers-changes-in-2026-france-eu\/\" title=\"EORI numbers: what&#8217;s changing in 2026 in France\"\n                                           rel=\"bookmark\">EORI numbers: what&#8217;s changing in 2026 in France<\/a>\n\n                                    <\/h3>\n\n                                \n                                \n                                    <span class=\"lae-terms\"><a href=\"https:\/\/www.mathezfreight.com\/en\/blog\/category\/freight-tips\/\">Freight Tips<\/a><\/span>\n                                \n                            <\/div>\n\n                        <\/div><!-- .lae-image-info -->\n\n                    \n                <\/div>\n\n            \n            \n                <div class=\"lae-entry-text-wrap \">\n\n                    \n                        <h3 class=\"entry-title\">\n\n                            <a href=\"https:\/\/www.mathezfreight.com\/en\/blog\/eori-numbers-changes-in-2026-france-eu\/\" title=\"EORI numbers: what&#8217;s changing in 2026 in France\"\n                               rel=\"bookmark\">EORI numbers: what&#8217;s changing in 2026 in France<\/a>\n\n                        <\/h3>\n\n                    \n                    \n                    \n                    \n                <\/div>\n\n            \n        \n    <\/article><!-- .hentry -->\n\n<\/div><!-- .lae-posts-carousel-item -->\n<div data-id=\"id-64866\" class=\"lae-posts-carousel-item\">\n\n    <article id=\"post-64866\" class=\"post-64866 post type-post status-publish format-standard has-post-thumbnail hentry category-projects tag-air tag-aviation tag-oog cibles-agencies cibles-air cibles-northern-france-agencies\">\n\n        \n            \n            \n            \n                <div class=\"lae-project-image\">\n\n                    \n                    \n                    \n                        <a href=\"https:\/\/www.mathezfreight.com\/en\/blog\/smooth-operation\/\"><img decoding=\"async\" width=\"375\" height=\"250\" src=\"https:\/\/www.mathezfreight.com\/wp-content\/uploads\/photo-helico-17-1-375x250.jpeg\" class=\"lae-image attachment-mti-medium-classic size-mti-medium-classic\" alt=\"Transport of aeronautical and aviation parts\" title=\"Transport of aeronautical and aviation parts\" srcset=\"https:\/\/www.mathezfreight.com\/wp-content\/uploads\/photo-helico-17-1-375x250.jpeg 375w, https:\/\/www.mathezfreight.com\/wp-content\/uploads\/photo-helico-17-1-274x183.jpeg 274w, https:\/\/www.mathezfreight.com\/wp-content\/uploads\/photo-helico-17-1-1200x800.jpeg 1200w\" sizes=\"(max-width: 375px) 100vw, 375px\" \/><\/a>\n\n                    \n                    \n                        <div class=\"lae-image-info\">\n\n                            <div class=\"lae-entry-info\">\n\n                                \n                                    <h3 class=\"lae-post-title\">\n\n                                        <a href=\"https:\/\/www.mathezfreight.com\/en\/blog\/smooth-operation\/\" title=\"Helicopters delivered in 24 hours: a flawless operation\"\n                                           rel=\"bookmark\">Helicopters delivered in 24 hours: a flawless operation<\/a>\n\n                                    <\/h3>\n\n                                \n                                \n                                    <span class=\"lae-terms\"><a href=\"https:\/\/www.mathezfreight.com\/en\/blog\/category\/projects\/\">Operations<\/a><\/span>\n                                \n                            <\/div>\n\n                        <\/div><!-- .lae-image-info -->\n\n                    \n                <\/div>\n\n            \n            \n                <div class=\"lae-entry-text-wrap \">\n\n                    \n                        <h3 class=\"entry-title\">\n\n                            <a href=\"https:\/\/www.mathezfreight.com\/en\/blog\/smooth-operation\/\" title=\"Helicopters delivered in 24 hours: a flawless operation\"\n                               rel=\"bookmark\">Helicopters delivered in 24 hours: a flawless operation<\/a>\n\n                        <\/h3>\n\n                    \n                    \n                    \n                    \n                <\/div>\n\n            \n        \n    <\/article><!-- .hentry -->\n\n<\/div><!-- .lae-posts-carousel-item -->\n<div data-id=\"id-62274\" class=\"lae-posts-carousel-item\">\n\n    <article id=\"post-62274\" class=\"post-62274 post type-post status-publish format-standard has-post-thumbnail hentry category-corporate-en cibles-agencies cibles-network cibles-northern-france-agencies cibles-southern-agencies\">\n\n        \n            \n            \n            \n                <div class=\"lae-project-image\">\n\n                    \n                    \n                    \n                        <a href=\"https:\/\/www.mathezfreight.com\/en\/blog\/75-years-mathez-birthday\/\"><img decoding=\"async\" width=\"375\" height=\"250\" src=\"https:\/\/www.mathezfreight.com\/wp-content\/uploads\/photo-soiree-nice-75ans-375x250.jpg\" class=\"lae-image attachment-mti-medium-classic size-mti-medium-classic\" alt=\"photo-soiree-nice-75ans\" title=\"photo-soiree-nice-75ans\" srcset=\"https:\/\/www.mathezfreight.com\/wp-content\/uploads\/photo-soiree-nice-75ans-375x250.jpg 375w, https:\/\/www.mathezfreight.com\/wp-content\/uploads\/photo-soiree-nice-75ans-600x400.jpg 600w, https:\/\/www.mathezfreight.com\/wp-content\/uploads\/photo-soiree-nice-75ans-1100x733.jpg 1100w, https:\/\/www.mathezfreight.com\/wp-content\/uploads\/photo-soiree-nice-75ans-768x512.jpg 768w, https:\/\/www.mathezfreight.com\/wp-content\/uploads\/photo-soiree-nice-75ans-274x183.jpg 274w, https:\/\/www.mathezfreight.com\/wp-content\/uploads\/photo-soiree-nice-75ans-1200x800.jpg 1200w, https:\/\/www.mathezfreight.com\/wp-content\/uploads\/photo-soiree-nice-75ans-610x406.jpg 610w, https:\/\/www.mathezfreight.com\/wp-content\/uploads\/photo-soiree-nice-75ans.jpg 1220w\" sizes=\"(max-width: 375px) 100vw, 375px\" \/><\/a>\n\n                    \n                    \n                        <div class=\"lae-image-info\">\n\n                            <div class=\"lae-entry-info\">\n\n                                \n                                    <h3 class=\"lae-post-title\">\n\n                                        <a href=\"https:\/\/www.mathezfreight.com\/en\/blog\/75-years-mathez-birthday\/\" title=\"75 years in good company\"\n                                           rel=\"bookmark\">75 years in good company<\/a>\n\n                                    <\/h3>\n\n                                \n                                \n                                    <span class=\"lae-terms\"><a href=\"https:\/\/www.mathezfreight.com\/en\/blog\/category\/corporate-en\/\">Corporate<\/a><\/span>\n                                \n                            <\/div>\n\n                        <\/div><!-- .lae-image-info -->\n\n                    \n                <\/div>\n\n            \n            \n                <div class=\"lae-entry-text-wrap \">\n\n                    \n                        <h3 class=\"entry-title\">\n\n                            <a href=\"https:\/\/www.mathezfreight.com\/en\/blog\/75-years-mathez-birthday\/\" title=\"75 years in good company\"\n                               rel=\"bookmark\">75 years in good company<\/a>\n\n                        <\/h3>\n\n                    \n                    \n                    \n                    \n                <\/div>\n\n            \n        \n    <\/article><!-- .hentry -->\n\n<\/div><!-- .lae-posts-carousel-item -->\n<div data-id=\"id-61886\" class=\"lae-posts-carousel-item\">\n\n    <article id=\"post-61886\" class=\"post-61886 post type-post status-publish format-standard has-post-thumbnail hentry category-freight-tips tag-customs cibles-customs cibles-northern-france-agencies cibles-vat\">\n\n        \n            \n            \n            \n                <div class=\"lae-project-image\">\n\n                    \n                    \n                    \n                        <a href=\"https:\/\/www.mathezfreight.com\/en\/blog\/after-sales-shipments-customs\/\"><img decoding=\"async\" width=\"375\" height=\"250\" src=\"https:\/\/www.mathezfreight.com\/wp-content\/uploads\/photo_sav_depositphotos_129681550_XL-375x250.jpg\" class=\"lae-image attachment-mti-medium-classic size-mti-medium-classic\" alt=\"International after-sales service Customs and VAT\" title=\"International after-sales service Customs and VAT\" srcset=\"https:\/\/www.mathezfreight.com\/wp-content\/uploads\/photo_sav_depositphotos_129681550_XL-375x250.jpg 375w, https:\/\/www.mathezfreight.com\/wp-content\/uploads\/photo_sav_depositphotos_129681550_XL-274x183.jpg 274w\" sizes=\"(max-width: 375px) 100vw, 375px\" \/><\/a>\n\n                    \n                    \n                        <div class=\"lae-image-info\">\n\n                            <div class=\"lae-entry-info\">\n\n                                \n                                    <h3 class=\"lae-post-title\">\n\n                                        <a href=\"https:\/\/www.mathezfreight.com\/en\/blog\/after-sales-shipments-customs\/\" title=\"International after-sales returns: customs solutions for manufacturers\"\n                                           rel=\"bookmark\">International after-sales returns: customs solutions for manufacturers<\/a>\n\n                                    <\/h3>\n\n                                \n                                \n                                    <span class=\"lae-terms\"><a href=\"https:\/\/www.mathezfreight.com\/en\/blog\/category\/freight-tips\/\">Freight Tips<\/a><\/span>\n                                \n                            <\/div>\n\n                        <\/div><!-- .lae-image-info -->\n\n                    \n                <\/div>\n\n            \n            \n                <div class=\"lae-entry-text-wrap \">\n\n                    \n                        <h3 class=\"entry-title\">\n\n                            <a href=\"https:\/\/www.mathezfreight.com\/en\/blog\/after-sales-shipments-customs\/\" title=\"International after-sales returns: customs solutions for manufacturers\"\n                               rel=\"bookmark\">International after-sales returns: customs solutions for manufacturers<\/a>\n\n                        <\/h3>\n\n                    \n                    \n                    \n                    \n                <\/div>\n\n            \n        \n    <\/article><!-- .hentry -->\n\n<\/div><!-- .lae-posts-carousel-item -->\n<div data-id=\"id-61773\" class=\"lae-posts-carousel-item\">\n\n    <article id=\"post-61773\" class=\"post-61773 post type-post status-publish format-standard has-post-thumbnail hentry category-corporate-en tag-networks cibles-exhibitions-congresses cibles-network cibles-northern-france-agencies cibles-southern-agencies\">\n\n        \n            \n            \n            \n                <div class=\"lae-project-image\">\n\n                    \n                    \n                    \n                        <a href=\"https:\/\/www.mathezfreight.com\/en\/blog\/mathez-wca-live-events-france\/\"><img decoding=\"async\" width=\"375\" height=\"250\" src=\"https:\/\/www.mathezfreight.com\/wp-content\/uploads\/photo-onsite-tfwa-2018-218-375x250.jpg\" class=\"lae-image attachment-mti-medium-classic size-mti-medium-classic\" alt=\"MATHEZ ONSITE LOGISTICS provider of the TFWA in Cannes\" title=\"MATHEZ ONSITE LOGISTICS provider of the TFWA in Cannes\" srcset=\"https:\/\/www.mathezfreight.com\/wp-content\/uploads\/photo-onsite-tfwa-2018-218-375x250.jpg 375w, https:\/\/www.mathezfreight.com\/wp-content\/uploads\/photo-onsite-tfwa-2018-218-600x400.jpg 600w, https:\/\/www.mathezfreight.com\/wp-content\/uploads\/photo-onsite-tfwa-2018-218-768x512.jpg 768w, https:\/\/www.mathezfreight.com\/wp-content\/uploads\/photo-onsite-tfwa-2018-218-1100x733.jpg 1100w, https:\/\/www.mathezfreight.com\/wp-content\/uploads\/photo-onsite-tfwa-2018-218-1285x857.jpg 1285w, https:\/\/www.mathezfreight.com\/wp-content\/uploads\/photo-onsite-tfwa-2018-218-25x17.jpg 25w, https:\/\/www.mathezfreight.com\/wp-content\/uploads\/photo-onsite-tfwa-2018-218-68x45.jpg 68w, https:\/\/www.mathezfreight.com\/wp-content\/uploads\/photo-onsite-tfwa-2018-218-274x183.jpg 274w, https:\/\/www.mathezfreight.com\/wp-content\/uploads\/photo-onsite-tfwa-2018-218-1200x800.jpg 1200w, https:\/\/www.mathezfreight.com\/wp-content\/uploads\/photo-onsite-tfwa-2018-218-450x300.jpg 450w, https:\/\/www.mathezfreight.com\/wp-content\/uploads\/photo-onsite-tfwa-2018-218-75x50.jpg 75w, https:\/\/www.mathezfreight.com\/wp-content\/uploads\/photo-onsite-tfwa-2018-218.jpg 2000w\" sizes=\"(max-width: 375px) 100vw, 375px\" \/><\/a>\n\n                    \n                    \n                        <div class=\"lae-image-info\">\n\n                            <div class=\"lae-entry-info\">\n\n                                \n                                    <h3 class=\"lae-post-title\">\n\n                                        <a href=\"https:\/\/www.mathezfreight.com\/en\/blog\/mathez-wca-live-events-france\/\" title=\"MATHEZ FREIGHT joins WCA Live Events &amp; Expo\"\n                                           rel=\"bookmark\">MATHEZ FREIGHT joins WCA Live Events &amp; Expo<\/a>\n\n                                    <\/h3>\n\n                                \n                                \n                                    <span class=\"lae-terms\"><a href=\"https:\/\/www.mathezfreight.com\/en\/blog\/category\/corporate-en\/\">Corporate<\/a><\/span>\n                                \n                            <\/div>\n\n                        <\/div><!-- .lae-image-info -->\n\n                    \n                <\/div>\n\n            \n            \n                <div class=\"lae-entry-text-wrap \">\n\n                    \n                        <h3 class=\"entry-title\">\n\n                            <a href=\"https:\/\/www.mathezfreight.com\/en\/blog\/mathez-wca-live-events-france\/\" title=\"MATHEZ FREIGHT joins WCA Live Events &amp; Expo\"\n                               rel=\"bookmark\">MATHEZ FREIGHT joins WCA Live Events &amp; Expo<\/a>\n\n                        <\/h3>\n\n                    \n                    \n                    \n                    \n                <\/div>\n\n            \n        \n    <\/article><!-- .hentry -->\n\n<\/div><!-- .lae-posts-carousel-item -->\n<div data-id=\"id-35401\" class=\"lae-posts-carousel-item\">\n\n    <article id=\"post-35401\" class=\"post-35401 post type-post status-publish format-standard has-post-thumbnail hentry category-projects tag-car-shipping cibles-agencies cibles-air cibles-cars cibles-northern-france-agencies cibles-sea cibles-southern-agencies cibles-valuable\">\n\n        \n            \n            \n            \n                <div class=\"lae-project-image\">\n\n                    \n                    \n                    \n                        <a href=\"https:\/\/www.mathezfreight.com\/en\/blog\/import-export-cars-france\/\"><img decoding=\"async\" width=\"375\" height=\"250\" src=\"https:\/\/www.mathezfreight.com\/wp-content\/uploads\/photo-2cars-aeroport-2020-1-375x250.jpg\" class=\"lae-image attachment-mti-medium-classic size-mti-medium-classic\" alt=\"photo-2cars-aeroport-2020\" title=\"photo-2cars-aeroport-2020\" srcset=\"https:\/\/www.mathezfreight.com\/wp-content\/uploads\/photo-2cars-aeroport-2020-1-375x250.jpg 375w, https:\/\/www.mathezfreight.com\/wp-content\/uploads\/photo-2cars-aeroport-2020-1-600x400.jpg 600w, https:\/\/www.mathezfreight.com\/wp-content\/uploads\/photo-2cars-aeroport-2020-1-768x513.jpg 768w, https:\/\/www.mathezfreight.com\/wp-content\/uploads\/photo-2cars-aeroport-2020-1-1100x735.jpg 1100w, https:\/\/www.mathezfreight.com\/wp-content\/uploads\/photo-2cars-aeroport-2020-1-274x183.jpg 274w, https:\/\/www.mathezfreight.com\/wp-content\/uploads\/photo-2cars-aeroport-2020-1-1200x800.jpg 1200w, https:\/\/www.mathezfreight.com\/wp-content\/uploads\/photo-2cars-aeroport-2020-1-610x407.jpg 610w, https:\/\/www.mathezfreight.com\/wp-content\/uploads\/photo-2cars-aeroport-2020-1.jpg 1220w\" sizes=\"(max-width: 375px) 100vw, 375px\" \/><\/a>\n\n                    \n                    \n                        <div class=\"lae-image-info\">\n\n                            <div class=\"lae-entry-info\">\n\n                                \n                                    <h3 class=\"lae-post-title\">\n\n                                        <a href=\"https:\/\/www.mathezfreight.com\/en\/blog\/import-export-cars-france\/\" title=\"Our most beautiful cars, import\/export France\"\n                                           rel=\"bookmark\">Our most beautiful cars, import\/export France<\/a>\n\n                                    <\/h3>\n\n                                \n                                \n                                    <span class=\"lae-terms\"><a href=\"https:\/\/www.mathezfreight.com\/en\/blog\/category\/projects\/\">Operations<\/a><\/span>\n                                \n                            <\/div>\n\n                        <\/div><!-- .lae-image-info -->\n\n                    \n                <\/div>\n\n            \n            \n                <div class=\"lae-entry-text-wrap \">\n\n                    \n                        <h3 class=\"entry-title\">\n\n                            <a href=\"https:\/\/www.mathezfreight.com\/en\/blog\/import-export-cars-france\/\" title=\"Our most beautiful cars, import\/export France\"\n                               rel=\"bookmark\">Our most beautiful cars, import\/export France<\/a>\n\n                        <\/h3>\n\n                    \n                    \n                    \n                    \n                <\/div>\n\n            \n        \n    <\/article><!-- .hentry -->\n\n<\/div><!-- .lae-posts-carousel-item -->\n<div data-id=\"id-59182\" class=\"lae-posts-carousel-item\">\n\n    <article id=\"post-59182\" class=\"post-59182 post type-post status-publish format-standard has-post-thumbnail hentry category-projects tag-air tag-aviation tag-oog cibles-agencies cibles-air cibles-northern-france-agencies\">\n\n        \n            \n            \n            \n                <div class=\"lae-project-image\">\n\n                    \n                    \n                    \n                        <a href=\"https:\/\/www.mathezfreight.com\/en\/blog\/antonov-124-cargo-charter\/\"><img decoding=\"async\" width=\"375\" height=\"250\" src=\"https:\/\/www.mathezfreight.com\/wp-content\/uploads\/photo-antonov124-img-20250401-wa0036-375x250.jpg\" class=\"lae-image attachment-mti-medium-classic size-mti-medium-classic\" alt=\"Chartering an Antonov AN-124\" title=\"Chartering an Antonov AN-124 - Loading and securing cargo inside the Antonov 124, the world&#039;s largest cargo plane\" srcset=\"https:\/\/www.mathezfreight.com\/wp-content\/uploads\/photo-antonov124-img-20250401-wa0036-375x250.jpg 375w, https:\/\/www.mathezfreight.com\/wp-content\/uploads\/photo-antonov124-img-20250401-wa0036-274x183.jpg 274w, https:\/\/www.mathezfreight.com\/wp-content\/uploads\/photo-antonov124-img-20250401-wa0036-1200x800.jpg 1200w\" sizes=\"(max-width: 375px) 100vw, 375px\" \/><\/a>\n\n                    \n                    \n                        <div class=\"lae-image-info\">\n\n                            <div class=\"lae-entry-info\">\n\n                                \n                                    <h3 class=\"lae-post-title\">\n\n                                        <a href=\"https:\/\/www.mathezfreight.com\/en\/blog\/antonov-124-cargo-charter\/\" title=\"Chartering an Antonov AN-124 to the Middle East\"\n                                           rel=\"bookmark\">Chartering an Antonov AN-124 to the Middle East<\/a>\n\n                                    <\/h3>\n\n                                \n                                \n                                    <span class=\"lae-terms\"><a href=\"https:\/\/www.mathezfreight.com\/en\/blog\/category\/projects\/\">Operations<\/a><\/span>\n                                \n                            <\/div>\n\n                        <\/div><!-- .lae-image-info -->\n\n                    \n                <\/div>\n\n            \n            \n                <div class=\"lae-entry-text-wrap \">\n\n                    \n                        <h3 class=\"entry-title\">\n\n                            <a href=\"https:\/\/www.mathezfreight.com\/en\/blog\/antonov-124-cargo-charter\/\" title=\"Chartering an Antonov AN-124 to the Middle East\"\n                               rel=\"bookmark\">Chartering an Antonov AN-124 to the Middle East<\/a>\n\n                        <\/h3>\n\n                    \n                    \n                    \n                    \n                <\/div>\n\n            \n        \n    <\/article><!-- .hentry -->\n\n<\/div><!-- .lae-posts-carousel-item --><\/div><!-- .lae-posts-carousel -->\t\t\t\t<\/div>\n\t\t\t\t<\/div>\n\t\t\t\t\t<\/div>\n\t\t<\/div>\n\t\t\t\t\t<\/div>\n\t\t<\/aside>\n\t\t\t\t<aside class=\"elementor-section elementor-top-section elementor-element elementor-element-9bef97a mti-social-bar bottom grey elementor-section-boxed elementor-section-height-default elementor-section-height-default default-style\" data-id=\"9bef97a\" data-element_type=\"section\" data-e-type=\"section\" data-settings=\"{&quot;rt_color_sets&quot;:&quot;default-style&quot;}\">\n\t\t\t\t\t\t<div class=\"elementor-container elementor-column-gap-default\">\n\t\t\t\t\t<div class=\"elementor-column elementor-col-100 elementor-top-column elementor-element elementor-element-4afd842\" data-id=\"4afd842\" data-element_type=\"column\" data-e-type=\"column\">\n\t\t\t<div class=\"elementor-widget-wrap elementor-element-populated\">\n\t\t\t\t\t\t<div class=\"elementor-element elementor-element-51ac8ab elementor-share-buttons--view-icon elementor-share-buttons--skin-flat elementor-share-buttons--shape-square elementor-grid-0 elementor-share-buttons--color-official elementor-invisible elementor-widget elementor-widget-share-buttons\" data-id=\"51ac8ab\" data-element_type=\"widget\" data-e-type=\"widget\" data-settings=\"{&quot;_animation&quot;:&quot;fadeInLeft&quot;}\" data-widget_type=\"share-buttons.default\">\n\t\t\t\t<div class=\"elementor-widget-container\">\n\t\t\t\t\t\t\t<div class=\"elementor-grid\" role=\"list\">\n\t\t\t\t\t\t\t\t<div class=\"elementor-grid-item\" role=\"listitem\">\n\t\t\t\t\t\t<div class=\"elementor-share-btn elementor-share-btn_email\" role=\"button\" tabindex=\"0\" aria-label=\"Share on email\">\n\t\t\t\t\t\t\t\t\t\t\t\t\t\t\t<span class=\"elementor-share-btn__icon\">\n\t\t\t\t\t\t\t\t<i class=\"fas fa-envelope\" aria-hidden=\"true\"><\/i>\t\t\t\t\t\t\t<\/span>\n\t\t\t\t\t\t\t\t\t\t\t\t\t\t\t\t\t\t\t\t<\/div>\n\t\t\t\t\t<\/div>\n\t\t\t\t\t\t\t\t\t<div class=\"elementor-grid-item\" role=\"listitem\">\n\t\t\t\t\t\t<div class=\"elementor-share-btn elementor-share-btn_linkedin\" role=\"button\" tabindex=\"0\" aria-label=\"Share on linkedin\">\n\t\t\t\t\t\t\t\t\t\t\t\t\t\t\t<span class=\"elementor-share-btn__icon\">\n\t\t\t\t\t\t\t\t<i class=\"fab fa-linkedin\" aria-hidden=\"true\"><\/i>\t\t\t\t\t\t\t<\/span>\n\t\t\t\t\t\t\t\t\t\t\t\t\t\t\t\t\t\t\t\t<\/div>\n\t\t\t\t\t<\/div>\n\t\t\t\t\t\t\t\t\t<div class=\"elementor-grid-item\" role=\"listitem\">\n\t\t\t\t\t\t<div class=\"elementor-share-btn elementor-share-btn_twitter\" role=\"button\" tabindex=\"0\" aria-label=\"Share on twitter\">\n\t\t\t\t\t\t\t\t\t\t\t\t\t\t\t<span class=\"elementor-share-btn__icon\">\n\t\t\t\t\t\t\t\t<i class=\"fab fa-twitter\" aria-hidden=\"true\"><\/i>\t\t\t\t\t\t\t<\/span>\n\t\t\t\t\t\t\t\t\t\t\t\t\t\t\t\t\t\t\t\t<\/div>\n\t\t\t\t\t<\/div>\n\t\t\t\t\t\t\t\t\t<div class=\"elementor-grid-item\" role=\"listitem\">\n\t\t\t\t\t\t<div class=\"elementor-share-btn elementor-share-btn_facebook\" role=\"button\" tabindex=\"0\" aria-label=\"Share on facebook\">\n\t\t\t\t\t\t\t\t\t\t\t\t\t\t\t<span class=\"elementor-share-btn__icon\">\n\t\t\t\t\t\t\t\t<i class=\"fab fa-facebook\" aria-hidden=\"true\"><\/i>\t\t\t\t\t\t\t<\/span>\n\t\t\t\t\t\t\t\t\t\t\t\t\t\t\t\t\t\t\t\t<\/div>\n\t\t\t\t\t<\/div>\n\t\t\t\t\t\t\t\t\t<div class=\"elementor-grid-item\" role=\"listitem\">\n\t\t\t\t\t\t<div class=\"elementor-share-btn elementor-share-btn_print\" role=\"button\" tabindex=\"0\" aria-label=\"Share on print\">\n\t\t\t\t\t\t\t\t\t\t\t\t\t\t\t<span class=\"elementor-share-btn__icon\">\n\t\t\t\t\t\t\t\t<i class=\"fas fa-print\" aria-hidden=\"true\"><\/i>\t\t\t\t\t\t\t<\/span>\n\t\t\t\t\t\t\t\t\t\t\t\t\t\t\t\t\t\t\t\t<\/div>\n\t\t\t\t\t<\/div>\n\t\t\t\t\t\t<\/div>\n\t\t\t\t\t\t<\/div>\n\t\t\t\t<\/div>\n\t\t\t\t\t<\/div>\n\t\t<\/div>\n\t\t\t\t\t<\/div>\n\t\t<\/aside>\n\t\t\t\t<section class=\"elementor-section elementor-top-section elementor-element elementor-element-b2868d3 mti-navigation-pages elementor-section-boxed elementor-section-height-default elementor-section-height-default default-style\" data-id=\"b2868d3\" data-element_type=\"section\" data-e-type=\"section\" data-settings=\"{&quot;rt_color_sets&quot;:&quot;default-style&quot;}\">\n\t\t\t\t\t\t<div class=\"elementor-container elementor-column-gap-default\">\n\t\t\t\t\t<div class=\"elementor-column elementor-col-100 elementor-top-column elementor-element elementor-element-e9422f1\" data-id=\"e9422f1\" data-element_type=\"column\" data-e-type=\"column\">\n\t\t\t<div class=\"elementor-widget-wrap elementor-element-populated\">\n\t\t\t\t\t\t<div class=\"elementor-element elementor-element-c3fc8b0 elementor-widget elementor-widget-post-navigation\" data-id=\"c3fc8b0\" data-element_type=\"widget\" data-e-type=\"widget\" data-widget_type=\"post-navigation.default\">\n\t\t\t\t<div class=\"elementor-widget-container\">\n\t\t\t\t\t\t\t<div class=\"elementor-post-navigation\" role=\"navigation\" aria-label=\"Post Navigation\">\n\t\t\t<div class=\"elementor-post-navigation__prev elementor-post-navigation__link\">\n\t\t\t\t<a href=\"https:\/\/www.mathezfreight.com\/en\/blog\/hs-codes-eu\/\" rel=\"prev\"><span class=\"post-navigation__arrow-wrapper post-navigation__arrow-prev\"><i aria-hidden=\"true\" class=\"fas fa-angle-left\"><\/i><span class=\"elementor-screen-only\">Prev<\/span><\/span><span class=\"elementor-post-navigation__link__prev\"><span class=\"post-navigation__prev--label\">Previous<\/span><span class=\"post-navigation__prev--title\">HS codes: what you need to know when trading with the European Union<\/span><\/span><\/a>\t\t\t<\/div>\n\t\t\t\t\t\t<div class=\"elementor-post-navigation__next elementor-post-navigation__link\">\n\t\t\t\t<a href=\"https:\/\/www.mathezfreight.com\/en\/blog\/behind-2-gazelles-aicha-rallye\/\" rel=\"next\"><span class=\"elementor-post-navigation__link__next\"><span class=\"post-navigation__next--label\">Next<\/span><span class=\"post-navigation__next--title\">Behind 2 Gazelles on Rallye A\u00efcha in Morocco<\/span><\/span><span class=\"post-navigation__arrow-wrapper post-navigation__arrow-next\"><i aria-hidden=\"true\" class=\"fas fa-angle-right\"><\/i><span class=\"elementor-screen-only\">Next<\/span><\/span><\/a>\t\t\t<\/div>\n\t\t<\/div>\n\t\t\t\t\t\t<\/div>\n\t\t\t\t<\/div>\n\t\t\t\t\t<\/div>\n\t\t<\/div>\n\t\t\t\t\t<\/div>\n\t\t<\/section>\n\t\t\t\t<\/div>\n\t\t","protected":false},"excerpt":{"rendered":"<p>Freight forwarding agent at Paris Roissy-CDG airport: air &amp; sea freight, customs broker, import\/export from France and worldwide.<\/p>\n","protected":false},"author":1,"featured_media":19993,"parent":28266,"menu_order":21,"comment_status":"closed","ping_status":"closed","template":"page-mti-a4.php","meta":{"iawp_total_views":536,"footnotes":""},"class_list":["post-28578","page","type-page","status-publish","has-post-thumbnail","hentry"],"yoast_head":"<!-- This site is optimized with the Yoast SEO Premium plugin v27.4 (Yoast SEO v27.4) - https:\/\/yoast.com\/product\/yoast-seo-premium-wordpress\/ -->\n<title>Freight forwarder at Paris Roissy Airport (CDG) - MATHEZ FREIGHT<\/title>\n<meta name=\"description\" content=\"Freight forwarding agent at Paris Roissy-CDG airport: air &amp; sea freight, customs broker, import\/export from France and worldwide.\" \/>\n<meta name=\"robots\" content=\"index, follow, max-snippet:-1, max-image-preview:large, max-video-preview:-1\" \/>\n<link rel=\"canonical\" href=\"https:\/\/www.mathezfreight.com\/en\/about\/agencies\/roissy\/\" \/>\n<meta property=\"og:locale\" content=\"en_US\" \/>\n<meta property=\"og:type\" content=\"article\" \/>\n<meta property=\"og:title\" content=\"Freight forwarder at Paris Roissy Airport (CDG)\" \/>\n<meta property=\"og:description\" content=\"Freight forwarding agent at Paris Roissy-CDG airport: air &amp; sea freight, customs broker, import\/export from France and worldwide.\" \/>\n<meta property=\"og:url\" content=\"https:\/\/www.mathezfreight.com\/en\/about\/agencies\/roissy\/\" \/>\n<meta property=\"og:site_name\" content=\"MATHEZ FREIGHT\" \/>\n<meta property=\"article:publisher\" content=\"https:\/\/www.facebook.com\/MathezFreight\/\" \/>\n<meta property=\"article:modified_time\" content=\"2026-01-13T15:24:49+00:00\" \/>\n<meta property=\"og:image\" content=\"https:\/\/www.mathezfreight.com\/wp-content\/uploads\/photo-paris-cdg-deposit.jpg\" \/>\n\t<meta property=\"og:image:width\" content=\"2000\" \/>\n\t<meta property=\"og:image:height\" content=\"1333\" \/>\n\t<meta property=\"og:image:type\" content=\"image\/jpeg\" \/>\n<meta name=\"twitter:card\" content=\"summary_large_image\" \/>\n<meta name=\"twitter:site\" content=\"@MathezFreight\" \/>\n<meta name=\"twitter:label1\" content=\"Est. reading time\" \/>\n\t<meta name=\"twitter:data1\" content=\"11 minutes\" \/>\n<script type=\"application\/ld+json\" class=\"yoast-schema-graph\">{\"@context\":\"https:\\\/\\\/schema.org\",\"@graph\":[{\"@type\":\"WebPage\",\"@id\":\"https:\\\/\\\/www.mathezfreight.com\\\/en\\\/about\\\/agencies\\\/roissy\\\/\",\"url\":\"https:\\\/\\\/www.mathezfreight.com\\\/en\\\/about\\\/agencies\\\/roissy\\\/\",\"name\":\"Freight forwarder at Paris Roissy Airport (CDG) - MATHEZ FREIGHT\",\"isPartOf\":{\"@id\":\"https:\\\/\\\/www.mathezfreight.com\\\/en\\\/#website\"},\"primaryImageOfPage\":{\"@id\":\"https:\\\/\\\/www.mathezfreight.com\\\/en\\\/about\\\/agencies\\\/roissy\\\/#primaryimage\"},\"image\":{\"@id\":\"https:\\\/\\\/www.mathezfreight.com\\\/en\\\/about\\\/agencies\\\/roissy\\\/#primaryimage\"},\"thumbnailUrl\":\"https:\\\/\\\/www.mathezfreight.com\\\/wp-content\\\/uploads\\\/photo-paris-cdg-deposit.jpg\",\"datePublished\":\"2018-11-29T10:38:31+00:00\",\"dateModified\":\"2026-01-13T15:24:49+00:00\",\"description\":\"Freight forwarding agent at Paris Roissy-CDG airport: air &amp; sea freight, customs broker, import\\\/export from France and worldwide.\",\"breadcrumb\":{\"@id\":\"https:\\\/\\\/www.mathezfreight.com\\\/en\\\/about\\\/agencies\\\/roissy\\\/#breadcrumb\"},\"inLanguage\":\"en-US\",\"potentialAction\":[{\"@type\":\"ReadAction\",\"target\":[\"https:\\\/\\\/www.mathezfreight.com\\\/en\\\/about\\\/agencies\\\/roissy\\\/\"]}]},{\"@type\":\"ImageObject\",\"inLanguage\":\"en-US\",\"@id\":\"https:\\\/\\\/www.mathezfreight.com\\\/en\\\/about\\\/agencies\\\/roissy\\\/#primaryimage\",\"url\":\"https:\\\/\\\/www.mathezfreight.com\\\/wp-content\\\/uploads\\\/photo-paris-cdg-deposit.jpg\",\"contentUrl\":\"https:\\\/\\\/www.mathezfreight.com\\\/wp-content\\\/uploads\\\/photo-paris-cdg-deposit.jpg\",\"width\":2000,\"height\":1333,\"caption\":\"Paris CDG Airport - Freight forwarding\"},{\"@type\":\"BreadcrumbList\",\"@id\":\"https:\\\/\\\/www.mathezfreight.com\\\/en\\\/about\\\/agencies\\\/roissy\\\/#breadcrumb\",\"itemListElement\":[{\"@type\":\"ListItem\",\"position\":1,\"name\":\"Home\",\"item\":\"https:\\\/\\\/www.mathezfreight.com\\\/en\\\/home\\\/\"},{\"@type\":\"ListItem\",\"position\":2,\"name\":\"About\",\"item\":\"https:\\\/\\\/www.mathezfreight.com\\\/en\\\/about\\\/\"},{\"@type\":\"ListItem\",\"position\":3,\"name\":\"Agencies\",\"item\":\"https:\\\/\\\/www.mathezfreight.com\\\/en\\\/about\\\/agencies\\\/\"},{\"@type\":\"ListItem\",\"position\":4,\"name\":\"Paris Roissy airport (CDG)\"}]},{\"@type\":\"WebSite\",\"@id\":\"https:\\\/\\\/www.mathezfreight.com\\\/en\\\/#website\",\"url\":\"https:\\\/\\\/www.mathezfreight.com\\\/en\\\/\",\"name\":\"MATHEZ FREIGHT\",\"description\":\"Solutions transport sur mesure, suivies, efficaces\",\"publisher\":{\"@id\":\"https:\\\/\\\/www.mathezfreight.com\\\/en\\\/#organization\"},\"alternateName\":\"MATHEZ TRANSPORTS INTERNATIONAUX\",\"potentialAction\":[{\"@type\":\"SearchAction\",\"target\":{\"@type\":\"EntryPoint\",\"urlTemplate\":\"https:\\\/\\\/www.mathezfreight.com\\\/en\\\/?s={search_term_string}\"},\"query-input\":{\"@type\":\"PropertyValueSpecification\",\"valueRequired\":true,\"valueName\":\"search_term_string\"}}],\"inLanguage\":\"en-US\"},{\"@type\":\"Organization\",\"@id\":\"https:\\\/\\\/www.mathezfreight.com\\\/en\\\/#organization\",\"name\":\"MATHEZ FREIGHT\",\"alternateName\":\"MATHEZ TRANSPORTS INTERNATIONAUX\",\"url\":\"https:\\\/\\\/www.mathezfreight.com\\\/en\\\/\",\"logo\":{\"@type\":\"ImageObject\",\"inLanguage\":\"en-US\",\"@id\":\"https:\\\/\\\/www.mathezfreight.com\\\/en\\\/#\\\/schema\\\/logo\\\/image\\\/\",\"url\":\"https:\\\/\\\/www.mathezfreight.com\\\/wp-content\\\/uploads\\\/logo-mathez-freight-400pxw.png\",\"contentUrl\":\"https:\\\/\\\/www.mathezfreight.com\\\/wp-content\\\/uploads\\\/logo-mathez-freight-400pxw.png\",\"width\":400,\"height\":136,\"caption\":\"MATHEZ FREIGHT\"},\"image\":{\"@id\":\"https:\\\/\\\/www.mathezfreight.com\\\/en\\\/#\\\/schema\\\/logo\\\/image\\\/\"},\"sameAs\":[\"https:\\\/\\\/www.facebook.com\\\/MathezFreight\\\/\",\"https:\\\/\\\/x.com\\\/MathezFreight\",\"https:\\\/\\\/www.linkedin.com\\\/company\\\/mathezfreight\\\/\"],\"description\":\"Transitaire fran\u00e7ais, organisateur de transport international: fret a\u00e9rien, fret maritime, commissionnaire en douane agr\u00e9\u00e9 OEA-Full. 17 agences en France sur tous les principaux ports et a\u00e9roports.\",\"email\":\"web@mathezfreight.com\",\"telephone\":\"+33.497257825\",\"legalName\":\"MATHEZ TRANSPORTS INTERNATIONAUX\",\"foundingDate\":\"1950-01-01\",\"numberOfEmployees\":{\"@type\":\"QuantitativeValue\",\"minValue\":\"51\",\"maxValue\":\"200\"}}]}<\/script>\n<!-- \/ Yoast SEO Premium plugin. -->","yoast_head_json":{"title":"Freight forwarder at Paris Roissy Airport (CDG) - MATHEZ FREIGHT","description":"Freight forwarding agent at Paris Roissy-CDG airport: air &amp; sea freight, customs broker, import\/export from France and worldwide.","robots":{"index":"index","follow":"follow","max-snippet":"max-snippet:-1","max-image-preview":"max-image-preview:large","max-video-preview":"max-video-preview:-1"},"canonical":"https:\/\/www.mathezfreight.com\/en\/about\/agencies\/roissy\/","og_locale":"en_US","og_type":"article","og_title":"Freight forwarder at Paris Roissy Airport (CDG)","og_description":"Freight forwarding agent at Paris Roissy-CDG airport: air &amp; sea freight, customs broker, import\/export from France and worldwide.","og_url":"https:\/\/www.mathezfreight.com\/en\/about\/agencies\/roissy\/","og_site_name":"MATHEZ FREIGHT","article_publisher":"https:\/\/www.facebook.com\/MathezFreight\/","article_modified_time":"2026-01-13T15:24:49+00:00","og_image":[{"width":2000,"height":1333,"url":"https:\/\/www.mathezfreight.com\/wp-content\/uploads\/photo-paris-cdg-deposit.jpg","type":"image\/jpeg"}],"twitter_card":"summary_large_image","twitter_site":"@MathezFreight","twitter_misc":{"Est. reading time":"11 minutes"},"schema":{"@context":"https:\/\/schema.org","@graph":[{"@type":"WebPage","@id":"https:\/\/www.mathezfreight.com\/en\/about\/agencies\/roissy\/","url":"https:\/\/www.mathezfreight.com\/en\/about\/agencies\/roissy\/","name":"Freight forwarder at Paris Roissy Airport (CDG) - MATHEZ FREIGHT","isPartOf":{"@id":"https:\/\/www.mathezfreight.com\/en\/#website"},"primaryImageOfPage":{"@id":"https:\/\/www.mathezfreight.com\/en\/about\/agencies\/roissy\/#primaryimage"},"image":{"@id":"https:\/\/www.mathezfreight.com\/en\/about\/agencies\/roissy\/#primaryimage"},"thumbnailUrl":"https:\/\/www.mathezfreight.com\/wp-content\/uploads\/photo-paris-cdg-deposit.jpg","datePublished":"2018-11-29T10:38:31+00:00","dateModified":"2026-01-13T15:24:49+00:00","description":"Freight forwarding agent at Paris Roissy-CDG airport: air &amp; sea freight, customs broker, import\/export from France and worldwide.","breadcrumb":{"@id":"https:\/\/www.mathezfreight.com\/en\/about\/agencies\/roissy\/#breadcrumb"},"inLanguage":"en-US","potentialAction":[{"@type":"ReadAction","target":["https:\/\/www.mathezfreight.com\/en\/about\/agencies\/roissy\/"]}]},{"@type":"ImageObject","inLanguage":"en-US","@id":"https:\/\/www.mathezfreight.com\/en\/about\/agencies\/roissy\/#primaryimage","url":"https:\/\/www.mathezfreight.com\/wp-content\/uploads\/photo-paris-cdg-deposit.jpg","contentUrl":"https:\/\/www.mathezfreight.com\/wp-content\/uploads\/photo-paris-cdg-deposit.jpg","width":2000,"height":1333,"caption":"Paris CDG Airport - Freight forwarding"},{"@type":"BreadcrumbList","@id":"https:\/\/www.mathezfreight.com\/en\/about\/agencies\/roissy\/#breadcrumb","itemListElement":[{"@type":"ListItem","position":1,"name":"Home","item":"https:\/\/www.mathezfreight.com\/en\/home\/"},{"@type":"ListItem","position":2,"name":"About","item":"https:\/\/www.mathezfreight.com\/en\/about\/"},{"@type":"ListItem","position":3,"name":"Agencies","item":"https:\/\/www.mathezfreight.com\/en\/about\/agencies\/"},{"@type":"ListItem","position":4,"name":"Paris Roissy airport (CDG)"}]},{"@type":"WebSite","@id":"https:\/\/www.mathezfreight.com\/en\/#website","url":"https:\/\/www.mathezfreight.com\/en\/","name":"MATHEZ FREIGHT","description":"Solutions transport sur mesure, suivies, efficaces","publisher":{"@id":"https:\/\/www.mathezfreight.com\/en\/#organization"},"alternateName":"MATHEZ TRANSPORTS INTERNATIONAUX","potentialAction":[{"@type":"SearchAction","target":{"@type":"EntryPoint","urlTemplate":"https:\/\/www.mathezfreight.com\/en\/?s={search_term_string}"},"query-input":{"@type":"PropertyValueSpecification","valueRequired":true,"valueName":"search_term_string"}}],"inLanguage":"en-US"},{"@type":"Organization","@id":"https:\/\/www.mathezfreight.com\/en\/#organization","name":"MATHEZ FREIGHT","alternateName":"MATHEZ TRANSPORTS INTERNATIONAUX","url":"https:\/\/www.mathezfreight.com\/en\/","logo":{"@type":"ImageObject","inLanguage":"en-US","@id":"https:\/\/www.mathezfreight.com\/en\/#\/schema\/logo\/image\/","url":"https:\/\/www.mathezfreight.com\/wp-content\/uploads\/logo-mathez-freight-400pxw.png","contentUrl":"https:\/\/www.mathezfreight.com\/wp-content\/uploads\/logo-mathez-freight-400pxw.png","width":400,"height":136,"caption":"MATHEZ FREIGHT"},"image":{"@id":"https:\/\/www.mathezfreight.com\/en\/#\/schema\/logo\/image\/"},"sameAs":["https:\/\/www.facebook.com\/MathezFreight\/","https:\/\/x.com\/MathezFreight","https:\/\/www.linkedin.com\/company\/mathezfreight\/"],"description":"Transitaire fran\u00e7ais, organisateur de transport international: fret a\u00e9rien, fret maritime, commissionnaire en douane agr\u00e9\u00e9 OEA-Full. 17 agences en France sur tous les principaux ports et a\u00e9roports.","email":"web@mathezfreight.com","telephone":"+33.497257825","legalName":"MATHEZ TRANSPORTS INTERNATIONAUX","foundingDate":"1950-01-01","numberOfEmployees":{"@type":"QuantitativeValue","minValue":"51","maxValue":"200"}}]}},"_links":{"self":[{"href":"https:\/\/www.mathezfreight.com\/en\/wp-json\/wp\/v2\/pages\/28578","targetHints":{"allow":["GET"]}}],"collection":[{"href":"https:\/\/www.mathezfreight.com\/en\/wp-json\/wp\/v2\/pages"}],"about":[{"href":"https:\/\/www.mathezfreight.com\/en\/wp-json\/wp\/v2\/types\/page"}],"author":[{"embeddable":true,"href":"https:\/\/www.mathezfreight.com\/en\/wp-json\/wp\/v2\/users\/1"}],"replies":[{"embeddable":true,"href":"https:\/\/www.mathezfreight.com\/en\/wp-json\/wp\/v2\/comments?post=28578"}],"version-history":[{"count":0,"href":"https:\/\/www.mathezfreight.com\/en\/wp-json\/wp\/v2\/pages\/28578\/revisions"}],"up":[{"embeddable":true,"href":"https:\/\/www.mathezfreight.com\/en\/wp-json\/wp\/v2\/pages\/28266"}],"wp:featuredmedia":[{"embeddable":true,"href":"https:\/\/www.mathezfreight.com\/en\/wp-json\/wp\/v2\/media\/19993"}],"wp:attachment":[{"href":"https:\/\/www.mathezfreight.com\/en\/wp-json\/wp\/v2\/media?parent=28578"}],"curies":[{"name":"wp","href":"https:\/\/api.w.org\/{rel}","templated":true}]}}